{"id":188,"date":"2018-08-13T13:26:12","date_gmt":"2018-08-13T10:26:12","guid":{"rendered":"https:\/\/rotary.fi\/turunlinna\/?page_id=188"},"modified":"2026-08-19T11:04:29","modified_gmt":"2026-08-19T08:04:29","slug":"viikko-ohjelma-syksy-2025","status":"publish","type":"page","link":"https:\/\/rotary.fi\/turunlinna\/ajankohtaista\/viikko-ohjelma-syksy-2025\/","title":{"rendered":"Viikko-ohjelma syksy 2026"},"content":{"rendered":"<table style=\"height: 782px;width: 804px\" width=\"816\">\n<tbody>\n<tr>\n<td style=\"width: 62px\" width=\"70\">20.8.<\/td>\n<td style=\"width: 253px\" width=\"322\">Syksyn ohjelman esittely<\/td>\n<td style=\"width: 247px\" width=\"279\"><\/td>\n<td style=\"width: 242px\" width=\"108\"><\/td>\n<\/tr>\n<tr>\n<td style=\"width: 62px\">27.8.<\/td>\n<td style=\"width: 253px\" width=\"322\">Vaellus Italiassa pyhiinvaellusreitill\u00e4<\/td>\n<td style=\"width: 247px\">Vaeltaja Matti Ahrelma<\/td>\n<td style=\"width: 242px\" width=\"108\"><\/td>\n<\/tr>\n<tr>\n<td style=\"width: 62px\"><\/td>\n<td style=\"width: 253px\" width=\"322\"><\/td>\n<td style=\"width: 247px\"><\/td>\n<td style=\"width: 242px\" width=\"108\"><\/td>\n<\/tr>\n<tr>\n<td style=\"width: 62px\">pe 4.9.<\/td>\n<td style=\"width: 253px\" width=\"322\">Rapujuhlat avec<\/td>\n<td style=\"width: 247px\">BT Marina<\/td>\n<td style=\"width: 242px\" width=\"108\"><\/td>\n<\/tr>\n<tr>\n<td style=\"width: 62px\">10.9.<\/td>\n<td style=\"width: 253px\" width=\"322\">Ego-esitlem\u00e4 Leena Kainulainen<\/td>\n<td style=\"width: 247px\"><\/td>\n<td style=\"width: 242px\"><\/td>\n<\/tr>\n<tr>\n<td style=\"width: 62px\">17.9.<\/td>\n<td style=\"width: 253px\" width=\"322\">Sosiaalinen eriarvoisuus ja sen periytyminen<\/td>\n<td style=\"width: 247px\">profeesori Jani Erola, Turun Yliopisto<\/td>\n<td style=\"width: 242px\"><\/td>\n<\/tr>\n<tr>\n<td style=\"width: 62px\">24.9.<\/td>\n<td style=\"width: 253px\" width=\"322\">Case \u00c4ht\u00e4rin\u00a0 el\u00e4inpuisto<\/td>\n<td style=\"width: 247px\">Tapio Peltom\u00e4ki , Mesi Zoo Oy<\/td>\n<td style=\"width: 242px\"><\/td>\n<\/tr>\n<tr>\n<td style=\"width: 62px\"><\/td>\n<td style=\"width: 253px\" width=\"322\"><\/td>\n<td style=\"width: 247px\"><\/td>\n<td style=\"width: 242px\"><\/td>\n<\/tr>\n<tr>\n<td style=\"width: 62px\"><\/td>\n<td style=\"width: 253px\" width=\"322\"><\/td>\n<td style=\"width: 247px\" width=\"279\"><\/td>\n<td style=\"width: 242px\"><\/td>\n<\/tr>\n<tr>\n<td style=\"width: 62px\">1.10.<\/td>\n<td style=\"width: 253px\" width=\"322\">Japanilainen teeseremonia<\/td>\n<td style=\"width: 247px\">Elina Heikkonen<\/td>\n<td style=\"width: 242px\"><\/td>\n<\/tr>\n<tr>\n<td style=\"width: 62px\">8.10.<\/td>\n<td style=\"width: 253px\" width=\"322\">Suomen el\u00e4kej\u00e4rjestelm\u00e4n tulevaisuus<\/td>\n<td style=\"width: 247px\" width=\"279\">Toimitusjohtaja Saara-Sofia Siren, TELA<\/td>\n<td style=\"width: 242px\"><\/td>\n<\/tr>\n<tr>\n<td style=\"width: 62px\">15.10.<\/td>\n<td style=\"width: 253px\" width=\"322\">Syyskokous<\/td>\n<td style=\"width: 247px\"><\/td>\n<td style=\"width: 242px\"><\/td>\n<\/tr>\n<tr>\n<td style=\"width: 62px\">22.10.<\/td>\n<td style=\"width: 253px\" width=\"322\">Asuntomarkkinoiden tilanne<\/td>\n<td style=\"width: 247px\" width=\"279\">Senior Partner Matti Ahrelma Tuloskiinteist\u00f6t<\/td>\n<td style=\"width: 242px\"><\/td>\n<\/tr>\n<tr>\n<td style=\"width: 62px\">29.10.<\/td>\n<td style=\"width: 253px\" width=\"322\">Maailmanpolitiikan tulevaisuus<\/td>\n<td style=\"width: 247px\">Tulevaisuuden tutkija, prof.Markku Wilenius Turun Yliopisto<\/td>\n<td style=\"width: 242px\"><\/td>\n<\/tr>\n<tr>\n<td style=\"width: 62px\"><\/td>\n<td style=\"width: 253px\" width=\"322\"><\/td>\n<td style=\"width: 247px\"><\/td>\n<td style=\"width: 242px\"><\/td>\n<\/tr>\n<tr>\n<td style=\"width: 62px\">5.11.<\/td>\n<td style=\"width: 253px\" width=\"322\">Pitk\u00e4 lounas avec- Jan Kenneth Weckman<\/td>\n<td style=\"width: 247px\">Taidekappeli<\/td>\n<td style=\"width: 242px\"><\/td>\n<\/tr>\n<tr>\n<td style=\"width: 62px\">12.11.<\/td>\n<td style=\"width: 253px\" width=\"322\">Katedralskolan ja Mikael Agricola<\/td>\n<td style=\"width: 247px\">Airi Forssell, Turun oppaat<\/td>\n<td style=\"width: 242px\"><\/td>\n<\/tr>\n<tr>\n<td style=\"width: 62px\">19.11.<\/td>\n<td style=\"width: 253px\" width=\"322\">Mit\u00e4 on tiedustelututkimus<\/td>\n<td style=\"width: 247px\">Tiedustelututkimuksen prof. Kari Liuhto, Turun Yliopisto<\/td>\n<td style=\"width: 242px\" width=\"108\"><\/td>\n<\/tr>\n<tr>\n<td style=\"width: 62px\">26.11.<\/td>\n<td style=\"width: 253px\" width=\"322\">Kuuma vai tulikuuma vaalikev\u00e4t 2027<\/td>\n<td style=\"width: 247px\" width=\"279\">Professori Markku Jokisipil\u00e4, Turun Yliopisto<\/td>\n<td style=\"width: 242px\" width=\"108\"><\/td>\n<\/tr>\n<tr>\n<td style=\"width: 62px\"><\/td>\n<td style=\"width: 253px\" width=\"322\"><\/td>\n<td style=\"width: 247px\"><\/td>\n<td style=\"width: 242px\"><\/td>\n<\/tr>\n<tr>\n<td style=\"width: 62px\"><\/td>\n<td style=\"width: 253px\" width=\"322\"><\/td>\n<td style=\"width: 247px\"><\/td>\n<td style=\"width: 242px\"><\/td>\n<\/tr>\n<tr>\n<td style=\"width: 62px\">3.12.<\/td>\n<td style=\"width: 253px\" width=\"322\">DG:n\u00a0 vierailu<\/td>\n<td style=\"width: 247px\"><\/td>\n<td style=\"width: 242px\"><\/td>\n<\/tr>\n<tr>\n<td style=\"width: 62px\">10.12.<\/td>\n<td style=\"width: 253px\" width=\"322\">Joululounas avec<\/td>\n<td style=\"width: 247px\"><\/td>\n<td style=\"width: 242px\"><\/td>\n<\/tr>\n<tr>\n<td style=\"width: 62px\"><\/td>\n<td style=\"width: 253px\" width=\"322\"><\/td>\n<td style=\"width: 247px\"><\/td>\n<td style=\"width: 242px\"><\/td>\n<\/tr>\n<tr style=\"height: 23px\">\n<td style=\"width: 62px;height: 23px\"><\/td>\n<td style=\"width: 253px;height: 23px\"><\/td>\n<td style=\"width: 247px;height: 23px\"><\/td>\n<td style=\"width: 242px;height: 23px\"><\/td>\n<\/tr>\n<tr style=\"height: 23px\">\n<td style=\"width: 62px;height: 23px\"><\/td>\n<td style=\"width: 253px;height: 23px\"><\/td>\n<td style=\"width: 247px;height: 23px\"><\/td>\n<td style=\"width: 242px;height: 23px\"><\/td>\n<\/tr>\n<tr style=\"height: 23px\">\n<td style=\"width: 62px;height: 23px\"><\/td>\n<td style=\"width: 253px;height: 23px\"><\/td>\n<td style=\"width: 247px;height: 23px\"><\/td>\n<td style=\"width: 242px;height: 23px\"><\/td>\n<\/tr>\n<tr style=\"height: 23px\">\n<td style=\"width: 62px;height: 23px\"><\/td>\n<td style=\"width: 253px;height: 23px\"><\/td>\n<td style=\"width: 247px;height: 23px\"><\/td>\n<td style=\"width: 242px;height: 23px\"><\/td>\n<\/tr>\n<tr style=\"height: 23px\">\n<td style=\"width: 62px;height: 23px\"><\/td>\n<td style=\"width: 253px;height: 23px\"><\/td>\n<td style=\"width: 247px;height: 23px\"><\/td>\n<td style=\"width: 242px;height: 23px\"><\/td>\n<\/tr>\n<tr style=\"height: 23px\">\n<td style=\"width: 62px;height: 23px\"><\/td>\n<td style=\"width: 253px;height: 23px\"><\/td>\n<td style=\"width: 247px;height: 23px\"><\/td>\n<td style=\"width: 242px;height: 23px\"><\/td>\n<\/tr>\n<tr style=\"height: 23px\">\n<td style=\"width: 62px;height: 23px\"><\/td>\n<td style=\"width: 253px;height: 23px\"><\/td>\n<td style=\"width: 247px;height: 23px\"><\/td>\n<td style=\"width: 242px;height: 23px\"><\/td>\n<\/tr>\n<tr style=\"height: 23px\">\n<td style=\"width: 62px;height: 23px\"><\/td>\n<td style=\"width: 253px;height: 23px\"><\/td>\n<td style=\"width: 247px;height: 23px\"><\/td>\n<td style=\"width: 242px;height: 23px\"><\/td>\n<\/tr>\n<tr style=\"height: 23px\">\n<td style=\"width: 62px;height: 23px\"><\/td>\n<td style=\"width: 253px;height: 23px\"><\/td>\n<td style=\"width: 247px;height: 23px\"><\/td>\n<td style=\"width: 242px;height: 23px\"><\/td>\n<\/tr>\n<tr style=\"height: 23px\">\n<td style=\"width: 62px;height: 23px\"><\/td>\n<td style=\"width: 253px;height: 23px\"><\/td>\n<td style=\"width: 247px;height: 23px\"><\/td>\n<td style=\"width: 242px;height: 23px\"><\/td>\n<\/tr>\n<\/tbody>\n<\/table>\n","protected":false},"excerpt":{"rendered":"<p>20.8. Syksyn ohjelman esittely 27.8. Vaellus Italiassa pyhiinvaellusreitill\u00e4 Vaeltaja Matti Ahrelma pe 4.9. Rapujuhlat avec BT Marina 10.9. Ego-esitlem\u00e4 Leena Kainulainen 17.9. Sosiaalinen eriarvoisuus ja sen periytyminen profeesori Jani Erola, Turun Yliopisto 24.9. Case \u00c4ht\u00e4rin\u00a0 el\u00e4inpuisto Tapio Peltom\u00e4ki , Mesi Zoo Oy 1.10. Japanilainen teeseremonia Elina Heikkonen 8.10. Suomen el\u00e4kej\u00e4rjestelm\u00e4n tulevaisuus Toimitusjohtaja Saara-Sofia Siren, TELA [&hellip;]<\/p>\n","protected":false},"author":1,"featured_media":0,"parent":94,"menu_order":0,"comment_status":"closed","ping_status":"closed","template":"","meta":{"_acf_changed":false,"_et_pb_use_builder":"off","_et_pb_old_content":"","_et_gb_content_width":"","footnotes":""},"class_list":["post-188","page","type-page","status-publish","hentry"],"acf":[],"yoast_head":"<!-- This site is optimized with the Yoast SEO plugin v28.1 - https:\/\/yoast.com\/product\/yoast-seo-wordpress\/ -->\n<title>Viikko-ohjelma syksy 2026 - Turun Linnan Rotaryklubi<\/title>\n<meta name=\"robots\" content=\"index, follow, max-snippet:-1, max-image-preview:large, max-video-preview:-1\" \/>\n<link rel=\"canonical\" href=\"https:\/\/rotary.fi\/turunlinna\/ajankohtaista\/viikko-ohjelma-syksy-2025\/\" \/>\n<meta property=\"og:locale\" content=\"fi_FI\" \/>\n<meta property=\"og:type\" content=\"article\" \/>\n<meta property=\"og:title\" content=\"Viikko-ohjelma syksy 2026 - Turun Linnan Rotaryklubi\" \/>\n<meta property=\"og:description\" content=\"20.8. Syksyn ohjelman esittely 27.8. Vaellus Italiassa pyhiinvaellusreitill\u00e4 Vaeltaja Matti Ahrelma pe 4.9. Rapujuhlat avec BT Marina 10.9. Ego-esitlem\u00e4 Leena Kainulainen 17.9. Sosiaalinen eriarvoisuus ja sen periytyminen profeesori Jani Erola, Turun Yliopisto 24.9. Case \u00c4ht\u00e4rin\u00a0 el\u00e4inpuisto Tapio Peltom\u00e4ki , Mesi Zoo Oy 1.10. Japanilainen teeseremonia Elina Heikkonen 8.10. Suomen el\u00e4kej\u00e4rjestelm\u00e4n tulevaisuus Toimitusjohtaja Saara-Sofia Siren, TELA [&hellip;]\" \/>\n<meta property=\"og:url\" content=\"https:\/\/rotary.fi\/turunlinna\/ajankohtaista\/viikko-ohjelma-syksy-2025\/\" \/>\n<meta property=\"og:site_name\" content=\"Turun Linnan Rotaryklubi\" \/>\n<meta property=\"article:modified_time\" content=\"2026-08-19T08:04:29+00:00\" \/>\n<meta name=\"twitter:card\" content=\"summary_large_image\" \/>\n<meta name=\"twitter:label1\" content=\"Arvioitu lukuaika\" \/>\n\t<meta name=\"twitter:data1\" content=\"1 minuutti\" \/>\n<script type=\"application\/ld+json\" class=\"yoast-schema-graph\">{\"@context\":\"https:\\\/\\\/schema.org\",\"@graph\":[{\"@type\":\"WebPage\",\"@id\":\"https:\\\/\\\/rotary.fi\\\/turunlinna\\\/ajankohtaista\\\/viikko-ohjelma-syksy-2025\\\/\",\"url\":\"https:\\\/\\\/rotary.fi\\\/turunlinna\\\/ajankohtaista\\\/viikko-ohjelma-syksy-2025\\\/\",\"name\":\"Viikko-ohjelma syksy 2026 - Turun Linnan Rotaryklubi\",\"isPartOf\":{\"@id\":\"https:\\\/\\\/rotary.fi\\\/turunlinna\\\/#website\"},\"datePublished\":\"2018-08-13T10:26:12+00:00\",\"dateModified\":\"2026-08-19T08:04:29+00:00\",\"breadcrumb\":{\"@id\":\"https:\\\/\\\/rotary.fi\\\/turunlinna\\\/ajankohtaista\\\/viikko-ohjelma-syksy-2025\\\/#breadcrumb\"},\"inLanguage\":\"fi\",\"potentialAction\":[{\"@type\":\"ReadAction\",\"target\":[\"https:\\\/\\\/rotary.fi\\\/turunlinna\\\/ajankohtaista\\\/viikko-ohjelma-syksy-2025\\\/\"]}]},{\"@type\":\"BreadcrumbList\",\"@id\":\"https:\\\/\\\/rotary.fi\\\/turunlinna\\\/ajankohtaista\\\/viikko-ohjelma-syksy-2025\\\/#breadcrumb\",\"itemListElement\":[{\"@type\":\"ListItem\",\"position\":1,\"name\":\"Home\",\"item\":\"https:\\\/\\\/rotary.fi\\\/turunlinna\\\/\"},{\"@type\":\"ListItem\",\"position\":2,\"name\":\"Ajankohtaista\",\"item\":\"https:\\\/\\\/rotary.fi\\\/turunlinna\\\/ajankohtaista\\\/\"},{\"@type\":\"ListItem\",\"position\":3,\"name\":\"Viikko-ohjelma syksy 2026\"}]},{\"@type\":\"WebSite\",\"@id\":\"https:\\\/\\\/rotary.fi\\\/turunlinna\\\/#website\",\"url\":\"https:\\\/\\\/rotary.fi\\\/turunlinna\\\/\",\"name\":\"Turun Linnan Rotaryklubi\",\"description\":\"Uusi Rotary klubisivusto\",\"potentialAction\":[{\"@type\":\"SearchAction\",\"target\":{\"@type\":\"EntryPoint\",\"urlTemplate\":\"https:\\\/\\\/rotary.fi\\\/turunlinna\\\/?s={search_term_string}\"},\"query-input\":{\"@type\":\"PropertyValueSpecification\",\"valueRequired\":true,\"valueName\":\"search_term_string\"}}],\"inLanguage\":\"fi\"}]}<\/script>\n<!-- \/ Yoast SEO plugin. -->","yoast_head_json":{"title":"Viikko-ohjelma syksy 2026 - Turun Linnan Rotaryklubi","robots":{"index":"index","follow":"follow","max-snippet":"max-snippet:-1","max-image-preview":"max-image-preview:large","max-video-preview":"max-video-preview:-1"},"canonical":"https:\/\/rotary.fi\/turunlinna\/ajankohtaista\/viikko-ohjelma-syksy-2025\/","og_locale":"fi_FI","og_type":"article","og_title":"Viikko-ohjelma syksy 2026 - Turun Linnan Rotaryklubi","og_description":"20.8. Syksyn ohjelman esittely 27.8. Vaellus Italiassa pyhiinvaellusreitill\u00e4 Vaeltaja Matti Ahrelma pe 4.9. Rapujuhlat avec BT Marina 10.9. Ego-esitlem\u00e4 Leena Kainulainen 17.9. Sosiaalinen eriarvoisuus ja sen periytyminen profeesori Jani Erola, Turun Yliopisto 24.9. Case \u00c4ht\u00e4rin\u00a0 el\u00e4inpuisto Tapio Peltom\u00e4ki , Mesi Zoo Oy 1.10. Japanilainen teeseremonia Elina Heikkonen 8.10. Suomen el\u00e4kej\u00e4rjestelm\u00e4n tulevaisuus Toimitusjohtaja Saara-Sofia Siren, TELA [&hellip;]","og_url":"https:\/\/rotary.fi\/turunlinna\/ajankohtaista\/viikko-ohjelma-syksy-2025\/","og_site_name":"Turun Linnan Rotaryklubi","article_modified_time":"2026-08-19T08:04:29+00:00","twitter_card":"summary_large_image","twitter_misc":{"Arvioitu lukuaika":"1 minuutti"},"schema":{"@context":"https:\/\/schema.org","@graph":[{"@type":"WebPage","@id":"https:\/\/rotary.fi\/turunlinna\/ajankohtaista\/viikko-ohjelma-syksy-2025\/","url":"https:\/\/rotary.fi\/turunlinna\/ajankohtaista\/viikko-ohjelma-syksy-2025\/","name":"Viikko-ohjelma syksy 2026 - Turun Linnan Rotaryklubi","isPartOf":{"@id":"https:\/\/rotary.fi\/turunlinna\/#website"},"datePublished":"2018-08-13T10:26:12+00:00","dateModified":"2026-08-19T08:04:29+00:00","breadcrumb":{"@id":"https:\/\/rotary.fi\/turunlinna\/ajankohtaista\/viikko-ohjelma-syksy-2025\/#breadcrumb"},"inLanguage":"fi","potentialAction":[{"@type":"ReadAction","target":["https:\/\/rotary.fi\/turunlinna\/ajankohtaista\/viikko-ohjelma-syksy-2025\/"]}]},{"@type":"BreadcrumbList","@id":"https:\/\/rotary.fi\/turunlinna\/ajankohtaista\/viikko-ohjelma-syksy-2025\/#breadcrumb","itemListElement":[{"@type":"ListItem","position":1,"name":"Home","item":"https:\/\/rotary.fi\/turunlinna\/"},{"@type":"ListItem","position":2,"name":"Ajankohtaista","item":"https:\/\/rotary.fi\/turunlinna\/ajankohtaista\/"},{"@type":"ListItem","position":3,"name":"Viikko-ohjelma syksy 2026"}]},{"@type":"WebSite","@id":"https:\/\/rotary.fi\/turunlinna\/#website","url":"https:\/\/rotary.fi\/turunlinna\/","name":"Turun Linnan Rotaryklubi","description":"Uusi Rotary klubisivusto","potentialAction":[{"@type":"SearchAction","target":{"@type":"EntryPoint","urlTemplate":"https:\/\/rotary.fi\/turunlinna\/?s={search_term_string}"},"query-input":{"@type":"PropertyValueSpecification","valueRequired":true,"valueName":"search_term_string"}}],"inLanguage":"fi"}]}},"lang":"fi","translations":{"fi":188},"pll_sync_post":[],"_links":{"self":[{"href":"https:\/\/rotary.fi\/turunlinna\/wp-json\/wp\/v2\/pages\/188","targetHints":{"allow":["GET"]}}],"collection":[{"href":"https:\/\/rotary.fi\/turunlinna\/wp-json\/wp\/v2\/pages"}],"about":[{"href":"https:\/\/rotary.fi\/turunlinna\/wp-json\/wp\/v2\/types\/page"}],"author":[{"embeddable":true,"href":"https:\/\/rotary.fi\/turunlinna\/wp-json\/wp\/v2\/users\/1"}],"replies":[{"embeddable":true,"href":"https:\/\/rotary.fi\/turunlinna\/wp-json\/wp\/v2\/comments?post=188"}],"version-history":[{"count":10,"href":"https:\/\/rotary.fi\/turunlinna\/wp-json\/wp\/v2\/pages\/188\/revisions"}],"predecessor-version":[{"id":5832,"href":"https:\/\/rotary.fi\/turunlinna\/wp-json\/wp\/v2\/pages\/188\/revisions\/5832"}],"up":[{"embeddable":true,"href":"https:\/\/rotary.fi\/turunlinna\/wp-json\/wp\/v2\/pages\/94"}],"wp:attachment":[{"href":"https:\/\/rotary.fi\/turunlinna\/wp-json\/wp\/v2\/media?parent=188"}],"curies":[{"name":"wp","href":"https:\/\/api.w.org\/{rel}","templated":true}]}}