{"id":2006,"date":"2023-12-01T16:09:39","date_gmt":"2023-12-01T14:09:39","guid":{"rendered":"https:\/\/rotary.fi\/turkuaboanova\/?post_type=ajankohtaiset&#038;p=2006"},"modified":"2023-12-01T16:10:20","modified_gmt":"2023-12-01T14:10:20","slug":"nuorisoprojektin-cv-tyopajaa-pidettiin-turun-ammatti-instituutin-tiloissa","status":"publish","type":"ajankohtaiset","link":"https:\/\/rotary.fi\/turkuaboanova\/ajankohtaiset\/nuorisoprojektin-cv-tyopajaa-pidettiin-turun-ammatti-instituutin-tiloissa\/","title":{"rendered":"Nuorisoprojektin CV-ty\u00f6pajaa pidettiin Turun Ammatti-instituutin tiloissa"},"content":{"rendered":"<p>T\u00e4n\u00e4\u00e4n pidettiin Rotaryklubien Aboa Nova, Kupittaa ja Samppalinna nuorisoprojektiin liittyv\u00e4\u00e4 CV-ty\u00f6pajaa Turun Ammatti-instituutin eli TAI:n tiloissa. Kohderyhm\u00e4ksi oli valikoitunut luokkahuoneellinen, n. 17\u201320-vuotiaita, l\u00e4hinn\u00e4 yksin maahan tulleita maahanmuuttajanuoria, jotka ovat perusopetuksensa p\u00e4\u00e4t\u00f6svaiheessa. <a href=\"https:\/\/rotary.fi\/turkuaboanova\/ajankohtaiset\/nuorisoprojektin-cv-tyopajaa-pidettiin-turun-ammatti-instituutin-tiloissa\/cv-tyopaja-2\/\" rel=\"attachment wp-att-2008\"><img loading=\"lazy\" decoding=\"async\" class=\"size-medium wp-image-2008 alignright\" src=\"https:\/\/rotary.fi\/turkuaboanova\/wp-content\/uploads\/sites\/112\/2023\/12\/cv-tyopaja-2-300x225.jpg\" alt=\"\" width=\"300\" height=\"225\" \/><\/a><\/p>\n<p>Paikalla oli ryhm\u00e4 rotareita eri klubeista kertomassa nuorille omista ammatillisista taustoistaan ja antamassa vinkkej\u00e4 ty\u00f6nhakuun sek\u00e4 auttamassa nuoria ty\u00f6st\u00e4m\u00e4\u00e4n ensimm\u00e4isi\u00e4 ansioluetteloitaan. Reilun parin tunnin aikana nuoret saivatkin rautaisannoksen ty\u00f6el\u00e4m\u00e4tietoutta sek\u00e4 hands-on -valmennusta hyv\u00e4n CV:n rakenteen ja sis\u00e4ll\u00f6n tuottamiseen.<\/p>\n<p>Autettavat nuoret olivat hyvin erilaisista l\u00e4ht\u00f6kohdista liikkeell\u00e4. Osalla oli jo aiempaa ty\u00f6kokemusta tai olivat jo t\u00f6iss\u00e4, ja osa oli vailla mink\u00e4\u00e4nlaista ty\u00f6kokemusta. Osa oli jo ennalta pohtinut ty\u00f6nhakua sek\u00e4 ansioluetteloon kirjattavia asioita, ja l\u00f6ytyip\u00e4 monelta jo ty\u00f6stett\u00e4v\u00e4 CV-mallipohjakin valmiiksi. Kaikilta saatiin kuitenkin vuorovaikutteisten keskustelujen my\u00f6t\u00e4 nostettua pintaan omia kiinnostuksen kohteita, urahaaveita ja tulevaisuuden suunnitelmia sek\u00e4 kuvauksia omasta t\u00e4m\u00e4nhetkisest\u00e4 osaamisestaan, kokemuksestaan ja luonteenpiirteist\u00e4\u00e4n.<\/p>\n<p><a href=\"https:\/\/rotary.fi\/turkuaboanova\/ajankohtaiset\/nuorisoprojektin-cv-tyopajaa-pidettiin-turun-ammatti-instituutin-tiloissa\/img20231201121423\/\" rel=\"attachment wp-att-2010\"><img loading=\"lazy\" decoding=\"async\" class=\"size-medium wp-image-2010 aligncenter\" src=\"https:\/\/rotary.fi\/turkuaboanova\/wp-content\/uploads\/sites\/112\/2023\/12\/img20231201121423-300x225.jpg\" alt=\"\" width=\"300\" height=\"225\" \/><\/a><\/p>\n<p>&nbsp;<\/p>\n","protected":false},"template":"","class_list":["post-2006","ajankohtaiset","type-ajankohtaiset","status-publish","hentry"],"acf":[],"yoast_head":"<!-- This site is optimized with the Yoast SEO plugin v27.4 - https:\/\/yoast.com\/product\/yoast-seo-wordpress\/ -->\n<title>Nuorisoprojektin CV-ty\u00f6pajaa pidettiin Turun Ammatti-instituutin tiloissa - Turku Aboa Nova<\/title>\n<meta name=\"robots\" content=\"index, follow, max-snippet:-1, max-image-preview:large, max-video-preview:-1\" \/>\n<link rel=\"canonical\" href=\"https:\/\/rotary.fi\/turkuaboanova\/ajankohtaiset\/nuorisoprojektin-cv-tyopajaa-pidettiin-turun-ammatti-instituutin-tiloissa\/\" \/>\n<meta property=\"og:locale\" content=\"fi_FI\" \/>\n<meta property=\"og:type\" content=\"article\" \/>\n<meta property=\"og:title\" content=\"Nuorisoprojektin CV-ty\u00f6pajaa pidettiin Turun Ammatti-instituutin tiloissa - Turku Aboa Nova\" \/>\n<meta property=\"og:description\" content=\"T\u00e4n\u00e4\u00e4n pidettiin Rotaryklubien Aboa Nova, Kupittaa ja Samppalinna nuorisoprojektiin liittyv\u00e4\u00e4 CV-ty\u00f6pajaa Turun Ammatti-instituutin eli TAI:n tiloissa. Kohderyhm\u00e4ksi oli valikoitunut luokkahuoneellinen, n. 17\u201320-vuotiaita, l\u00e4hinn\u00e4 yksin maahan tulleita maahanmuuttajanuoria, jotka ovat perusopetuksensa p\u00e4\u00e4t\u00f6svaiheessa. Paikalla oli ryhm\u00e4 rotareita eri klubeista kertomassa nuorille omista ammatillisista taustoistaan ja antamassa vinkkej\u00e4 ty\u00f6nhakuun sek\u00e4 auttamassa nuoria ty\u00f6st\u00e4m\u00e4\u00e4n ensimm\u00e4isi\u00e4 ansioluetteloitaan. Reilun parin tunnin [&hellip;]\" \/>\n<meta property=\"og:url\" content=\"https:\/\/rotary.fi\/turkuaboanova\/ajankohtaiset\/nuorisoprojektin-cv-tyopajaa-pidettiin-turun-ammatti-instituutin-tiloissa\/\" \/>\n<meta property=\"og:site_name\" content=\"Turku Aboa Nova\" \/>\n<meta property=\"article:modified_time\" content=\"2023-12-01T14:10:20+00:00\" \/>\n<meta property=\"og:image\" content=\"https:\/\/rotary.fi\/turkuaboanova\/wp-content\/uploads\/sites\/112\/2023\/12\/cv-tyopaja-2-300x225.jpg\" \/>\n<meta name=\"twitter:card\" content=\"summary_large_image\" \/>\n<meta name=\"twitter:label1\" content=\"Arvioitu lukuaika\" \/>\n\t<meta name=\"twitter:data1\" content=\"2 minuuttia\" \/>\n<script type=\"application\/ld+json\" class=\"yoast-schema-graph\">{\"@context\":\"https:\\\/\\\/schema.org\",\"@graph\":[{\"@type\":\"WebPage\",\"@id\":\"https:\\\/\\\/rotary.fi\\\/turkuaboanova\\\/ajankohtaiset\\\/nuorisoprojektin-cv-tyopajaa-pidettiin-turun-ammatti-instituutin-tiloissa\\\/\",\"url\":\"https:\\\/\\\/rotary.fi\\\/turkuaboanova\\\/ajankohtaiset\\\/nuorisoprojektin-cv-tyopajaa-pidettiin-turun-ammatti-instituutin-tiloissa\\\/\",\"name\":\"Nuorisoprojektin CV-ty\u00f6pajaa pidettiin Turun Ammatti-instituutin tiloissa - Turku Aboa Nova\",\"isPartOf\":{\"@id\":\"https:\\\/\\\/rotary.fi\\\/turkuaboanova\\\/#website\"},\"primaryImageOfPage\":{\"@id\":\"https:\\\/\\\/rotary.fi\\\/turkuaboanova\\\/ajankohtaiset\\\/nuorisoprojektin-cv-tyopajaa-pidettiin-turun-ammatti-instituutin-tiloissa\\\/#primaryimage\"},\"image\":{\"@id\":\"https:\\\/\\\/rotary.fi\\\/turkuaboanova\\\/ajankohtaiset\\\/nuorisoprojektin-cv-tyopajaa-pidettiin-turun-ammatti-instituutin-tiloissa\\\/#primaryimage\"},\"thumbnailUrl\":\"https:\\\/\\\/rotary.fi\\\/turkuaboanova\\\/wp-content\\\/uploads\\\/sites\\\/112\\\/2023\\\/12\\\/cv-tyopaja-2-300x225.jpg\",\"datePublished\":\"2023-12-01T14:09:39+00:00\",\"dateModified\":\"2023-12-01T14:10:20+00:00\",\"breadcrumb\":{\"@id\":\"https:\\\/\\\/rotary.fi\\\/turkuaboanova\\\/ajankohtaiset\\\/nuorisoprojektin-cv-tyopajaa-pidettiin-turun-ammatti-instituutin-tiloissa\\\/#breadcrumb\"},\"inLanguage\":\"fi\",\"potentialAction\":[{\"@type\":\"ReadAction\",\"target\":[\"https:\\\/\\\/rotary.fi\\\/turkuaboanova\\\/ajankohtaiset\\\/nuorisoprojektin-cv-tyopajaa-pidettiin-turun-ammatti-instituutin-tiloissa\\\/\"]}]},{\"@type\":\"ImageObject\",\"inLanguage\":\"fi\",\"@id\":\"https:\\\/\\\/rotary.fi\\\/turkuaboanova\\\/ajankohtaiset\\\/nuorisoprojektin-cv-tyopajaa-pidettiin-turun-ammatti-instituutin-tiloissa\\\/#primaryimage\",\"url\":\"https:\\\/\\\/rotary.fi\\\/turkuaboanova\\\/wp-content\\\/uploads\\\/sites\\\/112\\\/2023\\\/12\\\/cv-tyopaja-2-e1765884339524.jpg\",\"contentUrl\":\"https:\\\/\\\/rotary.fi\\\/turkuaboanova\\\/wp-content\\\/uploads\\\/sites\\\/112\\\/2023\\\/12\\\/cv-tyopaja-2-e1765884339524.jpg\",\"width\":1920,\"height\":928},{\"@type\":\"BreadcrumbList\",\"@id\":\"https:\\\/\\\/rotary.fi\\\/turkuaboanova\\\/ajankohtaiset\\\/nuorisoprojektin-cv-tyopajaa-pidettiin-turun-ammatti-instituutin-tiloissa\\\/#breadcrumb\",\"itemListElement\":[{\"@type\":\"ListItem\",\"position\":1,\"name\":\"Home\",\"item\":\"https:\\\/\\\/rotary.fi\\\/turkuaboanova\\\/\"},{\"@type\":\"ListItem\",\"position\":2,\"name\":\"Nuorisoprojektin CV-ty\u00f6pajaa pidettiin Turun Ammatti-instituutin tiloissa\"}]},{\"@type\":\"WebSite\",\"@id\":\"https:\\\/\\\/rotary.fi\\\/turkuaboanova\\\/#website\",\"url\":\"https:\\\/\\\/rotary.fi\\\/turkuaboanova\\\/\",\"name\":\"Turku Aboa Nova\",\"description\":\"Uusi Rotary klubisivusto\",\"potentialAction\":[{\"@type\":\"SearchAction\",\"target\":{\"@type\":\"EntryPoint\",\"urlTemplate\":\"https:\\\/\\\/rotary.fi\\\/turkuaboanova\\\/?s={search_term_string}\"},\"query-input\":{\"@type\":\"PropertyValueSpecification\",\"valueRequired\":true,\"valueName\":\"search_term_string\"}}],\"inLanguage\":\"fi\"}]}<\/script>\n<!-- \/ Yoast SEO plugin. -->","yoast_head_json":{"title":"Nuorisoprojektin CV-ty\u00f6pajaa pidettiin Turun Ammatti-instituutin tiloissa - Turku Aboa Nova","robots":{"index":"index","follow":"follow","max-snippet":"max-snippet:-1","max-image-preview":"max-image-preview:large","max-video-preview":"max-video-preview:-1"},"canonical":"https:\/\/rotary.fi\/turkuaboanova\/ajankohtaiset\/nuorisoprojektin-cv-tyopajaa-pidettiin-turun-ammatti-instituutin-tiloissa\/","og_locale":"fi_FI","og_type":"article","og_title":"Nuorisoprojektin CV-ty\u00f6pajaa pidettiin Turun Ammatti-instituutin tiloissa - Turku Aboa Nova","og_description":"T\u00e4n\u00e4\u00e4n pidettiin Rotaryklubien Aboa Nova, Kupittaa ja Samppalinna nuorisoprojektiin liittyv\u00e4\u00e4 CV-ty\u00f6pajaa Turun Ammatti-instituutin eli TAI:n tiloissa. Kohderyhm\u00e4ksi oli valikoitunut luokkahuoneellinen, n. 17\u201320-vuotiaita, l\u00e4hinn\u00e4 yksin maahan tulleita maahanmuuttajanuoria, jotka ovat perusopetuksensa p\u00e4\u00e4t\u00f6svaiheessa. Paikalla oli ryhm\u00e4 rotareita eri klubeista kertomassa nuorille omista ammatillisista taustoistaan ja antamassa vinkkej\u00e4 ty\u00f6nhakuun sek\u00e4 auttamassa nuoria ty\u00f6st\u00e4m\u00e4\u00e4n ensimm\u00e4isi\u00e4 ansioluetteloitaan. Reilun parin tunnin [&hellip;]","og_url":"https:\/\/rotary.fi\/turkuaboanova\/ajankohtaiset\/nuorisoprojektin-cv-tyopajaa-pidettiin-turun-ammatti-instituutin-tiloissa\/","og_site_name":"Turku Aboa Nova","article_modified_time":"2023-12-01T14:10:20+00:00","og_image":[{"url":"https:\/\/rotary.fi\/turkuaboanova\/wp-content\/uploads\/sites\/112\/2023\/12\/cv-tyopaja-2-300x225.jpg","type":"","width":"","height":""}],"twitter_card":"summary_large_image","twitter_misc":{"Arvioitu lukuaika":"2 minuuttia"},"schema":{"@context":"https:\/\/schema.org","@graph":[{"@type":"WebPage","@id":"https:\/\/rotary.fi\/turkuaboanova\/ajankohtaiset\/nuorisoprojektin-cv-tyopajaa-pidettiin-turun-ammatti-instituutin-tiloissa\/","url":"https:\/\/rotary.fi\/turkuaboanova\/ajankohtaiset\/nuorisoprojektin-cv-tyopajaa-pidettiin-turun-ammatti-instituutin-tiloissa\/","name":"Nuorisoprojektin CV-ty\u00f6pajaa pidettiin Turun Ammatti-instituutin tiloissa - Turku Aboa Nova","isPartOf":{"@id":"https:\/\/rotary.fi\/turkuaboanova\/#website"},"primaryImageOfPage":{"@id":"https:\/\/rotary.fi\/turkuaboanova\/ajankohtaiset\/nuorisoprojektin-cv-tyopajaa-pidettiin-turun-ammatti-instituutin-tiloissa\/#primaryimage"},"image":{"@id":"https:\/\/rotary.fi\/turkuaboanova\/ajankohtaiset\/nuorisoprojektin-cv-tyopajaa-pidettiin-turun-ammatti-instituutin-tiloissa\/#primaryimage"},"thumbnailUrl":"https:\/\/rotary.fi\/turkuaboanova\/wp-content\/uploads\/sites\/112\/2023\/12\/cv-tyopaja-2-300x225.jpg","datePublished":"2023-12-01T14:09:39+00:00","dateModified":"2023-12-01T14:10:20+00:00","breadcrumb":{"@id":"https:\/\/rotary.fi\/turkuaboanova\/ajankohtaiset\/nuorisoprojektin-cv-tyopajaa-pidettiin-turun-ammatti-instituutin-tiloissa\/#breadcrumb"},"inLanguage":"fi","potentialAction":[{"@type":"ReadAction","target":["https:\/\/rotary.fi\/turkuaboanova\/ajankohtaiset\/nuorisoprojektin-cv-tyopajaa-pidettiin-turun-ammatti-instituutin-tiloissa\/"]}]},{"@type":"ImageObject","inLanguage":"fi","@id":"https:\/\/rotary.fi\/turkuaboanova\/ajankohtaiset\/nuorisoprojektin-cv-tyopajaa-pidettiin-turun-ammatti-instituutin-tiloissa\/#primaryimage","url":"https:\/\/rotary.fi\/turkuaboanova\/wp-content\/uploads\/sites\/112\/2023\/12\/cv-tyopaja-2-e1765884339524.jpg","contentUrl":"https:\/\/rotary.fi\/turkuaboanova\/wp-content\/uploads\/sites\/112\/2023\/12\/cv-tyopaja-2-e1765884339524.jpg","width":1920,"height":928},{"@type":"BreadcrumbList","@id":"https:\/\/rotary.fi\/turkuaboanova\/ajankohtaiset\/nuorisoprojektin-cv-tyopajaa-pidettiin-turun-ammatti-instituutin-tiloissa\/#breadcrumb","itemListElement":[{"@type":"ListItem","position":1,"name":"Home","item":"https:\/\/rotary.fi\/turkuaboanova\/"},{"@type":"ListItem","position":2,"name":"Nuorisoprojektin CV-ty\u00f6pajaa pidettiin Turun Ammatti-instituutin tiloissa"}]},{"@type":"WebSite","@id":"https:\/\/rotary.fi\/turkuaboanova\/#website","url":"https:\/\/rotary.fi\/turkuaboanova\/","name":"Turku Aboa Nova","description":"Uusi Rotary klubisivusto","potentialAction":[{"@type":"SearchAction","target":{"@type":"EntryPoint","urlTemplate":"https:\/\/rotary.fi\/turkuaboanova\/?s={search_term_string}"},"query-input":{"@type":"PropertyValueSpecification","valueRequired":true,"valueName":"search_term_string"}}],"inLanguage":"fi"}]}},"lang":"fi","translations":{"fi":2006},"pll_sync_post":[],"_links":{"self":[{"href":"https:\/\/rotary.fi\/turkuaboanova\/wp-json\/wp\/v2\/ajankohtaiset\/2006","targetHints":{"allow":["GET"]}}],"collection":[{"href":"https:\/\/rotary.fi\/turkuaboanova\/wp-json\/wp\/v2\/ajankohtaiset"}],"about":[{"href":"https:\/\/rotary.fi\/turkuaboanova\/wp-json\/wp\/v2\/types\/ajankohtaiset"}],"wp:attachment":[{"href":"https:\/\/rotary.fi\/turkuaboanova\/wp-json\/wp\/v2\/media?parent=2006"}],"curies":[{"name":"wp","href":"https:\/\/api.w.org\/{rel}","templated":true}]}}