{"id":2088,"date":"2021-03-31T06:00:17","date_gmt":"2021-03-31T03:00:17","guid":{"rendered":"https:\/\/rotary.fi\/tikkurila\/?post_type=ajankohtaiset&#038;p=2088"},"modified":"2022-03-31T05:56:28","modified_gmt":"2022-03-31T02:56:28","slug":"ohjelma-kevatkausi-2021","status":"publish","type":"ajankohtaiset","link":"https:\/\/rotary.fi\/tikkurila\/ajankohtaiset\/ohjelma-kevatkausi-2021\/","title":{"rendered":"Ohjelma kev\u00e4tkausi 2021"},"content":{"rendered":"<table style=\"height: 610px;width: 666px;float: left\">\n<tbody>\n<tr style=\"height: 18px\">\n<td style=\"width: 362px;text-align: left;vertical-align: top;height: 18px\" colspan=\"2\">TIKKURILAN ROTARYKLUBI<\/td>\n<td style=\"width: 288px;height: 18px\"><\/td>\n<\/tr>\n<tr style=\"height: 18px\">\n<td style=\"width: 656px;text-align: left;vertical-align: top;height: 18px\" colspan=\"3\">\n<p class=\"moz-quote-pre\"><strong>Kev\u00e4tkauden 2021 kokoukset pidet\u00e4\u00e4n poikkeuksellisesti vain verkkokokouksina!<\/strong><\/p>\n<\/td>\n<\/tr>\n<tr style=\"height: 18px\">\n<td style=\"text-align: left;vertical-align: top;height: 18px;width: 362px\" colspan=\"2\">Ohjelma kev\u00e4tkausi 2021<\/td>\n<td style=\"width: 288px;height: 18px\"><\/td>\n<\/tr>\n<tr style=\"height: 18px\">\n<td style=\"width: 80px;text-align: left;vertical-align: top;height: 18px\"><\/td>\n<td style=\"width: 276px;text-align: left;vertical-align: top;height: 18px\"><\/td>\n<td style=\"width: 288px;height: 18px\"><\/td>\n<\/tr>\n<tr style=\"height: 18px\">\n<td style=\"width: 80px;text-align: left;vertical-align: top;height: 18px\">Tammikuu<\/td>\n<td style=\"width: 276px;text-align: left;vertical-align: top;height: 18px\"><\/td>\n<td style=\"width: 288px;height: 18px\"><\/td>\n<\/tr>\n<tr style=\"height: 18px\">\n<td style=\"width: 80px;text-align: left;vertical-align: top;height: 18px\">11.1.<\/td>\n<td style=\"width: 276px;height: 18px;text-align: left;vertical-align: top\">Egoesitys<\/td>\n<td class=\"xl65\" style=\"height: 18px;width: 288px;text-align: left;vertical-align: top\" height=\"20\">Johanna Jutila<\/td>\n<\/tr>\n<tr style=\"height: 36px\">\n<td style=\"width: 80px;text-align: left;vertical-align: top;height: 10px\">18.1.<\/td>\n<td style=\"width: 276px;height: 10px;text-align: left;vertical-align: top\">Ammatillinen koulutus ja digiataalisuuden hy\u00f6dynt\u00e4minen<\/td>\n<td class=\"xl65\" style=\"height: 10px;width: 288px;text-align: left;vertical-align: top\" height=\"20\">yli-insin\u00f6\u00f6ri Jaana Villikka, Opetushallitus<\/td>\n<\/tr>\n<tr style=\"height: 18px\">\n<td style=\"width: 80px;text-align: left;vertical-align: top;height: 18px\">25.1.<\/td>\n<td style=\"width: 276px;height: 18px;text-align: left;vertical-align: top\">Koronatilanne<\/td>\n<td class=\"xl65\" style=\"height: 18px;width: 288px;text-align: left;vertical-align: top\" height=\"20\">Vantaan apulaiskaupunginjohtaja Timo Aronkyt\u00f6<\/td>\n<\/tr>\n<tr style=\"height: 18px\">\n<td style=\"width: 80px;text-align: left;vertical-align: top;height: 18px\"><\/td>\n<td style=\"width: 276px;text-align: left;vertical-align: top;height: 18px\"><\/td>\n<td style=\"width: 288px;height: 18px;text-align: left;vertical-align: top\"><\/td>\n<\/tr>\n<tr style=\"height: 18px\">\n<td style=\"width: 80px;text-align: left;vertical-align: top;height: 18px\">Helmikuu<\/td>\n<td style=\"width: 276px;text-align: left;vertical-align: top;height: 18px\"><\/td>\n<td style=\"width: 288px;height: 18px;text-align: left;vertical-align: top\"><\/td>\n<\/tr>\n<tr style=\"height: 18px\">\n<td style=\"width: 80px;text-align: left;vertical-align: top;height: 18px\">1.2.<\/td>\n<td style=\"width: 276px;height: 18px;text-align: left;vertical-align: top\">Saunaperinne, Unescon aineeton kulttuuriperint\u00f6kohde<\/td>\n<td class=\"xl65\" style=\"height: 18px;width: 288px;text-align: left;vertical-align: top\" height=\"20\">Ritva Ohmeroluoma<\/td>\n<\/tr>\n<tr style=\"height: 18px\">\n<td style=\"width: 80px;text-align: left;vertical-align: top;height: 18px\">8.2.<\/td>\n<td style=\"width: 276px;height: 18px;text-align: left;vertical-align: top\">Digitaalisen\/paperisen kirjan markkinat<\/td>\n<td class=\"xl65\" style=\"height: 18px;width: 288px;text-align: left;vertical-align: top\" height=\"20\">johtaja Sakari Laiho, Suomen Kustannusyhdistys<\/td>\n<\/tr>\n<tr style=\"height: 18px\">\n<td style=\"width: 80px;text-align: left;vertical-align: top;height: 18px\">15.2.<\/td>\n<td style=\"width: 276px;height: 18px;text-align: left;vertical-align: top\">Miten koronapandemia on vaikuttanut ty\u00f6h\u00f6ni<\/td>\n<td style=\"height: 18px;width: 288px;text-align: left;vertical-align: top\" height=\"20\">Katriina Honkanen, freelancetaiteilija<\/td>\n<\/tr>\n<tr style=\"height: 36px\">\n<td style=\"width: 80px;text-align: left;vertical-align: top;height: 10px\">22.2.<\/td>\n<td style=\"width: 276px;height: 10px;text-align: left;vertical-align: top\">Nyht\u00f6kaurayritys gold &amp; greenin tarina<\/td>\n<td class=\"xl65\" style=\"height: 10px;width: 288px;text-align: left;vertical-align: top\" height=\"20\">professori, businessenkeli Ainomaija Haarla<\/td>\n<\/tr>\n<tr style=\"height: 18px\">\n<td style=\"width: 80px;text-align: left;vertical-align: top;height: 18px\"><\/td>\n<td style=\"width: 276px;text-align: left;vertical-align: top;height: 18px\"><\/td>\n<td style=\"width: 288px;height: 18px;text-align: left;vertical-align: top\"><\/td>\n<\/tr>\n<tr style=\"height: 36px\">\n<td style=\"width: 80px;text-align: left;vertical-align: top;height: 10px\">Maaliskuu<\/td>\n<td style=\"width: 276px;text-align: left;vertical-align: top;height: 10px\"><\/td>\n<td style=\"width: 288px;height: 10px;text-align: left;vertical-align: top\"><\/td>\n<\/tr>\n<tr style=\"height: 18px\">\n<td style=\"width: 80px;text-align: left;vertical-align: top;height: 10px\">1.3.<\/td>\n<td style=\"width: 276px;height: 10px;vertical-align: top;text-align: left\">USA:n uusi aika, sen vaikutukset talouteen, tieteeseen ja politiikkaan<\/td>\n<td class=\"xl65\" style=\"height: 10px;width: 288px;text-align: left;vertical-align: top\" height=\"20\">Miltton USA, johtaja Kristiina Helenius<\/td>\n<\/tr>\n<tr style=\"height: 18px\">\n<td style=\"width: 80px;text-align: left;vertical-align: top;height: 18px\">8.3.<\/td>\n<td style=\"width: 276px;height: 18px;text-align: left;vertical-align: top\">Kokemuksia Tansaniasta,<\/td>\n<td class=\"xl65\" style=\"height: 18px;width: 288px;text-align: left;vertical-align: top\" height=\"20\">lent\u00e4j\u00e4, pastori Jarkko Korhonen, Maf Suomi<\/td>\n<\/tr>\n<tr style=\"height: 36px\">\n<td style=\"width: 80px;text-align: left;vertical-align: top;height: 10px\">15.3.<\/td>\n<td style=\"width: 276px;height: 10px;text-align: left;vertical-align: top\">4H-Rotary Startkick-kilpailu,<\/td>\n<td style=\"height: 10px;width: 288px;text-align: left;vertical-align: top\" height=\"20\">Ritva Ohmeroluoma, Anne Salovaara<\/td>\n<\/tr>\n<tr style=\"height: 18px\">\n<td style=\"width: 80px;text-align: left;vertical-align: top;height: 18px\">22.3.<\/td>\n<td style=\"width: 276px;height: 18px;text-align: left;vertical-align: top\">Miten korona on vaikuttanut Matkahuollon liiketoimintaan?<\/td>\n<td class=\"xl65\" style=\"height: 18px;width: 288px;text-align: left;vertical-align: top\" height=\"20\">Johtaja Leila Lehtinen, Matkahuolto<\/td>\n<\/tr>\n<tr style=\"height: 18px\">\n<td style=\"width: 80px;text-align: left;vertical-align: top;height: 18px\">29.3.<\/td>\n<td style=\"width: 276px;height: 18px;text-align: left;vertical-align: top\">Konepajateollisuus Suomessa<\/td>\n<td class=\"xl65\" style=\"height: 18px;width: 288px;text-align: left;vertical-align: top\" height=\"20\">emeritusprofessori, Veijo Kauppinen Aalto yliopisto<\/td>\n<\/tr>\n<tr style=\"height: 18px\">\n<td style=\"width: 80px;text-align: left;vertical-align: top;height: 18px\"><\/td>\n<td style=\"width: 276px;text-align: left;vertical-align: top;height: 18px\"><\/td>\n<td style=\"width: 288px;height: 18px;text-align: left;vertical-align: top\"><\/td>\n<\/tr>\n<tr style=\"height: 18px\">\n<td style=\"width: 80px;text-align: left;vertical-align: top;height: 18px\">Huhtikuu<\/td>\n<td style=\"width: 276px;text-align: left;vertical-align: top;height: 18px\"><\/td>\n<td style=\"width: 288px;height: 18px;text-align: left;vertical-align: top\"><\/td>\n<\/tr>\n<tr style=\"height: 18px\">\n<td style=\"width: 80px;text-align: left;vertical-align: top;height: 18px\">12.4.<\/td>\n<td style=\"width: 276px;height: 18px;text-align: left;vertical-align: top\">Terveytt\u00e4 l\u00e4mm\u00f6ll\u00e4<\/td>\n<td class=\"xl65\" style=\"height: 18px;width: 288px;text-align: left;vertical-align: top\" height=\"20\">markkinointijohtaja, P\u00e4ivi Juolahti, Harvia Oy<\/td>\n<\/tr>\n<tr style=\"height: 18px\">\n<td style=\"width: 80px;text-align: left;vertical-align: top;height: 18px\">19.4.<\/td>\n<td style=\"width: 276px;height: 18px;text-align: left;vertical-align: top\">Vastavuoroisuuksia, striimattu k\u00e4ynti Vantaan taidemuseo Artsissa<\/td>\n<td class=\"xl65\" style=\"height: 18px;width: 288px;text-align: left;vertical-align: top\" height=\"20\"><\/td>\n<\/tr>\n<tr style=\"height: 18px\">\n<td style=\"width: 80px;text-align: left;vertical-align: top;height: 18px\">26.4.<\/td>\n<td style=\"width: 276px;height: 18px;text-align: left;vertical-align: top\">Suojelualueidemme ennenn\u00e4kem\u00e4t\u00f6n suosio,<\/td>\n<td style=\"width: 288px;height: 18px;text-align: left;vertical-align: top\">luontopalvelujohtaja Henrik Jansson, Mets\u00e4hallitus<\/td>\n<\/tr>\n<tr style=\"height: 18px\">\n<td style=\"width: 80px;text-align: left;vertical-align: top;height: 18px\"><\/td>\n<td style=\"width: 276px;text-align: left;vertical-align: top;height: 18px\"><\/td>\n<td style=\"width: 288px;height: 18px;text-align: left;vertical-align: top\"><\/td>\n<\/tr>\n<tr style=\"height: 18px\">\n<td style=\"width: 80px;text-align: left;vertical-align: top;height: 18px\">Toukokuu<\/td>\n<td style=\"width: 276px;text-align: left;vertical-align: top;height: 18px\"><\/td>\n<td style=\"width: 288px;height: 18px;text-align: left;vertical-align: top\"><\/td>\n<\/tr>\n<tr style=\"height: 18px\">\n<td style=\"width: 80px;text-align: left;vertical-align: top;height: 18px\">3.5.<\/td>\n<td style=\"width: 276px;height: 18px;text-align: left;vertical-align: top\">Tikkurilan keskustakorttelin (Asematie 1-3) kaavakehityshankkeen esittely<\/td>\n<td class=\"xl65\" style=\"height: 18px;width: 288px;text-align: left;vertical-align: top\" height=\"20\">Jari Porth\u00e9n<\/td>\n<\/tr>\n<tr style=\"height: 18px\">\n<td style=\"width: 80px;text-align: left;vertical-align: top;height: 18px\">10.5.<\/td>\n<td style=\"width: 276px;height: 18px;text-align: left;vertical-align: top\">Kev\u00e4tkokous<\/td>\n<td style=\"width: 288px;height: 18px;text-align: left;vertical-align: top\"><\/td>\n<\/tr>\n<tr style=\"height: 18px\">\n<td style=\"width: 80px;text-align: left;vertical-align: top;height: 18px\">17.5.<\/td>\n<td style=\"width: 276px;height: 18px;text-align: left;vertical-align: top\">Toimitusjohtaja Marja-Liisa Niinikoski, Tekstiili &amp; Muoti ry: Tekstiiliteollisuus Suomessa.<\/td>\n<td style=\"width: 288px;height: 18px;text-align: left;vertical-align: top\"><\/td>\n<\/tr>\n<tr style=\"height: 18px\">\n<td style=\"width: 80px;text-align: left;vertical-align: top;height: 10px\">24.5.<\/td>\n<td style=\"width: 276px;height: 10px;text-align: left;vertical-align: top\">Luontopalvelujohtaja\u00a0 Henrik Jansson, Mets\u00e4hallitus: \u00a0Suojelualueidemme ennenn\u00e4kem\u00e4t\u00f6n suosio!<\/td>\n<td style=\"width: 288px;height: 10px;text-align: left;vertical-align: top\"><\/td>\n<\/tr>\n<tr style=\"height: 18px\">\n<th style=\"width: 80px;height: 10px;text-align: left;vertical-align: top\">31.5.<\/th>\n<td style=\"width: 276px;height: 10px;vertical-align: top\">Toimitusjohtaja Janne K\u00e4nk\u00e4nen, Huoltovarmuuskeskus: Muuttuva huoltovarmuus.<\/p>\n<p>Huom Huom!\u00a0 klo 13.00\u00a0 Yhteiskokous\u00a0 Luoteis- Helsingin Rotaryklubin kanssa.<\/td>\n<td style=\"width: 288px;height: 10px;vertical-align: top\"><\/td>\n<\/tr>\n<tr style=\"height: 18px\">\n<td style=\"width: 80px;text-align: left;vertical-align: top;height: 18px\"><\/td>\n<td style=\"width: 276px;text-align: left;vertical-align: top;height: 18px\"><\/td>\n<td style=\"width: 288px;text-align: left;vertical-align: top;height: 18px\"><\/td>\n<\/tr>\n<tr style=\"height: 18px\">\n<td style=\"width: 80px;text-align: left;vertical-align: top;height: 18px\">Kes\u00e4kuu<\/td>\n<td style=\"width: 276px;text-align: left;vertical-align: top;height: 18px\"><\/td>\n<td style=\"width: 288px;height: 18px;text-align: left;vertical-align: top\"><\/td>\n<\/tr>\n<tr style=\"height: 18px\">\n<td style=\"width: 80px;text-align: left;vertical-align: top;height: 18px\">7.6.<\/td>\n<td style=\"width: 276px;height: 18px;text-align: left;vertical-align: top\">k\u00e4\u00e4tyjen vaihto<\/td>\n<td style=\"width: 288px;height: 18px;text-align: left;vertical-align: top\"><\/td>\n<\/tr>\n<tr style=\"height: 18px\">\n<td style=\"width: 80px;text-align: left;vertical-align: top;height: 18px\">14.6.<\/td>\n<td style=\"width: 276px;height: 18px;text-align: left;vertical-align: top\">Kes\u00e4tapaaminen<\/td>\n<td style=\"width: 288px;height: 18px\"><\/td>\n<\/tr>\n<\/tbody>\n<\/table>\n","protected":false},"template":"","class_list":["post-2088","ajankohtaiset","type-ajankohtaiset","status-publish","hentry"],"acf":[],"yoast_head":"<!-- This site is optimized with the Yoast SEO plugin v27.4 - https:\/\/yoast.com\/product\/yoast-seo-wordpress\/ -->\n<title>Ohjelma kev\u00e4tkausi 2021 - Tikkurilan Rotaryklubi<\/title>\n<meta name=\"robots\" content=\"index, follow, max-snippet:-1, max-image-preview:large, max-video-preview:-1\" \/>\n<link rel=\"canonical\" href=\"https:\/\/rotary.fi\/tikkurila\/ajankohtaiset\/ohjelma-kevatkausi-2021\/\" \/>\n<meta property=\"og:locale\" content=\"fi_FI\" \/>\n<meta property=\"og:type\" content=\"article\" \/>\n<meta property=\"og:title\" content=\"Ohjelma kev\u00e4tkausi 2021 - Tikkurilan Rotaryklubi\" \/>\n<meta property=\"og:description\" content=\"TIKKURILAN ROTARYKLUBI Kev\u00e4tkauden 2021 kokoukset pidet\u00e4\u00e4n poikkeuksellisesti vain verkkokokouksina! Ohjelma kev\u00e4tkausi 2021 Tammikuu 11.1. Egoesitys Johanna Jutila 18.1. Ammatillinen koulutus ja digiataalisuuden hy\u00f6dynt\u00e4minen yli-insin\u00f6\u00f6ri Jaana Villikka, Opetushallitus 25.1. Koronatilanne Vantaan apulaiskaupunginjohtaja Timo Aronkyt\u00f6 Helmikuu 1.2. Saunaperinne, Unescon aineeton kulttuuriperint\u00f6kohde Ritva Ohmeroluoma 8.2. Digitaalisen\/paperisen kirjan markkinat johtaja Sakari Laiho, Suomen Kustannusyhdistys 15.2. Miten koronapandemia on vaikuttanut [&hellip;]\" \/>\n<meta property=\"og:url\" content=\"https:\/\/rotary.fi\/tikkurila\/ajankohtaiset\/ohjelma-kevatkausi-2021\/\" \/>\n<meta property=\"og:site_name\" content=\"Tikkurilan Rotaryklubi\" \/>\n<meta property=\"article:modified_time\" content=\"2022-03-31T02:56:28+00:00\" \/>\n<meta name=\"twitter:card\" content=\"summary_large_image\" \/>\n<meta name=\"twitter:label1\" content=\"Arvioitu lukuaika\" \/>\n\t<meta name=\"twitter:data1\" content=\"1 minuutti\" \/>\n<script type=\"application\/ld+json\" class=\"yoast-schema-graph\">{\"@context\":\"https:\\\/\\\/schema.org\",\"@graph\":[{\"@type\":\"WebPage\",\"@id\":\"https:\\\/\\\/rotary.fi\\\/tikkurila\\\/ajankohtaiset\\\/ohjelma-kevatkausi-2021\\\/\",\"url\":\"https:\\\/\\\/rotary.fi\\\/tikkurila\\\/ajankohtaiset\\\/ohjelma-kevatkausi-2021\\\/\",\"name\":\"Ohjelma kev\u00e4tkausi 2021 - Tikkurilan Rotaryklubi\",\"isPartOf\":{\"@id\":\"https:\\\/\\\/rotary.fi\\\/tikkurila\\\/#website\"},\"datePublished\":\"2021-03-31T03:00:17+00:00\",\"dateModified\":\"2022-03-31T02:56:28+00:00\",\"breadcrumb\":{\"@id\":\"https:\\\/\\\/rotary.fi\\\/tikkurila\\\/ajankohtaiset\\\/ohjelma-kevatkausi-2021\\\/#breadcrumb\"},\"inLanguage\":\"fi\",\"potentialAction\":[{\"@type\":\"ReadAction\",\"target\":[\"https:\\\/\\\/rotary.fi\\\/tikkurila\\\/ajankohtaiset\\\/ohjelma-kevatkausi-2021\\\/\"]}]},{\"@type\":\"BreadcrumbList\",\"@id\":\"https:\\\/\\\/rotary.fi\\\/tikkurila\\\/ajankohtaiset\\\/ohjelma-kevatkausi-2021\\\/#breadcrumb\",\"itemListElement\":[{\"@type\":\"ListItem\",\"position\":1,\"name\":\"Home\",\"item\":\"https:\\\/\\\/rotary.fi\\\/tikkurila\\\/\"},{\"@type\":\"ListItem\",\"position\":2,\"name\":\"Ohjelma kev\u00e4tkausi 2021\"}]},{\"@type\":\"WebSite\",\"@id\":\"https:\\\/\\\/rotary.fi\\\/tikkurila\\\/#website\",\"url\":\"https:\\\/\\\/rotary.fi\\\/tikkurila\\\/\",\"name\":\"Tikkurilan Rotaryklubi\",\"description\":\"Uusi Rotary klubisivusto\",\"potentialAction\":[{\"@type\":\"SearchAction\",\"target\":{\"@type\":\"EntryPoint\",\"urlTemplate\":\"https:\\\/\\\/rotary.fi\\\/tikkurila\\\/?s={search_term_string}\"},\"query-input\":{\"@type\":\"PropertyValueSpecification\",\"valueRequired\":true,\"valueName\":\"search_term_string\"}}],\"inLanguage\":\"fi\"}]}<\/script>\n<!-- \/ Yoast SEO plugin. -->","yoast_head_json":{"title":"Ohjelma kev\u00e4tkausi 2021 - Tikkurilan Rotaryklubi","robots":{"index":"index","follow":"follow","max-snippet":"max-snippet:-1","max-image-preview":"max-image-preview:large","max-video-preview":"max-video-preview:-1"},"canonical":"https:\/\/rotary.fi\/tikkurila\/ajankohtaiset\/ohjelma-kevatkausi-2021\/","og_locale":"fi_FI","og_type":"article","og_title":"Ohjelma kev\u00e4tkausi 2021 - Tikkurilan Rotaryklubi","og_description":"TIKKURILAN ROTARYKLUBI Kev\u00e4tkauden 2021 kokoukset pidet\u00e4\u00e4n poikkeuksellisesti vain verkkokokouksina! Ohjelma kev\u00e4tkausi 2021 Tammikuu 11.1. Egoesitys Johanna Jutila 18.1. Ammatillinen koulutus ja digiataalisuuden hy\u00f6dynt\u00e4minen yli-insin\u00f6\u00f6ri Jaana Villikka, Opetushallitus 25.1. Koronatilanne Vantaan apulaiskaupunginjohtaja Timo Aronkyt\u00f6 Helmikuu 1.2. Saunaperinne, Unescon aineeton kulttuuriperint\u00f6kohde Ritva Ohmeroluoma 8.2. Digitaalisen\/paperisen kirjan markkinat johtaja Sakari Laiho, Suomen Kustannusyhdistys 15.2. Miten koronapandemia on vaikuttanut [&hellip;]","og_url":"https:\/\/rotary.fi\/tikkurila\/ajankohtaiset\/ohjelma-kevatkausi-2021\/","og_site_name":"Tikkurilan Rotaryklubi","article_modified_time":"2022-03-31T02:56:28+00:00","twitter_card":"summary_large_image","twitter_misc":{"Arvioitu lukuaika":"1 minuutti"},"schema":{"@context":"https:\/\/schema.org","@graph":[{"@type":"WebPage","@id":"https:\/\/rotary.fi\/tikkurila\/ajankohtaiset\/ohjelma-kevatkausi-2021\/","url":"https:\/\/rotary.fi\/tikkurila\/ajankohtaiset\/ohjelma-kevatkausi-2021\/","name":"Ohjelma kev\u00e4tkausi 2021 - Tikkurilan Rotaryklubi","isPartOf":{"@id":"https:\/\/rotary.fi\/tikkurila\/#website"},"datePublished":"2021-03-31T03:00:17+00:00","dateModified":"2022-03-31T02:56:28+00:00","breadcrumb":{"@id":"https:\/\/rotary.fi\/tikkurila\/ajankohtaiset\/ohjelma-kevatkausi-2021\/#breadcrumb"},"inLanguage":"fi","potentialAction":[{"@type":"ReadAction","target":["https:\/\/rotary.fi\/tikkurila\/ajankohtaiset\/ohjelma-kevatkausi-2021\/"]}]},{"@type":"BreadcrumbList","@id":"https:\/\/rotary.fi\/tikkurila\/ajankohtaiset\/ohjelma-kevatkausi-2021\/#breadcrumb","itemListElement":[{"@type":"ListItem","position":1,"name":"Home","item":"https:\/\/rotary.fi\/tikkurila\/"},{"@type":"ListItem","position":2,"name":"Ohjelma kev\u00e4tkausi 2021"}]},{"@type":"WebSite","@id":"https:\/\/rotary.fi\/tikkurila\/#website","url":"https:\/\/rotary.fi\/tikkurila\/","name":"Tikkurilan Rotaryklubi","description":"Uusi Rotary klubisivusto","potentialAction":[{"@type":"SearchAction","target":{"@type":"EntryPoint","urlTemplate":"https:\/\/rotary.fi\/tikkurila\/?s={search_term_string}"},"query-input":{"@type":"PropertyValueSpecification","valueRequired":true,"valueName":"search_term_string"}}],"inLanguage":"fi"}]}},"_links":{"self":[{"href":"https:\/\/rotary.fi\/tikkurila\/wp-json\/wp\/v2\/ajankohtaiset\/2088","targetHints":{"allow":["GET"]}}],"collection":[{"href":"https:\/\/rotary.fi\/tikkurila\/wp-json\/wp\/v2\/ajankohtaiset"}],"about":[{"href":"https:\/\/rotary.fi\/tikkurila\/wp-json\/wp\/v2\/types\/ajankohtaiset"}],"wp:attachment":[{"href":"https:\/\/rotary.fi\/tikkurila\/wp-json\/wp\/v2\/media?parent=2088"}],"curies":[{"name":"wp","href":"https:\/\/api.w.org\/{rel}","templated":true}]}}