{"version":"1.0","provider_name":"Tammer Nova","provider_url":"https:\/\/rotary.fi\/tammernova","author_name":"siljamp","author_url":"https:\/\/rotary.fi\/tammernova\/author\/siljamp\/","title":"Presidenttien ja kuvern\u00f6\u00f6rin k\u00e4\u00e4dyt vaihtuivat Finlaysonin palatsissa 20.6.2018 - Tammer Nova","type":"rich","width":600,"height":338,"html":"<blockquote class=\"wp-embedded-content\" data-secret=\"mg5SerKAiw\"><a href=\"https:\/\/rotary.fi\/tammernova\/en\/presidentin_uutiset\/kaatyjenvaihto-20-6-2018-finlaysonin-palatsi\/\">Presidenttien ja kuvern\u00f6\u00f6rin k\u00e4\u00e4dyt vaihtuivat Finlaysonin palatsissa 20.6.2018<\/a><\/blockquote><iframe sandbox=\"allow-scripts\" security=\"restricted\" src=\"https:\/\/rotary.fi\/tammernova\/en\/presidentin_uutiset\/kaatyjenvaihto-20-6-2018-finlaysonin-palatsi\/embed\/#?secret=mg5SerKAiw\" width=\"600\" height=\"338\" title=\"&#8221;Presidenttien ja kuvern\u00f6\u00f6rin k\u00e4\u00e4dyt vaihtuivat Finlaysonin palatsissa 20.6.2018&#8221; &#8212; Tammer Nova\" data-secret=\"mg5SerKAiw\" frameborder=\"0\" marginwidth=\"0\" marginheight=\"0\" scrolling=\"no\" class=\"wp-embedded-content\"><\/iframe><script type=\"text\/javascript\">\n\/* <![CDATA[ *\/\n\/*! This file is auto-generated *\/\n!function(d,l){\"use strict\";l.querySelector&&d.addEventListener&&\"undefined\"!=typeof URL&&(d.wp=d.wp||{},d.wp.receiveEmbedMessage||(d.wp.receiveEmbedMessage=function(e){var t=e.data;if((t||t.secret||t.message||t.value)&&!\/[^a-zA-Z0-9]\/.test(t.secret)){for(var s,r,n,a=l.querySelectorAll('iframe[data-secret=\"'+t.secret+'\"]'),o=l.querySelectorAll('blockquote[data-secret=\"'+t.secret+'\"]'),c=new RegExp(\"^https?:$\",\"i\"),i=0;i<o.length;i++)o[i].style.display=\"none\";for(i=0;i<a.length;i++)s=a[i],e.source===s.contentWindow&&(s.removeAttribute(\"style\"),\"height\"===t.message?(1e3<(r=parseInt(t.value,10))?r=1e3:~~r<200&&(r=200),s.height=r):\"link\"===t.message&&(r=new URL(s.getAttribute(\"src\")),n=new URL(t.value),c.test(n.protocol))&&n.host===r.host&&l.activeElement===s&&(d.top.location.href=t.value))}},d.addEventListener(\"message\",d.wp.receiveEmbedMessage,!1),l.addEventListener(\"DOMContentLoaded\",function(){for(var e,t,s=l.querySelectorAll(\"iframe.wp-embedded-content\"),r=0;r<s.length;r++)(t=(e=s[r]).getAttribute(\"data-secret\"))||(t=Math.random().toString(36).substring(2,12),e.src+=\"#?secret=\"+t,e.setAttribute(\"data-secret\",t)),e.contentWindow.postMessage({message:\"ready\",secret:t},\"*\")},!1)))}(window,document);\n\/\/# sourceURL=https:\/\/rotary.fi\/tammernova\/wp-includes\/js\/wp-embed.min.js\n\/* ]]> *\/\n<\/script>\n","description":"K\u00e4\u00e4tyjenvaihto 20.6.2018 Finlaysonin palatsi \u2013 tervetuloa! &nbsp; Arvoisa kuvern\u00f6\u00f6ri Mikko, tuleva kuvern\u00f6\u00f6ri Jarmo,\u00a0hyv\u00e4t rotarit ja Rotaryn yst\u00e4v\u00e4t.\u00a0Sehr geehrte Damen und Herren, Ch\u00e8re Paloma Syd\u00e4mellisesti tervetuloa minunkin puolestani! On ilo n\u00e4hd\u00e4 teid\u00e4t juhlistamassa k\u00e4\u00e4tyjenvaihtotilaisuutta t\u00e4\u00e4ll\u00e4, Tammer Novan omassa klubitilassa. On mukavaa juhlistaa t\u00e4t\u00e4 hetke\u00e4 kanssanne. Tammer Nova on uniikki klubi alueemme klubien joukossa jo siit\u00e4 syyt\u00e4, [&hellip;]"}