{"id":2145,"date":"2023-07-16T09:19:06","date_gmt":"2023-07-16T06:19:06","guid":{"rendered":"https:\/\/rotary.fi\/pietarsaari\/?post_type=ajankohtaiset&#038;p=2145"},"modified":"2023-12-19T20:58:50","modified_gmt":"2023-12-19T18:58:50","slug":"sea-sail-and-nature-16-29-7-2023-summercamp-2023","status":"publish","type":"ajankohtaiset","link":"https:\/\/rotary.fi\/pietarsaari\/ajankohtaiset\/sea-sail-and-nature-16-29-7-2023-summercamp-2023\/","title":{"rendered":"Kes\u00e4leiri Sea, Sail and Nature pidettiin 16-29.7.2023"},"content":{"rendered":"<p><strong>Eurooppalaiset nuoret tutustuivat Pietarsaareen Rotaryn kes\u00e4leirill\u00e4<\/strong><\/p>\n<p><a href=\"https:\/\/www.pietarsaarensanomat.fi\/viivi-helin\"><strong>Viivi Helin<\/strong><\/a> \/ Pietarsaaren Sanomat<\/p>\n<p><strong>Ti 25.7.2023<\/strong><\/p>\n<p><img loading=\"lazy\" decoding=\"async\" class=\"alignnone size-medium wp-image-2192\" src=\"https:\/\/rotary.fi\/pietarsaari\/wp-content\/uploads\/sites\/214\/2023\/02\/summercamp-2023-300x228.jpg\" alt=\"\" width=\"300\" height=\"228\" \/><\/p>\n<p><strong>Rotary Pietarsaari-M\u00e4ssk\u00e4rin kes\u00e4leirill\u00e4 oli kaksikymment\u00e4 nuorta yhdeks\u00e4st\u00e4 eri Euroopan maasta. Leiril\u00e4iset uskovat olevansa toisiinsa yhteydess\u00e4 viel\u00e4 matkan j\u00e4lkeenkin. Kuva: Viivi Helin<\/strong><\/p>\n<p>Rotaryklubi Pietarsaari-M\u00e4ssk\u00e4rin kes\u00e4leiri eurooppalaisille nuorille pidettiin Pietarsaaressa. Leirill\u00e4 oli kaksikymment\u00e4 15\u201318-vuotiasta nuorta yhdeks\u00e4st\u00e4 eri maasta.<\/p>\n<p><strong>Erkki Salmu<\/strong> Pietarsaari-M\u00e4ssk\u00e4rin rotaryklubista kertoi, ett\u00e4 k\u00e4ynniss\u00e4 on jo viides meri, seilaus ja luonto -teemainen nuortenleirileiri. Kahdeksanp\u00e4iv\u00e4isell\u00e4 leirill\u00e4 nuoret p\u00e4\u00e4siv\u00e4t muun muassa soutu- ja purjeveneilem\u00e4\u00e4n sek\u00e4 vaeltamaan.<\/p>\n<p>\u2013 Koko ajan ollaan ulkona, h\u00e4n sanoo ja lis\u00e4\u00e4, ett\u00e4 y\u00f6pyminen tapahtuu kuitenkin sis\u00e4tiloissa.<\/p>\n<p>Salmu vinkkaa, ett\u00e4 kes\u00e4leirien lis\u00e4ksi nuoret voivat tutustua muihin kulttuureihin my\u00f6s Rotaryn vuosivaihdon kautta, johon on haku t\u00e4ll\u00e4kin hetkell\u00e4 auki.<\/p>\n<p>Saksalainen\u00a0<strong>Georg Boltze<\/strong>, 17, ja belgialainen\u00a0<strong>Julia de Jong<\/strong>, 16, tulivat kumpikin leirille tutustumaan nuoriin ymp\u00e4ri Eurooppaa. My\u00f6s leirin teema veti puoleensa luonnosta kiinnostuneita nuoria.<\/p>\n<p>\u2013 Suomi ei oikein ole sellainen maa, jossa lomaillaan varsinkaan kes\u00e4isin. On mielenkiintoista p\u00e4\u00e4st\u00e4 maahan, johon ei ehk\u00e4 muuten menisi, de Jong pohtii.<\/p>\n<p>\u2013 Haluan tutustua naapurimaahamme. Lasken Suomen Saksan naapurimaaksi, sill\u00e4 v\u00e4liss\u00e4 on vain meri, Boltze lis\u00e4\u00e4.<\/p>\n<p>Kumpikin leiril\u00e4isist\u00e4 on k\u00e4ym\u00e4ss\u00e4 Suomessa ensimm\u00e4ist\u00e4 kertaa. Erityisesti metsien runsaus sek\u00e4 meriveden l\u00e4mp\u00f6 yll\u00e4ttiv\u00e4t. Stereotypiat sek\u00e4 Suomesta ett\u00e4 suomalaisista pit\u00e4v\u00e4t nuorten mukaan paikkansa.<\/p>\n<p>\u2013 Suomalaiset arvostavat perusasioita, eiv\u00e4tk\u00e4 he puhu turhia. He ovat mutkattomia ja iloisia ihmisi\u00e4. Ja saunaan t\u00e4ytyy aina p\u00e4\u00e4st\u00e4, de Jong nauraa.<\/p>\n<p>Ennen leiri\u00e4 nuoret viettiv\u00e4t muutaman p\u00e4iv\u00e4n is\u00e4nt\u00e4perheiss\u00e4, joissa he p\u00e4\u00e4siv\u00e4t tutustumaan tavalliseen suomalaiseen arkiel\u00e4m\u00e4\u00e4n. Boltzen ja de Jongin mukaan perheiss\u00e4 k\u00e4ytiin retkill\u00e4 ja leivottiin suomalaisia herkkuja, kuten korvapuusteja ja mustikkapiirakkaa, jotka saavat nuorilta rutkasti kehuja. Ruokailuajat sen sijaan h\u00e4mm\u00e4styttiv\u00e4t keskieurooppalaisia.<\/p>\n<p>\u2013 Iltapala yll\u00e4tti. Meill\u00e4 sy\u00f6d\u00e4\u00e4n yleens\u00e4 vain aamupala, lounas ja p\u00e4iv\u00e4llinen, Boltze kertoo.<\/p>\n<p>\u2013 Enk\u00e4 ole tottunut sy\u00f6m\u00e4\u00e4n p\u00e4iv\u00e4llist\u00e4 niin aikaisin, vaan meill\u00e4 se sy\u00f6d\u00e4\u00e4n yleens\u00e4 muutamaa tuntia my\u00f6hemmin, de Jong jatkaa.<\/p>\n<p>Kulttuurierot leiril\u00e4isten keskuudessa eiv\u00e4t ole vaikuttaneet nuorten yst\u00e4vystymiseen. Boltze ja de Jong uskovat, ett\u00e4 leiril\u00e4iset ovat toisiinsa yhteydess\u00e4 viel\u00e4 matkan j\u00e4lkeenkin.<\/p>\n<p>\u2013 Olemme hyvin samanlaisia, vaikka asummekin eri maissa. Meill\u00e4 on samanlainen musiikkimaku ja keskustelemme samanlaisista asioista, Boltze sanoo.<\/p>\n<p>De Jong on samaa mielt\u00e4.<\/p>\n<p>\u2013 Vaikka asuisikin kaukana toisistaan, aina l\u00f6ytyy jotakin yhteist\u00e4.<\/p>\n<p>____________________________________________________________________________________<\/p>\n<p>&nbsp;<\/p>\n<p><strong>SUMMER CAMP IN PIETARSAARI, FINLAND 2023\u00a0\u00a0\u00a0\u00a0\u00a0\u00a0\u00a0\u00a0\u00a0\u00a0\u00a0\u00a0\u00a0\u00a0\u00a0\u00a0\u00a0\u00a0\u00a0\u00a0\u00a0\u00a0\u00a0\u00a0\u00a0\u00a0\u00a0\u00a0\u00a0\u00a0\u00a0\u00a0\u00a0\u00a0\u00a0\u00a0\u00a0\u00a0\u00a0\u00a0\u00a0\u00a0\u00a0 District 1385<\/strong><\/p>\n<p><strong>\u00a0<\/strong><\/p>\n<p><strong>NAME:\u00a0\u00a0\u00a0\u00a0\u00a0\u00a0\u00a0\u00a0\u00a0\u00a0\u00a0\u00a0\u00a0\u00a0\u00a0\u00a0\u00a0\u00a0\u00a0\u00a0\u00a0\u00a0\u00a0\u00a0 Sea, Sail<\/strong> <strong>and Nature Summer Camp\u00a0 \u00a0 \u00a0 \u00a0 \u00a0 \u00a0 \u00a0 \u00a0 \u00a0 \u00a0 \u00a0 \u00a0 \u00a0 \u00a0 \u00a0<\/strong><\/p>\n<p><strong>\u00a0<\/strong><\/p>\n<p><strong>WHERE:\u00a0\u00a0\u00a0\u00a0\u00a0\u00a0\u00a0\u00a0\u00a0\u00a0\u00a0\u00a0\u00a0\u00a0\u00a0\u00a0\u00a0\u00a0\u00a0\u00a0\u00a0\u00a0 <\/strong>Pietarsaari area (500 km north from Helsinki, western coast of Finland)<\/p>\n<p><strong>\u00a0<\/strong><\/p>\n<p><strong>WHEN:\u00a0\u00a0\u00a0\u00a0\u00a0\u00a0\u00a0\u00a0\u00a0\u00a0\u00a0\u00a0\u00a0\u00a0\u00a0\u00a0\u00a0\u00a0\u00a0\u00a0\u00a0\u00a0\u00a0\u00a0 <\/strong>Jul 16<sup>th<\/sup> \u2013 Jul 29<sup>th<\/sup>, 2023.<\/p>\n<p>Family Period Jul 16<sup>th<\/sup> &#8211; Jul 21<sup>rd<\/sup><\/p>\n<p>Camp Period Jul 21<sup>rd<\/sup> &#8211; Jul 29<sup>th<\/sup><\/p>\n<p><strong>\u00a0<\/strong><\/p>\n<p><strong>ARRIVAL:\u00a0\u00a0\u00a0\u00a0\u00a0\u00a0\u00a0\u00a0\u00a0\u00a0\u00a0\u00a0\u00a0\u00a0\u00a0\u00a0\u00a0\u00a0\u00a0 <\/strong>Vaasa Airport, Jul 16<sup>th<\/sup> via Helsinki<\/p>\n<p><strong>DEPARTURE:\u00a0\u00a0\u00a0\u00a0\u00a0\u00a0\u00a0\u00a0\u00a0\u00a0\u00a0\u00a0 <\/strong>Vaasa Airport, Jul 29<sup>th<\/sup> via Helsinki.<\/p>\n<p>Finnair (<a href=\"http:\/\/www.finnair.fi\/\">http:\/\/www.finnair.fi<\/a>).<\/p>\n<p>&nbsp;<\/p>\n<p><strong>PARTICIPANTS:\u00a0\u00a0\u00a0\u00a0\u00a0\u00a0\u00a0\u00a0 <\/strong>20 participants, interested in nature and sea. Swimming skills required.<\/p>\n<p><strong>AGE:\u00a0\u00a0\u00a0\u00a0\u00a0\u00a0\u00a0\u00a0\u00a0\u00a0\u00a0\u00a0\u00a0\u00a0\u00a0\u00a0\u00a0\u00a0\u00a0\u00a0\u00a0\u00a0\u00a0\u00a0\u00a0\u00a0\u00a0 <\/strong>15 &#8211; 18 years<\/p>\n<p><strong>\u00a0<\/strong><\/p>\n<p><strong>PROGRAMME:\u00a0\u00a0\u00a0\u00a0\u00a0\u00a0\u00a0\u00a0\u00a0\u00a0 <\/strong>The participants will first spend one week together with the host families to get an idea of the Finnish way of life. After the Family Period, the participants spend their Camp Period in the camp site Meril\u00e4 in Pietarsaari.<\/p>\n<p>During the camp week we all stay together mostly in Pietarsaari area. The camp site Meril\u00e4 is located by the sea in P\u00f6rken\u00e4s, about 13 km from the centre of Pietarsaari. We will learn to know about the nature in the area, seaside, and other interesting specialties of the area. The camp period is supervised by local Rotarians.<\/p>\n<p><strong>\u00a0<\/strong><\/p>\n<p><strong>EQUIPMENT:\u00a0\u00a0\u00a0\u00a0\u00a0\u00a0\u00a0\u00a0\u00a0\u00a0\u00a0\u00a0\u00a0 <\/strong>Your personal medication and suitable clothing for outdoor activities and hiking. The daytime temperature is typically between 15 \u2013 25 \u00b0C. Water temperature is around 20 \u00b0C. Take your swimming suit and towel with you.<\/p>\n<p>&nbsp;<\/p>\n<p><strong>CAMP FEE:\u00a0\u00a0\u00a0\u00a0\u00a0\u00a0\u00a0\u00a0\u00a0\u00a0\u00a0\u00a0\u00a0\u00a0\u00a0\u00a0 <\/strong>250 euros<\/p>\n<p><strong>OTHER COSTS:\u00a0\u00a0\u00a0\u00a0\u00a0\u00a0\u00a0\u00a0 <\/strong>Participants pay their own costs to and from Vaasa Airport and shall have their own pocket money. Organizing Rotarians will meet the student in the arrival airport and will take care of all ground transportations in Finland.<\/p>\n<p><strong>\u00a0<\/strong><\/p>\n<p><strong>COVID:\u00a0\u00a0\u00a0\u00a0\u00a0\u00a0\u00a0\u00a0\u00a0\u00a0\u00a0\u00a0\u00a0\u00a0\u00a0\u00a0\u00a0\u00a0\u00a0\u00a0\u00a0\u00a0\u00a0\u00a0 All participants must have received at least two doses of COVID<\/strong><\/p>\n<p><strong>\u00a0\u00a0\u00a0\u00a0\u00a0\u00a0\u00a0\u00a0\u00a0\u00a0\u00a0\u00a0\u00a0\u00a0\u00a0\u00a0\u00a0\u00a0\u00a0\u00a0\u00a0\u00a0\u00a0\u00a0\u00a0\u00a0\u00a0\u00a0\u00a0\u00a0\u00a0\u00a0\u00a0\u00a0\u00a0\u00a0\u00a0 vaccination before arriving the camp<\/strong>. <strong>Student must include an official COVID Vaccination Certificate in her\/his Application Form.<\/strong><\/p>\n<p><strong>\u00a0<\/strong><\/p>\n<p><strong>INSURANCE:\u00a0\u00a0\u00a0\u00a0\u00a0\u00a0\u00a0\u00a0\u00a0\u00a0\u00a0\u00a0\u00a0 <\/strong>Participants must have a valid insurance policy in case of sickness and<\/p>\n<p>injury. We urge the student to purchase the insurance from <a href=\"http:\/\/www.culturalinsurance.com\/rotary\/rotary_plan_options.asp\">CISI Bolduc<\/a><\/p>\n<p>which is approved by Rotary. Select \u201cPlan B\u201d from the offered options.<\/p>\n<p><strong>\u00a0<\/strong><\/p>\n<p><strong>APPLICATIONS:<\/strong>\u00a0\u00a0\u00a0\u00a0\u00a0\u00a0\u00a0\u00a0 The applicant must use the official Rotary Youth Exchange \u2013 Short-Term Exchange Program (STEP) Application form when applying to the camp. The deadline for the applications is 15th April, 2023.<\/p>\n<p><strong>\u00a0<\/strong><\/p>\n<p><strong>MORE INFORMATION:\u00a0\u00a0 <\/strong><\/p>\n<p>Mohammad Emran \u00a0\u00a0\u00a0\u00a0\u00a0\u00a0\u00a0\u00a0\u00a0\u00a0\u00a0\u00a0\u00a0\u00a0\u00a0\u00a0 phone: +358\u00a045\u00a078\u00a0705 140<\/p>\n<p>email: <a href=\"mailto:babu.emran@gmail.com\">babu.emran@gmail.com<\/a><\/p>\n<p><strong>SEND ALL APPLICATIONS TO:<\/strong><\/p>\n<p>Torsti Poutanen \u00a0\u00a0\u00a0\u00a0\u00a0\u00a0\u00a0\u00a0\u00a0\u00a0\u00a0\u00a0\u00a0\u00a0\u00a0\u00a0\u00a0\u00a0\u00a0\u00a0\u00a0\u00a0 phone: +358 44 290 7489<\/p>\n<p>email: <a href=\"mailto:torsti.poutanen@kolumbus.fi\">torsti.poutanen@kolumbus.fi<\/a><\/p>\n<p>web: <a href=\"https:\/\/rye.fi\/en\/\">https:\/\/rye.fi\/en\/<\/a><\/p>\n","protected":false},"template":"","class_list":["post-2145","ajankohtaiset","type-ajankohtaiset","status-publish","hentry"],"acf":[],"yoast_head":"<!-- This site is optimized with the Yoast SEO plugin v27.4 - https:\/\/yoast.com\/product\/yoast-seo-wordpress\/ -->\n<title>Kes\u00e4leiri Sea, Sail and Nature pidettiin 16-29.7.2023 - Rotaryklubi Pietarsaari-M\u00e4ssk\u00e4r<\/title>\n<meta name=\"robots\" content=\"index, follow, max-snippet:-1, max-image-preview:large, max-video-preview:-1\" \/>\n<link rel=\"canonical\" href=\"https:\/\/rotary.fi\/pietarsaari\/ajankohtaiset\/sea-sail-and-nature-16-29-7-2023-summercamp-2023\/\" \/>\n<meta property=\"og:locale\" content=\"fi_FI\" \/>\n<meta property=\"og:type\" content=\"article\" \/>\n<meta property=\"og:title\" content=\"Kes\u00e4leiri Sea, Sail and Nature pidettiin 16-29.7.2023 - Rotaryklubi Pietarsaari-M\u00e4ssk\u00e4r\" \/>\n<meta property=\"og:description\" content=\"Eurooppalaiset nuoret tutustuivat Pietarsaareen Rotaryn kes\u00e4leirill\u00e4 Viivi Helin \/ Pietarsaaren Sanomat Ti 25.7.2023 Rotary Pietarsaari-M\u00e4ssk\u00e4rin kes\u00e4leirill\u00e4 oli kaksikymment\u00e4 nuorta yhdeks\u00e4st\u00e4 eri Euroopan maasta. Leiril\u00e4iset uskovat olevansa toisiinsa yhteydess\u00e4 viel\u00e4 matkan j\u00e4lkeenkin. Kuva: Viivi Helin Rotaryklubi Pietarsaari-M\u00e4ssk\u00e4rin kes\u00e4leiri eurooppalaisille nuorille pidettiin Pietarsaaressa. Leirill\u00e4 oli kaksikymment\u00e4 15\u201318-vuotiasta nuorta yhdeks\u00e4st\u00e4 eri maasta. Erkki Salmu Pietarsaari-M\u00e4ssk\u00e4rin rotaryklubista kertoi, ett\u00e4 [&hellip;]\" \/>\n<meta property=\"og:url\" content=\"https:\/\/rotary.fi\/pietarsaari\/ajankohtaiset\/sea-sail-and-nature-16-29-7-2023-summercamp-2023\/\" \/>\n<meta property=\"og:site_name\" content=\"Rotaryklubi Pietarsaari-M\u00e4ssk\u00e4r\" \/>\n<meta property=\"article:modified_time\" content=\"2023-12-19T18:58:50+00:00\" \/>\n<meta property=\"og:image\" content=\"https:\/\/rotary.fi\/pietarsaari\/wp-content\/uploads\/sites\/214\/2023\/02\/summercamp-2023-300x228.jpg\" \/>\n<meta name=\"twitter:card\" content=\"summary_large_image\" \/>\n<meta name=\"twitter:label1\" content=\"Arvioitu lukuaika\" \/>\n\t<meta name=\"twitter:data1\" content=\"5 minuuttia\" \/>\n<script type=\"application\/ld+json\" class=\"yoast-schema-graph\">{\"@context\":\"https:\\\/\\\/schema.org\",\"@graph\":[{\"@type\":\"WebPage\",\"@id\":\"https:\\\/\\\/rotary.fi\\\/pietarsaari\\\/ajankohtaiset\\\/sea-sail-and-nature-16-29-7-2023-summercamp-2023\\\/\",\"url\":\"https:\\\/\\\/rotary.fi\\\/pietarsaari\\\/ajankohtaiset\\\/sea-sail-and-nature-16-29-7-2023-summercamp-2023\\\/\",\"name\":\"Kes\u00e4leiri Sea, Sail and Nature pidettiin 16-29.7.2023 - Rotaryklubi Pietarsaari-M\u00e4ssk\u00e4r\",\"isPartOf\":{\"@id\":\"https:\\\/\\\/rotary.fi\\\/pietarsaari\\\/#website\"},\"primaryImageOfPage\":{\"@id\":\"https:\\\/\\\/rotary.fi\\\/pietarsaari\\\/ajankohtaiset\\\/sea-sail-and-nature-16-29-7-2023-summercamp-2023\\\/#primaryimage\"},\"image\":{\"@id\":\"https:\\\/\\\/rotary.fi\\\/pietarsaari\\\/ajankohtaiset\\\/sea-sail-and-nature-16-29-7-2023-summercamp-2023\\\/#primaryimage\"},\"thumbnailUrl\":\"https:\\\/\\\/rotary.fi\\\/pietarsaari\\\/wp-content\\\/uploads\\\/sites\\\/214\\\/2023\\\/02\\\/summercamp-2023-300x228.jpg\",\"datePublished\":\"2023-07-16T06:19:06+00:00\",\"dateModified\":\"2023-12-19T18:58:50+00:00\",\"breadcrumb\":{\"@id\":\"https:\\\/\\\/rotary.fi\\\/pietarsaari\\\/ajankohtaiset\\\/sea-sail-and-nature-16-29-7-2023-summercamp-2023\\\/#breadcrumb\"},\"inLanguage\":\"fi\",\"potentialAction\":[{\"@type\":\"ReadAction\",\"target\":[\"https:\\\/\\\/rotary.fi\\\/pietarsaari\\\/ajankohtaiset\\\/sea-sail-and-nature-16-29-7-2023-summercamp-2023\\\/\"]}]},{\"@type\":\"ImageObject\",\"inLanguage\":\"fi\",\"@id\":\"https:\\\/\\\/rotary.fi\\\/pietarsaari\\\/ajankohtaiset\\\/sea-sail-and-nature-16-29-7-2023-summercamp-2023\\\/#primaryimage\",\"url\":\"https:\\\/\\\/rotary.fi\\\/pietarsaari\\\/wp-content\\\/uploads\\\/sites\\\/214\\\/2023\\\/02\\\/summercamp-2023.jpg\",\"contentUrl\":\"https:\\\/\\\/rotary.fi\\\/pietarsaari\\\/wp-content\\\/uploads\\\/sites\\\/214\\\/2023\\\/02\\\/summercamp-2023.jpg\",\"width\":705,\"height\":536},{\"@type\":\"BreadcrumbList\",\"@id\":\"https:\\\/\\\/rotary.fi\\\/pietarsaari\\\/ajankohtaiset\\\/sea-sail-and-nature-16-29-7-2023-summercamp-2023\\\/#breadcrumb\",\"itemListElement\":[{\"@type\":\"ListItem\",\"position\":1,\"name\":\"Home\",\"item\":\"https:\\\/\\\/rotary.fi\\\/pietarsaari\\\/\"},{\"@type\":\"ListItem\",\"position\":2,\"name\":\"Kes\u00e4leiri Sea, Sail and Nature pidettiin 16-29.7.2023\"}]},{\"@type\":\"WebSite\",\"@id\":\"https:\\\/\\\/rotary.fi\\\/pietarsaari\\\/#website\",\"url\":\"https:\\\/\\\/rotary.fi\\\/pietarsaari\\\/\",\"name\":\"Rotaryklubi Pietarsaari-M\u00e4ssk\u00e4r\",\"description\":\"Uusi Rotary klubisivusto\",\"potentialAction\":[{\"@type\":\"SearchAction\",\"target\":{\"@type\":\"EntryPoint\",\"urlTemplate\":\"https:\\\/\\\/rotary.fi\\\/pietarsaari\\\/?s={search_term_string}\"},\"query-input\":{\"@type\":\"PropertyValueSpecification\",\"valueRequired\":true,\"valueName\":\"search_term_string\"}}],\"inLanguage\":\"fi\"}]}<\/script>\n<!-- \/ Yoast SEO plugin. -->","yoast_head_json":{"title":"Kes\u00e4leiri Sea, Sail and Nature pidettiin 16-29.7.2023 - Rotaryklubi Pietarsaari-M\u00e4ssk\u00e4r","robots":{"index":"index","follow":"follow","max-snippet":"max-snippet:-1","max-image-preview":"max-image-preview:large","max-video-preview":"max-video-preview:-1"},"canonical":"https:\/\/rotary.fi\/pietarsaari\/ajankohtaiset\/sea-sail-and-nature-16-29-7-2023-summercamp-2023\/","og_locale":"fi_FI","og_type":"article","og_title":"Kes\u00e4leiri Sea, Sail and Nature pidettiin 16-29.7.2023 - Rotaryklubi Pietarsaari-M\u00e4ssk\u00e4r","og_description":"Eurooppalaiset nuoret tutustuivat Pietarsaareen Rotaryn kes\u00e4leirill\u00e4 Viivi Helin \/ Pietarsaaren Sanomat Ti 25.7.2023 Rotary Pietarsaari-M\u00e4ssk\u00e4rin kes\u00e4leirill\u00e4 oli kaksikymment\u00e4 nuorta yhdeks\u00e4st\u00e4 eri Euroopan maasta. Leiril\u00e4iset uskovat olevansa toisiinsa yhteydess\u00e4 viel\u00e4 matkan j\u00e4lkeenkin. Kuva: Viivi Helin Rotaryklubi Pietarsaari-M\u00e4ssk\u00e4rin kes\u00e4leiri eurooppalaisille nuorille pidettiin Pietarsaaressa. Leirill\u00e4 oli kaksikymment\u00e4 15\u201318-vuotiasta nuorta yhdeks\u00e4st\u00e4 eri maasta. Erkki Salmu Pietarsaari-M\u00e4ssk\u00e4rin rotaryklubista kertoi, ett\u00e4 [&hellip;]","og_url":"https:\/\/rotary.fi\/pietarsaari\/ajankohtaiset\/sea-sail-and-nature-16-29-7-2023-summercamp-2023\/","og_site_name":"Rotaryklubi Pietarsaari-M\u00e4ssk\u00e4r","article_modified_time":"2023-12-19T18:58:50+00:00","og_image":[{"url":"https:\/\/rotary.fi\/pietarsaari\/wp-content\/uploads\/sites\/214\/2023\/02\/summercamp-2023-300x228.jpg","type":"","width":"","height":""}],"twitter_card":"summary_large_image","twitter_misc":{"Arvioitu lukuaika":"5 minuuttia"},"schema":{"@context":"https:\/\/schema.org","@graph":[{"@type":"WebPage","@id":"https:\/\/rotary.fi\/pietarsaari\/ajankohtaiset\/sea-sail-and-nature-16-29-7-2023-summercamp-2023\/","url":"https:\/\/rotary.fi\/pietarsaari\/ajankohtaiset\/sea-sail-and-nature-16-29-7-2023-summercamp-2023\/","name":"Kes\u00e4leiri Sea, Sail and Nature pidettiin 16-29.7.2023 - Rotaryklubi Pietarsaari-M\u00e4ssk\u00e4r","isPartOf":{"@id":"https:\/\/rotary.fi\/pietarsaari\/#website"},"primaryImageOfPage":{"@id":"https:\/\/rotary.fi\/pietarsaari\/ajankohtaiset\/sea-sail-and-nature-16-29-7-2023-summercamp-2023\/#primaryimage"},"image":{"@id":"https:\/\/rotary.fi\/pietarsaari\/ajankohtaiset\/sea-sail-and-nature-16-29-7-2023-summercamp-2023\/#primaryimage"},"thumbnailUrl":"https:\/\/rotary.fi\/pietarsaari\/wp-content\/uploads\/sites\/214\/2023\/02\/summercamp-2023-300x228.jpg","datePublished":"2023-07-16T06:19:06+00:00","dateModified":"2023-12-19T18:58:50+00:00","breadcrumb":{"@id":"https:\/\/rotary.fi\/pietarsaari\/ajankohtaiset\/sea-sail-and-nature-16-29-7-2023-summercamp-2023\/#breadcrumb"},"inLanguage":"fi","potentialAction":[{"@type":"ReadAction","target":["https:\/\/rotary.fi\/pietarsaari\/ajankohtaiset\/sea-sail-and-nature-16-29-7-2023-summercamp-2023\/"]}]},{"@type":"ImageObject","inLanguage":"fi","@id":"https:\/\/rotary.fi\/pietarsaari\/ajankohtaiset\/sea-sail-and-nature-16-29-7-2023-summercamp-2023\/#primaryimage","url":"https:\/\/rotary.fi\/pietarsaari\/wp-content\/uploads\/sites\/214\/2023\/02\/summercamp-2023.jpg","contentUrl":"https:\/\/rotary.fi\/pietarsaari\/wp-content\/uploads\/sites\/214\/2023\/02\/summercamp-2023.jpg","width":705,"height":536},{"@type":"BreadcrumbList","@id":"https:\/\/rotary.fi\/pietarsaari\/ajankohtaiset\/sea-sail-and-nature-16-29-7-2023-summercamp-2023\/#breadcrumb","itemListElement":[{"@type":"ListItem","position":1,"name":"Home","item":"https:\/\/rotary.fi\/pietarsaari\/"},{"@type":"ListItem","position":2,"name":"Kes\u00e4leiri Sea, Sail and Nature pidettiin 16-29.7.2023"}]},{"@type":"WebSite","@id":"https:\/\/rotary.fi\/pietarsaari\/#website","url":"https:\/\/rotary.fi\/pietarsaari\/","name":"Rotaryklubi Pietarsaari-M\u00e4ssk\u00e4r","description":"Uusi Rotary klubisivusto","potentialAction":[{"@type":"SearchAction","target":{"@type":"EntryPoint","urlTemplate":"https:\/\/rotary.fi\/pietarsaari\/?s={search_term_string}"},"query-input":{"@type":"PropertyValueSpecification","valueRequired":true,"valueName":"search_term_string"}}],"inLanguage":"fi"}]}},"lang":"fi","translations":{"fi":2145},"pll_sync_post":[],"_links":{"self":[{"href":"https:\/\/rotary.fi\/pietarsaari\/wp-json\/wp\/v2\/ajankohtaiset\/2145","targetHints":{"allow":["GET"]}}],"collection":[{"href":"https:\/\/rotary.fi\/pietarsaari\/wp-json\/wp\/v2\/ajankohtaiset"}],"about":[{"href":"https:\/\/rotary.fi\/pietarsaari\/wp-json\/wp\/v2\/types\/ajankohtaiset"}],"wp:attachment":[{"href":"https:\/\/rotary.fi\/pietarsaari\/wp-json\/wp\/v2\/media?parent=2145"}],"curies":[{"name":"wp","href":"https:\/\/api.w.org\/{rel}","templated":true}]}}