{"id":2135,"date":"2019-10-14T12:52:41","date_gmt":"2019-10-14T09:52:41","guid":{"rendered":"https:\/\/rotary.fi\/nurmijarviklaukkala\/?post_type=ajankohtaiset&#038;p=2135"},"modified":"2019-10-14T12:52:41","modified_gmt":"2019-10-14T09:52:41","slug":"klaukkalan-rotary-klubi-vietti-30v-juhlia","status":"publish","type":"ajankohtaiset","link":"https:\/\/rotary.fi\/nurmijarviklaukkala\/ajankohtaiset\/klaukkalan-rotary-klubi-vietti-30v-juhlia\/","title":{"rendered":"Klaukkalan rotary klubi vietti 30v juhlia"},"content":{"rendered":"<p>Klubi perustettiin Aleksis Kiven p\u00e4iv\u00e4n\u00e4 10.10.1989 ja t\u00e4n\u00e4 vuonna perustamisesta tuli kuluneeksi 30 vuotta.<\/p>\n<p>Juhlavuotta p\u00e4\u00e4tettiin juhlia 12.10.2019 Helsingiss\u00e4 ja juhlapaikaksi paikaksi valikoitui ravintola T\u00f6\u00f6l\u00f6nranta.<\/p>\n<p>Klaukkalasta osa l\u00e4hti juhlaan bussilla<\/p>\n<p><img loading=\"lazy\" decoding=\"async\" class=\"alignnone size-large wp-image-2137\" src=\"https:\/\/rotary.fi\/nurmijarviklaukkala\/wp-content\/uploads\/sites\/109\/2019\/10\/20191012-30v-juhla-011-1024x576.jpg\" alt=\"\" width=\"1024\" height=\"576\" srcset=\"https:\/\/rotary.fi\/nurmijarviklaukkala\/wp-content\/uploads\/sites\/109\/2019\/10\/20191012-30v-juhla-011-980x551.jpg 980w, https:\/\/rotary.fi\/nurmijarviklaukkala\/wp-content\/uploads\/sites\/109\/2019\/10\/20191012-30v-juhla-011-480x270.jpg 480w\" sizes=\"(min-width: 0px) and (max-width: 480px) 480px, (min-width: 481px) and (max-width: 980px) 980px, (min-width: 981px) 1024px, 100vw\" \/><\/p>\n<p>Ennen juhlan alkua oli hetki nauttia hyv\u00e4st\u00e4 seurasta<\/p>\n<p><img loading=\"lazy\" decoding=\"async\" class=\"alignnone size-large wp-image-2138\" src=\"https:\/\/rotary.fi\/nurmijarviklaukkala\/wp-content\/uploads\/sites\/109\/2019\/10\/20191012-30v-juhla-012-1024x570.jpg\" alt=\"\" width=\"1024\" height=\"570\" srcset=\"https:\/\/rotary.fi\/nurmijarviklaukkala\/wp-content\/uploads\/sites\/109\/2019\/10\/20191012-30v-juhla-012-980x546.jpg 980w, https:\/\/rotary.fi\/nurmijarviklaukkala\/wp-content\/uploads\/sites\/109\/2019\/10\/20191012-30v-juhla-012-480x267.jpg 480w\" sizes=\"(min-width: 0px) and (max-width: 480px) 480px, (min-width: 481px) and (max-width: 980px) 980px, (min-width: 981px) 1024px, 100vw\" \/><\/p>\n<p>Illan ohjelmassa oli puheita ja hyv\u00e4\u00e4 ruokaa<\/p>\n<p><img loading=\"lazy\" decoding=\"async\" class=\"alignnone size-large wp-image-2136\" src=\"https:\/\/rotary.fi\/nurmijarviklaukkala\/wp-content\/uploads\/sites\/109\/2019\/10\/20191012-30v-juhla-004-1024x1000.jpg\" alt=\"\" width=\"1024\" height=\"1000\" srcset=\"https:\/\/rotary.fi\/nurmijarviklaukkala\/wp-content\/uploads\/sites\/109\/2019\/10\/20191012-30v-juhla-004-980x957.jpg 980w, https:\/\/rotary.fi\/nurmijarviklaukkala\/wp-content\/uploads\/sites\/109\/2019\/10\/20191012-30v-juhla-004-480x469.jpg 480w\" sizes=\"(min-width: 0px) and (max-width: 480px) 480px, (min-width: 481px) and (max-width: 980px) 980px, (min-width: 981px) 1024px, 100vw\" \/><\/p>\n<p>Juhlan aloitti klubin presidentti Tom Lind toivottamalla vieraat tervetulleeksi ja k\u00e4ym\u00e4ll\u00e4 l\u00e4pi klubin historiaa, nykytilaa ja tulevaisuutta.<\/p>\n<p><img loading=\"lazy\" decoding=\"async\" class=\"alignnone size-large wp-image-2140\" src=\"https:\/\/rotary.fi\/nurmijarviklaukkala\/wp-content\/uploads\/sites\/109\/2019\/10\/20191012-30v-juhla-022-1024x576.jpg\" alt=\"\" width=\"1024\" height=\"576\" srcset=\"https:\/\/rotary.fi\/nurmijarviklaukkala\/wp-content\/uploads\/sites\/109\/2019\/10\/20191012-30v-juhla-022-980x551.jpg 980w, https:\/\/rotary.fi\/nurmijarviklaukkala\/wp-content\/uploads\/sites\/109\/2019\/10\/20191012-30v-juhla-022-480x270.jpg 480w\" sizes=\"(min-width: 0px) and (max-width: 480px) 480px, (min-width: 481px) and (max-width: 980px) 980px, (min-width: 981px) 1024px, 100vw\" \/><\/p>\n<p>Olimme saaneet mukaan juhlaan my\u00f6s piirin 1420 piirikuvern\u00f6\u00f6ri DG Tommy Weggen vaimonsa Hannelen kanssa<\/p>\n<p><img loading=\"lazy\" decoding=\"async\" class=\"alignnone size-medium wp-image-2139\" src=\"https:\/\/rotary.fi\/nurmijarviklaukkala\/wp-content\/uploads\/sites\/109\/2019\/10\/20191012-30v-juhla-020-300x223.jpg\" alt=\"\" width=\"300\" height=\"223\" \/><\/p>\n<p>DG Tommy Wegge jatkoi puheiden sarjaa ja k\u00e4vi l\u00e4pi rotaryn tilannetta sek\u00e4 Klaukkalan klubin menestystekij\u00f6it\u00e4.<\/p>\n<p><img loading=\"lazy\" decoding=\"async\" class=\"alignnone size-large wp-image-2142\" src=\"https:\/\/rotary.fi\/nurmijarviklaukkala\/wp-content\/uploads\/sites\/109\/2019\/10\/20191012-30v-juhla-038-1024x576.jpg\" alt=\"\" width=\"1024\" height=\"576\" srcset=\"https:\/\/rotary.fi\/nurmijarviklaukkala\/wp-content\/uploads\/sites\/109\/2019\/10\/20191012-30v-juhla-038-980x551.jpg 980w, https:\/\/rotary.fi\/nurmijarviklaukkala\/wp-content\/uploads\/sites\/109\/2019\/10\/20191012-30v-juhla-038-480x270.jpg 480w\" sizes=\"(min-width: 0px) and (max-width: 480px) 480px, (min-width: 481px) and (max-width: 980px) 980px, (min-width: 981px) 1024px, 100vw\" \/><\/p>\n<p>Puheensa lopussa DG Tommy kertoi, ett\u00e4 piiri haluaa muistaa klubia merkkip\u00e4iv\u00e4n\u00e4 ja luovutti klubille piirin viirin.<\/p>\n<p><img loading=\"lazy\" decoding=\"async\" class=\"alignnone size-large wp-image-2143\" src=\"https:\/\/rotary.fi\/nurmijarviklaukkala\/wp-content\/uploads\/sites\/109\/2019\/10\/20191012-30v-juhla-045-1024x644.jpg\" alt=\"\" width=\"1024\" height=\"644\" srcset=\"https:\/\/rotary.fi\/nurmijarviklaukkala\/wp-content\/uploads\/sites\/109\/2019\/10\/20191012-30v-juhla-045-980x616.jpg 980w, https:\/\/rotary.fi\/nurmijarviklaukkala\/wp-content\/uploads\/sites\/109\/2019\/10\/20191012-30v-juhla-045-480x302.jpg 480w\" sizes=\"(min-width: 0px) and (max-width: 480px) 480px, (min-width: 481px) and (max-width: 980px) 980px, (min-width: 981px) 1024px, 100vw\" \/><\/p>\n<p>Seuraavaksi vuorossa olivat huomionosoitukset ja ensimm\u00e4isen\u00e4 DG Tommy ja presidentti Tom luovuttivat ansioituneelle klubin j\u00e4senelle Sirkka Hiltuselle Paul Harris Fellow -ansiomerkin.<\/p>\n<p><img loading=\"lazy\" decoding=\"async\" class=\"alignnone size-large wp-image-2144\" src=\"https:\/\/rotary.fi\/nurmijarviklaukkala\/wp-content\/uploads\/sites\/109\/2019\/10\/20191012-30v-juhla-052-1024x576.jpg\" alt=\"\" width=\"1024\" height=\"576\" srcset=\"https:\/\/rotary.fi\/nurmijarviklaukkala\/wp-content\/uploads\/sites\/109\/2019\/10\/20191012-30v-juhla-052-980x551.jpg 980w, https:\/\/rotary.fi\/nurmijarviklaukkala\/wp-content\/uploads\/sites\/109\/2019\/10\/20191012-30v-juhla-052-480x270.jpg 480w\" sizes=\"(min-width: 0px) and (max-width: 480px) 480px, (min-width: 481px) and (max-width: 980px) 980px, (min-width: 981px) 1024px, 100vw\" \/><\/p>\n<p>Sitten oli vuorossa sisar Riitta Vaasjoen merkkip\u00e4iv\u00e4n muistaminen ja klubin perinteiden mukaisesti presidentti Tom luovutti h\u00e4nelle Aleksis Kiven taulun<\/p>\n<p><img loading=\"lazy\" decoding=\"async\" class=\"alignnone size-large wp-image-2145\" src=\"https:\/\/rotary.fi\/nurmijarviklaukkala\/wp-content\/uploads\/sites\/109\/2019\/10\/20191012-30v-juhla-065-1024x620.jpg\" alt=\"\" width=\"1024\" height=\"620\" srcset=\"https:\/\/rotary.fi\/nurmijarviklaukkala\/wp-content\/uploads\/sites\/109\/2019\/10\/20191012-30v-juhla-065-980x593.jpg 980w, https:\/\/rotary.fi\/nurmijarviklaukkala\/wp-content\/uploads\/sites\/109\/2019\/10\/20191012-30v-juhla-065-480x290.jpg 480w\" sizes=\"(min-width: 0px) and (max-width: 480px) 480px, (min-width: 481px) and (max-width: 980px) 980px, (min-width: 981px) 1024px, 100vw\" \/><\/p>\n<p>Huomionosoitusten j\u00e4lkeen veli Ari kertoi klubin 30 vuotisen historian varrelta faktoja ja tarinoita<\/p>\n<p><img loading=\"lazy\" decoding=\"async\" class=\"alignnone size-large wp-image-2146\" src=\"https:\/\/rotary.fi\/nurmijarviklaukkala\/wp-content\/uploads\/sites\/109\/2019\/10\/20191012-30v-juhla-070-763x1024.jpg\" alt=\"\" width=\"763\" height=\"1024\" \/><\/p>\n<p>Puheiden j\u00e4lkeen oli vuorossa maittava p\u00e4iv\u00e4llinen ja hyv\u00e4 j\u00e4lkiruoka sek\u00e4 muutaman veljen kertoma tarina menneilt\u00e4 vuosilta ja lopuksi presidentti Tom lausui tilaisuuden p\u00e4\u00e4t\u00f6ssanat ja kiitti osallistujia.<\/p>\n<p><img loading=\"lazy\" decoding=\"async\" class=\"alignnone size-large wp-image-2147\" src=\"https:\/\/rotary.fi\/nurmijarviklaukkala\/wp-content\/uploads\/sites\/109\/2019\/10\/20191012-30v-juhla-087-1024x576.jpg\" alt=\"\" width=\"1024\" height=\"576\" srcset=\"https:\/\/rotary.fi\/nurmijarviklaukkala\/wp-content\/uploads\/sites\/109\/2019\/10\/20191012-30v-juhla-087-980x551.jpg 980w, https:\/\/rotary.fi\/nurmijarviklaukkala\/wp-content\/uploads\/sites\/109\/2019\/10\/20191012-30v-juhla-087-480x270.jpg 480w\" sizes=\"(min-width: 0px) and (max-width: 480px) 480px, (min-width: 481px) and (max-width: 980px) 980px, (min-width: 981px) 1024px, 100vw\" \/><\/p>\n<p>Loppuilta vier\u00e4hti sitten Kansallisteatterissa<\/p>\n<p><img loading=\"lazy\" decoding=\"async\" class=\"alignnone size-medium wp-image-2148\" src=\"https:\/\/rotary.fi\/nurmijarviklaukkala\/wp-content\/uploads\/sites\/109\/2019\/10\/20191012-30v-juhla-090-300x131.jpg\" alt=\"\" width=\"300\" height=\"131\" \/><\/p>\n","protected":false},"template":"","class_list":["post-2135","ajankohtaiset","type-ajankohtaiset","status-publish","hentry"],"acf":[],"yoast_head":"<!-- This site is optimized with the Yoast SEO plugin v27.4 - https:\/\/yoast.com\/product\/yoast-seo-wordpress\/ -->\n<title>Klaukkalan rotary klubi vietti 30v juhlia - Nurmij\u00e4rvi-Klaukkalan Rotaryklubi ry<\/title>\n<meta name=\"robots\" content=\"index, follow, max-snippet:-1, max-image-preview:large, max-video-preview:-1\" \/>\n<link rel=\"canonical\" href=\"https:\/\/rotary.fi\/nurmijarviklaukkala\/ajankohtaiset\/klaukkalan-rotary-klubi-vietti-30v-juhlia\/\" \/>\n<meta property=\"og:locale\" content=\"fi_FI\" \/>\n<meta property=\"og:type\" content=\"article\" \/>\n<meta property=\"og:title\" content=\"Klaukkalan rotary klubi vietti 30v juhlia - Nurmij\u00e4rvi-Klaukkalan Rotaryklubi ry\" \/>\n<meta property=\"og:description\" content=\"Klubi perustettiin Aleksis Kiven p\u00e4iv\u00e4n\u00e4 10.10.1989 ja t\u00e4n\u00e4 vuonna perustamisesta tuli kuluneeksi 30 vuotta. Juhlavuotta p\u00e4\u00e4tettiin juhlia 12.10.2019 Helsingiss\u00e4 ja juhlapaikaksi paikaksi valikoitui ravintola T\u00f6\u00f6l\u00f6nranta. Klaukkalasta osa l\u00e4hti juhlaan bussilla Ennen juhlan alkua oli hetki nauttia hyv\u00e4st\u00e4 seurasta Illan ohjelmassa oli puheita ja hyv\u00e4\u00e4 ruokaa Juhlan aloitti klubin presidentti Tom Lind toivottamalla vieraat tervetulleeksi ja [&hellip;]\" \/>\n<meta property=\"og:url\" content=\"https:\/\/rotary.fi\/nurmijarviklaukkala\/ajankohtaiset\/klaukkalan-rotary-klubi-vietti-30v-juhlia\/\" \/>\n<meta property=\"og:site_name\" content=\"Nurmij\u00e4rvi-Klaukkalan Rotaryklubi ry\" \/>\n<meta property=\"og:image\" content=\"https:\/\/rotary.fi\/nurmijarviklaukkala\/wp-content\/uploads\/sites\/109\/2019\/10\/20191012-30v-juhla-011-1024x576.jpg\" \/>\n<meta name=\"twitter:card\" content=\"summary_large_image\" \/>\n<meta name=\"twitter:label1\" content=\"Arvioitu lukuaika\" \/>\n\t<meta name=\"twitter:data1\" content=\"1 minuutti\" \/>\n<script type=\"application\/ld+json\" class=\"yoast-schema-graph\">{\"@context\":\"https:\\\/\\\/schema.org\",\"@graph\":[{\"@type\":\"WebPage\",\"@id\":\"https:\\\/\\\/rotary.fi\\\/nurmijarviklaukkala\\\/ajankohtaiset\\\/klaukkalan-rotary-klubi-vietti-30v-juhlia\\\/\",\"url\":\"https:\\\/\\\/rotary.fi\\\/nurmijarviklaukkala\\\/ajankohtaiset\\\/klaukkalan-rotary-klubi-vietti-30v-juhlia\\\/\",\"name\":\"Klaukkalan rotary klubi vietti 30v juhlia - Nurmij\u00e4rvi-Klaukkalan Rotaryklubi ry\",\"isPartOf\":{\"@id\":\"https:\\\/\\\/rotary.fi\\\/nurmijarviklaukkala\\\/#website\"},\"primaryImageOfPage\":{\"@id\":\"https:\\\/\\\/rotary.fi\\\/nurmijarviklaukkala\\\/ajankohtaiset\\\/klaukkalan-rotary-klubi-vietti-30v-juhlia\\\/#primaryimage\"},\"image\":{\"@id\":\"https:\\\/\\\/rotary.fi\\\/nurmijarviklaukkala\\\/ajankohtaiset\\\/klaukkalan-rotary-klubi-vietti-30v-juhlia\\\/#primaryimage\"},\"thumbnailUrl\":\"https:\\\/\\\/rotary.fi\\\/nurmijarviklaukkala\\\/wp-content\\\/uploads\\\/sites\\\/109\\\/2019\\\/10\\\/20191012-30v-juhla-011-1024x576.jpg\",\"datePublished\":\"2019-10-14T09:52:41+00:00\",\"breadcrumb\":{\"@id\":\"https:\\\/\\\/rotary.fi\\\/nurmijarviklaukkala\\\/ajankohtaiset\\\/klaukkalan-rotary-klubi-vietti-30v-juhlia\\\/#breadcrumb\"},\"inLanguage\":\"fi\",\"potentialAction\":[{\"@type\":\"ReadAction\",\"target\":[\"https:\\\/\\\/rotary.fi\\\/nurmijarviklaukkala\\\/ajankohtaiset\\\/klaukkalan-rotary-klubi-vietti-30v-juhlia\\\/\"]}]},{\"@type\":\"ImageObject\",\"inLanguage\":\"fi\",\"@id\":\"https:\\\/\\\/rotary.fi\\\/nurmijarviklaukkala\\\/ajankohtaiset\\\/klaukkalan-rotary-klubi-vietti-30v-juhlia\\\/#primaryimage\",\"url\":\"https:\\\/\\\/rotary.fi\\\/nurmijarviklaukkala\\\/wp-content\\\/uploads\\\/sites\\\/109\\\/2019\\\/10\\\/20191012-30v-juhla-011.jpg\",\"contentUrl\":\"https:\\\/\\\/rotary.fi\\\/nurmijarviklaukkala\\\/wp-content\\\/uploads\\\/sites\\\/109\\\/2019\\\/10\\\/20191012-30v-juhla-011.jpg\",\"width\":2048,\"height\":1152},{\"@type\":\"BreadcrumbList\",\"@id\":\"https:\\\/\\\/rotary.fi\\\/nurmijarviklaukkala\\\/ajankohtaiset\\\/klaukkalan-rotary-klubi-vietti-30v-juhlia\\\/#breadcrumb\",\"itemListElement\":[{\"@type\":\"ListItem\",\"position\":1,\"name\":\"Home\",\"item\":\"https:\\\/\\\/rotary.fi\\\/nurmijarviklaukkala\\\/\"},{\"@type\":\"ListItem\",\"position\":2,\"name\":\"Klaukkalan rotary klubi vietti 30v juhlia\"}]},{\"@type\":\"WebSite\",\"@id\":\"https:\\\/\\\/rotary.fi\\\/nurmijarviklaukkala\\\/#website\",\"url\":\"https:\\\/\\\/rotary.fi\\\/nurmijarviklaukkala\\\/\",\"name\":\"Nurmij\u00e4rvi-Klaukkalan Rotaryklubi ry\",\"description\":\"Uusi Rotary klubisivusto\",\"potentialAction\":[{\"@type\":\"SearchAction\",\"target\":{\"@type\":\"EntryPoint\",\"urlTemplate\":\"https:\\\/\\\/rotary.fi\\\/nurmijarviklaukkala\\\/?s={search_term_string}\"},\"query-input\":{\"@type\":\"PropertyValueSpecification\",\"valueRequired\":true,\"valueName\":\"search_term_string\"}}],\"inLanguage\":\"fi\"}]}<\/script>\n<!-- \/ Yoast SEO plugin. -->","yoast_head_json":{"title":"Klaukkalan rotary klubi vietti 30v juhlia - Nurmij\u00e4rvi-Klaukkalan Rotaryklubi ry","robots":{"index":"index","follow":"follow","max-snippet":"max-snippet:-1","max-image-preview":"max-image-preview:large","max-video-preview":"max-video-preview:-1"},"canonical":"https:\/\/rotary.fi\/nurmijarviklaukkala\/ajankohtaiset\/klaukkalan-rotary-klubi-vietti-30v-juhlia\/","og_locale":"fi_FI","og_type":"article","og_title":"Klaukkalan rotary klubi vietti 30v juhlia - Nurmij\u00e4rvi-Klaukkalan Rotaryklubi ry","og_description":"Klubi perustettiin Aleksis Kiven p\u00e4iv\u00e4n\u00e4 10.10.1989 ja t\u00e4n\u00e4 vuonna perustamisesta tuli kuluneeksi 30 vuotta. Juhlavuotta p\u00e4\u00e4tettiin juhlia 12.10.2019 Helsingiss\u00e4 ja juhlapaikaksi paikaksi valikoitui ravintola T\u00f6\u00f6l\u00f6nranta. Klaukkalasta osa l\u00e4hti juhlaan bussilla Ennen juhlan alkua oli hetki nauttia hyv\u00e4st\u00e4 seurasta Illan ohjelmassa oli puheita ja hyv\u00e4\u00e4 ruokaa Juhlan aloitti klubin presidentti Tom Lind toivottamalla vieraat tervetulleeksi ja [&hellip;]","og_url":"https:\/\/rotary.fi\/nurmijarviklaukkala\/ajankohtaiset\/klaukkalan-rotary-klubi-vietti-30v-juhlia\/","og_site_name":"Nurmij\u00e4rvi-Klaukkalan Rotaryklubi ry","og_image":[{"url":"https:\/\/rotary.fi\/nurmijarviklaukkala\/wp-content\/uploads\/sites\/109\/2019\/10\/20191012-30v-juhla-011-1024x576.jpg","type":"","width":"","height":""}],"twitter_card":"summary_large_image","twitter_misc":{"Arvioitu lukuaika":"1 minuutti"},"schema":{"@context":"https:\/\/schema.org","@graph":[{"@type":"WebPage","@id":"https:\/\/rotary.fi\/nurmijarviklaukkala\/ajankohtaiset\/klaukkalan-rotary-klubi-vietti-30v-juhlia\/","url":"https:\/\/rotary.fi\/nurmijarviklaukkala\/ajankohtaiset\/klaukkalan-rotary-klubi-vietti-30v-juhlia\/","name":"Klaukkalan rotary klubi vietti 30v juhlia - Nurmij\u00e4rvi-Klaukkalan Rotaryklubi ry","isPartOf":{"@id":"https:\/\/rotary.fi\/nurmijarviklaukkala\/#website"},"primaryImageOfPage":{"@id":"https:\/\/rotary.fi\/nurmijarviklaukkala\/ajankohtaiset\/klaukkalan-rotary-klubi-vietti-30v-juhlia\/#primaryimage"},"image":{"@id":"https:\/\/rotary.fi\/nurmijarviklaukkala\/ajankohtaiset\/klaukkalan-rotary-klubi-vietti-30v-juhlia\/#primaryimage"},"thumbnailUrl":"https:\/\/rotary.fi\/nurmijarviklaukkala\/wp-content\/uploads\/sites\/109\/2019\/10\/20191012-30v-juhla-011-1024x576.jpg","datePublished":"2019-10-14T09:52:41+00:00","breadcrumb":{"@id":"https:\/\/rotary.fi\/nurmijarviklaukkala\/ajankohtaiset\/klaukkalan-rotary-klubi-vietti-30v-juhlia\/#breadcrumb"},"inLanguage":"fi","potentialAction":[{"@type":"ReadAction","target":["https:\/\/rotary.fi\/nurmijarviklaukkala\/ajankohtaiset\/klaukkalan-rotary-klubi-vietti-30v-juhlia\/"]}]},{"@type":"ImageObject","inLanguage":"fi","@id":"https:\/\/rotary.fi\/nurmijarviklaukkala\/ajankohtaiset\/klaukkalan-rotary-klubi-vietti-30v-juhlia\/#primaryimage","url":"https:\/\/rotary.fi\/nurmijarviklaukkala\/wp-content\/uploads\/sites\/109\/2019\/10\/20191012-30v-juhla-011.jpg","contentUrl":"https:\/\/rotary.fi\/nurmijarviklaukkala\/wp-content\/uploads\/sites\/109\/2019\/10\/20191012-30v-juhla-011.jpg","width":2048,"height":1152},{"@type":"BreadcrumbList","@id":"https:\/\/rotary.fi\/nurmijarviklaukkala\/ajankohtaiset\/klaukkalan-rotary-klubi-vietti-30v-juhlia\/#breadcrumb","itemListElement":[{"@type":"ListItem","position":1,"name":"Home","item":"https:\/\/rotary.fi\/nurmijarviklaukkala\/"},{"@type":"ListItem","position":2,"name":"Klaukkalan rotary klubi vietti 30v juhlia"}]},{"@type":"WebSite","@id":"https:\/\/rotary.fi\/nurmijarviklaukkala\/#website","url":"https:\/\/rotary.fi\/nurmijarviklaukkala\/","name":"Nurmij\u00e4rvi-Klaukkalan Rotaryklubi ry","description":"Uusi Rotary klubisivusto","potentialAction":[{"@type":"SearchAction","target":{"@type":"EntryPoint","urlTemplate":"https:\/\/rotary.fi\/nurmijarviklaukkala\/?s={search_term_string}"},"query-input":{"@type":"PropertyValueSpecification","valueRequired":true,"valueName":"search_term_string"}}],"inLanguage":"fi"}]}},"lang":"fi","translations":{"fi":2135},"pll_sync_post":[],"_links":{"self":[{"href":"https:\/\/rotary.fi\/nurmijarviklaukkala\/wp-json\/wp\/v2\/ajankohtaiset\/2135","targetHints":{"allow":["GET"]}}],"collection":[{"href":"https:\/\/rotary.fi\/nurmijarviklaukkala\/wp-json\/wp\/v2\/ajankohtaiset"}],"about":[{"href":"https:\/\/rotary.fi\/nurmijarviklaukkala\/wp-json\/wp\/v2\/types\/ajankohtaiset"}],"wp:attachment":[{"href":"https:\/\/rotary.fi\/nurmijarviklaukkala\/wp-json\/wp\/v2\/media?parent=2135"}],"curies":[{"name":"wp","href":"https:\/\/api.w.org\/{rel}","templated":true}]}}