{"id":2082,"date":"2019-09-07T17:03:27","date_gmt":"2019-09-07T14:03:27","guid":{"rendered":"https:\/\/rotary.fi\/nurmijarviklaukkala\/?post_type=ajankohtaiset&#038;p=2082"},"modified":"2019-09-07T17:03:27","modified_gmt":"2019-09-07T14:03:27","slug":"hallitus-tapasi-4-9-dg-tommy-weggen","status":"publish","type":"ajankohtaiset","link":"https:\/\/rotary.fi\/nurmijarviklaukkala\/ajankohtaiset\/hallitus-tapasi-4-9-dg-tommy-weggen\/","title":{"rendered":"Hallitus tapasi 4.9. DG Tommy Weggen"},"content":{"rendered":"<p>Nurmij\u00e4rven ja Nurmij\u00e4rvi-Klaukkalan klubien hallitukset tapasivat 4.9.2019 DG Tommy Weggen Ketolan Strutsitilalla.<\/p>\n<p>Tapaamisen aluksi Nurmij\u00e4rven klubin vaihto-oppilas Bruna Matas-Bracko, Rotary District 1913 &#8211; Croatia &#8211; Zagreb luovutti Zagrebin klubin viirin piirin 1420 DG Tommy Weggelle.<b><\/b><\/p>\n<p><img loading=\"lazy\" decoding=\"async\" class=\"alignnone size-large wp-image-2083\" src=\"https:\/\/rotary.fi\/nurmijarviklaukkala\/wp-content\/uploads\/sites\/109\/2019\/09\/20190904-bruna-matas-bracko-ja-dg-tommy-wegge-2-1024x576.jpg\" alt=\"\" width=\"1024\" height=\"576\" srcset=\"https:\/\/rotary.fi\/nurmijarviklaukkala\/wp-content\/uploads\/sites\/109\/2019\/09\/20190904-bruna-matas-bracko-ja-dg-tommy-wegge-2-980x551.jpg 980w, https:\/\/rotary.fi\/nurmijarviklaukkala\/wp-content\/uploads\/sites\/109\/2019\/09\/20190904-bruna-matas-bracko-ja-dg-tommy-wegge-2-480x270.jpg 480w\" sizes=\"(min-width: 0px) and (max-width: 480px) 480px, (min-width: 481px) and (max-width: 980px) 980px, (min-width: 981px) 1024px, 100vw\" \/><\/p>\n<p><img loading=\"lazy\" decoding=\"async\" class=\"alignnone size-full wp-image-2084\" src=\"https:\/\/rotary.fi\/nurmijarviklaukkala\/wp-content\/uploads\/sites\/109\/2019\/09\/kroatia_zagreb-viiri.jpg\" alt=\"\" width=\"236\" height=\"187\" \/><\/p>\n<div id=\"attachment_2085\" style=\"width: 1034px\" class=\"wp-caption alignnone\"><img loading=\"lazy\" decoding=\"async\" aria-describedby=\"caption-attachment-2085\" class=\"size-large wp-image-2085\" src=\"https:\/\/rotary.fi\/nurmijarviklaukkala\/wp-content\/uploads\/sites\/109\/2019\/09\/20190904-vas-risto-kontturi-bruna-matas-bracko-ja-dg-tommy-wegge-1024x648.jpg\" alt=\"\" width=\"1024\" height=\"648\" srcset=\"https:\/\/rotary.fi\/nurmijarviklaukkala\/wp-content\/uploads\/sites\/109\/2019\/09\/20190904-vas-risto-kontturi-bruna-matas-bracko-ja-dg-tommy-wegge-980x620.jpg 980w, https:\/\/rotary.fi\/nurmijarviklaukkala\/wp-content\/uploads\/sites\/109\/2019\/09\/20190904-vas-risto-kontturi-bruna-matas-bracko-ja-dg-tommy-wegge-480x304.jpg 480w\" sizes=\"(min-width: 0px) and (max-width: 480px) 480px, (min-width: 481px) and (max-width: 980px) 980px, (min-width: 981px) 1024px, 100vw\" \/><p id=\"caption-attachment-2085\" class=\"wp-caption-text\">Kuvassa Nurmij\u00e4rven klubin presidentti Risto Kontturi, Bruna Matas-Bracko sek\u00e4 Tommy Wegge.<\/p><\/div>\n<p>Tilaisuudessa esitt\u00e4ytyi my\u00f6s Pohjoisen alueen klubien uusi AG Ahti Kara.<\/p>\n<p>Alkusanoissaan Tommy esitteli kuluvan vuoden teemaa: <strong>Rotary yhdist\u00e4\u00e4 maailman<\/strong><\/p>\n<p>Teema voidaan jakaa nelj\u00e4\u00e4n osaan:<\/p>\n<ul style=\"margin-left: .75in;direction: ltr;margin-top: 0in;margin-bottom: 0in\" type=\"circle\">\n<li style=\"margin-top: 0;margin-bottom: 0;vertical-align: middle\"><span style=\"font-family: Calibri;font-size: 11.0pt\">Rotarius kasvuun<\/span><\/li>\n<li style=\"margin-top: 0;margin-bottom: 0;vertical-align: middle\"><span style=\"font-family: Calibri;font-size: 11.0pt\">Perheet mukaan toimintaan<\/span><\/li>\n<li style=\"margin-top: 0;margin-bottom: 0;vertical-align: middle\"><span style=\"font-family: Calibri;font-size: 11.0pt\">Kehity rotary johtajaksi<\/span><\/li>\n<li style=\"margin-top: 0;margin-bottom: 0;vertical-align: middle\"><span style=\"font-family: Calibri;font-size: 11.0pt\">Yhteisty\u00f6 YK:n kanssa<\/span><\/li>\n<\/ul>\n<p>T\u00e4rkeit\u00e4 tapahtumia ja p\u00e4iv\u00e4m\u00e4\u00e4ri\u00e4 rotaryvuonna<\/p>\n<ul style=\"margin-left: .375in;direction: ltr;margin-top: 0in;margin-bottom: 0in\" type=\"disc\">\n<li style=\"margin-top: 0;margin-bottom: 0;vertical-align: middle\"><span style=\"font-family: Calibri;font-size: 11.0pt\">6.10.2019 Silakkasoutu Finlandia talo<\/span><\/li>\n<li style=\"margin-top: 0;margin-bottom: 0;vertical-align: middle\"><span style=\"font-family: Calibri;font-size: 11.0pt\">26.10.2019 EndPolioNow galadinner P\u00f6rssitalo<\/span><\/li>\n<li style=\"margin-top: 0;margin-bottom: 0;vertical-align: middle\"><span style=\"font-family: Calibri;font-size: 11.0pt\">31.1.2020 Rotary Forum<\/span><\/li>\n<li style=\"margin-top: 0;margin-bottom: 0;vertical-align: middle\"><span style=\"font-family: Calibri;font-size: 11.0pt\">25.4.2020 piirikonferenssi, Ritarihuone<\/span><\/li>\n<\/ul>\n<p><img loading=\"lazy\" decoding=\"async\" class=\"alignnone size-large wp-image-2086\" src=\"https:\/\/rotary.fi\/nurmijarviklaukkala\/wp-content\/uploads\/sites\/109\/2019\/09\/20190904-dg-tapaaminen-1024x576.jpg\" alt=\"\" width=\"1024\" height=\"576\" srcset=\"https:\/\/rotary.fi\/nurmijarviklaukkala\/wp-content\/uploads\/sites\/109\/2019\/09\/20190904-dg-tapaaminen-980x551.jpg 980w, https:\/\/rotary.fi\/nurmijarviklaukkala\/wp-content\/uploads\/sites\/109\/2019\/09\/20190904-dg-tapaaminen-480x270.jpg 480w\" sizes=\"(min-width: 0px) and (max-width: 480px) 480px, (min-width: 481px) and (max-width: 980px) 980px, (min-width: 981px) 1024px, 100vw\" \/><\/p>\n<p>Tapaamisessa k\u00e4siteltiin my\u00f6s molempien klubien vahvuuksia ja kehitt\u00e4misen kohteita sek\u00e4 saatiin Tommylt\u00e4 vinkkej\u00e4 kehitt\u00e4miseen.<\/p>\n","protected":false},"template":"","class_list":["post-2082","ajankohtaiset","type-ajankohtaiset","status-publish","hentry"],"acf":[],"yoast_head":"<!-- This site is optimized with the Yoast SEO plugin v27.4 - https:\/\/yoast.com\/product\/yoast-seo-wordpress\/ -->\n<title>Hallitus tapasi 4.9. DG Tommy Weggen - Nurmij\u00e4rvi-Klaukkalan Rotaryklubi ry<\/title>\n<meta name=\"robots\" content=\"index, follow, max-snippet:-1, max-image-preview:large, max-video-preview:-1\" \/>\n<link rel=\"canonical\" href=\"https:\/\/rotary.fi\/nurmijarviklaukkala\/ajankohtaiset\/hallitus-tapasi-4-9-dg-tommy-weggen\/\" \/>\n<meta property=\"og:locale\" content=\"fi_FI\" \/>\n<meta property=\"og:type\" content=\"article\" \/>\n<meta property=\"og:title\" content=\"Hallitus tapasi 4.9. DG Tommy Weggen - Nurmij\u00e4rvi-Klaukkalan Rotaryklubi ry\" \/>\n<meta property=\"og:description\" content=\"Nurmij\u00e4rven ja Nurmij\u00e4rvi-Klaukkalan klubien hallitukset tapasivat 4.9.2019 DG Tommy Weggen Ketolan Strutsitilalla. Tapaamisen aluksi Nurmij\u00e4rven klubin vaihto-oppilas Bruna Matas-Bracko, Rotary District 1913 &#8211; Croatia &#8211; Zagreb luovutti Zagrebin klubin viirin piirin 1420 DG Tommy Weggelle. Tilaisuudessa esitt\u00e4ytyi my\u00f6s Pohjoisen alueen klubien uusi AG Ahti Kara. Alkusanoissaan Tommy esitteli kuluvan vuoden teemaa: Rotary yhdist\u00e4\u00e4 maailman Teema [&hellip;]\" \/>\n<meta property=\"og:url\" content=\"https:\/\/rotary.fi\/nurmijarviklaukkala\/ajankohtaiset\/hallitus-tapasi-4-9-dg-tommy-weggen\/\" \/>\n<meta property=\"og:site_name\" content=\"Nurmij\u00e4rvi-Klaukkalan Rotaryklubi ry\" \/>\n<meta property=\"og:image\" content=\"https:\/\/rotary.fi\/nurmijarviklaukkala\/wp-content\/uploads\/sites\/109\/2019\/09\/20190904-bruna-matas-bracko-ja-dg-tommy-wegge-2-1024x576.jpg\" \/>\n<meta name=\"twitter:card\" content=\"summary_large_image\" \/>\n<meta name=\"twitter:label1\" content=\"Arvioitu lukuaika\" \/>\n\t<meta name=\"twitter:data1\" content=\"1 minuutti\" \/>\n<script type=\"application\/ld+json\" class=\"yoast-schema-graph\">{\"@context\":\"https:\\\/\\\/schema.org\",\"@graph\":[{\"@type\":\"WebPage\",\"@id\":\"https:\\\/\\\/rotary.fi\\\/nurmijarviklaukkala\\\/ajankohtaiset\\\/hallitus-tapasi-4-9-dg-tommy-weggen\\\/\",\"url\":\"https:\\\/\\\/rotary.fi\\\/nurmijarviklaukkala\\\/ajankohtaiset\\\/hallitus-tapasi-4-9-dg-tommy-weggen\\\/\",\"name\":\"Hallitus tapasi 4.9. DG Tommy Weggen - Nurmij\u00e4rvi-Klaukkalan Rotaryklubi ry\",\"isPartOf\":{\"@id\":\"https:\\\/\\\/rotary.fi\\\/nurmijarviklaukkala\\\/#website\"},\"primaryImageOfPage\":{\"@id\":\"https:\\\/\\\/rotary.fi\\\/nurmijarviklaukkala\\\/ajankohtaiset\\\/hallitus-tapasi-4-9-dg-tommy-weggen\\\/#primaryimage\"},\"image\":{\"@id\":\"https:\\\/\\\/rotary.fi\\\/nurmijarviklaukkala\\\/ajankohtaiset\\\/hallitus-tapasi-4-9-dg-tommy-weggen\\\/#primaryimage\"},\"thumbnailUrl\":\"https:\\\/\\\/rotary.fi\\\/nurmijarviklaukkala\\\/wp-content\\\/uploads\\\/sites\\\/109\\\/2019\\\/09\\\/20190904-bruna-matas-bracko-ja-dg-tommy-wegge-2-1024x576.jpg\",\"datePublished\":\"2019-09-07T14:03:27+00:00\",\"breadcrumb\":{\"@id\":\"https:\\\/\\\/rotary.fi\\\/nurmijarviklaukkala\\\/ajankohtaiset\\\/hallitus-tapasi-4-9-dg-tommy-weggen\\\/#breadcrumb\"},\"inLanguage\":\"fi\",\"potentialAction\":[{\"@type\":\"ReadAction\",\"target\":[\"https:\\\/\\\/rotary.fi\\\/nurmijarviklaukkala\\\/ajankohtaiset\\\/hallitus-tapasi-4-9-dg-tommy-weggen\\\/\"]}]},{\"@type\":\"ImageObject\",\"inLanguage\":\"fi\",\"@id\":\"https:\\\/\\\/rotary.fi\\\/nurmijarviklaukkala\\\/ajankohtaiset\\\/hallitus-tapasi-4-9-dg-tommy-weggen\\\/#primaryimage\",\"url\":\"https:\\\/\\\/rotary.fi\\\/nurmijarviklaukkala\\\/wp-content\\\/uploads\\\/sites\\\/109\\\/2019\\\/09\\\/20190904-bruna-matas-bracko-ja-dg-tommy-wegge-2.jpg\",\"contentUrl\":\"https:\\\/\\\/rotary.fi\\\/nurmijarviklaukkala\\\/wp-content\\\/uploads\\\/sites\\\/109\\\/2019\\\/09\\\/20190904-bruna-matas-bracko-ja-dg-tommy-wegge-2.jpg\",\"width\":2048,\"height\":1152},{\"@type\":\"BreadcrumbList\",\"@id\":\"https:\\\/\\\/rotary.fi\\\/nurmijarviklaukkala\\\/ajankohtaiset\\\/hallitus-tapasi-4-9-dg-tommy-weggen\\\/#breadcrumb\",\"itemListElement\":[{\"@type\":\"ListItem\",\"position\":1,\"name\":\"Home\",\"item\":\"https:\\\/\\\/rotary.fi\\\/nurmijarviklaukkala\\\/\"},{\"@type\":\"ListItem\",\"position\":2,\"name\":\"Hallitus tapasi 4.9. DG Tommy Weggen\"}]},{\"@type\":\"WebSite\",\"@id\":\"https:\\\/\\\/rotary.fi\\\/nurmijarviklaukkala\\\/#website\",\"url\":\"https:\\\/\\\/rotary.fi\\\/nurmijarviklaukkala\\\/\",\"name\":\"Nurmij\u00e4rvi-Klaukkalan Rotaryklubi ry\",\"description\":\"Uusi Rotary klubisivusto\",\"potentialAction\":[{\"@type\":\"SearchAction\",\"target\":{\"@type\":\"EntryPoint\",\"urlTemplate\":\"https:\\\/\\\/rotary.fi\\\/nurmijarviklaukkala\\\/?s={search_term_string}\"},\"query-input\":{\"@type\":\"PropertyValueSpecification\",\"valueRequired\":true,\"valueName\":\"search_term_string\"}}],\"inLanguage\":\"fi\"}]}<\/script>\n<!-- \/ Yoast SEO plugin. -->","yoast_head_json":{"title":"Hallitus tapasi 4.9. DG Tommy Weggen - Nurmij\u00e4rvi-Klaukkalan Rotaryklubi ry","robots":{"index":"index","follow":"follow","max-snippet":"max-snippet:-1","max-image-preview":"max-image-preview:large","max-video-preview":"max-video-preview:-1"},"canonical":"https:\/\/rotary.fi\/nurmijarviklaukkala\/ajankohtaiset\/hallitus-tapasi-4-9-dg-tommy-weggen\/","og_locale":"fi_FI","og_type":"article","og_title":"Hallitus tapasi 4.9. DG Tommy Weggen - Nurmij\u00e4rvi-Klaukkalan Rotaryklubi ry","og_description":"Nurmij\u00e4rven ja Nurmij\u00e4rvi-Klaukkalan klubien hallitukset tapasivat 4.9.2019 DG Tommy Weggen Ketolan Strutsitilalla. Tapaamisen aluksi Nurmij\u00e4rven klubin vaihto-oppilas Bruna Matas-Bracko, Rotary District 1913 &#8211; Croatia &#8211; Zagreb luovutti Zagrebin klubin viirin piirin 1420 DG Tommy Weggelle. Tilaisuudessa esitt\u00e4ytyi my\u00f6s Pohjoisen alueen klubien uusi AG Ahti Kara. Alkusanoissaan Tommy esitteli kuluvan vuoden teemaa: Rotary yhdist\u00e4\u00e4 maailman Teema [&hellip;]","og_url":"https:\/\/rotary.fi\/nurmijarviklaukkala\/ajankohtaiset\/hallitus-tapasi-4-9-dg-tommy-weggen\/","og_site_name":"Nurmij\u00e4rvi-Klaukkalan Rotaryklubi ry","og_image":[{"url":"https:\/\/rotary.fi\/nurmijarviklaukkala\/wp-content\/uploads\/sites\/109\/2019\/09\/20190904-bruna-matas-bracko-ja-dg-tommy-wegge-2-1024x576.jpg","type":"","width":"","height":""}],"twitter_card":"summary_large_image","twitter_misc":{"Arvioitu lukuaika":"1 minuutti"},"schema":{"@context":"https:\/\/schema.org","@graph":[{"@type":"WebPage","@id":"https:\/\/rotary.fi\/nurmijarviklaukkala\/ajankohtaiset\/hallitus-tapasi-4-9-dg-tommy-weggen\/","url":"https:\/\/rotary.fi\/nurmijarviklaukkala\/ajankohtaiset\/hallitus-tapasi-4-9-dg-tommy-weggen\/","name":"Hallitus tapasi 4.9. DG Tommy Weggen - Nurmij\u00e4rvi-Klaukkalan Rotaryklubi ry","isPartOf":{"@id":"https:\/\/rotary.fi\/nurmijarviklaukkala\/#website"},"primaryImageOfPage":{"@id":"https:\/\/rotary.fi\/nurmijarviklaukkala\/ajankohtaiset\/hallitus-tapasi-4-9-dg-tommy-weggen\/#primaryimage"},"image":{"@id":"https:\/\/rotary.fi\/nurmijarviklaukkala\/ajankohtaiset\/hallitus-tapasi-4-9-dg-tommy-weggen\/#primaryimage"},"thumbnailUrl":"https:\/\/rotary.fi\/nurmijarviklaukkala\/wp-content\/uploads\/sites\/109\/2019\/09\/20190904-bruna-matas-bracko-ja-dg-tommy-wegge-2-1024x576.jpg","datePublished":"2019-09-07T14:03:27+00:00","breadcrumb":{"@id":"https:\/\/rotary.fi\/nurmijarviklaukkala\/ajankohtaiset\/hallitus-tapasi-4-9-dg-tommy-weggen\/#breadcrumb"},"inLanguage":"fi","potentialAction":[{"@type":"ReadAction","target":["https:\/\/rotary.fi\/nurmijarviklaukkala\/ajankohtaiset\/hallitus-tapasi-4-9-dg-tommy-weggen\/"]}]},{"@type":"ImageObject","inLanguage":"fi","@id":"https:\/\/rotary.fi\/nurmijarviklaukkala\/ajankohtaiset\/hallitus-tapasi-4-9-dg-tommy-weggen\/#primaryimage","url":"https:\/\/rotary.fi\/nurmijarviklaukkala\/wp-content\/uploads\/sites\/109\/2019\/09\/20190904-bruna-matas-bracko-ja-dg-tommy-wegge-2.jpg","contentUrl":"https:\/\/rotary.fi\/nurmijarviklaukkala\/wp-content\/uploads\/sites\/109\/2019\/09\/20190904-bruna-matas-bracko-ja-dg-tommy-wegge-2.jpg","width":2048,"height":1152},{"@type":"BreadcrumbList","@id":"https:\/\/rotary.fi\/nurmijarviklaukkala\/ajankohtaiset\/hallitus-tapasi-4-9-dg-tommy-weggen\/#breadcrumb","itemListElement":[{"@type":"ListItem","position":1,"name":"Home","item":"https:\/\/rotary.fi\/nurmijarviklaukkala\/"},{"@type":"ListItem","position":2,"name":"Hallitus tapasi 4.9. DG Tommy Weggen"}]},{"@type":"WebSite","@id":"https:\/\/rotary.fi\/nurmijarviklaukkala\/#website","url":"https:\/\/rotary.fi\/nurmijarviklaukkala\/","name":"Nurmij\u00e4rvi-Klaukkalan Rotaryklubi ry","description":"Uusi Rotary klubisivusto","potentialAction":[{"@type":"SearchAction","target":{"@type":"EntryPoint","urlTemplate":"https:\/\/rotary.fi\/nurmijarviklaukkala\/?s={search_term_string}"},"query-input":{"@type":"PropertyValueSpecification","valueRequired":true,"valueName":"search_term_string"}}],"inLanguage":"fi"}]}},"lang":"fi","translations":{"fi":2082},"pll_sync_post":[],"_links":{"self":[{"href":"https:\/\/rotary.fi\/nurmijarviklaukkala\/wp-json\/wp\/v2\/ajankohtaiset\/2082","targetHints":{"allow":["GET"]}}],"collection":[{"href":"https:\/\/rotary.fi\/nurmijarviklaukkala\/wp-json\/wp\/v2\/ajankohtaiset"}],"about":[{"href":"https:\/\/rotary.fi\/nurmijarviklaukkala\/wp-json\/wp\/v2\/types\/ajankohtaiset"}],"wp:attachment":[{"href":"https:\/\/rotary.fi\/nurmijarviklaukkala\/wp-json\/wp\/v2\/media?parent=2082"}],"curies":[{"name":"wp","href":"https:\/\/api.w.org\/{rel}","templated":true}]}}