{"id":2408,"date":"2024-05-15T19:36:58","date_gmt":"2024-05-15T16:36:58","guid":{"rendered":"https:\/\/rotary.fi\/nousiaistenrotaryklubi\/?page_id=2408"},"modified":"2024-05-15T19:36:04","modified_gmt":"2024-05-15T16:36:04","slug":"viikko-ohjelma-kevat-2024","status":"publish","type":"page","link":"https:\/\/rotary.fi\/nousiaistenrotaryklubi\/viikko-ohjelma-kevat-2024\/","title":{"rendered":"Viikko-ohjelma, kev\u00e4t 2024"},"content":{"rendered":"<p>[et_pb_section fb_built=&#8221;1&#8243; _builder_version=&#8221;4.16&#8243; global_colors_info=&#8221;{}&#8221;][et_pb_row _builder_version=&#8221;4.16&#8243; background_size=&#8221;initial&#8221; background_position=&#8221;top_left&#8221; background_repeat=&#8221;repeat&#8221; global_colors_info=&#8221;{}&#8221;][et_pb_column type=&#8221;4_4&#8243; _builder_version=&#8221;4.16&#8243; custom_padding=&#8221;|||&#8221; global_colors_info=&#8221;{}&#8221; custom_padding__hover=&#8221;|||&#8221;][et_pb_text _builder_version=&#8221;4.25.1&#8243; background_size=&#8221;initial&#8221; background_position=&#8221;top_left&#8221; background_repeat=&#8221;repeat&#8221; hover_enabled=&#8221;0&#8243; global_colors_info=&#8221;{}&#8221; sticky_enabled=&#8221;0&#8243;]<\/p>\n<h1><span style=\"font-size: xx-large\">Viikko-ohjelma, kev\u00e4t 2024<\/span><\/h1>\n<p>&nbsp;<\/p>\n<table class=\"MsoNormalTable\" style=\"width: 742px;border-collapse: collapse;height: 30px\" border=\"0\" cellspacing=\"0\" cellpadding=\"0\">\n<tbody>\n<tr style=\"height: 28px\">\n<td style=\"width: 137px;padding: 0cm 3.5pt;height: 28px;vertical-align: top\" nowrap=\"nowrap\">\n<span style=\"color: #000000\"><b><span style=\"font-size: 16pt\">Pvm<\/span><\/b><\/span><\/p>\n<\/td>\n<td style=\"width: 381px;padding: 0cm 3.5pt;height: 28px;vertical-align: top\" nowrap=\"nowrap\">\n<span style=\"color: #000000\"><b><span style=\"font-size: 16pt\">Aihe<\/span><\/b><\/span><\/p>\n<\/td>\n<td style=\"width: 224px;padding: 0cm 3.5pt;height: 28px;vertical-align: top\" nowrap=\"nowrap\">\n<span style=\"color: #000000\"><b><span style=\"font-size: 16pt\">Paikka<\/span><\/b><\/span><\/p>\n<\/tr>\n<tr style=\"height: 28px\">\n<td style=\"width: 137px;padding: 0cm 3.5pt;height: 28px;text-align: center;vertical-align: top\" nowrap=\"nowrap\"><span style=\"font-size: 16pt;color: #000000\">10.1.<\/span><\/td>\n<td style=\"width: 381px;padding: 0cm 3.5pt;height: 28px;vertical-align: top\" nowrap=\"nowrap\"><span style=\"font-size: 16pt;color: #000000\">Vierailuesitelm\u00e4, Asianajaja, varatuomari,<br \/>\nKTM Harri Lukander: Testamentti. Avec-tilaisuus<\/span><\/td>\n<td style=\"width: 224px;padding: 0cm 3.5pt;height: 28px;vertical-align: top\" nowrap=\"nowrap\"><span style=\"font-size: 16pt;color: #000000\">asema<\/span><\/td>\n<\/tr>\n<tr style=\"height: 28px\">\n<td style=\"width: 137px;padding: 0cm 3.5pt;height: 28px;text-align: center;vertical-align: top\" nowrap=\"nowrap\"><span style=\"font-size: 16pt;color: #000000\">17.1. klo 17.00<\/span><\/td>\n<td style=\"width: 381px;padding: 0cm 3.5pt;height: 28px;vertical-align: top\" nowrap=\"nowrap\"><span style=\"font-size: 16pt;color: #000000\">Vierailu, Turun Vapaavarasto, toimitusjohtaja Stefan Lindstr\u00f6m<\/span><\/td>\n<td style=\"width: 224px;padding: 0cm 3.5pt;height: 28px;vertical-align: top\" nowrap=\"nowrap\"><span style=\"font-size: 16pt;color: #000000\">Tuontikatu 7, Turku<\/span><\/td>\n<\/tr>\n<tr style=\"height: 28px\">\n<td style=\"width: 137px;padding: 0cm 3.5pt;height: 28px;text-align: center;vertical-align: top\" nowrap=\"nowrap\"><span style=\"font-size: 16pt;color: #000000\">24.1.<\/span><\/td>\n<td style=\"width: 381px;padding: 0cm 3.5pt;height: 28px;vertical-align: top\" nowrap=\"nowrap\"><span style=\"font-size: 16pt;color: #000000\">Vuoroesitelm\u00e4, Ari Suominen<\/span><\/td>\n<td style=\"width: 224px;padding: 0cm 3.5pt;height: 28px;vertical-align: top\" nowrap=\"nowrap\"><span style=\"font-size: 16pt;color: #000000\">asema<\/span><\/td>\n<\/tr>\n<tr style=\"height: 28px\">\n<td style=\"width: 137px;padding: 0cm 3.5pt;height: 28px;text-align: center;vertical-align: top\" nowrap=\"nowrap\"><span style=\"font-size: 16pt;color: #000000\">31.1.<\/span><\/td>\n<td style=\"width: 381px;padding: 0cm 3.5pt;height: 28px;vertical-align: top\" nowrap=\"nowrap\"><span style=\"font-size: 16pt;color: #000000\">Vierailuesitelm\u00e4,Sijoitusjohtaja, KTM Antti Kanervisto:<br \/>\nAjankohtaista sijoittamisesta<\/span><\/td>\n<td style=\"width: 224px;padding: 0cm 3.5pt;height: 28px;vertical-align: top\" nowrap=\"nowrap\"><span style=\"font-size: 16pt;color: #000000\">asema<\/span><\/td>\n<\/tr>\n<tr style=\"height: 28px\">\n<td style=\"width: 137px;padding: 0cm 3.5pt;height: 28px;text-align: center;vertical-align: top\" nowrap=\"nowrap\"><span style=\"font-size: 16pt;color: #000000\">7.2.<\/span><\/td>\n<td style=\"width: 381px;padding: 0cm 3.5pt;height: 28px;vertical-align: top\" nowrap=\"nowrap\"><span style=\"font-size: 16pt;color: #000000\">Vuoroesitelm\u00e4, Risto Tapani<\/span><\/td>\n<td style=\"width: 224px;padding: 0cm 3.5pt;height: 28px;vertical-align: top\" nowrap=\"nowrap\"><span style=\"font-size: 16pt;color: #000000\">asema<\/span><\/td>\n<\/tr>\n<tr style=\"height: 28px\">\n<td style=\"width: 137px;padding: 0cm 3.5pt;height: 28px;text-align: center;vertical-align: top\" nowrap=\"nowrap\"><span style=\"font-size: 16pt;color: #000000\">14.2.<\/span><\/td>\n<td style=\"width: 381px;padding: 0cm 3.5pt;height: 28px;vertical-align: top\" nowrap=\"nowrap\"><span style=\"font-size: 16pt;color: #000000\">Juhlalehden toimittamisen tilanne ja 65-vuotisjuhlan ohjelman esittely<\/span><\/td>\n<td style=\"width: 224px;padding: 0cm 3.5pt;height: 28px;vertical-align: top\" nowrap=\"nowrap\"><span style=\"font-size: 16pt;color: #000000\">asema<\/span><\/td>\n<\/tr>\n<tr style=\"height: 28px\">\n<td style=\"width: 137px;padding: 0cm 3.5pt;height: 28px;text-align: center;vertical-align: top\" nowrap=\"nowrap\"><span style=\"font-size: 16pt;color: #000000\">21.2.<\/span><\/td>\n<td style=\"width: 381px;padding: 0cm 3.5pt;height: 28px;vertical-align: top\" nowrap=\"nowrap\"><span style=\"font-size: 16pt;color: #000000\">Hiihtoloma<\/span><\/td>\n<td style=\"width: 224px;padding: 0cm 3.5pt;height: 28px;vertical-align: top\" nowrap=\"nowrap\"><\/td>\n<\/tr>\n<tr style=\"height: 28px\">\n<td style=\"width: 137px;padding: 0cm 3.5pt;height: 28px;text-align: center;vertical-align: top\" nowrap=\"nowrap\"><span style=\"font-size: 16pt;color: #000000\">28.2.<\/span><\/td>\n<td style=\"width: 381px;padding: 0cm 3.5pt;height: 28px;vertical-align: top\" nowrap=\"nowrap\"><span style=\"font-size: 16pt;color: #000000\">Vierailuesitelm\u00e4, Nousiaisten lukion rehtori Anett Blom <br \/>avec-tilaisuus (j\u00e4rj. Lasse Tapani)<\/span><\/td>\n<td style=\"width: 224px;padding: 0cm 3.5pt;height: 28px;vertical-align: top\" nowrap=\"nowrap\"><span style=\"font-size: 16pt;color: #000000\">asema<\/span><\/td>\n<\/tr>\n<tr style=\"height: 28px\">\n<td style=\"width: 137px;padding: 0cm 3.5pt;height: 28px;text-align: center;vertical-align: top\" nowrap=\"nowrap\"><span style=\"font-size: 16pt;color: #000000\">6.3. klo 17.00<\/span><\/td>\n<td style=\"width: 381px;padding: 0cm 3.5pt;height: 28px;vertical-align: top\" nowrap=\"nowrap\"><span style=\"font-size: 16pt;color: #000000\">Vierailu, Autokiila Oy, toimitusjohtaja Topias Terinkoski <\/span><\/td>\n<td style=\"width: 224px;padding: 0cm 3.5pt;height: 28px;vertical-align: top\" nowrap=\"nowrap\"><span style=\"font-size: 16pt;color: #000000\">Asentajankatu 6, Turku<\/span><\/td>\n<\/tr>\n<tr style=\"height: 28px\">\n<td style=\"width: 137px;padding: 0cm 3.5pt;height: 28px;text-align: center;vertical-align: top\" nowrap=\"nowrap\"><span style=\"font-size: 16pt;color: #000000\">13.3.<\/span><\/td>\n<td style=\"width: 381px;padding: 0cm 3.5pt;height: 28px;vertical-align: top\" nowrap=\"nowrap\"><span style=\"font-size: 16pt;color: #000000\">Retki Uudenkaupungin automuseoon<br \/>\nVeli Kari Virtanen matkanjohtajana<\/span><\/td>\n<td style=\"width: 224px;padding: 0cm 3.5pt;height: 28px;vertical-align: top\" nowrap=\"nowrap\"><span style=\"font-size: 16pt;color: #000000\">Uusikaupunki<\/span><\/td>\n<\/tr>\n<tr style=\"height: 28px\">\n<td style=\"width: 137px;padding: 0cm 3.5pt;height: 28px;text-align: center;vertical-align: top\" nowrap=\"nowrap\"><span style=\"font-size: 16pt;color: #000000\">20.3.<\/span><\/td>\n<td style=\"width: 381px;padding: 0cm 3.5pt;height: 28px;vertical-align: top\" nowrap=\"nowrap\"><span style=\"font-size: 16pt;color: #000000\">65-vuotisjuhla, avec-tilaisuus<\/span><\/td>\n<td style=\"width: 224px;padding: 0cm 3.5pt;height: 28px;vertical-align: top\" nowrap=\"nowrap\"><span style=\"font-size: 16pt;color: #000000\">asema<\/span><\/td>\n<\/tr>\n<tr style=\"height: 28px\">\n<td style=\"width: 137px;padding: 0cm 3.5pt;height: 28px;text-align: center;vertical-align: top\" nowrap=\"nowrap\"><span style=\"font-size: 16pt;color: #000000\">27.3.<\/span><\/td>\n<td style=\"width: 381px;padding: 0cm 3.5pt;height: 28px;vertical-align: top\" nowrap=\"nowrap\"><span style=\"font-size: 16pt;color: #000000\">Vuoroesitelm\u00e4, Juha Kiviranta<\/span><\/td>\n<td style=\"width: 224px;padding: 0cm 3.5pt;height: 28px;vertical-align: top\" nowrap=\"nowrap\"><span style=\"font-size: 16pt;color: #000000\">asema<\/span><\/td>\n<\/tr>\n<tr style=\"height: 28px\">\n<td style=\"width: 137px;padding: 0cm 3.5pt;height: 28px;text-align: center;vertical-align: top\" nowrap=\"nowrap\"><span style=\"font-size: 16pt;color: #000000\">3.4.<\/span><\/td>\n<td style=\"width: 381px;padding: 0cm 3.5pt;height: 28px;vertical-align: top\" nowrap=\"nowrap\"><span style=\"font-size: 16pt;color: #000000\">Vierailuesitelm\u00e4, Tekniikan tohtori Pia Sj\u00f6berg Valmet Automotive Oyj:<br \/>\nS\u00e4hk\u00f6autojen akut<\/span><\/td>\n<td style=\"width: 224px;padding: 0cm 3.5pt;height: 28px;vertical-align: top\" nowrap=\"nowrap\"><span style=\"font-size: 16pt;color: #000000\">asema<\/span><\/td>\n<\/tr>\n<tr style=\"height: 28px\">\n<td style=\"width: 137px;padding: 0cm 3.5pt;height: 28px;text-align: center;vertical-align: top\" nowrap=\"nowrap\"><span style=\"font-size: 16pt;color: #000000\">10.4.<\/span><\/td>\n<td style=\"width: 381px;padding: 0cm 3.5pt;height: 28px;vertical-align: top\" nowrap=\"nowrap\"><span style=\"font-size: 16pt;color: #000000\">Kev\u00e4tkokous<\/span><\/td>\n<td style=\"width: 224px;padding: 0cm 3.5pt;height: 28px;vertical-align: top\" nowrap=\"nowrap\"><span style=\"font-size: 16pt;color: #000000\">asema<\/span><\/td>\n<\/tr>\n<tr style=\"height: 28px\">\n<td style=\"width: 137px;padding: 0cm 3.5pt;height: 28px;text-align: center;vertical-align: top\" nowrap=\"nowrap\"><span style=\"font-size: 16pt;color: #000000\">17.4.<\/span><\/td>\n<td style=\"width: 381px;padding: 0cm 3.5pt;height: 28px;vertical-align: top\" nowrap=\"nowrap\"><span style=\"font-size: 16pt;color: #000000\">Vuoroesitelm\u00e4, Tatu Kulmala<\/span><\/td>\n<td style=\"width: 224px;padding: 0cm 3.5pt;height: 28px;vertical-align: top\" nowrap=\"nowrap\"><span style=\"font-size: 16pt;color: #000000\">asema<\/span><\/td>\n<\/tr>\n<tr style=\"height: 28px\">\n<td style=\"width: 137px;padding: 0cm 3.5pt;height: 28px;text-align: center;vertical-align: top\" nowrap=\"nowrap\"><span style=\"font-size: 16pt;color: #000000\">24.4.<\/span><\/td>\n<td style=\"width: 381px;padding: 0cm 3.5pt;height: 28px;vertical-align: top\" nowrap=\"nowrap\"><span style=\"font-size: 16pt;color: #000000\">Vuoroesitelm\u00e4, Keijo Kuusisto<\/span><\/td>\n<td style=\"width: 224px;padding: 0cm 3.5pt;height: 28px;vertical-align: top\" nowrap=\"nowrap\"><span style=\"font-size: 16pt;color: #000000\">asema<\/span><\/td>\n<\/tr>\n<tr style=\"height: 28px\">\n<td style=\"width: 137px;padding: 0cm 3.5pt;height: 28px;text-align: center;vertical-align: top\" nowrap=\"nowrap\"><span style=\"font-size: 16pt;color: #000000\">1.5.<\/span><\/td>\n<td style=\"width: 381px;padding: 0cm 3.5pt;height: 28px;vertical-align: top\" nowrap=\"nowrap\"><span style=\"font-size: 16pt;color: #000000\">Ei kokousta<\/span><\/td>\n<td style=\"width: 224px;padding: 0cm 3.5pt;height: 28px;vertical-align: top\" nowrap=\"nowrap\"><\/td>\n<\/tr>\n<tr style=\"height: 28px\">\n<td style=\"width: 137px;padding: 0cm 3.5pt;height: 28px;text-align: center;vertical-align: top\" nowrap=\"nowrap\"><span style=\"font-size: 16pt;color: #000000\">8.5.<\/span><\/td>\n<td style=\"width: 381px;padding: 0cm 3.5pt;height: 28px;vertical-align: top\" nowrap=\"nowrap\"><span style=\"font-size: 16pt;color: #000000\">Linturetki, Rauno Lumio, avec<\/span><\/td>\n<td style=\"width: 224px;padding: 0cm 3.5pt;height: 28px;vertical-align: top\" nowrap=\"nowrap\"><span style=\"font-size: 16pt;color: #000000\">Lemu, Oukkulanlahti<\/span><\/td>\n<\/tr>\n<tr style=\"height: 28px\">\n<td style=\"width: 137px;padding: 0cm 3.5pt;height: 28px;text-align: center;vertical-align: top\" nowrap=\"nowrap\"><span style=\"font-size: 16pt;color: #000000\">15.5.<\/span><\/td>\n<td style=\"width: 381px;padding: 0cm 3.5pt;height: 28px;vertical-align: top\" nowrap=\"nowrap\"><span style=\"font-size: 16pt;color: #000000\">Nousiaisten kunnanjohtaja Teemu Heinonen<\/span><\/td>\n<td style=\"width: 224px;padding: 0cm 3.5pt;height: 28px;vertical-align: top\" nowrap=\"nowrap\"><span style=\"font-size: 16pt;color: #000000\">asema<\/span><\/td>\n<\/tr>\n<tr style=\"height: 28px\">\n<td style=\"width: 137px;padding: 0cm 3.5pt;height: 28px;text-align: center;vertical-align: top\" nowrap=\"nowrap\"><span style=\"font-size: 16pt;color: #000000\">22.5<\/span><\/td>\n<td style=\"width: 381px;padding: 0cm 3.5pt;height: 28px;vertical-align: top\" nowrap=\"nowrap\"><span style=\"font-size: 16pt;color: #000000\">Vuoroesitelm\u00e4, Hannu Larkela<\/span><\/td>\n<td style=\"width: 224px;padding: 0cm 3.5pt;height: 28px;vertical-align: top\" nowrap=\"nowrap\"><span style=\"font-size: 16pt;color: #000000\">asema<\/span><\/td>\n<\/tr>\n<tr style=\"height: 28px\">\n<td style=\"width: 137px;padding: 0cm 3.5pt;height: 28px;text-align: center;vertical-align: top\" nowrap=\"nowrap\"><span style=\"font-size: 16pt;color: #000000\">29.5. <\/span><\/td>\n<td style=\"width: 381px;padding: 0cm 3.5pt;height: 28px;vertical-align: top\" nowrap=\"nowrap\"><span style=\"font-size: 16pt;color: #000000\">Vuoroesitelm\u00e4, Seppo Lundgren<\/span><\/td>\n<td style=\"width: 224px;padding: 0cm 3.5pt;height: 28px;vertical-align: top\" nowrap=\"nowrap\"><span style=\"font-size: 16pt;color: #000000\">asema<\/span><\/td>\n<\/tr>\n<tr style=\"height: 28px\">\n<td style=\"width: 137px;padding: 0cm 3.5pt;height: 28px;text-align: center;vertical-align: top\" nowrap=\"nowrap\"><span style=\"font-size: 16pt;color: #000000\">5.6.<\/span><\/td>\n<td style=\"width: 381px;padding: 0cm 3.5pt;height: 28px;vertical-align: top\" nowrap=\"nowrap\"><span style=\"font-size: 16pt;color: #000000\">Rotary-puisto ja laavu (kotiseutumuseo), avec<\/span><\/td>\n<td style=\"width: 224px;padding: 0cm 3.5pt;height: 28px;vertical-align: top\" nowrap=\"nowrap\"><\/td>\n<\/tr>\n<tr style=\"height: 28px\">\n<td style=\"width: 137px;padding: 0cm 3.5pt;height: 28px;text-align: center;vertical-align: top\" nowrap=\"nowrap\"><span style=\"font-size: 16pt;color: #000000\">12.6.<\/span><\/td>\n<td style=\"width: 381px;padding: 0cm 3.5pt;height: 28px;vertical-align: top\" nowrap=\"nowrap\"><span style=\"font-size: 16pt;color: #000000\">Vuoroesitelm\u00e4, Petri Merisaari<\/span><\/td>\n<td style=\"width: 224px;padding: 0cm 3.5pt;height: 28px;vertical-align: top\" nowrap=\"nowrap\"><span style=\"font-size: 16pt;color: #000000\">asema<\/span><\/td>\n<\/tr>\n<tr style=\"height: 28px\">\n<td style=\"width: 137px;padding: 0cm 3.5pt;height: 28px;text-align: center;vertical-align: top\" nowrap=\"nowrap\"><span style=\"font-size: 16pt;color: #000000\">19.6.<\/span><\/td>\n<td style=\"width: 381px;padding: 0cm 3.5pt;height: 28px;vertical-align: top\" nowrap=\"nowrap\"><span style=\"font-size: 16pt;color: #000000\">K\u00e4\u00e4tyjenvaihtotilaisuus<\/span><\/td>\n<td style=\"width: 224px;padding: 0cm 3.5pt;height: 28px;vertical-align: top\" nowrap=\"nowrap\"><span style=\"font-size: 16pt;color: #000000\">asema<\/span><\/td>\n<\/tr>\n<\/tbody>\n<\/table>\n<p>[\/et_pb_text][\/et_pb_column][\/et_pb_row][\/et_pb_section]<\/p>\n","protected":false},"excerpt":{"rendered":"<p>Viikko-ohjelma, kev\u00e4t 2024 &nbsp; Pvm Aihe Paikka 10.1. Vierailuesitelm\u00e4, Asianajaja, varatuomari, KTM Harri Lukander: Testamentti. Avec-tilaisuus asema 17.1. klo 17.00 Vierailu, Turun Vapaavarasto, toimitusjohtaja Stefan Lindstr\u00f6m Tuontikatu 7, Turku 24.1. Vuoroesitelm\u00e4, Ari Suominen asema 31.1. Vierailuesitelm\u00e4,Sijoitusjohtaja, KTM Antti Kanervisto: Ajankohtaista sijoittamisesta asema 7.2. Vuoroesitelm\u00e4, Risto Tapani asema 14.2. Juhlalehden toimittamisen tilanne ja 65-vuotisjuhlan ohjelman esittely [&hellip;]<\/p>\n","protected":false},"author":120,"featured_media":0,"parent":0,"menu_order":0,"comment_status":"closed","ping_status":"closed","template":"","meta":{"_acf_changed":false,"_et_pb_use_builder":"on","_et_pb_old_content":"<h1><span style=\"font-size: xx-large;\">Viikko-ohjelma, kev\u00e4t 2024<\/span><\/h1><p>\u00a0<\/p><p>l<\/p><table class=\"MsoNormalTable\" style=\"width: 742px; border-collapse: collapse; height: 30px;\" border=\"0\" cellspacing=\"0\" cellpadding=\"0\"><tbody><tr style=\"height: 28px;\"><td style=\"width: 137px; padding: 0cm 3.5pt; height: 28px; text-align: center; vertical-align: top;\" nowrap=\"nowrap\"><p class=\"MsoNormal\" style=\"margin-bottom: .0001pt; line-height: normal;\">\u00a0<\/p><\/td><td style=\"width: 381px; padding: 0cm 3.5pt; height: 28px; vertical-align: top;\" nowrap=\"nowrap\"><span style=\"color: #000000;\"><b><span style=\"font-size: 16pt;\">Aihe<\/span><\/b><\/span><\/td><td style=\"width: 224px; padding: 0cm 3.5pt; height: 28px; vertical-align: top;\" nowrap=\"nowrap\"><span style=\"color: #000000;\"><b><span style=\"font-size: 16pt;\">Paikka<\/span><\/b><\/span><\/td><\/tr><tr style=\"height: 28px;\"><td style=\"width: 137px; padding: 0cm 3.5pt; height: 28px; text-align: center; vertical-align: top;\" nowrap=\"nowrap\"><span style=\"font-size: 16pt; color: #000000;\">10.1.<\/span><\/td><td style=\"width: 381px; padding: 0cm 3.5pt; height: 28px; vertical-align: top;\" nowrap=\"nowrap\"><span style=\"font-size: 16pt; color: #000000;\">Vierailuesitelm\u00e4, Asianajaja, varatuomari,<br \/>KTM Harri Lukander: Testamentti. Avec-tilaisuus<\/span><\/td><td style=\"width: 224px; padding: 0cm 3.5pt; height: 28px; vertical-align: top;\" nowrap=\"nowrap\"><span style=\"font-size: 16pt; color: #000000;\">asema<\/span><\/td><\/tr><tr style=\"height: 28px;\"><td style=\"width: 137px; padding: 0cm 3.5pt; height: 28px; text-align: center; vertical-align: top;\" nowrap=\"nowrap\"><span style=\"font-size: 16pt; color: #000000;\">17.1.<\/span><\/td><td style=\"width: 381px; padding: 0cm 3.5pt; height: 28px; vertical-align: top;\" nowrap=\"nowrap\"><span style=\"font-size: 16pt; color: #000000;\">Vierailu, Turun Vapaavarasto, toimitusjohtaja Stefan Lindstr\u00f6m<\/span><\/td><td style=\"width: 224px; padding: 0cm 3.5pt; height: 28px; vertical-align: top;\" nowrap=\"nowrap\"><span style=\"font-size: 16pt; color: #000000;\">Tuontikatu 7, Turku<\/span><\/td><\/tr><tr style=\"height: 28px;\"><td style=\"width: 137px; padding: 0cm 3.5pt; height: 28px; text-align: center; vertical-align: top;\" nowrap=\"nowrap\"><span style=\"font-size: 16pt; color: #000000;\">24.1.<\/span><\/td><td style=\"width: 381px; padding: 0cm 3.5pt; height: 28px; vertical-align: top;\" nowrap=\"nowrap\"><span style=\"font-size: 16pt; color: #000000;\">Vuoroesitelm\u00e4 Ari Suominen<\/span><\/td><td style=\"width: 224px; padding: 0cm 3.5pt; height: 28px; vertical-align: top;\" nowrap=\"nowrap\"><span style=\"font-size: 16pt; color: #000000;\">asema<\/span><\/td><\/tr><tr style=\"height: 28px;\"><td style=\"width: 137px; padding: 0cm 3.5pt; height: 28px; text-align: center; vertical-align: top;\" nowrap=\"nowrap\"><span style=\"font-size: 16pt; color: #000000;\">31.1.<\/span><\/td><td style=\"width: 381px; padding: 0cm 3.5pt; height: 28px; vertical-align: top;\" nowrap=\"nowrap\"><span style=\"font-size: 16pt; color: #000000;\">Vierailuesitelm\u00e4,Sijoitusjohtaja, KTM Antti Kanervisto:<br \/>Ajankohtaista sijoittamisesta<\/span><\/td><td style=\"width: 224px; padding: 0cm 3.5pt; height: 28px; vertical-align: top;\" nowrap=\"nowrap\"><span style=\"font-size: 16pt; color: #000000;\">asema<\/span><\/td><\/tr><tr style=\"height: 28px;\"><td style=\"width: 137px; padding: 0cm 3.5pt; height: 28px; text-align: center; vertical-align: top;\" nowrap=\"nowrap\"><span style=\"font-size: 16pt; color: #000000;\">7.2.<\/span><\/td><td style=\"width: 381px; padding: 0cm 3.5pt; height: 28px; vertical-align: top;\" nowrap=\"nowrap\"><span style=\"font-size: 16pt; color: #000000;\">Vuoroesitelm\u00e4, Lasse Tapani<\/span><\/td><td style=\"width: 224px; padding: 0cm 3.5pt; height: 28px; vertical-align: top;\" nowrap=\"nowrap\"><span style=\"font-size: 16pt; color: #000000;\">asema<\/span><\/td><\/tr><tr style=\"height: 28px;\"><td style=\"width: 137px; padding: 0cm 3.5pt; height: 28px; text-align: center; vertical-align: top;\" nowrap=\"nowrap\"><span style=\"font-size: 16pt; color: #000000;\">14.2.<\/span><\/td><td style=\"width: 381px; padding: 0cm 3.5pt; height: 28px; vertical-align: top;\" nowrap=\"nowrap\"><span style=\"font-size: 16pt; color: #000000;\">Juhlalehden toimittamisen tilanne ja 65-vuotisjuhlan ohjelman esittely<\/span><\/td><td style=\"width: 224px; padding: 0cm 3.5pt; height: 28px; vertical-align: top;\" nowrap=\"nowrap\"><span style=\"font-size: 16pt; color: #000000;\">asema<\/span><\/td><\/tr><tr style=\"height: 28px;\"><td style=\"width: 137px; padding: 0cm 3.5pt; height: 28px; text-align: center; vertical-align: top;\" nowrap=\"nowrap\"><span style=\"font-size: 16pt; color: #000000;\">21.2.<\/span><\/td><td style=\"width: 381px; padding: 0cm 3.5pt; height: 28px; vertical-align: top;\" nowrap=\"nowrap\"><span style=\"font-size: 16pt; color: #000000;\">Hiihtoloma<\/span><\/td><td style=\"width: 224px; padding: 0cm 3.5pt; height: 28px; vertical-align: top;\" nowrap=\"nowrap\">\u00a0<\/td><\/tr><tr style=\"height: 28px;\"><td style=\"width: 137px; padding: 0cm 3.5pt; height: 28px; text-align: center; vertical-align: top;\" nowrap=\"nowrap\"><span style=\"font-size: 16pt; color: #000000;\">28.2.<\/span><\/td><td style=\"width: 381px; padding: 0cm 3.5pt; height: 28px; vertical-align: top;\" nowrap=\"nowrap\"><span style=\"font-size: 16pt; color: #000000;\">Vuoroesitelm\u00e4, Risto Tapani<\/span><\/td><td style=\"width: 224px; padding: 0cm 3.5pt; height: 28px; vertical-align: top;\" nowrap=\"nowrap\"><span style=\"font-size: 16pt; color: #000000;\">asema<\/span><\/td><\/tr><tr style=\"height: 28px;\"><td style=\"width: 137px; padding: 0cm 3.5pt; height: 28px; text-align: center; vertical-align: top;\" nowrap=\"nowrap\"><span style=\"font-size: 16pt; color: #000000;\">6.3. klo 17.00<\/span><\/td><td style=\"width: 381px; padding: 0cm 3.5pt; height: 28px; vertical-align: top;\" nowrap=\"nowrap\"><span style=\"font-size: 16pt; color: #000000;\">Vierailu, Autokiila Oy, toimitusjohtaja Topias Terinkoski <\/span><\/td><td style=\"width: 224px; padding: 0cm 3.5pt; height: 28px; vertical-align: top;\" nowrap=\"nowrap\"><span style=\"font-size: 16pt; color: #000000;\">Asentajankatu 6, Turku<\/span><\/td><\/tr><tr style=\"height: 28px;\"><td style=\"width: 137px; padding: 0cm 3.5pt; height: 28px; text-align: center; vertical-align: top;\" nowrap=\"nowrap\"><span style=\"font-size: 16pt; color: #000000;\">13.3.<\/span><\/td><td style=\"width: 381px; padding: 0cm 3.5pt; height: 28px; vertical-align: top;\" nowrap=\"nowrap\"><span style=\"font-size: 16pt; color: #000000;\">Retki Uudenkaupungin automuseoon<br \/>Veli Kari Virtanen matkanjohtajana<\/span><\/td><td style=\"width: 224px; padding: 0cm 3.5pt; height: 28px; vertical-align: top;\" nowrap=\"nowrap\"><span style=\"font-size: 16pt; color: #000000;\">Uusikaupunki<\/span><\/td><\/tr><tr style=\"height: 28px;\"><td style=\"width: 137px; padding: 0cm 3.5pt; height: 28px; text-align: center; vertical-align: top;\" nowrap=\"nowrap\"><span style=\"font-size: 16pt; color: #000000;\">ti 19.3.<\/span><\/td><td style=\"width: 381px; padding: 0cm 3.5pt; height: 28px; vertical-align: top;\" nowrap=\"nowrap\"><span style=\"font-size: 16pt; color: #000000;\">65-vuotisjuhla, avec-tilaisuus<\/span><\/td><td style=\"width: 224px; padding: 0cm 3.5pt; height: 28px; vertical-align: top;\" nowrap=\"nowrap\"><span style=\"font-size: 16pt; color: #000000;\">ilm. my\u00f6hm.<\/span><\/td><\/tr><tr style=\"height: 28px;\"><td style=\"width: 137px; padding: 0cm 3.5pt; height: 28px; text-align: center; vertical-align: top;\" nowrap=\"nowrap\"><span style=\"font-size: 16pt; color: #000000;\">27.3.<\/span><\/td><td style=\"width: 381px; padding: 0cm 3.5pt; height: 28px; vertical-align: top;\" nowrap=\"nowrap\"><span style=\"font-size: 16pt; color: #000000;\">Vuoroestelm\u00e4, Juha Kiviranta<\/span><\/td><td style=\"width: 224px; padding: 0cm 3.5pt; height: 28px; vertical-align: top;\" nowrap=\"nowrap\"><span style=\"font-size: 16pt; color: #000000;\">asema<\/span><\/td><\/tr><tr style=\"height: 28px;\"><td style=\"width: 137px; padding: 0cm 3.5pt; height: 28px; text-align: center; vertical-align: top;\" nowrap=\"nowrap\"><span style=\"font-size: 16pt; color: #000000;\">3.4.<\/span><\/td><td style=\"width: 381px; padding: 0cm 3.5pt; height: 28px; vertical-align: top;\" nowrap=\"nowrap\"><span style=\"font-size: 16pt; color: #000000;\">Vierailuesitelm\u00e4, Tekniikan tohtori Pia Sj\u00f6berg Valmet Automotive Oyj:<br \/>S\u00e4hk\u00f6autojen akut<\/span><\/td><td style=\"width: 224px; padding: 0cm 3.5pt; height: 28px; vertical-align: top;\" nowrap=\"nowrap\"><span style=\"font-size: 16pt; color: #000000;\">asema<\/span><\/td><\/tr><tr style=\"height: 28px;\"><td style=\"width: 137px; padding: 0cm 3.5pt; height: 28px; text-align: center; vertical-align: top;\" nowrap=\"nowrap\"><span style=\"font-size: 16pt; color: #000000;\">10.4.<\/span><\/td><td style=\"width: 381px; padding: 0cm 3.5pt; height: 28px; vertical-align: top;\" nowrap=\"nowrap\"><span style=\"font-size: 16pt; color: #000000;\">Kev\u00e4tkokous<\/span><\/td><td style=\"width: 224px; padding: 0cm 3.5pt; height: 28px; vertical-align: top;\" nowrap=\"nowrap\"><span style=\"font-size: 16pt; color: #000000;\">asema<\/span><\/td><\/tr><tr style=\"height: 28px;\"><td style=\"width: 137px; padding: 0cm 3.5pt; height: 28px; text-align: center; vertical-align: top;\" nowrap=\"nowrap\"><span style=\"font-size: 16pt; color: #000000;\">17.4.<\/span><\/td><td style=\"width: 381px; padding: 0cm 3.5pt; height: 28px; vertical-align: top;\" nowrap=\"nowrap\"><span style=\"font-size: 16pt; color: #000000;\">Vuoroesitelm\u00e4, Tatu Kulmala<\/span><\/td><td style=\"width: 224px; padding: 0cm 3.5pt; height: 28px; vertical-align: top;\" nowrap=\"nowrap\"><span style=\"font-size: 16pt; color: #000000;\">asema<\/span><\/td><\/tr><tr style=\"height: 28px;\"><td style=\"width: 137px; padding: 0cm 3.5pt; height: 28px; text-align: center; vertical-align: top;\" nowrap=\"nowrap\"><span style=\"font-size: 16pt; color: #000000;\">24.4.<\/span><\/td><td style=\"width: 381px; padding: 0cm 3.5pt; height: 28px; vertical-align: top;\" nowrap=\"nowrap\"><span style=\"font-size: 16pt; color: #000000;\">Vuoroesitelm\u00e4, Keijo Kuusisto<\/span><\/td><td style=\"width: 224px; padding: 0cm 3.5pt; height: 28px; vertical-align: top;\" nowrap=\"nowrap\"><span style=\"font-size: 16pt; color: #000000;\">asema<\/span><\/td><\/tr><tr style=\"height: 28px;\"><td style=\"width: 137px; padding: 0cm 3.5pt; height: 28px; text-align: center; vertical-align: top;\" nowrap=\"nowrap\"><span style=\"font-size: 16pt; color: #000000;\">1.5.<\/span><\/td><td style=\"width: 381px; padding: 0cm 3.5pt; height: 28px; vertical-align: top;\" nowrap=\"nowrap\"><span style=\"font-size: 16pt; color: #000000;\">Ei kokousta<\/span><\/td><td style=\"width: 224px; padding: 0cm 3.5pt; height: 28px; vertical-align: top;\" nowrap=\"nowrap\">\u00a0<\/td><\/tr><tr style=\"height: 28px;\"><td style=\"width: 137px; padding: 0cm 3.5pt; height: 28px; text-align: center; vertical-align: top;\" nowrap=\"nowrap\"><span style=\"font-size: 16pt; color: #000000;\">8.5.<\/span><\/td><td style=\"width: 381px; padding: 0cm 3.5pt; height: 28px; vertical-align: top;\" nowrap=\"nowrap\"><span style=\"font-size: 16pt; color: #000000;\">Linturetki, Rauno Lumio, avec<\/span><\/td><td style=\"width: 224px; padding: 0cm 3.5pt; height: 28px; vertical-align: top;\" nowrap=\"nowrap\">\u00a0<\/td><\/tr><tr style=\"height: 28px;\"><td style=\"width: 137px; padding: 0cm 3.5pt; height: 28px; text-align: center; vertical-align: top;\" nowrap=\"nowrap\"><span style=\"font-size: 16pt; color: #000000;\">vko 20<\/span><\/td><td style=\"width: 381px; padding: 0cm 3.5pt; height: 28px; vertical-align: top;\" nowrap=\"nowrap\"><span style=\"font-size: 16pt; color: #000000;\">Riian automuseo ja Lennusadam Tallinna<\/span><\/td><td style=\"width: 224px; padding: 0cm 3.5pt; height: 28px; vertical-align: top;\" nowrap=\"nowrap\">\u00a0<\/td><\/tr><tr style=\"height: 28px;\"><td style=\"width: 137px; padding: 0cm 3.5pt; height: 28px; text-align: center; vertical-align: top;\" nowrap=\"nowrap\"><span style=\"font-size: 16pt; color: #000000;\">22.5<\/span><\/td><td style=\"width: 381px; padding: 0cm 3.5pt; height: 28px; vertical-align: top;\" nowrap=\"nowrap\"><span style=\"font-size: 16pt; color: #000000;\">Vuoroesitelm\u00e4, Hannu Larkela<\/span><\/td><td style=\"width: 224px; padding: 0cm 3.5pt; height: 28px; vertical-align: top;\" nowrap=\"nowrap\"><span style=\"font-size: 16pt; color: #000000;\">asema<\/span><\/td><\/tr><tr style=\"height: 28px;\"><td style=\"width: 137px; padding: 0cm 3.5pt; height: 28px; text-align: center; vertical-align: top;\" nowrap=\"nowrap\"><span style=\"font-size: 16pt; color: #000000;\">29.5. <\/span><\/td><td style=\"width: 381px; padding: 0cm 3.5pt; height: 28px; vertical-align: top;\" nowrap=\"nowrap\"><span style=\"font-size: 16pt; color: #000000;\">Vuoroesitelm\u00e4, Seppo Lundgren<\/span><\/td><td style=\"width: 224px; padding: 0cm 3.5pt; height: 28px; vertical-align: top;\" nowrap=\"nowrap\"><span style=\"font-size: 16pt; color: #000000;\">asema<\/span><\/td><\/tr><tr style=\"height: 28px;\"><td style=\"width: 137px; padding: 0cm 3.5pt; height: 28px; text-align: center; vertical-align: top;\" nowrap=\"nowrap\"><span style=\"font-size: 16pt; color: #000000;\">5.6.<\/span><\/td><td style=\"width: 381px; padding: 0cm 3.5pt; height: 28px; vertical-align: top;\" nowrap=\"nowrap\"><span style=\"font-size: 16pt; color: #000000;\">Kuhankuonon retki, avec<\/span><\/td><td style=\"width: 224px; padding: 0cm 3.5pt; height: 28px; vertical-align: top;\" nowrap=\"nowrap\">\u00a0<\/td><\/tr><tr style=\"height: 28px;\"><td style=\"width: 137px; padding: 0cm 3.5pt; height: 28px; text-align: center; vertical-align: top;\" nowrap=\"nowrap\"><span style=\"font-size: 16pt; color: #000000;\">12.6.<\/span><\/td><td style=\"width: 381px; padding: 0cm 3.5pt; height: 28px; vertical-align: top;\" nowrap=\"nowrap\"><span style=\"font-size: 16pt; color: #000000;\">Vuoroesitelm\u00e4, Petri Merisaari<\/span><\/td><td style=\"width: 224px; padding: 0cm 3.5pt; height: 28px; vertical-align: top;\" nowrap=\"nowrap\"><span style=\"font-size: 16pt; color: #000000;\">asema<\/span><\/td><\/tr><tr style=\"height: 28px;\"><td style=\"width: 137px; padding: 0cm 3.5pt; height: 28px; text-align: center; vertical-align: top;\" nowrap=\"nowrap\"><span style=\"font-size: 16pt; color: #000000;\">19.6.<\/span><\/td><td style=\"width: 381px; padding: 0cm 3.5pt; height: 28px; vertical-align: top;\" nowrap=\"nowrap\"><span style=\"font-size: 16pt; color: #000000;\">K\u00e4\u00e4tyjenvaihtotilaisuus<\/span><\/td><td style=\"width: 224px; padding: 0cm 3.5pt; height: 28px; vertical-align: top;\" nowrap=\"nowrap\"><span style=\"font-size: 16pt; color: #000000;\">ilm. my\u00f6hm.<\/span><\/td><\/tr><\/tbody><\/table>","_et_gb_content_width":"","footnotes":""},"class_list":["post-2408","page","type-page","status-publish","hentry"],"acf":[],"yoast_head":"<!-- This site is optimized with the Yoast SEO plugin v27.4 - https:\/\/yoast.com\/product\/yoast-seo-wordpress\/ -->\n<title>Viikko-ohjelma, kev\u00e4t 2024 - Nousiaisten Rotaryklubi<\/title>\n<meta name=\"robots\" content=\"index, follow, max-snippet:-1, max-image-preview:large, max-video-preview:-1\" \/>\n<link rel=\"canonical\" href=\"https:\/\/rotary.fi\/nousiaistenrotaryklubi\/viikko-ohjelma-kevat-2024\/\" \/>\n<meta property=\"og:locale\" content=\"fi_FI\" \/>\n<meta property=\"og:type\" content=\"article\" \/>\n<meta property=\"og:title\" content=\"Viikko-ohjelma, kev\u00e4t 2024 - Nousiaisten Rotaryklubi\" \/>\n<meta property=\"og:description\" content=\"Viikko-ohjelma, kev\u00e4t 2024 &nbsp; Pvm Aihe Paikka 10.1. Vierailuesitelm\u00e4, Asianajaja, varatuomari, KTM Harri Lukander: Testamentti. Avec-tilaisuus asema 17.1. klo 17.00 Vierailu, Turun Vapaavarasto, toimitusjohtaja Stefan Lindstr\u00f6m Tuontikatu 7, Turku 24.1. Vuoroesitelm\u00e4, Ari Suominen asema 31.1. Vierailuesitelm\u00e4,Sijoitusjohtaja, KTM Antti Kanervisto: Ajankohtaista sijoittamisesta asema 7.2. Vuoroesitelm\u00e4, Risto Tapani asema 14.2. Juhlalehden toimittamisen tilanne ja 65-vuotisjuhlan ohjelman esittely [&hellip;]\" \/>\n<meta property=\"og:url\" content=\"https:\/\/rotary.fi\/nousiaistenrotaryklubi\/viikko-ohjelma-kevat-2024\/\" \/>\n<meta property=\"og:site_name\" content=\"Nousiaisten Rotaryklubi\" \/>\n<meta name=\"twitter:card\" content=\"summary_large_image\" \/>\n<meta name=\"twitter:label1\" content=\"Arvioitu lukuaika\" \/>\n\t<meta name=\"twitter:data1\" content=\"2 minuuttia\" \/>\n<script type=\"application\/ld+json\" class=\"yoast-schema-graph\">{\"@context\":\"https:\\\/\\\/schema.org\",\"@graph\":[{\"@type\":\"WebPage\",\"@id\":\"https:\\\/\\\/rotary.fi\\\/nousiaistenrotaryklubi\\\/viikko-ohjelma-kevat-2024\\\/\",\"url\":\"https:\\\/\\\/rotary.fi\\\/nousiaistenrotaryklubi\\\/viikko-ohjelma-kevat-2024\\\/\",\"name\":\"Viikko-ohjelma, kev\u00e4t 2024 - Nousiaisten Rotaryklubi\",\"isPartOf\":{\"@id\":\"https:\\\/\\\/rotary.fi\\\/nousiaistenrotaryklubi\\\/#website\"},\"datePublished\":\"2024-05-15T16:36:58+00:00\",\"breadcrumb\":{\"@id\":\"https:\\\/\\\/rotary.fi\\\/nousiaistenrotaryklubi\\\/viikko-ohjelma-kevat-2024\\\/#breadcrumb\"},\"inLanguage\":\"fi\",\"potentialAction\":[{\"@type\":\"ReadAction\",\"target\":[\"https:\\\/\\\/rotary.fi\\\/nousiaistenrotaryklubi\\\/viikko-ohjelma-kevat-2024\\\/\"]}]},{\"@type\":\"BreadcrumbList\",\"@id\":\"https:\\\/\\\/rotary.fi\\\/nousiaistenrotaryklubi\\\/viikko-ohjelma-kevat-2024\\\/#breadcrumb\",\"itemListElement\":[{\"@type\":\"ListItem\",\"position\":1,\"name\":\"Home\",\"item\":\"https:\\\/\\\/rotary.fi\\\/nousiaistenrotaryklubi\\\/\"},{\"@type\":\"ListItem\",\"position\":2,\"name\":\"Viikko-ohjelma, kev\u00e4t 2024\"}]},{\"@type\":\"WebSite\",\"@id\":\"https:\\\/\\\/rotary.fi\\\/nousiaistenrotaryklubi\\\/#website\",\"url\":\"https:\\\/\\\/rotary.fi\\\/nousiaistenrotaryklubi\\\/\",\"name\":\"Nousiaisten Rotaryklubi\",\"description\":\"Uusi Rotary klubisivusto\",\"potentialAction\":[{\"@type\":\"SearchAction\",\"target\":{\"@type\":\"EntryPoint\",\"urlTemplate\":\"https:\\\/\\\/rotary.fi\\\/nousiaistenrotaryklubi\\\/?s={search_term_string}\"},\"query-input\":{\"@type\":\"PropertyValueSpecification\",\"valueRequired\":true,\"valueName\":\"search_term_string\"}}],\"inLanguage\":\"fi\"}]}<\/script>\n<!-- \/ Yoast SEO plugin. -->","yoast_head_json":{"title":"Viikko-ohjelma, kev\u00e4t 2024 - Nousiaisten Rotaryklubi","robots":{"index":"index","follow":"follow","max-snippet":"max-snippet:-1","max-image-preview":"max-image-preview:large","max-video-preview":"max-video-preview:-1"},"canonical":"https:\/\/rotary.fi\/nousiaistenrotaryklubi\/viikko-ohjelma-kevat-2024\/","og_locale":"fi_FI","og_type":"article","og_title":"Viikko-ohjelma, kev\u00e4t 2024 - Nousiaisten Rotaryklubi","og_description":"Viikko-ohjelma, kev\u00e4t 2024 &nbsp; Pvm Aihe Paikka 10.1. Vierailuesitelm\u00e4, Asianajaja, varatuomari, KTM Harri Lukander: Testamentti. Avec-tilaisuus asema 17.1. klo 17.00 Vierailu, Turun Vapaavarasto, toimitusjohtaja Stefan Lindstr\u00f6m Tuontikatu 7, Turku 24.1. Vuoroesitelm\u00e4, Ari Suominen asema 31.1. Vierailuesitelm\u00e4,Sijoitusjohtaja, KTM Antti Kanervisto: Ajankohtaista sijoittamisesta asema 7.2. Vuoroesitelm\u00e4, Risto Tapani asema 14.2. Juhlalehden toimittamisen tilanne ja 65-vuotisjuhlan ohjelman esittely [&hellip;]","og_url":"https:\/\/rotary.fi\/nousiaistenrotaryklubi\/viikko-ohjelma-kevat-2024\/","og_site_name":"Nousiaisten Rotaryklubi","twitter_card":"summary_large_image","twitter_misc":{"Arvioitu lukuaika":"2 minuuttia"},"schema":{"@context":"https:\/\/schema.org","@graph":[{"@type":"WebPage","@id":"https:\/\/rotary.fi\/nousiaistenrotaryklubi\/viikko-ohjelma-kevat-2024\/","url":"https:\/\/rotary.fi\/nousiaistenrotaryklubi\/viikko-ohjelma-kevat-2024\/","name":"Viikko-ohjelma, kev\u00e4t 2024 - Nousiaisten Rotaryklubi","isPartOf":{"@id":"https:\/\/rotary.fi\/nousiaistenrotaryklubi\/#website"},"datePublished":"2024-05-15T16:36:58+00:00","breadcrumb":{"@id":"https:\/\/rotary.fi\/nousiaistenrotaryklubi\/viikko-ohjelma-kevat-2024\/#breadcrumb"},"inLanguage":"fi","potentialAction":[{"@type":"ReadAction","target":["https:\/\/rotary.fi\/nousiaistenrotaryklubi\/viikko-ohjelma-kevat-2024\/"]}]},{"@type":"BreadcrumbList","@id":"https:\/\/rotary.fi\/nousiaistenrotaryklubi\/viikko-ohjelma-kevat-2024\/#breadcrumb","itemListElement":[{"@type":"ListItem","position":1,"name":"Home","item":"https:\/\/rotary.fi\/nousiaistenrotaryklubi\/"},{"@type":"ListItem","position":2,"name":"Viikko-ohjelma, kev\u00e4t 2024"}]},{"@type":"WebSite","@id":"https:\/\/rotary.fi\/nousiaistenrotaryklubi\/#website","url":"https:\/\/rotary.fi\/nousiaistenrotaryklubi\/","name":"Nousiaisten Rotaryklubi","description":"Uusi Rotary klubisivusto","potentialAction":[{"@type":"SearchAction","target":{"@type":"EntryPoint","urlTemplate":"https:\/\/rotary.fi\/nousiaistenrotaryklubi\/?s={search_term_string}"},"query-input":{"@type":"PropertyValueSpecification","valueRequired":true,"valueName":"search_term_string"}}],"inLanguage":"fi"}]}},"lang":"fi","translations":{"fi":2408},"pll_sync_post":[],"_links":{"self":[{"href":"https:\/\/rotary.fi\/nousiaistenrotaryklubi\/wp-json\/wp\/v2\/pages\/2408","targetHints":{"allow":["GET"]}}],"collection":[{"href":"https:\/\/rotary.fi\/nousiaistenrotaryklubi\/wp-json\/wp\/v2\/pages"}],"about":[{"href":"https:\/\/rotary.fi\/nousiaistenrotaryklubi\/wp-json\/wp\/v2\/types\/page"}],"author":[{"embeddable":true,"href":"https:\/\/rotary.fi\/nousiaistenrotaryklubi\/wp-json\/wp\/v2\/users\/120"}],"replies":[{"embeddable":true,"href":"https:\/\/rotary.fi\/nousiaistenrotaryklubi\/wp-json\/wp\/v2\/comments?post=2408"}],"version-history":[{"count":9,"href":"https:\/\/rotary.fi\/nousiaistenrotaryklubi\/wp-json\/wp\/v2\/pages\/2408\/revisions"}],"predecessor-version":[{"id":2460,"href":"https:\/\/rotary.fi\/nousiaistenrotaryklubi\/wp-json\/wp\/v2\/pages\/2408\/revisions\/2460"}],"wp:attachment":[{"href":"https:\/\/rotary.fi\/nousiaistenrotaryklubi\/wp-json\/wp\/v2\/media?parent=2408"}],"curies":[{"name":"wp","href":"https:\/\/api.w.org\/{rel}","templated":true}]}}