{"id":2901,"date":"2024-12-09T11:15:27","date_gmt":"2024-12-09T09:15:27","guid":{"rendered":"https:\/\/rotary.fi\/meriespoo\/?post_type=ajankohtaiset&#038;p=2901"},"modified":"2024-12-09T11:16:34","modified_gmt":"2024-12-09T09:16:34","slug":"itsenaisyyspaivan-seppeleenlasku-sankarihaudoille","status":"publish","type":"ajankohtaiset","link":"https:\/\/rotary.fi\/meriespoo\/ajankohtaiset\/itsenaisyyspaivan-seppeleenlasku-sankarihaudoille\/","title":{"rendered":"Itsen\u00e4isyysp\u00e4iv\u00e4n seppeleenlasku sankarihaudoille"},"content":{"rendered":"<p>Itsen\u00e4isyysp\u00e4iv\u00e4n perinteen\u00e4 on klubissamme ollut sotiemme veteraanien kunnioittaminen ja seppeleenlasku Espoon tuomiokirkon hautausmaan sankarihaudoille. T\u00e4n\u00e4 vuonna klubimme presidentti Maria Sipil\u00e4 ja rotarys\u00e4\u00e4ti\u00f6asiamies Teuvo Mets\u00e4pelto laskivat seppeleen.<\/p>\n<p>Olimme mukana espoolaisten yhdistysten ja kaupungin yhteisess\u00e4 tapahtumassa. Seppeleen laskivat t\u00e4n\u00e4 vuonna sotaveteraaniyhdistykset, Espoon sotaveteraanit, Espoon kaupunki, partiolippukunnat, Tapiolan rotaryklubi ja Meri-Espoon rotaryklubi.<\/p>\n<p>&nbsp;<\/p>\n<p><img loading=\"lazy\" decoding=\"async\" class=\" wp-image-2900 alignright\" src=\"https:\/\/rotary.fi\/meriespoo\/wp-content\/uploads\/sites\/228\/2024\/12\/img-9817-768x1024.jpg\" alt=\"\" width=\"378\" height=\"504\" \/><img loading=\"lazy\" decoding=\"async\" class=\" wp-image-2899 alignleft\" src=\"https:\/\/rotary.fi\/meriespoo\/wp-content\/uploads\/sites\/228\/2024\/12\/img-9786-768x1024.jpg\" alt=\"\" width=\"378\" height=\"504\" \/><\/p>\n<p>&nbsp;<\/p>\n<p>&nbsp;<\/p>\n<p>&nbsp;<\/p>\n","protected":false},"author":26,"featured_media":0,"template":"","meta":{"_acf_changed":false,"_et_pb_use_builder":"","_et_pb_old_content":"","_et_gb_content_width":""},"categories":[],"class_list":["post-2901","ajankohtaiset","type-ajankohtaiset","status-publish","hentry"],"acf":[],"yoast_head":"<!-- This site is optimized with the Yoast SEO plugin v27.4 - https:\/\/yoast.com\/product\/yoast-seo-wordpress\/ -->\n<title>Itsen\u00e4isyysp\u00e4iv\u00e4n seppeleenlasku sankarihaudoille - Meri-Espoon Rotaryklubi<\/title>\n<meta name=\"robots\" content=\"index, follow, max-snippet:-1, max-image-preview:large, max-video-preview:-1\" \/>\n<link rel=\"canonical\" href=\"https:\/\/rotary.fi\/meriespoo\/ajankohtaiset\/itsenaisyyspaivan-seppeleenlasku-sankarihaudoille\/\" \/>\n<meta property=\"og:locale\" content=\"fi_FI\" \/>\n<meta property=\"og:type\" content=\"article\" \/>\n<meta property=\"og:title\" content=\"Itsen\u00e4isyysp\u00e4iv\u00e4n seppeleenlasku sankarihaudoille - Meri-Espoon Rotaryklubi\" \/>\n<meta property=\"og:description\" content=\"Itsen\u00e4isyysp\u00e4iv\u00e4n perinteen\u00e4 on klubissamme ollut sotiemme veteraanien kunnioittaminen ja seppeleenlasku Espoon tuomiokirkon hautausmaan sankarihaudoille. T\u00e4n\u00e4 vuonna klubimme presidentti Maria Sipil\u00e4 ja rotarys\u00e4\u00e4ti\u00f6asiamies Teuvo Mets\u00e4pelto laskivat seppeleen. Olimme mukana espoolaisten yhdistysten ja kaupungin yhteisess\u00e4 tapahtumassa. Seppeleen laskivat t\u00e4n\u00e4 vuonna sotaveteraaniyhdistykset, Espoon sotaveteraanit, Espoon kaupunki, partiolippukunnat, Tapiolan rotaryklubi ja Meri-Espoon rotaryklubi. &nbsp; &nbsp; &nbsp; &nbsp;\" \/>\n<meta property=\"og:url\" content=\"https:\/\/rotary.fi\/meriespoo\/ajankohtaiset\/itsenaisyyspaivan-seppeleenlasku-sankarihaudoille\/\" \/>\n<meta property=\"og:site_name\" content=\"Meri-Espoon Rotaryklubi\" \/>\n<meta property=\"article:modified_time\" content=\"2024-12-09T09:16:34+00:00\" \/>\n<meta property=\"og:image\" content=\"https:\/\/rotary.fi\/meriespoo\/wp-content\/uploads\/sites\/228\/2024\/12\/img-9817.jpg\" \/>\n\t<meta property=\"og:image:width\" content=\"1536\" \/>\n\t<meta property=\"og:image:height\" content=\"2048\" \/>\n\t<meta property=\"og:image:type\" content=\"image\/jpeg\" \/>\n<meta name=\"twitter:card\" content=\"summary_large_image\" \/>\n<meta name=\"twitter:label1\" content=\"Arvioitu lukuaika\" \/>\n\t<meta name=\"twitter:data1\" content=\"1 minuutti\" \/>\n<script type=\"application\/ld+json\" class=\"yoast-schema-graph\">{\"@context\":\"https:\\\/\\\/schema.org\",\"@graph\":[{\"@type\":\"WebPage\",\"@id\":\"https:\\\/\\\/rotary.fi\\\/meriespoo\\\/ajankohtaiset\\\/itsenaisyyspaivan-seppeleenlasku-sankarihaudoille\\\/\",\"url\":\"https:\\\/\\\/rotary.fi\\\/meriespoo\\\/ajankohtaiset\\\/itsenaisyyspaivan-seppeleenlasku-sankarihaudoille\\\/\",\"name\":\"Itsen\u00e4isyysp\u00e4iv\u00e4n seppeleenlasku sankarihaudoille - Meri-Espoon Rotaryklubi\",\"isPartOf\":{\"@id\":\"https:\\\/\\\/rotary.fi\\\/meriespoo\\\/#website\"},\"primaryImageOfPage\":{\"@id\":\"https:\\\/\\\/rotary.fi\\\/meriespoo\\\/ajankohtaiset\\\/itsenaisyyspaivan-seppeleenlasku-sankarihaudoille\\\/#primaryimage\"},\"image\":{\"@id\":\"https:\\\/\\\/rotary.fi\\\/meriespoo\\\/ajankohtaiset\\\/itsenaisyyspaivan-seppeleenlasku-sankarihaudoille\\\/#primaryimage\"},\"thumbnailUrl\":\"https:\\\/\\\/rotary.fi\\\/meriespoo\\\/wp-content\\\/uploads\\\/sites\\\/228\\\/2024\\\/12\\\/img-9817-768x1024.jpg\",\"datePublished\":\"2024-12-09T09:15:27+00:00\",\"dateModified\":\"2024-12-09T09:16:34+00:00\",\"breadcrumb\":{\"@id\":\"https:\\\/\\\/rotary.fi\\\/meriespoo\\\/ajankohtaiset\\\/itsenaisyyspaivan-seppeleenlasku-sankarihaudoille\\\/#breadcrumb\"},\"inLanguage\":\"fi\",\"potentialAction\":[{\"@type\":\"ReadAction\",\"target\":[\"https:\\\/\\\/rotary.fi\\\/meriespoo\\\/ajankohtaiset\\\/itsenaisyyspaivan-seppeleenlasku-sankarihaudoille\\\/\"]}]},{\"@type\":\"ImageObject\",\"inLanguage\":\"fi\",\"@id\":\"https:\\\/\\\/rotary.fi\\\/meriespoo\\\/ajankohtaiset\\\/itsenaisyyspaivan-seppeleenlasku-sankarihaudoille\\\/#primaryimage\",\"url\":\"https:\\\/\\\/rotary.fi\\\/meriespoo\\\/wp-content\\\/uploads\\\/sites\\\/228\\\/2024\\\/12\\\/img-9817.jpg\",\"contentUrl\":\"https:\\\/\\\/rotary.fi\\\/meriespoo\\\/wp-content\\\/uploads\\\/sites\\\/228\\\/2024\\\/12\\\/img-9817.jpg\",\"width\":1536,\"height\":2048},{\"@type\":\"BreadcrumbList\",\"@id\":\"https:\\\/\\\/rotary.fi\\\/meriespoo\\\/ajankohtaiset\\\/itsenaisyyspaivan-seppeleenlasku-sankarihaudoille\\\/#breadcrumb\",\"itemListElement\":[{\"@type\":\"ListItem\",\"position\":1,\"name\":\"Home\",\"item\":\"https:\\\/\\\/rotary.fi\\\/meriespoo\\\/\"},{\"@type\":\"ListItem\",\"position\":2,\"name\":\"Itsen\u00e4isyysp\u00e4iv\u00e4n seppeleenlasku sankarihaudoille\"}]},{\"@type\":\"WebSite\",\"@id\":\"https:\\\/\\\/rotary.fi\\\/meriespoo\\\/#website\",\"url\":\"https:\\\/\\\/rotary.fi\\\/meriespoo\\\/\",\"name\":\"Meri-Espoon Rotaryklubi\",\"description\":\"Rotary klubisivusto\",\"potentialAction\":[{\"@type\":\"SearchAction\",\"target\":{\"@type\":\"EntryPoint\",\"urlTemplate\":\"https:\\\/\\\/rotary.fi\\\/meriespoo\\\/?s={search_term_string}\"},\"query-input\":{\"@type\":\"PropertyValueSpecification\",\"valueRequired\":true,\"valueName\":\"search_term_string\"}}],\"inLanguage\":\"fi\"}]}<\/script>\n<!-- \/ Yoast SEO plugin. -->","yoast_head_json":{"title":"Itsen\u00e4isyysp\u00e4iv\u00e4n seppeleenlasku sankarihaudoille - Meri-Espoon Rotaryklubi","robots":{"index":"index","follow":"follow","max-snippet":"max-snippet:-1","max-image-preview":"max-image-preview:large","max-video-preview":"max-video-preview:-1"},"canonical":"https:\/\/rotary.fi\/meriespoo\/ajankohtaiset\/itsenaisyyspaivan-seppeleenlasku-sankarihaudoille\/","og_locale":"fi_FI","og_type":"article","og_title":"Itsen\u00e4isyysp\u00e4iv\u00e4n seppeleenlasku sankarihaudoille - Meri-Espoon Rotaryklubi","og_description":"Itsen\u00e4isyysp\u00e4iv\u00e4n perinteen\u00e4 on klubissamme ollut sotiemme veteraanien kunnioittaminen ja seppeleenlasku Espoon tuomiokirkon hautausmaan sankarihaudoille. T\u00e4n\u00e4 vuonna klubimme presidentti Maria Sipil\u00e4 ja rotarys\u00e4\u00e4ti\u00f6asiamies Teuvo Mets\u00e4pelto laskivat seppeleen. Olimme mukana espoolaisten yhdistysten ja kaupungin yhteisess\u00e4 tapahtumassa. Seppeleen laskivat t\u00e4n\u00e4 vuonna sotaveteraaniyhdistykset, Espoon sotaveteraanit, Espoon kaupunki, partiolippukunnat, Tapiolan rotaryklubi ja Meri-Espoon rotaryklubi. &nbsp; &nbsp; &nbsp; &nbsp;","og_url":"https:\/\/rotary.fi\/meriespoo\/ajankohtaiset\/itsenaisyyspaivan-seppeleenlasku-sankarihaudoille\/","og_site_name":"Meri-Espoon Rotaryklubi","article_modified_time":"2024-12-09T09:16:34+00:00","og_image":[{"width":1536,"height":2048,"url":"https:\/\/rotary.fi\/meriespoo\/wp-content\/uploads\/sites\/228\/2024\/12\/img-9817.jpg","type":"image\/jpeg"}],"twitter_card":"summary_large_image","twitter_misc":{"Arvioitu lukuaika":"1 minuutti"},"schema":{"@context":"https:\/\/schema.org","@graph":[{"@type":"WebPage","@id":"https:\/\/rotary.fi\/meriespoo\/ajankohtaiset\/itsenaisyyspaivan-seppeleenlasku-sankarihaudoille\/","url":"https:\/\/rotary.fi\/meriespoo\/ajankohtaiset\/itsenaisyyspaivan-seppeleenlasku-sankarihaudoille\/","name":"Itsen\u00e4isyysp\u00e4iv\u00e4n seppeleenlasku sankarihaudoille - Meri-Espoon Rotaryklubi","isPartOf":{"@id":"https:\/\/rotary.fi\/meriespoo\/#website"},"primaryImageOfPage":{"@id":"https:\/\/rotary.fi\/meriespoo\/ajankohtaiset\/itsenaisyyspaivan-seppeleenlasku-sankarihaudoille\/#primaryimage"},"image":{"@id":"https:\/\/rotary.fi\/meriespoo\/ajankohtaiset\/itsenaisyyspaivan-seppeleenlasku-sankarihaudoille\/#primaryimage"},"thumbnailUrl":"https:\/\/rotary.fi\/meriespoo\/wp-content\/uploads\/sites\/228\/2024\/12\/img-9817-768x1024.jpg","datePublished":"2024-12-09T09:15:27+00:00","dateModified":"2024-12-09T09:16:34+00:00","breadcrumb":{"@id":"https:\/\/rotary.fi\/meriespoo\/ajankohtaiset\/itsenaisyyspaivan-seppeleenlasku-sankarihaudoille\/#breadcrumb"},"inLanguage":"fi","potentialAction":[{"@type":"ReadAction","target":["https:\/\/rotary.fi\/meriespoo\/ajankohtaiset\/itsenaisyyspaivan-seppeleenlasku-sankarihaudoille\/"]}]},{"@type":"ImageObject","inLanguage":"fi","@id":"https:\/\/rotary.fi\/meriespoo\/ajankohtaiset\/itsenaisyyspaivan-seppeleenlasku-sankarihaudoille\/#primaryimage","url":"https:\/\/rotary.fi\/meriespoo\/wp-content\/uploads\/sites\/228\/2024\/12\/img-9817.jpg","contentUrl":"https:\/\/rotary.fi\/meriespoo\/wp-content\/uploads\/sites\/228\/2024\/12\/img-9817.jpg","width":1536,"height":2048},{"@type":"BreadcrumbList","@id":"https:\/\/rotary.fi\/meriespoo\/ajankohtaiset\/itsenaisyyspaivan-seppeleenlasku-sankarihaudoille\/#breadcrumb","itemListElement":[{"@type":"ListItem","position":1,"name":"Home","item":"https:\/\/rotary.fi\/meriespoo\/"},{"@type":"ListItem","position":2,"name":"Itsen\u00e4isyysp\u00e4iv\u00e4n seppeleenlasku sankarihaudoille"}]},{"@type":"WebSite","@id":"https:\/\/rotary.fi\/meriespoo\/#website","url":"https:\/\/rotary.fi\/meriespoo\/","name":"Meri-Espoon Rotaryklubi","description":"Rotary klubisivusto","potentialAction":[{"@type":"SearchAction","target":{"@type":"EntryPoint","urlTemplate":"https:\/\/rotary.fi\/meriespoo\/?s={search_term_string}"},"query-input":{"@type":"PropertyValueSpecification","valueRequired":true,"valueName":"search_term_string"}}],"inLanguage":"fi"}]}},"lang":"fi","translations":{"fi":2901},"pll_sync_post":[],"_links":{"self":[{"href":"https:\/\/rotary.fi\/meriespoo\/wp-json\/wp\/v2\/ajankohtaiset\/2901","targetHints":{"allow":["GET"]}}],"collection":[{"href":"https:\/\/rotary.fi\/meriespoo\/wp-json\/wp\/v2\/ajankohtaiset"}],"about":[{"href":"https:\/\/rotary.fi\/meriespoo\/wp-json\/wp\/v2\/types\/ajankohtaiset"}],"author":[{"embeddable":true,"href":"https:\/\/rotary.fi\/meriespoo\/wp-json\/wp\/v2\/users\/26"}],"wp:attachment":[{"href":"https:\/\/rotary.fi\/meriespoo\/wp-json\/wp\/v2\/media?parent=2901"}],"wp:term":[{"taxonomy":"category","embeddable":true,"href":"https:\/\/rotary.fi\/meriespoo\/wp-json\/wp\/v2\/categories?post=2901"}],"curies":[{"name":"wp","href":"https:\/\/api.w.org\/{rel}","templated":true}]}}