{"id":2517,"date":"2024-12-04T17:52:37","date_gmt":"2024-12-04T15:52:37","guid":{"rendered":"https:\/\/rotary.fi\/mariehamn\/?post_type=ajankohtaiset&#038;p=2517"},"modified":"2024-12-11T12:45:43","modified_gmt":"2024-12-11T10:45:43","slug":"rapportering-fran-hjalpsandning-till-kiev-i-november","status":"publish","type":"ajankohtaiset","link":"https:\/\/rotary.fi\/mariehamn\/aktuella-artiklar\/rapportering-fran-hjalpsandning-till-kiev-i-november\/","title":{"rendered":"Rapportering fr\u00e5n hj\u00e4lps\u00e4ndning till Kiev i november"},"content":{"rendered":"<div id=\"attachment_2518\" style=\"width: 1180px\" class=\"wp-caption alignnone\"><img loading=\"lazy\" decoding=\"async\" aria-describedby=\"caption-attachment-2518\" class=\"size-full wp-image-2518\" src=\"https:\/\/rotary.fi\/mariehamn\/wp-content\/uploads\/sites\/246\/2024\/12\/bild-9.jpg\" alt=\"\" width=\"1170\" height=\"780\" srcset=\"https:\/\/rotary.fi\/mariehamn\/wp-content\/uploads\/sites\/246\/2024\/12\/bild-9.jpg 1170w, https:\/\/rotary.fi\/mariehamn\/wp-content\/uploads\/sites\/246\/2024\/12\/bild-9-980x653.jpg 980w, https:\/\/rotary.fi\/mariehamn\/wp-content\/uploads\/sites\/246\/2024\/12\/bild-9-480x320.jpg 480w\" sizes=\"(min-width: 0px) and (max-width: 480px) 480px, (min-width: 481px) and (max-width: 980px) 980px, (min-width: 981px) 1170px, 100vw\" \/><p id=\"caption-attachment-2518\" class=\"wp-caption-text\">Moderlandsmonumentet som b\u00e4r Ukrainas vapen p\u00e5 sk\u00f6lden. Foto: Hulya Ehres<\/p><\/div>\n<p>I b\u00f6rjan av november genomf\u00f6rdes ytterligare en hj\u00e4lpresa till Ukraina som \u00e5l\u00e4nningarna bidrog till genom att betala in p\u00e5 insamlingskonto, genom att bidra med f\u00f6rn\u00f6denheter som yllestrumpor, elverk, batterier, ficklampor och mycket annat f\u00f6r vilket utrop gjordes via lokaltidningarna. Dessutom anordnades ett lotteri f\u00f6r Ukraina som genomf\u00f6rdes de sista veckorna innan resan f\u00f6r att ytterligare komplettera reskassan och f\u00f6r att bl.a. betala f\u00f6r br\u00e4nsle f\u00f6r de donerade fordonen. \u00c5l\u00e4nningarna har igen tagit emot denna utmaning och hj\u00e4lprop med \u00f6ppna armar. Denna g\u00e5ng gick hj\u00e4lpresan \u00e4nda till Kiev, och i hj\u00e4lps\u00e4ndningen till Ukraina ingick tv\u00e5 bussar, tv\u00e5 lastbilar, en fullt utrustad ambulans, en sk\u00e5pbil, tre personbilar och tv\u00e5 mindre b\u00e5tar.<\/p>\n<p>Efter att f\u00f6rn\u00f6denheter packats i lastbil och ambulansen h\u00e4mtats fr\u00e5n Sverige b\u00f6rjade resan med Viking Line och Stockholm som f\u00f6rsta etapp. D\u00e4refter \u00e5kte gruppen p\u00e5 tio personer vidare till Nyn\u00e4shamn d\u00e4r man tog Stena Line till Ventspills i Lettland. I kortege k\u00f6rde gruppen tillsammans alla fordon genom\u00a0 Lettland och s\u00f6dra Polen till Kiev d\u00e4r man \u00f6vernattade. Dagen efter att man anl\u00e4nt ordnades en h\u00f6gtidlig \u00f6verr\u00e4ckning av bidragen till mottagarna vid Moderlandsmonumentet i centrala Kiev. Mottagarna av transportmedlen och f\u00f6rn\u00f6denheterna \u00f6verr\u00e4cktes till tre olika kontakter. Den 15de mobila brigaden, vars medlemmar bes\u00f6kt \u00c5land i september, tog emot ambulansen och tv\u00e5 sm\u00e5 b\u00e5tar f\u00f6r att n\u00e5 ut till hj\u00e4lpbeh\u00f6vande p\u00e5 mindre \u00f6ar eller i samband med \u00f6versv\u00e4mningar. En annan person som Ukraina-gruppen haft kontakt med en l\u00e4ngre tid och som m\u00f6tte upp teamet i Kiev var Vlad. Vlad hj\u00e4lper bland annat \u00e4ldre personer, som inte sj\u00e4lv kan flytta och bor kvar i den s\u00e5 kallade nollomr\u00e5det mellan Ryssland och Ukraina, med f\u00f6rn\u00f6denheter och transporter ofta under mycket os\u00e4kra f\u00f6rh\u00e5llanden. Vlad fick med sig bland annat sovs\u00e4ckar, liggunderlag och alla de varma strumpor och vantar som stickats f\u00f6r denna leverans.<\/p>\n<p>Gruppen som deltagit i att f\u00f6ra ner fordonen har kommit tillbaka till \u00c5land efter k\u00e4nslosamma m\u00f6ten med m\u00e5nga v\u00e4nner i Kiev. Monica von Frenckell, som deltog p\u00e5 hj\u00e4lpresan och koordineringen av hj\u00e4lpinsatsen p\u00e5 samma s\u00e4tt som p\u00e5 de tidigare resorna, ber\u00e4ttar att \u201dI samband med de tidigare resorna har vi \u00f6verl\u00e5tit det som vi har haft med oss i Lviv, som ligger n\u00e4ra gr\u00e4nsen. I Kiev, som \u00e4r \u00e5tta timmar fr\u00e5n gr\u00e4nsen, blev den ukrainska vardagen p\u00e5taglig bl.a. med armerade vakter vid broarna p\u00e5 v\u00e4g till m\u00f6tesplatsen i Kiev.\u00a0 Dessutom lj\u00f6d ett flyglarm mitt under bes\u00f6ket till Moderlandsmuseet, under vilket alla kvinnor och barn skulle s\u00f6ka sig till bombskyddet. Allt detta vardag f\u00f6r ukrainarna i Kiev.\u00a0 Det var \u00e4ven r\u00f6rande att tr\u00e4ffa bekanta ukrainare, som \u00e4ven vistats p\u00e5 \u00c5land, nu p\u00e5 nytt i Kiev.\u201d<\/p>\n<p><strong><br \/>\nInsamlingen forts\u00e4tter<\/strong><\/p>\n<p>Arrang\u00f6rerna har \u00e5terh\u00e4mtat sig och f\u00f6ljande hj\u00e4lpinsamlingar och hj\u00e4lpinsatser \u00e4r redan i planering.\u00a0 Om du vill bidrag med det samma s\u00e5 g\u00e5r alla medel inbetalda till Mariehamns Rotaryklubbs insamlingskonto f\u00f6r Ukraina FI30 6601 0003 2569 71 (Insamlingstillst\u00e5nd 2023\/9116) forts\u00e4ttningsvis i sin helhet till dessa hj\u00e4lpresor och till hj\u00e4lp f\u00f6r Ukraina.<\/p>\n<p>Vi vill tacka alla som har bidragit till denna resa med pengar, f\u00f6rn\u00f6denheter, donationer av fordon och med tid och resurser till resan.<\/p>\n<p>Vi vill \u00e4ven samtidigt tacka alla som k\u00f6pte Ukraina-lotter inf\u00f6r hj\u00e4lpresan i november. Vi gratulerar vinnarna av huvudvinsterna Gun Eriksson Granlund och Sara Kalm som vann en tavla m\u00e5lad av Anna Lind Bengtsson och en ukrainsk konstn\u00e4r. Lotterivinster hade donerats f\u00f6rutom av dessa konstn\u00e4rer \u00e4ven av den sjukv\u00e5rdstrupp som bes\u00f6kte \u00c5land i september.<\/p>\n<blockquote><p>Tillsammans kan vi g\u00f6ra skillnad och bidra till att ge hj\u00e4lp och hopp f\u00f6r dem som drabbas av kriget!<\/p><\/blockquote>\n<p>F\u00f6r mera information, kontakta g\u00e4rna:<\/p>\n<p>Mariehamns Rotaryklubb rf<\/p>\n<p>Monica von Frenckell, ordf\u00f6rande f\u00f6r Ukraina-gruppen, e-post: <a href=\"mailto:monicavonfrenckell@gmail.com\" target=\"_blank\" rel=\"noopener\">monicavonfrenckell@gmail.com<\/a>,<br \/>\nFanny Johansson, skattm\u00e4stare, e-post: <a href=\"mailto:lillifanny.johansson@gmail.com\" target=\"_blank\" rel=\"noopener\">lillifanny.johansson@gmail.com<\/a><\/p>\n<blockquote><p>Rotary \u00e4r ett globalt n\u00e4tverk av \u00f6ver 1,4 miljoner handlingskraftiga m\u00e4nniskor i mer \u00e4n 46 000 klubbar runt om i v\u00e4rlden. Gemensamt f\u00f6r oss alla \u00e4r att vi vill m\u00f6tas, utvecklas och st\u00e4ndigt vidga v\u00e5ra vyer, samtidigt som vi vill g\u00f6ra goda insatser f\u00f6r samh\u00e4llet, b\u00e5de h\u00e4r hemma och l\u00e4ngre bort. Rotary \u00e4r en politiskt och religi\u00f6st obunden organisation, \u00f6ppen f\u00f6r alla kulturer, etniska grupper och trosriktningar.<\/p><\/blockquote>\n<div id=\"attachment_2527\" style=\"width: 2058px\" class=\"wp-caption alignnone\"><img loading=\"lazy\" decoding=\"async\" aria-describedby=\"caption-attachment-2527\" class=\"size-full wp-image-2527\" src=\"https:\/\/rotary.fi\/mariehamn\/wp-content\/uploads\/sites\/246\/2024\/12\/bild-6.jpg\" alt=\"\" width=\"2048\" height=\"1365\" srcset=\"https:\/\/rotary.fi\/mariehamn\/wp-content\/uploads\/sites\/246\/2024\/12\/bild-6.jpg 2048w, https:\/\/rotary.fi\/mariehamn\/wp-content\/uploads\/sites\/246\/2024\/12\/bild-6-1280x853.jpg 1280w, https:\/\/rotary.fi\/mariehamn\/wp-content\/uploads\/sites\/246\/2024\/12\/bild-6-980x653.jpg 980w, https:\/\/rotary.fi\/mariehamn\/wp-content\/uploads\/sites\/246\/2024\/12\/bild-6-480x320.jpg 480w\" sizes=\"(min-width: 0px) and (max-width: 480px) 480px, (min-width: 481px) and (max-width: 980px) 980px, (min-width: 981px) and (max-width: 1280px) 1280px, (min-width: 1281px) 2048px, 100vw\" \/><p id=\"caption-attachment-2527\" class=\"wp-caption-text\">Bes\u00f6k vid minnesplats f\u00f6r stupade i kriget i Kiev. Foto: Hulya Ehres<\/p><\/div>\n<div id=\"attachment_2526\" style=\"width: 2058px\" class=\"wp-caption alignnone\"><img loading=\"lazy\" decoding=\"async\" aria-describedby=\"caption-attachment-2526\" class=\"size-full wp-image-2526\" src=\"https:\/\/rotary.fi\/mariehamn\/wp-content\/uploads\/sites\/246\/2024\/12\/bild-5.jpg\" alt=\"\" width=\"2048\" height=\"1365\" srcset=\"https:\/\/rotary.fi\/mariehamn\/wp-content\/uploads\/sites\/246\/2024\/12\/bild-5.jpg 2048w, https:\/\/rotary.fi\/mariehamn\/wp-content\/uploads\/sites\/246\/2024\/12\/bild-5-1280x853.jpg 1280w, https:\/\/rotary.fi\/mariehamn\/wp-content\/uploads\/sites\/246\/2024\/12\/bild-5-980x653.jpg 980w, https:\/\/rotary.fi\/mariehamn\/wp-content\/uploads\/sites\/246\/2024\/12\/bild-5-480x320.jpg 480w\" sizes=\"(min-width: 0px) and (max-width: 480px) 480px, (min-width: 481px) and (max-width: 980px) 980px, (min-width: 981px) and (max-width: 1280px) 1280px, (min-width: 1281px) 2048px, 100vw\" \/><p id=\"caption-attachment-2526\" class=\"wp-caption-text\">Bes\u00f6k vid minnesplats f\u00f6r stupade i kriget i Kiev. Foto: Hulya Ehres<\/p><\/div>\n<div id=\"attachment_2525\" style=\"width: 1375px\" class=\"wp-caption alignnone\"><img loading=\"lazy\" decoding=\"async\" aria-describedby=\"caption-attachment-2525\" class=\"size-full wp-image-2525\" src=\"https:\/\/rotary.fi\/mariehamn\/wp-content\/uploads\/sites\/246\/2024\/12\/bild-4.jpg\" alt=\"\" width=\"1365\" height=\"2048\" srcset=\"https:\/\/rotary.fi\/mariehamn\/wp-content\/uploads\/sites\/246\/2024\/12\/bild-4.jpg 1365w, https:\/\/rotary.fi\/mariehamn\/wp-content\/uploads\/sites\/246\/2024\/12\/bild-4-1280x1920.jpg 1280w, https:\/\/rotary.fi\/mariehamn\/wp-content\/uploads\/sites\/246\/2024\/12\/bild-4-980x1470.jpg 980w, https:\/\/rotary.fi\/mariehamn\/wp-content\/uploads\/sites\/246\/2024\/12\/bild-4-480x720.jpg 480w\" sizes=\"(min-width: 0px) and (max-width: 480px) 480px, (min-width: 481px) and (max-width: 980px) 980px, (min-width: 981px) and (max-width: 1280px) 1280px, (min-width: 1281px) 1365px, 100vw\" \/><p id=\"caption-attachment-2525\" class=\"wp-caption-text\">Bes\u00f6k vid minnesplats f\u00f6r stupade i kriget i Kiev. Foto: Hulya Ehres<\/p><\/div>\n<div id=\"attachment_2524\" style=\"width: 2058px\" class=\"wp-caption alignnone\"><img loading=\"lazy\" decoding=\"async\" aria-describedby=\"caption-attachment-2524\" class=\"size-full wp-image-2524\" src=\"https:\/\/rotary.fi\/mariehamn\/wp-content\/uploads\/sites\/246\/2024\/12\/bild-3.jpg\" alt=\"\" width=\"2048\" height=\"1365\" srcset=\"https:\/\/rotary.fi\/mariehamn\/wp-content\/uploads\/sites\/246\/2024\/12\/bild-3.jpg 2048w, https:\/\/rotary.fi\/mariehamn\/wp-content\/uploads\/sites\/246\/2024\/12\/bild-3-1280x853.jpg 1280w, https:\/\/rotary.fi\/mariehamn\/wp-content\/uploads\/sites\/246\/2024\/12\/bild-3-980x653.jpg 980w, https:\/\/rotary.fi\/mariehamn\/wp-content\/uploads\/sites\/246\/2024\/12\/bild-3-480x320.jpg 480w\" sizes=\"(min-width: 0px) and (max-width: 480px) 480px, (min-width: 481px) and (max-width: 980px) 980px, (min-width: 981px) and (max-width: 1280px) 1280px, (min-width: 1281px) 2048px, 100vw\" \/><p id=\"caption-attachment-2524\" class=\"wp-caption-text\">Gruppen anl\u00e4nder till Kiev (vid skylten Kiev). Foto: Hulya Ehres<\/p><\/div>\n<div id=\"attachment_2523\" style=\"width: 1210px\" class=\"wp-caption alignnone\"><img loading=\"lazy\" decoding=\"async\" aria-describedby=\"caption-attachment-2523\" class=\"size-full wp-image-2523\" src=\"https:\/\/rotary.fi\/mariehamn\/wp-content\/uploads\/sites\/246\/2024\/12\/bild-1.jpg\" alt=\"\" width=\"1200\" height=\"900\" srcset=\"https:\/\/rotary.fi\/mariehamn\/wp-content\/uploads\/sites\/246\/2024\/12\/bild-1.jpg 1200w, https:\/\/rotary.fi\/mariehamn\/wp-content\/uploads\/sites\/246\/2024\/12\/bild-1-980x735.jpg 980w, https:\/\/rotary.fi\/mariehamn\/wp-content\/uploads\/sites\/246\/2024\/12\/bild-1-480x360.jpg 480w\" sizes=\"(min-width: 0px) and (max-width: 480px) 480px, (min-width: 481px) and (max-width: 980px) 980px, (min-width: 981px) 1200px, 100vw\" \/><p id=\"caption-attachment-2523\" class=\"wp-caption-text\">Ambulansen lastad i Mariehamn inf\u00f6r hj\u00e4lpresan till Ukraina p\u00e5 en av lastbilarna. Foto: Hulya Ehres<\/p><\/div>\n<div id=\"attachment_2522\" style=\"width: 2058px\" class=\"wp-caption alignnone\"><img loading=\"lazy\" decoding=\"async\" aria-describedby=\"caption-attachment-2522\" class=\"size-full wp-image-2522\" src=\"https:\/\/rotary.fi\/mariehamn\/wp-content\/uploads\/sites\/246\/2024\/12\/bild2.jpg\" alt=\"\" width=\"2048\" height=\"1365\" srcset=\"https:\/\/rotary.fi\/mariehamn\/wp-content\/uploads\/sites\/246\/2024\/12\/bild2.jpg 2048w, https:\/\/rotary.fi\/mariehamn\/wp-content\/uploads\/sites\/246\/2024\/12\/bild2-1280x853.jpg 1280w, https:\/\/rotary.fi\/mariehamn\/wp-content\/uploads\/sites\/246\/2024\/12\/bild2-980x653.jpg 980w, https:\/\/rotary.fi\/mariehamn\/wp-content\/uploads\/sites\/246\/2024\/12\/bild2-480x320.jpg 480w\" sizes=\"(min-width: 0px) and (max-width: 480px) 480px, (min-width: 481px) and (max-width: 980px) 980px, (min-width: 981px) and (max-width: 1280px) 1280px, (min-width: 1281px) 2048px, 100vw\" \/><p id=\"caption-attachment-2522\" class=\"wp-caption-text\">M\u00f6te p\u00e5 ukrainska sidan av gr\u00e4nsen p\u00e5 en bensinmack med representanter ur 15de mobila enheten. Foto: Hulya Ehres<\/p><\/div>\n<div id=\"attachment_2521\" style=\"width: 1180px\" class=\"wp-caption alignnone\"><img loading=\"lazy\" decoding=\"async\" aria-describedby=\"caption-attachment-2521\" class=\"size-full wp-image-2521\" src=\"https:\/\/rotary.fi\/mariehamn\/wp-content\/uploads\/sites\/246\/2024\/12\/bild-8.jpg\" alt=\"\" width=\"1170\" height=\"1755\" srcset=\"https:\/\/rotary.fi\/mariehamn\/wp-content\/uploads\/sites\/246\/2024\/12\/bild-8.jpg 1170w, https:\/\/rotary.fi\/mariehamn\/wp-content\/uploads\/sites\/246\/2024\/12\/bild-8-980x1470.jpg 980w, https:\/\/rotary.fi\/mariehamn\/wp-content\/uploads\/sites\/246\/2024\/12\/bild-8-480x720.jpg 480w\" sizes=\"(min-width: 0px) and (max-width: 480px) 480px, (min-width: 481px) and (max-width: 980px) 980px, (min-width: 981px) 1170px, 100vw\" \/><p id=\"caption-attachment-2521\" class=\"wp-caption-text\">Vlad och Monica von Frenckell. Foto: Hulya Ehres<\/p><\/div>\n<div id=\"attachment_2520\" style=\"width: 1180px\" class=\"wp-caption alignnone\"><img loading=\"lazy\" decoding=\"async\" aria-describedby=\"caption-attachment-2520\" class=\"size-full wp-image-2520\" src=\"https:\/\/rotary.fi\/mariehamn\/wp-content\/uploads\/sites\/246\/2024\/12\/bild-7.jpg\" alt=\"\" width=\"1170\" height=\"780\" srcset=\"https:\/\/rotary.fi\/mariehamn\/wp-content\/uploads\/sites\/246\/2024\/12\/bild-7.jpg 1170w, https:\/\/rotary.fi\/mariehamn\/wp-content\/uploads\/sites\/246\/2024\/12\/bild-7-980x653.jpg 980w, https:\/\/rotary.fi\/mariehamn\/wp-content\/uploads\/sites\/246\/2024\/12\/bild-7-480x320.jpg 480w\" sizes=\"(min-width: 0px) and (max-width: 480px) 480px, (min-width: 481px) and (max-width: 980px) 980px, (min-width: 981px) 1170px, 100vw\" \/><p id=\"caption-attachment-2520\" class=\"wp-caption-text\">Bild \u00f6ver Kiev p\u00e5 avst\u00e5nd. Foto: Hulya Ehres<\/p><\/div>\n","protected":false},"template":"","class_list":["post-2517","ajankohtaiset","type-ajankohtaiset","status-publish","hentry"],"acf":[],"yoast_head":"<!-- This site is optimized with the Yoast SEO plugin v27.4 - https:\/\/yoast.com\/product\/yoast-seo-wordpress\/ -->\n<title>Rapportering fr\u00e5n hj\u00e4lps\u00e4ndning till Kiev i november - Mariehamns Rotaryklubb<\/title>\n<meta name=\"robots\" content=\"index, follow, max-snippet:-1, max-image-preview:large, max-video-preview:-1\" \/>\n<link rel=\"canonical\" href=\"https:\/\/rotary.fi\/mariehamn\/aktuella-artiklar\/rapportering-fran-hjalpsandning-till-kiev-i-november\/\" \/>\n<meta property=\"og:locale\" content=\"sv_SE\" \/>\n<meta property=\"og:type\" content=\"article\" \/>\n<meta property=\"og:title\" content=\"Rapportering fr\u00e5n hj\u00e4lps\u00e4ndning till Kiev i november - Mariehamns Rotaryklubb\" \/>\n<meta property=\"og:description\" content=\"I b\u00f6rjan av november genomf\u00f6rdes ytterligare en hj\u00e4lpresa till Ukraina som \u00e5l\u00e4nningarna bidrog till genom att betala in p\u00e5 insamlingskonto, genom att bidra med f\u00f6rn\u00f6denheter som yllestrumpor, elverk, batterier, ficklampor och mycket annat f\u00f6r vilket utrop gjordes via lokaltidningarna. Dessutom anordnades ett lotteri f\u00f6r Ukraina som genomf\u00f6rdes de sista veckorna innan resan f\u00f6r att ytterligare [&hellip;]\" \/>\n<meta property=\"og:url\" content=\"https:\/\/rotary.fi\/mariehamn\/aktuella-artiklar\/rapportering-fran-hjalpsandning-till-kiev-i-november\/\" \/>\n<meta property=\"og:site_name\" content=\"Mariehamns Rotaryklubb\" \/>\n<meta property=\"article:modified_time\" content=\"2024-12-11T10:45:43+00:00\" \/>\n<meta property=\"og:image\" content=\"https:\/\/rotary.fi\/mariehamn\/wp-content\/uploads\/sites\/246\/2024\/12\/bild-9.jpg\" \/>\n\t<meta property=\"og:image:width\" content=\"1170\" \/>\n\t<meta property=\"og:image:height\" content=\"780\" \/>\n\t<meta property=\"og:image:type\" content=\"image\/jpeg\" \/>\n<meta name=\"twitter:card\" content=\"summary_large_image\" \/>\n<meta name=\"twitter:label1\" content=\"Ber\u00e4knad l\u00e4stid\" \/>\n\t<meta name=\"twitter:data1\" content=\"6 minuter\" \/>\n<script type=\"application\/ld+json\" class=\"yoast-schema-graph\">{\"@context\":\"https:\\\/\\\/schema.org\",\"@graph\":[{\"@type\":\"WebPage\",\"@id\":\"https:\\\/\\\/rotary.fi\\\/mariehamn\\\/aktuella-artiklar\\\/rapportering-fran-hjalpsandning-till-kiev-i-november\\\/\",\"url\":\"https:\\\/\\\/rotary.fi\\\/mariehamn\\\/aktuella-artiklar\\\/rapportering-fran-hjalpsandning-till-kiev-i-november\\\/\",\"name\":\"Rapportering fr\u00e5n hj\u00e4lps\u00e4ndning till Kiev i november - Mariehamns Rotaryklubb\",\"isPartOf\":{\"@id\":\"https:\\\/\\\/rotary.fi\\\/mariehamn\\\/#website\"},\"primaryImageOfPage\":{\"@id\":\"https:\\\/\\\/rotary.fi\\\/mariehamn\\\/aktuella-artiklar\\\/rapportering-fran-hjalpsandning-till-kiev-i-november\\\/#primaryimage\"},\"image\":{\"@id\":\"https:\\\/\\\/rotary.fi\\\/mariehamn\\\/aktuella-artiklar\\\/rapportering-fran-hjalpsandning-till-kiev-i-november\\\/#primaryimage\"},\"thumbnailUrl\":\"https:\\\/\\\/rotary.fi\\\/mariehamn\\\/wp-content\\\/uploads\\\/sites\\\/246\\\/2024\\\/12\\\/bild-9.jpg\",\"datePublished\":\"2024-12-04T15:52:37+00:00\",\"dateModified\":\"2024-12-11T10:45:43+00:00\",\"breadcrumb\":{\"@id\":\"https:\\\/\\\/rotary.fi\\\/mariehamn\\\/aktuella-artiklar\\\/rapportering-fran-hjalpsandning-till-kiev-i-november\\\/#breadcrumb\"},\"inLanguage\":\"sv-SE\",\"potentialAction\":[{\"@type\":\"ReadAction\",\"target\":[\"https:\\\/\\\/rotary.fi\\\/mariehamn\\\/aktuella-artiklar\\\/rapportering-fran-hjalpsandning-till-kiev-i-november\\\/\"]}]},{\"@type\":\"ImageObject\",\"inLanguage\":\"sv-SE\",\"@id\":\"https:\\\/\\\/rotary.fi\\\/mariehamn\\\/aktuella-artiklar\\\/rapportering-fran-hjalpsandning-till-kiev-i-november\\\/#primaryimage\",\"url\":\"https:\\\/\\\/rotary.fi\\\/mariehamn\\\/wp-content\\\/uploads\\\/sites\\\/246\\\/2024\\\/12\\\/bild-9.jpg\",\"contentUrl\":\"https:\\\/\\\/rotary.fi\\\/mariehamn\\\/wp-content\\\/uploads\\\/sites\\\/246\\\/2024\\\/12\\\/bild-9.jpg\",\"width\":1170,\"height\":780,\"caption\":\"Bes\u00f6k vid minnesplats f\u00f6r stupade i kriget i Kiev. Foto: Huyla Ehres\"},{\"@type\":\"BreadcrumbList\",\"@id\":\"https:\\\/\\\/rotary.fi\\\/mariehamn\\\/aktuella-artiklar\\\/rapportering-fran-hjalpsandning-till-kiev-i-november\\\/#breadcrumb\",\"itemListElement\":[{\"@type\":\"ListItem\",\"position\":1,\"name\":\"Home\",\"item\":\"https:\\\/\\\/rotary.fi\\\/mariehamn\\\/\"},{\"@type\":\"ListItem\",\"position\":2,\"name\":\"Rapportering fr\u00e5n hj\u00e4lps\u00e4ndning till Kiev i november\"}]},{\"@type\":\"WebSite\",\"@id\":\"https:\\\/\\\/rotary.fi\\\/mariehamn\\\/#website\",\"url\":\"https:\\\/\\\/rotary.fi\\\/mariehamn\\\/\",\"name\":\"Mariehamns Rotaryklubb\",\"description\":\"Ny rotaryklubbs hemsida\",\"potentialAction\":[{\"@type\":\"SearchAction\",\"target\":{\"@type\":\"EntryPoint\",\"urlTemplate\":\"https:\\\/\\\/rotary.fi\\\/mariehamn\\\/?s={search_term_string}\"},\"query-input\":{\"@type\":\"PropertyValueSpecification\",\"valueRequired\":true,\"valueName\":\"search_term_string\"}}],\"inLanguage\":\"sv-SE\"}]}<\/script>\n<!-- \/ Yoast SEO plugin. -->","yoast_head_json":{"title":"Rapportering fr\u00e5n hj\u00e4lps\u00e4ndning till Kiev i november - Mariehamns Rotaryklubb","robots":{"index":"index","follow":"follow","max-snippet":"max-snippet:-1","max-image-preview":"max-image-preview:large","max-video-preview":"max-video-preview:-1"},"canonical":"https:\/\/rotary.fi\/mariehamn\/aktuella-artiklar\/rapportering-fran-hjalpsandning-till-kiev-i-november\/","og_locale":"sv_SE","og_type":"article","og_title":"Rapportering fr\u00e5n hj\u00e4lps\u00e4ndning till Kiev i november - Mariehamns Rotaryklubb","og_description":"I b\u00f6rjan av november genomf\u00f6rdes ytterligare en hj\u00e4lpresa till Ukraina som \u00e5l\u00e4nningarna bidrog till genom att betala in p\u00e5 insamlingskonto, genom att bidra med f\u00f6rn\u00f6denheter som yllestrumpor, elverk, batterier, ficklampor och mycket annat f\u00f6r vilket utrop gjordes via lokaltidningarna. Dessutom anordnades ett lotteri f\u00f6r Ukraina som genomf\u00f6rdes de sista veckorna innan resan f\u00f6r att ytterligare [&hellip;]","og_url":"https:\/\/rotary.fi\/mariehamn\/aktuella-artiklar\/rapportering-fran-hjalpsandning-till-kiev-i-november\/","og_site_name":"Mariehamns Rotaryklubb","article_modified_time":"2024-12-11T10:45:43+00:00","og_image":[{"width":1170,"height":780,"url":"https:\/\/rotary.fi\/mariehamn\/wp-content\/uploads\/sites\/246\/2024\/12\/bild-9.jpg","type":"image\/jpeg"}],"twitter_card":"summary_large_image","twitter_misc":{"Ber\u00e4knad l\u00e4stid":"6 minuter"},"schema":{"@context":"https:\/\/schema.org","@graph":[{"@type":"WebPage","@id":"https:\/\/rotary.fi\/mariehamn\/aktuella-artiklar\/rapportering-fran-hjalpsandning-till-kiev-i-november\/","url":"https:\/\/rotary.fi\/mariehamn\/aktuella-artiklar\/rapportering-fran-hjalpsandning-till-kiev-i-november\/","name":"Rapportering fr\u00e5n hj\u00e4lps\u00e4ndning till Kiev i november - Mariehamns Rotaryklubb","isPartOf":{"@id":"https:\/\/rotary.fi\/mariehamn\/#website"},"primaryImageOfPage":{"@id":"https:\/\/rotary.fi\/mariehamn\/aktuella-artiklar\/rapportering-fran-hjalpsandning-till-kiev-i-november\/#primaryimage"},"image":{"@id":"https:\/\/rotary.fi\/mariehamn\/aktuella-artiklar\/rapportering-fran-hjalpsandning-till-kiev-i-november\/#primaryimage"},"thumbnailUrl":"https:\/\/rotary.fi\/mariehamn\/wp-content\/uploads\/sites\/246\/2024\/12\/bild-9.jpg","datePublished":"2024-12-04T15:52:37+00:00","dateModified":"2024-12-11T10:45:43+00:00","breadcrumb":{"@id":"https:\/\/rotary.fi\/mariehamn\/aktuella-artiklar\/rapportering-fran-hjalpsandning-till-kiev-i-november\/#breadcrumb"},"inLanguage":"sv-SE","potentialAction":[{"@type":"ReadAction","target":["https:\/\/rotary.fi\/mariehamn\/aktuella-artiklar\/rapportering-fran-hjalpsandning-till-kiev-i-november\/"]}]},{"@type":"ImageObject","inLanguage":"sv-SE","@id":"https:\/\/rotary.fi\/mariehamn\/aktuella-artiklar\/rapportering-fran-hjalpsandning-till-kiev-i-november\/#primaryimage","url":"https:\/\/rotary.fi\/mariehamn\/wp-content\/uploads\/sites\/246\/2024\/12\/bild-9.jpg","contentUrl":"https:\/\/rotary.fi\/mariehamn\/wp-content\/uploads\/sites\/246\/2024\/12\/bild-9.jpg","width":1170,"height":780,"caption":"Bes\u00f6k vid minnesplats f\u00f6r stupade i kriget i Kiev. Foto: Huyla Ehres"},{"@type":"BreadcrumbList","@id":"https:\/\/rotary.fi\/mariehamn\/aktuella-artiklar\/rapportering-fran-hjalpsandning-till-kiev-i-november\/#breadcrumb","itemListElement":[{"@type":"ListItem","position":1,"name":"Home","item":"https:\/\/rotary.fi\/mariehamn\/"},{"@type":"ListItem","position":2,"name":"Rapportering fr\u00e5n hj\u00e4lps\u00e4ndning till Kiev i november"}]},{"@type":"WebSite","@id":"https:\/\/rotary.fi\/mariehamn\/#website","url":"https:\/\/rotary.fi\/mariehamn\/","name":"Mariehamns Rotaryklubb","description":"Ny rotaryklubbs hemsida","potentialAction":[{"@type":"SearchAction","target":{"@type":"EntryPoint","urlTemplate":"https:\/\/rotary.fi\/mariehamn\/?s={search_term_string}"},"query-input":{"@type":"PropertyValueSpecification","valueRequired":true,"valueName":"search_term_string"}}],"inLanguage":"sv-SE"}]}},"lang":"sv","translations":{"sv":2517},"pll_sync_post":[],"_links":{"self":[{"href":"https:\/\/rotary.fi\/mariehamn\/wp-json\/wp\/v2\/ajankohtaiset\/2517","targetHints":{"allow":["GET"]}}],"collection":[{"href":"https:\/\/rotary.fi\/mariehamn\/wp-json\/wp\/v2\/ajankohtaiset"}],"about":[{"href":"https:\/\/rotary.fi\/mariehamn\/wp-json\/wp\/v2\/types\/ajankohtaiset"}],"wp:attachment":[{"href":"https:\/\/rotary.fi\/mariehamn\/wp-json\/wp\/v2\/media?parent=2517"}],"curies":[{"name":"wp","href":"https:\/\/api.w.org\/{rel}","templated":true}]}}