{"id":186,"date":"2018-08-13T11:06:59","date_gmt":"2018-08-13T08:06:59","guid":{"rendered":"https:\/\/rotary.fi\/lieto\/?page_id=186"},"modified":"2026-08-24T10:32:42","modified_gmt":"2026-08-24T07:32:42","slug":"tapahtumakalenteri","status":"publish","type":"page","link":"https:\/\/rotary.fi\/lieto\/ajankohtaista\/tapahtumakalenteri\/","title":{"rendered":"Tapahtumakalenteri"},"content":{"rendered":"<p>[et_pb_section fb_built=&#8221;1&#8243; _builder_version=&#8221;4.27.4&#8243; _module_preset=&#8221;default&#8221; global_colors_info=&#8221;{}&#8221;][\/et_pb_section][et_pb_section fb_built=&#8221;1&#8243; _builder_version=&#8221;4.27.4&#8243; _module_preset=&#8221;default&#8221; global_colors_info=&#8221;{}&#8221;][et_pb_row _builder_version=&#8221;4.27.4&#8243; _module_preset=&#8221;default&#8221; hover_enabled=&#8221;0&#8243; global_colors_info=&#8221;{}&#8221; sticky_enabled=&#8221;0&#8243;][et_pb_column type=&#8221;4_4&#8243; _builder_version=&#8221;4.27.4&#8243; _module_preset=&#8221;default&#8221; global_colors_info=&#8221;{}&#8221;][et_pb_text _builder_version=&#8221;4.27.7&#8243; _module_preset=&#8221;default&#8221; hover_enabled=&#8221;0&#8243; global_colors_info=&#8221;{}&#8221; sticky_enabled=&#8221;0&#8243;]<\/p>\n<p style=\"font-weight: 400\">\n<p style=\"font-weight: 400\"><strong>Vuosi 2026<\/strong><\/p>\n<p style=\"font-weight: 400\"><span>\u00a0<\/span><\/p>\n<p style=\"font-weight: 400\"><strong>vko 35<\/strong><span>\u00a0\u00a0\u00a0 <\/span><span>\u00a0 <\/span>ti, 25.8. Rotarykauden avaus.<\/p>\n<p style=\"font-weight: 400\">Presidentin suunnittelema teema vuodelle <strong>&#8221;Taiteen kosketus<\/strong>&#8221;.<\/p>\n<p style=\"font-weight: 400\">Keskustellaan teemasta presidentin johdolla ja lopuksi kaikille \u201dtaidebingo\u201d<\/p>\n<p style=\"font-weight: 400\">Vaihtoon tulleet vaihto-oppilaat esitt\u00e4ytyv\u00e4t ja vaihdosta tulleet kertovat vaihtovuodestaan.<\/p>\n<p style=\"font-weight: 400\"><strong>vko 37<\/strong><span>\u00a0\u00a0\u00a0 <\/span><span>\u00a0 <\/span>ti, 8.9.<span>\u00a0\u00a0\u00a0\u00a0\u00a0\u00a0\u00a0 <\/span><\/p>\n<p style=\"font-weight: 400\">Kansainv\u00e4liset radiostandardit, Jussi Numminen, Wirepas<\/p>\n<p style=\"font-weight: 400\"><strong>vko 39<\/strong><span>\u00a0\u00a0 <\/span><span>\u00a0\u00a0\u00a0 <\/span>ti, 22.9.<span>\u00a0\u00a0\u00a0\u00a0\u00a0\u00a0\u00a0\u00a0\u00a0\u00a0\u00a0\u00a0\u00a0 <\/span><\/p>\n<p style=\"font-weight: 400\">AG:n Jan Lindstr\u00f6n vierailu &#8211; Kalle Hartikainen Vapaaehtoinen Meripelastustoiminta<\/p>\n<p style=\"font-weight: 400\">\u00a0<strong>vko 41<\/strong><span>\u00a0\u00a0 <\/span><span>\u00a0\u00a0\u00a0\u00a0\u00a0 <\/span><span>\u00a0<\/span>ti, 6.10.<span>\u00a0\u00a0\u00a0\u00a0\u00a0\u00a0\u00a0\u00a0\u00a0\u00a0\u00a0\u00a0 <\/span><\/p>\n<p style=\"font-weight: 400\">Tutustuminen Turun Taiteen taloon, Nunnankatu 4, Turku<\/p>\n<p style=\"font-weight: 400\"><strong>vko 43<\/strong> <span>\u00a0\u00a0\u00a0\u00a0\u00a0\u00a0 <\/span>ke, 21.10.<span>\u00a0\u00a0\u00a0\u00a0\u00a0\u00a0\u00a0\u00a0\u00a0\u00a0\u00a0\u00a0\u00a0\u00a0 <\/span><\/p>\n<p style=\"font-weight: 400\">Tutustuminen Alvar Allon suunnittelemaan Paimion parantolaa <strong>ke 21.10 klo 15,<\/strong> Alvar Aallon tie 275, Paimio<\/p>\n<p style=\"font-weight: 400\"><strong>Syyskokous<\/strong><\/p>\n<p style=\"font-weight: 400\"><strong>vko 45<\/strong><span>\u00a0\u00a0\u00a0 <\/span><span>\u00a0\u00a0\u00a0\u00a0 <\/span>ti, 3.11.<span>\u00a0\u00a0\u00a0\u00a0\u00a0\u00a0\u00a0\u00a0\u00a0\u00a0\u00a0\u00a0\u00a0 <\/span><\/p>\n<p style=\"font-weight: 400\">Silja Selosen ateljeeseen tutustuminen, Kristiinankatu Turku<\/p>\n<p style=\"font-weight: 400\"><strong>vko 47<\/strong><span>\u00a0\u00a0\u00a0 <\/span><span>\u00a0\u00a0\u00a0\u00a0 <\/span>ti, 17.11. <span>\u00a0\u00a0\u00a0\u00a0 <\/span>Hallituksen kokous 16.30 alkaen DG Sakari Alaranta vierailu \u2013<\/p>\n<p style=\"font-weight: 400\">Luokit esitelm\u00e4 Jorma Hokka<\/p>\n<p style=\"font-weight: 400\"><strong>vko 49<\/strong><span>\u00a0\u00a0\u00a0 <\/span><span>\u00a0\u00a0\u00a0\u00a0 <\/span>su, 6.12.<span>\u00a0\u00a0\u00a0\u00a0\u00a0\u00a0\u00a0\u00a0\u00a0\u00a0 <\/span><\/p>\n<p style=\"font-weight: 400\">Itsen\u00e4isyysp\u00e4iv\u00e4n juhla.<\/p>\n<p style=\"font-weight: 400\"><strong>vko 50<\/strong><span>\u00a0\u00a0\u00a0 <\/span><span>\u00a0\u00a0\u00a0\u00a0 <\/span>pe 11.12.<\/p>\n<p style=\"font-weight: 400\">Joulujuhla Korsutuvalla.<\/p>\n<p style=\"font-weight: 400\">\n<p style=\"font-weight: 400\"><strong>Vuosi 2027<\/strong><\/p>\n<p style=\"font-weight: 400\">\u00a0<strong>vko 3<\/strong><span>\u00a0\u00a0 <\/span><span>\u00a0\u00a0\u00a0\u00a0\u00a0 <\/span><span>\u00a0<\/span>ti, 19.1.<span>\u00a0\u00a0\u00a0\u00a0\u00a0\u00a0\u00a0\u00a0\u00a0\u00a0\u00a0\u00a0\u00a0\u00a0 <\/span><\/p>\n<p style=\"font-weight: 400\">Tutustuminen Turun Konservatorioon, Linnankatu 60, Turku<\/p>\n<p style=\"font-weight: 400\"><strong>vko 5<\/strong><span>\u00a0\u00a0 <\/span><span>\u00a0\u00a0\u00a0\u00a0\u00a0 <\/span>ma, 1.2.<span>\u00a0\u00a0\u00a0\u00a0\u00a0\u00a0\u00a0\u00a0\u00a0\u00a0\u00a0\u00a0\u00a0\u00a0 <\/span><\/p>\n<p style=\"font-weight: 400\">It\u00e4meren turvallisuus, luonnontila ja tulevaisuus, Kansanedustaja Pauli Aalto-Set\u00e4l\u00e4<\/p>\n<p style=\"font-weight: 400\">\u00a0<strong>vko 7<\/strong><span>\u00a0\u00a0 <\/span><span>\u00a0\u00a0\u00a0\u00a0\u00a0 <\/span><span>\u00a0<\/span>ti 16.2<\/p>\n<p style=\"font-weight: 400\">Tutustuminen Turun uuteen musiikkitalo Fuugaan, It\u00e4inen Rantakatu 24, Turku<\/p>\n<p style=\"font-weight: 400\"><strong>vko 9<\/strong><span>\u00a0\u00a0\u00a0 <\/span><span>\u00a0\u00a0\u00a0\u00a0 <\/span>la, 6.3.<span>\u00a0\u00a0\u00a0\u00a0\u00a0\u00a0\u00a0\u00a0\u00a0\u00a0\u00a0\u00a0\u00a0\u00a0\u00a0\u00a0\u00a0 <\/span><\/p>\n<p style=\"font-weight: 400\">Kielletty alle 60-vuotiailta show, Joel Hallikainen ja Heikki Hilander, Liedon kaupungintalo<\/p>\n<p style=\"font-weight: 400\">\u00a0<strong>vko 11<\/strong><span>\u00a0 <\/span><span>\u00a0\u00a0\u00a0\u00a0 <\/span>la, 13.3.<span>\u00a0\u00a0\u00a0 <\/span><span>\u00a0 <\/span><\/p>\n<p style=\"font-weight: 400\">Talvisodan p\u00e4\u00e4ttymisp\u00e4iv\u00e4n muistojuhla.<\/p>\n<p style=\"font-weight: 400\"><strong>vko 13<\/strong><span>\u00a0\u00a0 <\/span><span>\u00a0\u00a0\u00a0 <\/span>ti, 30.3.<span>\u00a0\u00a0\u00a0\u00a0\u00a0\u00a0\u00a0\u00a0\u00a0\u00a0\u00a0\u00a0\u00a0\u00a0 <\/span><\/p>\n<p style=\"font-weight: 400\">xxxxx<\/p>\n<p style=\"font-weight: 400\"><strong>vko 15<\/strong><span>\u00a0\u00a0 <\/span><span>\u00a0\u00a0\u00a0 <\/span>ti, 13.4.<span>\u00a0\u00a0\u00a0\u00a0\u00a0\u00a0\u00a0\u00a0\u00a0\u00a0\u00a0\u00a0\u00a0\u00a0 <\/span><\/p>\n<p style=\"font-weight: 400\">xxxxxx<\/p>\n<p style=\"font-weight: 400\"><strong>vko 18<\/strong><span>\u00a0\u00a0 <\/span><span>\u00a0\u00a0\u00a0 <\/span>ma, 27.4. <span>\u00a0 <\/span><\/p>\n<p style=\"font-weight: 400\">Kansallisen veteraanip\u00e4iv\u00e4n juhlallisuudet.<\/p>\n<p style=\"font-weight: 400\"><strong>vko 19<\/strong><span>\u00a0\u00a0 <\/span><span>\u00a0\u00a0\u00a0 <\/span>ti, 11.5. <span>\u00a0\u00a0\u00a0\u00a0\u00a0 <\/span><\/p>\n<p style=\"font-weight: 400\">Vuosikokous, vaihtoon l\u00e4htev\u00e4 nuori.<\/p>\n<p style=\"font-weight: 400\"><strong>vko 21<\/strong><span>\u00a0 <\/span><span>\u00a0\u00a0\u00a0\u00a0 <\/span>ti, 25.5.<span>\u00a0\u00a0\u00a0\u00a0\u00a0\u00a0\u00a0\u00a0\u00a0\u00a0\u00a0\u00a0\u00a0\u00a0 <\/span><\/p>\n<p style=\"font-weight: 400\">xxxxx<\/p>\n<p style=\"font-weight: 400\"><strong>vko 23<\/strong><span>\u00a0 <\/span><span>\u00a0\u00a0\u00a0\u00a0 <\/span>ti, 8.6. <span>\u00a0\u00a0\u00a0\u00a0\u00a0\u00a0\u00a0 <\/span><\/p>\n<p style=\"font-weight: 400\">K\u00e4\u00e4tyjen vaihto.<\/p>\n<p style=\"font-weight: 400\">\n<p style=\"font-weight: 400\">[\/et_pb_text][\/et_pb_column][\/et_pb_row][\/et_pb_section]<\/p>\n","protected":false},"excerpt":{"rendered":"<p>Vuosi 2026 \u00a0 vko 35\u00a0\u00a0\u00a0 \u00a0 ti, 25.8. Rotarykauden avaus. Presidentin suunnittelema teema vuodelle &#8221;Taiteen kosketus&#8221;. Keskustellaan teemasta presidentin johdolla ja lopuksi kaikille \u201dtaidebingo\u201d Vaihtoon tulleet vaihto-oppilaat esitt\u00e4ytyv\u00e4t ja vaihdosta tulleet kertovat vaihtovuodestaan. vko 37\u00a0\u00a0\u00a0 \u00a0 ti, 8.9.\u00a0\u00a0\u00a0\u00a0\u00a0\u00a0\u00a0 Kansainv\u00e4liset radiostandardit, Jussi Numminen, Wirepas vko 39\u00a0\u00a0 \u00a0\u00a0\u00a0 ti, 22.9.\u00a0\u00a0\u00a0\u00a0\u00a0\u00a0\u00a0\u00a0\u00a0\u00a0\u00a0\u00a0\u00a0 AG:n Jan Lindstr\u00f6n vierailu &#8211; Kalle Hartikainen [&hellip;]<\/p>\n","protected":false},"author":1,"featured_media":0,"parent":94,"menu_order":0,"comment_status":"closed","ping_status":"closed","template":"","meta":{"_acf_changed":false,"_et_pb_use_builder":"on","_et_pb_old_content":"","_et_gb_content_width":"","footnotes":""},"class_list":["post-186","page","type-page","status-publish","hentry"],"acf":[],"yoast_head":"<!-- This site is optimized with the Yoast SEO plugin v28.1 - https:\/\/yoast.com\/product\/yoast-seo-wordpress\/ -->\n<title>Tapahtumakalenteri - Liedon Rotaryklubi<\/title>\n<meta name=\"robots\" content=\"index, follow, max-snippet:-1, max-image-preview:large, max-video-preview:-1\" \/>\n<link rel=\"canonical\" href=\"https:\/\/rotary.fi\/lieto\/ajankohtaista\/tapahtumakalenteri\/\" \/>\n<meta property=\"og:locale\" content=\"fi_FI\" \/>\n<meta property=\"og:type\" content=\"article\" \/>\n<meta property=\"og:title\" content=\"Tapahtumakalenteri - Liedon Rotaryklubi\" \/>\n<meta property=\"og:description\" content=\"Vuosi 2026 \u00a0 vko 35\u00a0\u00a0\u00a0 \u00a0 ti, 25.8. Rotarykauden avaus. Presidentin suunnittelema teema vuodelle &quot;Taiteen kosketus&quot;. Keskustellaan teemasta presidentin johdolla ja lopuksi kaikille \u201dtaidebingo\u201d Vaihtoon tulleet vaihto-oppilaat esitt\u00e4ytyv\u00e4t ja vaihdosta tulleet kertovat vaihtovuodestaan. vko 37\u00a0\u00a0\u00a0 \u00a0 ti, 8.9.\u00a0\u00a0\u00a0\u00a0\u00a0\u00a0\u00a0 Kansainv\u00e4liset radiostandardit, Jussi Numminen, Wirepas vko 39\u00a0\u00a0 \u00a0\u00a0\u00a0 ti, 22.9.\u00a0\u00a0\u00a0\u00a0\u00a0\u00a0\u00a0\u00a0\u00a0\u00a0\u00a0\u00a0\u00a0 AG:n Jan Lindstr\u00f6n vierailu - Kalle Hartikainen [&hellip;]\" \/>\n<meta property=\"og:url\" content=\"https:\/\/rotary.fi\/lieto\/ajankohtaista\/tapahtumakalenteri\/\" \/>\n<meta property=\"og:site_name\" content=\"Liedon Rotaryklubi\" \/>\n<meta property=\"article:modified_time\" content=\"2026-08-24T07:32:42+00:00\" \/>\n<meta name=\"twitter:card\" content=\"summary_large_image\" \/>\n<meta name=\"twitter:label1\" content=\"Arvioitu lukuaika\" \/>\n\t<meta name=\"twitter:data1\" content=\"1 minuutti\" \/>\n<script type=\"application\/ld+json\" class=\"yoast-schema-graph\">{\"@context\":\"https:\\\/\\\/schema.org\",\"@graph\":[{\"@type\":\"WebPage\",\"@id\":\"https:\\\/\\\/rotary.fi\\\/lieto\\\/ajankohtaista\\\/tapahtumakalenteri\\\/\",\"url\":\"https:\\\/\\\/rotary.fi\\\/lieto\\\/ajankohtaista\\\/tapahtumakalenteri\\\/\",\"name\":\"Tapahtumakalenteri - Liedon Rotaryklubi\",\"isPartOf\":{\"@id\":\"https:\\\/\\\/rotary.fi\\\/lieto\\\/#website\"},\"datePublished\":\"2018-08-13T08:06:59+00:00\",\"dateModified\":\"2026-08-24T07:32:42+00:00\",\"breadcrumb\":{\"@id\":\"https:\\\/\\\/rotary.fi\\\/lieto\\\/ajankohtaista\\\/tapahtumakalenteri\\\/#breadcrumb\"},\"inLanguage\":\"fi\",\"potentialAction\":[{\"@type\":\"ReadAction\",\"target\":[\"https:\\\/\\\/rotary.fi\\\/lieto\\\/ajankohtaista\\\/tapahtumakalenteri\\\/\"]}]},{\"@type\":\"BreadcrumbList\",\"@id\":\"https:\\\/\\\/rotary.fi\\\/lieto\\\/ajankohtaista\\\/tapahtumakalenteri\\\/#breadcrumb\",\"itemListElement\":[{\"@type\":\"ListItem\",\"position\":1,\"name\":\"Home\",\"item\":\"https:\\\/\\\/rotary.fi\\\/lieto\\\/\"},{\"@type\":\"ListItem\",\"position\":2,\"name\":\"Ajankohtaista\",\"item\":\"https:\\\/\\\/rotary.fi\\\/lieto\\\/ajankohtaista\\\/\"},{\"@type\":\"ListItem\",\"position\":3,\"name\":\"Tapahtumakalenteri\"}]},{\"@type\":\"WebSite\",\"@id\":\"https:\\\/\\\/rotary.fi\\\/lieto\\\/#website\",\"url\":\"https:\\\/\\\/rotary.fi\\\/lieto\\\/\",\"name\":\"Liedon Rotaryklubi\",\"description\":\"Uusi Rotary klubisivusto\",\"potentialAction\":[{\"@type\":\"SearchAction\",\"target\":{\"@type\":\"EntryPoint\",\"urlTemplate\":\"https:\\\/\\\/rotary.fi\\\/lieto\\\/?s={search_term_string}\"},\"query-input\":{\"@type\":\"PropertyValueSpecification\",\"valueRequired\":true,\"valueName\":\"search_term_string\"}}],\"inLanguage\":\"fi\"}]}<\/script>\n<!-- \/ Yoast SEO plugin. -->","yoast_head_json":{"title":"Tapahtumakalenteri - Liedon Rotaryklubi","robots":{"index":"index","follow":"follow","max-snippet":"max-snippet:-1","max-image-preview":"max-image-preview:large","max-video-preview":"max-video-preview:-1"},"canonical":"https:\/\/rotary.fi\/lieto\/ajankohtaista\/tapahtumakalenteri\/","og_locale":"fi_FI","og_type":"article","og_title":"Tapahtumakalenteri - Liedon Rotaryklubi","og_description":"Vuosi 2026 \u00a0 vko 35\u00a0\u00a0\u00a0 \u00a0 ti, 25.8. Rotarykauden avaus. Presidentin suunnittelema teema vuodelle \"Taiteen kosketus\". Keskustellaan teemasta presidentin johdolla ja lopuksi kaikille \u201dtaidebingo\u201d Vaihtoon tulleet vaihto-oppilaat esitt\u00e4ytyv\u00e4t ja vaihdosta tulleet kertovat vaihtovuodestaan. vko 37\u00a0\u00a0\u00a0 \u00a0 ti, 8.9.\u00a0\u00a0\u00a0\u00a0\u00a0\u00a0\u00a0 Kansainv\u00e4liset radiostandardit, Jussi Numminen, Wirepas vko 39\u00a0\u00a0 \u00a0\u00a0\u00a0 ti, 22.9.\u00a0\u00a0\u00a0\u00a0\u00a0\u00a0\u00a0\u00a0\u00a0\u00a0\u00a0\u00a0\u00a0 AG:n Jan Lindstr\u00f6n vierailu - Kalle Hartikainen [&hellip;]","og_url":"https:\/\/rotary.fi\/lieto\/ajankohtaista\/tapahtumakalenteri\/","og_site_name":"Liedon Rotaryklubi","article_modified_time":"2026-08-24T07:32:42+00:00","twitter_card":"summary_large_image","twitter_misc":{"Arvioitu lukuaika":"1 minuutti"},"schema":{"@context":"https:\/\/schema.org","@graph":[{"@type":"WebPage","@id":"https:\/\/rotary.fi\/lieto\/ajankohtaista\/tapahtumakalenteri\/","url":"https:\/\/rotary.fi\/lieto\/ajankohtaista\/tapahtumakalenteri\/","name":"Tapahtumakalenteri - Liedon Rotaryklubi","isPartOf":{"@id":"https:\/\/rotary.fi\/lieto\/#website"},"datePublished":"2018-08-13T08:06:59+00:00","dateModified":"2026-08-24T07:32:42+00:00","breadcrumb":{"@id":"https:\/\/rotary.fi\/lieto\/ajankohtaista\/tapahtumakalenteri\/#breadcrumb"},"inLanguage":"fi","potentialAction":[{"@type":"ReadAction","target":["https:\/\/rotary.fi\/lieto\/ajankohtaista\/tapahtumakalenteri\/"]}]},{"@type":"BreadcrumbList","@id":"https:\/\/rotary.fi\/lieto\/ajankohtaista\/tapahtumakalenteri\/#breadcrumb","itemListElement":[{"@type":"ListItem","position":1,"name":"Home","item":"https:\/\/rotary.fi\/lieto\/"},{"@type":"ListItem","position":2,"name":"Ajankohtaista","item":"https:\/\/rotary.fi\/lieto\/ajankohtaista\/"},{"@type":"ListItem","position":3,"name":"Tapahtumakalenteri"}]},{"@type":"WebSite","@id":"https:\/\/rotary.fi\/lieto\/#website","url":"https:\/\/rotary.fi\/lieto\/","name":"Liedon Rotaryklubi","description":"Uusi Rotary klubisivusto","potentialAction":[{"@type":"SearchAction","target":{"@type":"EntryPoint","urlTemplate":"https:\/\/rotary.fi\/lieto\/?s={search_term_string}"},"query-input":{"@type":"PropertyValueSpecification","valueRequired":true,"valueName":"search_term_string"}}],"inLanguage":"fi"}]}},"lang":"fi","translations":{"fi":186},"pll_sync_post":[],"_links":{"self":[{"href":"https:\/\/rotary.fi\/lieto\/wp-json\/wp\/v2\/pages\/186","targetHints":{"allow":["GET"]}}],"collection":[{"href":"https:\/\/rotary.fi\/lieto\/wp-json\/wp\/v2\/pages"}],"about":[{"href":"https:\/\/rotary.fi\/lieto\/wp-json\/wp\/v2\/types\/page"}],"author":[{"embeddable":true,"href":"https:\/\/rotary.fi\/lieto\/wp-json\/wp\/v2\/users\/1"}],"replies":[{"embeddable":true,"href":"https:\/\/rotary.fi\/lieto\/wp-json\/wp\/v2\/comments?post=186"}],"version-history":[{"count":12,"href":"https:\/\/rotary.fi\/lieto\/wp-json\/wp\/v2\/pages\/186\/revisions"}],"predecessor-version":[{"id":3132,"href":"https:\/\/rotary.fi\/lieto\/wp-json\/wp\/v2\/pages\/186\/revisions\/3132"}],"up":[{"embeddable":true,"href":"https:\/\/rotary.fi\/lieto\/wp-json\/wp\/v2\/pages\/94"}],"wp:attachment":[{"href":"https:\/\/rotary.fi\/lieto\/wp-json\/wp\/v2\/media?parent=186"}],"curies":[{"name":"wp","href":"https:\/\/api.w.org\/{rel}","templated":true}]}}