{"id":2427,"date":"2023-06-09T22:00:19","date_gmt":"2023-06-09T19:00:19","guid":{"rendered":"https:\/\/rotary.fi\/lielahdenrotaryklubi\/?post_type=ajankohtaiset&#038;p=2427"},"modified":"2023-06-11T14:16:23","modified_gmt":"2023-06-11T11:16:23","slug":"kevat-ja-vaihtokokous","status":"publish","type":"ajankohtaiset","link":"https:\/\/rotary.fi\/lielahdenrotaryklubi\/ajankohtaiset\/kevat-ja-vaihtokokous\/","title":{"rendered":"Kev\u00e4t ja vaihtokokous 2023"},"content":{"rendered":"<blockquote><p><img loading=\"lazy\" decoding=\"async\" class=\"size-medium wp-image-2433 alignnone\" src=\"https:\/\/rotary.fi\/lielahdenrotaryklubi\/wp-content\/uploads\/sites\/66\/2023\/06\/img-0532-300x300.jpeg\" alt=\"\" width=\"300\" height=\"300\" \/><\/p><\/blockquote>\n<p>Kokoonnuimme s\u00e4\u00e4nt\u00f6m\u00e4\u00e4r\u00e4iseen kev\u00e4tkokoukseen ja vaihtokokoukseen perjantaina 9.6.2026. Tilaisuus j\u00e4rjestettiin perinteisesti Suomalaisen Klubin Marskin salissa. Aluksi vietimme hiljaisen hetken klubistamme poisnukkuneiden rotarien muistolle.<\/p>\n<p>S\u00e4\u00e4nt\u00f6m\u00e4\u00e4r\u00e4inen kev\u00e4tkokous vietiin l\u00e4pi nopeassa tahdissa. Toimintakertomuksen yhteydess\u00e4 todettiin, ett\u00e4 klubin vaikeimmat koronanj\u00e4lkeiset vuodet ovat j\u00e4\u00e4m\u00e4ss\u00e4 taakse. Klubissa on saatu toimitsijakierto normaalisoitua ja klubiin on liittynyt j\u00e4seni\u00e4 monipuolistamaan ja aktivoimaan toimintaamme. Kokouksessa \u00a0esitt\u00e4ytyi my\u00f6s viimeisin j\u00e4senehdokas Marita.<\/p>\n<p>T\u00e4m\u00e4n j\u00e4lkeen v\u00e4istyv\u00e4 presidentti Harri Meller teki yhteenvetoa kuluneesta kaudesta.<\/p>\n<div id=\"attachment_2435\" style=\"width: 235px\" class=\"wp-caption alignnone\"><img loading=\"lazy\" decoding=\"async\" aria-describedby=\"caption-attachment-2435\" class=\"wp-image-2435 size-medium\" src=\"https:\/\/rotary.fi\/lielahdenrotaryklubi\/wp-content\/uploads\/sites\/66\/2023\/06\/img-0530-225x300.jpeg\" alt=\"\" width=\"225\" height=\"300\" \/><p id=\"caption-attachment-2435\" class=\"wp-caption-text\">Mit\u00e4 yhteist\u00e4 on Sauli Niinist\u00f6ll\u00e4 ja Harri Mellerill\u00e4? Molemmat kahden per\u00e4kk\u00e4isen kauden presidenttej\u00e4. J\u00e4lkimm\u00e4iselle kausia on kertynyt kaiken kaikkiaan kolme.<\/p><\/div>\n<p>Harri otti viran vastaan toistamiseen edellisvuonna ja jatkoi viel\u00e4 seuraavankin kauden presidenttin\u00e4, jotta toiminnan uudelleen organisoitiin koronanj\u00e4lkeisist\u00e4 haasteista saatiin lis\u00e4aikaa. Kokousten esitelm\u00e4kierron uudistaminen malliin, jossa kukin rotari vastaa yhden esitelm\u00e4n toteuttamisesta on jalkautunut hyvin. Esitelm\u00e4t ovat korkealaatuisia, ja mahdolliset vieraat tunnustettuja ammattilaisia. Toimihenkil\u00f6iden ty\u00f6 on helpottunut merkitt\u00e4v\u00e4sti. Suosittelemme mallia l\u00e4mpim\u00e4sti my\u00f6s muille klubeille. Kauden aikana kokoukset saatiin jalkautettua uuteen normaaliin. Tarjoamme edelleen hybridiosallistumista eli kokouksiin voi osallistua my\u00f6s Zoomin v\u00e4lityksell\u00e4.<\/p>\n<div id=\"attachment_2431\" style=\"width: 235px\" class=\"wp-caption alignnone\"><img loading=\"lazy\" decoding=\"async\" aria-describedby=\"caption-attachment-2431\" class=\"wp-image-2431 size-medium\" src=\"https:\/\/rotary.fi\/lielahdenrotaryklubi\/wp-content\/uploads\/sites\/66\/2023\/06\/img-0534-225x300.jpeg\" alt=\"\" width=\"225\" height=\"300\" \/><p id=\"caption-attachment-2431\" class=\"wp-caption-text\">Entinen presidentti Harri Meller ja nykyinen presidentti Iiro Lindberg.<\/p><\/div>\n<p>&nbsp;<\/p>\n<div id=\"attachment_2430\" style=\"width: 235px\" class=\"wp-caption alignnone\"><img loading=\"lazy\" decoding=\"async\" aria-describedby=\"caption-attachment-2430\" class=\"wp-image-2430 size-medium\" src=\"https:\/\/rotary.fi\/lielahdenrotaryklubi\/wp-content\/uploads\/sites\/66\/2023\/06\/img-0539-225x300.jpeg\" alt=\"\" width=\"225\" height=\"300\" \/><p id=\"caption-attachment-2430\" class=\"wp-caption-text\">Klubin uusi presidentti Iiro Lindberg.<\/p><\/div>\n<p>Tuleva presidentti Iiro Lindberg kertoi rotariyhteytens\u00e4 alkaneen jo omasta vaihto-oppilasvuodesta. T\u00e4st\u00e4 l\u00e4ht\u00f6kohdasta h\u00e4n kokee nuorisovaihtopalvelun ja vastaavan kokemuksen tarjoamisen seuraaville sukupolville syd\u00e4men asiana. H\u00e4n toimikin viel\u00e4 toissa vuona klubin nuorisovaihtoasiamiehen\u00e4 &#8211; yhteens\u00e4 toistakymment\u00e4 vuotta. Iiron mukaan mik\u00e4\u00e4n ei suuresti muutu tulevalla kaudella, keskityt\u00e4\u00e4n vakiinnuttamaan hyvi\u00e4 uusia k\u00e4yt\u00e4nt\u00f6j\u00e4 ja jatkamaan aktiivista j\u00e4senhankintaa.<\/p>\n<div id=\"attachment_2428\" style=\"width: 235px\" class=\"wp-caption alignnone\"><img loading=\"lazy\" decoding=\"async\" aria-describedby=\"caption-attachment-2428\" class=\"wp-image-2428 size-medium\" src=\"https:\/\/rotary.fi\/lielahdenrotaryklubi\/wp-content\/uploads\/sites\/66\/2023\/06\/img-0542-225x300.jpeg\" alt=\"\" width=\"225\" height=\"300\" \/><p id=\"caption-attachment-2428\" class=\"wp-caption-text\">Perustaj\u00e4sen Allan Lindbergin puhe illallisen p\u00e4\u00e4tteeksi kruunasi tilaisuuden.<\/p><\/div>\n<p>Tilaisuus oli l\u00e4mminhenkinen ja tulevaisuuden uskoa t\u00e4ynn\u00e4. Kiitos kaikille ja mukavaa kes\u00e4\u00e4!<\/p>\n<hr \/>\n<p>P.S. Tulevan kauden kokoukset alkavat tuttuun tapaan elokuun lopulla. Toimihenkil\u00f6t tiedottavat tarkemmin. Seuraa my\u00f6s alueellista rotarikalenteria: <a href=\"https:\/\/rotary.fi\/lielahdenrotaryklubi\/ajankohtaista\/tapahtumakalenteri\/\">https:\/\/rotary.fi\/lielahdenrotaryklubi\/ajankohtaista\/tapahtumakalenteri\/<\/a><\/p>\n","protected":false},"template":"","class_list":["post-2427","ajankohtaiset","type-ajankohtaiset","status-publish","hentry"],"acf":[],"yoast_head":"<!-- This site is optimized with the Yoast SEO plugin v27.4 - https:\/\/yoast.com\/product\/yoast-seo-wordpress\/ -->\n<title>Kev\u00e4t ja vaihtokokous 2023 - Tampere-Lielahden Rotaryklubi<\/title>\n<meta name=\"robots\" content=\"index, follow, max-snippet:-1, max-image-preview:large, max-video-preview:-1\" \/>\n<link rel=\"canonical\" href=\"https:\/\/rotary.fi\/lielahdenrotaryklubi\/ajankohtaiset\/kevat-ja-vaihtokokous\/\" \/>\n<meta property=\"og:locale\" content=\"fi_FI\" \/>\n<meta property=\"og:type\" content=\"article\" \/>\n<meta property=\"og:title\" content=\"Kev\u00e4t ja vaihtokokous 2023 - Tampere-Lielahden Rotaryklubi\" \/>\n<meta property=\"og:description\" content=\"Kokoonnuimme s\u00e4\u00e4nt\u00f6m\u00e4\u00e4r\u00e4iseen kev\u00e4tkokoukseen ja vaihtokokoukseen perjantaina 9.6.2026. Tilaisuus j\u00e4rjestettiin perinteisesti Suomalaisen Klubin Marskin salissa. Aluksi vietimme hiljaisen hetken klubistamme poisnukkuneiden rotarien muistolle. S\u00e4\u00e4nt\u00f6m\u00e4\u00e4r\u00e4inen kev\u00e4tkokous vietiin l\u00e4pi nopeassa tahdissa. Toimintakertomuksen yhteydess\u00e4 todettiin, ett\u00e4 klubin vaikeimmat koronanj\u00e4lkeiset vuodet ovat j\u00e4\u00e4m\u00e4ss\u00e4 taakse. Klubissa on saatu toimitsijakierto normaalisoitua ja klubiin on liittynyt j\u00e4seni\u00e4 monipuolistamaan ja aktivoimaan toimintaamme. Kokouksessa \u00a0esitt\u00e4ytyi [&hellip;]\" \/>\n<meta property=\"og:url\" content=\"https:\/\/rotary.fi\/lielahdenrotaryklubi\/ajankohtaiset\/kevat-ja-vaihtokokous\/\" \/>\n<meta property=\"og:site_name\" content=\"Tampere-Lielahden Rotaryklubi\" \/>\n<meta property=\"article:modified_time\" content=\"2023-06-11T11:16:23+00:00\" \/>\n<meta property=\"og:image\" content=\"https:\/\/rotary.fi\/lielahdenrotaryklubi\/wp-content\/uploads\/sites\/66\/2023\/06\/img-0532-300x300.jpeg\" \/>\n<meta name=\"twitter:card\" content=\"summary_large_image\" \/>\n<meta name=\"twitter:label1\" content=\"Arvioitu lukuaika\" \/>\n\t<meta name=\"twitter:data1\" content=\"3 minuuttia\" \/>\n<script type=\"application\/ld+json\" class=\"yoast-schema-graph\">{\"@context\":\"https:\\\/\\\/schema.org\",\"@graph\":[{\"@type\":\"WebPage\",\"@id\":\"https:\\\/\\\/rotary.fi\\\/lielahdenrotaryklubi\\\/ajankohtaiset\\\/kevat-ja-vaihtokokous\\\/\",\"url\":\"https:\\\/\\\/rotary.fi\\\/lielahdenrotaryklubi\\\/ajankohtaiset\\\/kevat-ja-vaihtokokous\\\/\",\"name\":\"Kev\u00e4t ja vaihtokokous 2023 - Tampere-Lielahden Rotaryklubi\",\"isPartOf\":{\"@id\":\"https:\\\/\\\/rotary.fi\\\/lielahdenrotaryklubi\\\/#website\"},\"primaryImageOfPage\":{\"@id\":\"https:\\\/\\\/rotary.fi\\\/lielahdenrotaryklubi\\\/ajankohtaiset\\\/kevat-ja-vaihtokokous\\\/#primaryimage\"},\"image\":{\"@id\":\"https:\\\/\\\/rotary.fi\\\/lielahdenrotaryklubi\\\/ajankohtaiset\\\/kevat-ja-vaihtokokous\\\/#primaryimage\"},\"thumbnailUrl\":\"https:\\\/\\\/rotary.fi\\\/lielahdenrotaryklubi\\\/wp-content\\\/uploads\\\/sites\\\/66\\\/2023\\\/06\\\/img-0532-300x300.jpeg\",\"datePublished\":\"2023-06-09T19:00:19+00:00\",\"dateModified\":\"2023-06-11T11:16:23+00:00\",\"breadcrumb\":{\"@id\":\"https:\\\/\\\/rotary.fi\\\/lielahdenrotaryklubi\\\/ajankohtaiset\\\/kevat-ja-vaihtokokous\\\/#breadcrumb\"},\"inLanguage\":\"fi\",\"potentialAction\":[{\"@type\":\"ReadAction\",\"target\":[\"https:\\\/\\\/rotary.fi\\\/lielahdenrotaryklubi\\\/ajankohtaiset\\\/kevat-ja-vaihtokokous\\\/\"]}]},{\"@type\":\"ImageObject\",\"inLanguage\":\"fi\",\"@id\":\"https:\\\/\\\/rotary.fi\\\/lielahdenrotaryklubi\\\/ajankohtaiset\\\/kevat-ja-vaihtokokous\\\/#primaryimage\",\"url\":\"https:\\\/\\\/rotary.fi\\\/lielahdenrotaryklubi\\\/wp-content\\\/uploads\\\/sites\\\/66\\\/2023\\\/06\\\/img-0532-300x300.jpeg\",\"contentUrl\":\"https:\\\/\\\/rotary.fi\\\/lielahdenrotaryklubi\\\/wp-content\\\/uploads\\\/sites\\\/66\\\/2023\\\/06\\\/img-0532-300x300.jpeg\"},{\"@type\":\"BreadcrumbList\",\"@id\":\"https:\\\/\\\/rotary.fi\\\/lielahdenrotaryklubi\\\/ajankohtaiset\\\/kevat-ja-vaihtokokous\\\/#breadcrumb\",\"itemListElement\":[{\"@type\":\"ListItem\",\"position\":1,\"name\":\"Home\",\"item\":\"https:\\\/\\\/rotary.fi\\\/lielahdenrotaryklubi\\\/\"},{\"@type\":\"ListItem\",\"position\":2,\"name\":\"Kev\u00e4t ja vaihtokokous 2023\"}]},{\"@type\":\"WebSite\",\"@id\":\"https:\\\/\\\/rotary.fi\\\/lielahdenrotaryklubi\\\/#website\",\"url\":\"https:\\\/\\\/rotary.fi\\\/lielahdenrotaryklubi\\\/\",\"name\":\"Tampere-Lielahden Rotaryklubi\",\"description\":\"Uusi Rotary klubisivusto\",\"potentialAction\":[{\"@type\":\"SearchAction\",\"target\":{\"@type\":\"EntryPoint\",\"urlTemplate\":\"https:\\\/\\\/rotary.fi\\\/lielahdenrotaryklubi\\\/?s={search_term_string}\"},\"query-input\":{\"@type\":\"PropertyValueSpecification\",\"valueRequired\":true,\"valueName\":\"search_term_string\"}}],\"inLanguage\":\"fi\"}]}<\/script>\n<!-- \/ Yoast SEO plugin. -->","yoast_head_json":{"title":"Kev\u00e4t ja vaihtokokous 2023 - Tampere-Lielahden Rotaryklubi","robots":{"index":"index","follow":"follow","max-snippet":"max-snippet:-1","max-image-preview":"max-image-preview:large","max-video-preview":"max-video-preview:-1"},"canonical":"https:\/\/rotary.fi\/lielahdenrotaryklubi\/ajankohtaiset\/kevat-ja-vaihtokokous\/","og_locale":"fi_FI","og_type":"article","og_title":"Kev\u00e4t ja vaihtokokous 2023 - Tampere-Lielahden Rotaryklubi","og_description":"Kokoonnuimme s\u00e4\u00e4nt\u00f6m\u00e4\u00e4r\u00e4iseen kev\u00e4tkokoukseen ja vaihtokokoukseen perjantaina 9.6.2026. Tilaisuus j\u00e4rjestettiin perinteisesti Suomalaisen Klubin Marskin salissa. Aluksi vietimme hiljaisen hetken klubistamme poisnukkuneiden rotarien muistolle. S\u00e4\u00e4nt\u00f6m\u00e4\u00e4r\u00e4inen kev\u00e4tkokous vietiin l\u00e4pi nopeassa tahdissa. Toimintakertomuksen yhteydess\u00e4 todettiin, ett\u00e4 klubin vaikeimmat koronanj\u00e4lkeiset vuodet ovat j\u00e4\u00e4m\u00e4ss\u00e4 taakse. Klubissa on saatu toimitsijakierto normaalisoitua ja klubiin on liittynyt j\u00e4seni\u00e4 monipuolistamaan ja aktivoimaan toimintaamme. Kokouksessa \u00a0esitt\u00e4ytyi [&hellip;]","og_url":"https:\/\/rotary.fi\/lielahdenrotaryklubi\/ajankohtaiset\/kevat-ja-vaihtokokous\/","og_site_name":"Tampere-Lielahden Rotaryklubi","article_modified_time":"2023-06-11T11:16:23+00:00","og_image":[{"url":"https:\/\/rotary.fi\/lielahdenrotaryklubi\/wp-content\/uploads\/sites\/66\/2023\/06\/img-0532-300x300.jpeg","type":"","width":"","height":""}],"twitter_card":"summary_large_image","twitter_misc":{"Arvioitu lukuaika":"3 minuuttia"},"schema":{"@context":"https:\/\/schema.org","@graph":[{"@type":"WebPage","@id":"https:\/\/rotary.fi\/lielahdenrotaryklubi\/ajankohtaiset\/kevat-ja-vaihtokokous\/","url":"https:\/\/rotary.fi\/lielahdenrotaryklubi\/ajankohtaiset\/kevat-ja-vaihtokokous\/","name":"Kev\u00e4t ja vaihtokokous 2023 - Tampere-Lielahden Rotaryklubi","isPartOf":{"@id":"https:\/\/rotary.fi\/lielahdenrotaryklubi\/#website"},"primaryImageOfPage":{"@id":"https:\/\/rotary.fi\/lielahdenrotaryklubi\/ajankohtaiset\/kevat-ja-vaihtokokous\/#primaryimage"},"image":{"@id":"https:\/\/rotary.fi\/lielahdenrotaryklubi\/ajankohtaiset\/kevat-ja-vaihtokokous\/#primaryimage"},"thumbnailUrl":"https:\/\/rotary.fi\/lielahdenrotaryklubi\/wp-content\/uploads\/sites\/66\/2023\/06\/img-0532-300x300.jpeg","datePublished":"2023-06-09T19:00:19+00:00","dateModified":"2023-06-11T11:16:23+00:00","breadcrumb":{"@id":"https:\/\/rotary.fi\/lielahdenrotaryklubi\/ajankohtaiset\/kevat-ja-vaihtokokous\/#breadcrumb"},"inLanguage":"fi","potentialAction":[{"@type":"ReadAction","target":["https:\/\/rotary.fi\/lielahdenrotaryklubi\/ajankohtaiset\/kevat-ja-vaihtokokous\/"]}]},{"@type":"ImageObject","inLanguage":"fi","@id":"https:\/\/rotary.fi\/lielahdenrotaryklubi\/ajankohtaiset\/kevat-ja-vaihtokokous\/#primaryimage","url":"https:\/\/rotary.fi\/lielahdenrotaryklubi\/wp-content\/uploads\/sites\/66\/2023\/06\/img-0532-300x300.jpeg","contentUrl":"https:\/\/rotary.fi\/lielahdenrotaryklubi\/wp-content\/uploads\/sites\/66\/2023\/06\/img-0532-300x300.jpeg"},{"@type":"BreadcrumbList","@id":"https:\/\/rotary.fi\/lielahdenrotaryklubi\/ajankohtaiset\/kevat-ja-vaihtokokous\/#breadcrumb","itemListElement":[{"@type":"ListItem","position":1,"name":"Home","item":"https:\/\/rotary.fi\/lielahdenrotaryklubi\/"},{"@type":"ListItem","position":2,"name":"Kev\u00e4t ja vaihtokokous 2023"}]},{"@type":"WebSite","@id":"https:\/\/rotary.fi\/lielahdenrotaryklubi\/#website","url":"https:\/\/rotary.fi\/lielahdenrotaryklubi\/","name":"Tampere-Lielahden Rotaryklubi","description":"Uusi Rotary klubisivusto","potentialAction":[{"@type":"SearchAction","target":{"@type":"EntryPoint","urlTemplate":"https:\/\/rotary.fi\/lielahdenrotaryklubi\/?s={search_term_string}"},"query-input":{"@type":"PropertyValueSpecification","valueRequired":true,"valueName":"search_term_string"}}],"inLanguage":"fi"}]}},"_links":{"self":[{"href":"https:\/\/rotary.fi\/lielahdenrotaryklubi\/wp-json\/wp\/v2\/ajankohtaiset\/2427","targetHints":{"allow":["GET"]}}],"collection":[{"href":"https:\/\/rotary.fi\/lielahdenrotaryklubi\/wp-json\/wp\/v2\/ajankohtaiset"}],"about":[{"href":"https:\/\/rotary.fi\/lielahdenrotaryklubi\/wp-json\/wp\/v2\/types\/ajankohtaiset"}],"wp:attachment":[{"href":"https:\/\/rotary.fi\/lielahdenrotaryklubi\/wp-json\/wp\/v2\/media?parent=2427"}],"curies":[{"name":"wp","href":"https:\/\/api.w.org\/{rel}","templated":true}]}}