{"version":"1.0","provider_name":"Lieksan Rotaryklubi","provider_url":"https:\/\/rotary.fi\/lieksa","author_name":"admin","author_url":"https:\/\/rotary.fi\/lieksa\/author\/valakia\/","title":"J\u00e4\u00e4 tielle! -tapahtuma 3.3.2024 Vuonislahdessa ja Kolilla - Lieksan Rotaryklubi","type":"rich","width":600,"height":338,"html":"<blockquote class=\"wp-embedded-content\" data-secret=\"HnhctNwXgC\"><a href=\"https:\/\/rotary.fi\/lieksa\/ajankohtaiset\/jaatielle-tapahtuma\/\">J\u00e4\u00e4 tielle! -tapahtuma 3.3.2024 Vuonislahdessa ja Kolilla<\/a><\/blockquote><iframe sandbox=\"allow-scripts\" security=\"restricted\" src=\"https:\/\/rotary.fi\/lieksa\/ajankohtaiset\/jaatielle-tapahtuma\/embed\/#?secret=HnhctNwXgC\" width=\"600\" height=\"338\" title=\"&#8221;J\u00e4\u00e4 tielle! -tapahtuma 3.3.2024 Vuonislahdessa ja Kolilla&#8221; &#8212; Lieksan Rotaryklubi\" data-secret=\"HnhctNwXgC\" frameborder=\"0\" marginwidth=\"0\" marginheight=\"0\" scrolling=\"no\" class=\"wp-embedded-content\"><\/iframe><script type=\"text\/javascript\">\n\/* <![CDATA[ *\/\n\/*! This file is auto-generated *\/\n!function(d,l){\"use strict\";l.querySelector&&d.addEventListener&&\"undefined\"!=typeof URL&&(d.wp=d.wp||{},d.wp.receiveEmbedMessage||(d.wp.receiveEmbedMessage=function(e){var t=e.data;if((t||t.secret||t.message||t.value)&&!\/[^a-zA-Z0-9]\/.test(t.secret)){for(var s,r,n,a=l.querySelectorAll('iframe[data-secret=\"'+t.secret+'\"]'),o=l.querySelectorAll('blockquote[data-secret=\"'+t.secret+'\"]'),c=new RegExp(\"^https?:$\",\"i\"),i=0;i<o.length;i++)o[i].style.display=\"none\";for(i=0;i<a.length;i++)s=a[i],e.source===s.contentWindow&&(s.removeAttribute(\"style\"),\"height\"===t.message?(1e3<(r=parseInt(t.value,10))?r=1e3:~~r<200&&(r=200),s.height=r):\"link\"===t.message&&(r=new URL(s.getAttribute(\"src\")),n=new URL(t.value),c.test(n.protocol))&&n.host===r.host&&l.activeElement===s&&(d.top.location.href=t.value))}},d.addEventListener(\"message\",d.wp.receiveEmbedMessage,!1),l.addEventListener(\"DOMContentLoaded\",function(){for(var e,t,s=l.querySelectorAll(\"iframe.wp-embedded-content\"),r=0;r<s.length;r++)(t=(e=s[r]).getAttribute(\"data-secret\"))||(t=Math.random().toString(36).substring(2,12),e.src+=\"#?secret=\"+t,e.setAttribute(\"data-secret\",t)),e.contentWindow.postMessage({message:\"ready\",secret:t},\"*\")},!1)))}(window,document);\n\/\/# sourceURL=https:\/\/rotary.fi\/lieksa\/wp-includes\/js\/wp-embed.min.js\n\/* ]]> *\/\n<\/script>\n","description":"J\u00e4\u00e4 tielle! -tapahtuma j\u00e4rjestet\u00e4\u00e4n Vuonislahdessa ja Kolilla j\u00e4\u00e4tien molemmissa alkup\u00e4iss\u00e4. Kaiken kansan ulkoilutapahtumat Vuonislahden satamassa Potkuroi tai hiihd\u00e4 Kolille upeassa kansallismaisemassa Pielisell\u00e4! Vuonislahden ja Kolin v\u00e4list\u00e4 latua huolletaan koko talvi ja Vuonislahden satamasta voit my\u00f6s tehd\u00e4 hiihtolenkin taiteilija Eva Ryyn\u00e4sen taiteilijakoti Paateriin. Potkurointia varten voit vuokrata Simpauttaja-potkureita satamasta. Lis\u00e4tietoa tapahtmasta &gt;&gt; Euroopan pisin virallinen sis\u00e4vesien [&hellip;]"}