{"version":"1.0","provider_name":"Lahti-Salpausselk\u00e4","provider_url":"https:\/\/rotary.fi\/lahtisalpausselka","author_name":"yrjotolvanen","author_url":"https:\/\/rotary.fi\/lahtisalpausselka\/author\/yrjotolvanen\/","title":"Vierailu radio- ja TV -museo Mastolassa - Lahti-Salpausselk\u00e4","type":"rich","width":600,"height":338,"html":"<blockquote class=\"wp-embedded-content\" data-secret=\"h3RIX7P70M\"><a href=\"https:\/\/rotary.fi\/lahtisalpausselka\/events\/aihe-avoin-kari-airas\/\">Vierailu radio- ja TV -museo Mastolassa<\/a><\/blockquote><iframe sandbox=\"allow-scripts\" security=\"restricted\" src=\"https:\/\/rotary.fi\/lahtisalpausselka\/events\/aihe-avoin-kari-airas\/embed\/#?secret=h3RIX7P70M\" width=\"600\" height=\"338\" title=\"&#8221;Vierailu radio- ja TV -museo Mastolassa&#8221; &#8212; Lahti-Salpausselk\u00e4\" data-secret=\"h3RIX7P70M\" frameborder=\"0\" marginwidth=\"0\" marginheight=\"0\" scrolling=\"no\" class=\"wp-embedded-content\"><\/iframe><script type=\"text\/javascript\">\n\/* <![CDATA[ *\/\n\/*! This file is auto-generated *\/\n!function(d,l){\"use strict\";l.querySelector&&d.addEventListener&&\"undefined\"!=typeof URL&&(d.wp=d.wp||{},d.wp.receiveEmbedMessage||(d.wp.receiveEmbedMessage=function(e){var t=e.data;if((t||t.secret||t.message||t.value)&&!\/[^a-zA-Z0-9]\/.test(t.secret)){for(var s,r,n,a=l.querySelectorAll('iframe[data-secret=\"'+t.secret+'\"]'),o=l.querySelectorAll('blockquote[data-secret=\"'+t.secret+'\"]'),c=new RegExp(\"^https?:$\",\"i\"),i=0;i<o.length;i++)o[i].style.display=\"none\";for(i=0;i<a.length;i++)s=a[i],e.source===s.contentWindow&&(s.removeAttribute(\"style\"),\"height\"===t.message?(1e3<(r=parseInt(t.value,10))?r=1e3:~~r<200&&(r=200),s.height=r):\"link\"===t.message&&(r=new URL(s.getAttribute(\"src\")),n=new URL(t.value),c.test(n.protocol))&&n.host===r.host&&l.activeElement===s&&(d.top.location.href=t.value))}},d.addEventListener(\"message\",d.wp.receiveEmbedMessage,!1),l.addEventListener(\"DOMContentLoaded\",function(){for(var e,t,s=l.querySelectorAll(\"iframe.wp-embedded-content\"),r=0;r<s.length;r++)(t=(e=s[r]).getAttribute(\"data-secret\"))||(t=Math.random().toString(36).substring(2,12),e.src+=\"#?secret=\"+t,e.setAttribute(\"data-secret\",t)),e.contentWindow.postMessage({message:\"ready\",secret:t},\"*\")},!1)))}(window,document);\n\/\/# sourceURL=https:\/\/rotary.fi\/lahtisalpausselka\/wp-includes\/js\/wp-embed.min.js\n\/* ]]> *\/\n<\/script>\n","description":"Reijo Soininen j\u00e4jesti meille vierailun Mastolaan. Muutama mukana olleista oli Mastolassa ensimm\u00e4ist\u00e4 kertaa, mutta tuskin viimeist\u00e4. Saimme yleisesittelyn ja n\u00e4imme Radiom\u00e4en historiasta kertovan lyhytelokuvan, ja omin p\u00e4in tutustuimme alakerran n\u00e4yttelyyn melko nopealla kierroksella. Kiinnostava paikka, miss\u00e4 saa kulumaan helposti tunnin tai pari. Kurkista t\u00e4\u00e4lt\u00e4, mutta mene mieluummin paikan p\u00e4\u00e4lle! Vierailun j\u00e4lkeen nautimme mainion lounaan kaupungintalon [&hellip;]","thumbnail_url":"https:\/\/rotary.fi\/lahtisalpausselka\/wp-content\/uploads\/sites\/57\/2026\/02\/img-20260219-120007-hdr.jpg","thumbnail_width":1542,"thumbnail_height":2048}