{"id":186,"date":"2018-08-13T11:06:59","date_gmt":"2018-08-13T08:06:59","guid":{"rendered":"https:\/\/rotary.fi\/kuninkaankartano\/?page_id=186"},"modified":"2019-02-28T12:37:25","modified_gmt":"2019-02-28T10:37:25","slug":"tapahtumakalenteri","status":"publish","type":"page","link":"https:\/\/rotary.fi\/kuninkaankartano\/ajankohtaista\/tapahtumakalenteri\/","title":{"rendered":"Tapahtumakalenteri"},"content":{"rendered":"<p>[et_pb_section bb_built=&#8221;1&#8243; _builder_version=&#8221;3.17.2&#8243; background_image=&#8221;https:\/\/rotary.fi\/kuninkaankartano\/wp-content\/uploads\/sites\/92\/2018\/10\/rotary_klubit_alasivu_paakuva_12.jpg&#8221; next_background_color=&#8221;#ffffff&#8221; module_class=&#8221;jumbotron-page&#8221;][et_pb_row][et_pb_column type=&#8221;4_4&#8243;][et_pb_text admin_label=&#8221;P\u00e4\u00e4otsikko&#8221; _builder_version=&#8221;3.4.1&#8243; text_orientation=&#8221;center&#8221; background_layout=&#8221;dark&#8221;]<\/p>\n<h1>Tapahtumakalenteri<\/h1>\n<p>[\/et_pb_text][\/et_pb_column][\/et_pb_row][\/et_pb_section][et_pb_section bb_built=&#8221;1&#8243; specialty=&#8221;on&#8221; prev_background_color=&#8221;#000000&#8243; _builder_version=&#8221;3.4.1&#8243; module_class_2=&#8221;sivupalkki&#8221; locked=&#8221;on&#8221;][et_pb_column type=&#8221;2_3&#8243; specialty_columns=&#8221;2&#8243;][et_pb_row_inner admin_label=&#8221;Rivi&#8221; parent_locked=&#8221;on&#8221; locked=&#8221;off&#8221;][et_pb_column_inner type=&#8221;4_4&#8243; saved_specialty_column_type=&#8221;2_3&#8243;][et_pb_text admin_label=&#8221;Otsikko&#8221; _builder_version=&#8221;3.19.5&#8243; text_orientation=&#8221;center&#8221; parent_locked=&#8221;on&#8221;]<\/p>\n<h1>Tulevia tapahtumia<\/h1>\n<p>[\/et_pb_text][et_pb_code admin_label=&#8221;Tulevien tapahtumien listaus&#8221; _builder_version=&#8221;3.19.5&#8243; module_class=&#8221;kaikki_ajankohtaiset&#8221; locked=&#8221;off&#8221; parent_locked=&#8221;on&#8221;]<div class=\"em em-view-container\" id=\"em-view-378633316\" data-view=\"list\">\r\n\t<div class=\"em pixelbones em-list em-events-list\" id=\"em-events-list-378633316\" data-view-id=\"378633316\">\r\n\t<!-- [et_pb_line_break_holder] --><\/p>\n<div class=\"et_pb_module tapahtumalistaus\"><!-- [et_pb_line_break_holder] --><\/p>\n<div class=\"tapahtumanpvm\">28.4.2026 <\/div>\n<p><!-- [et_pb_line_break_holder] --><\/p>\n<div class=\"tapahtumannimi\">\n<h2 class=\"entry-title\"><a href=\"https:\/\/rotary.fi\/kuninkaankartano\/events\/klubin-viikkokokous-vesa-duldin\/\">Klubin viikkokokous, Vesa Duldin<\/a><!-- [et_pb_line_break_holder] --><\/h2>\n<\/div>\n<p><!-- [et_pb_line_break_holder] --><\/p>\n<div class=\"tapahtumapaikka\"><\/div>\n<p><!-- [et_pb_line_break_holder] --><\/div>\n<p><!-- [et_pb_line_break_holder] --><!-- [et_pb_line_break_holder] --><\/p>\n<div class=\"et_pb_module tapahtumalistaus\"><!-- [et_pb_line_break_holder] --><\/p>\n<div class=\"tapahtumanpvm\">12.5.2026 <\/div>\n<p><!-- [et_pb_line_break_holder] --><\/p>\n<div class=\"tapahtumannimi\">\n<h2 class=\"entry-title\"><a href=\"https:\/\/rotary.fi\/kuninkaankartano\/events\/klubin-viikkokokous-pentti-kivikoski-2\/\">Klubin viikkokokous, Pentti Kivikoski<\/a><!-- [et_pb_line_break_holder] --><\/h2>\n<\/div>\n<p><!-- [et_pb_line_break_holder] --><\/p>\n<div class=\"tapahtumapaikka\"><\/div>\n<p><!-- [et_pb_line_break_holder] --><\/div>\n<p><!-- [et_pb_line_break_holder] --><!-- [et_pb_line_break_holder] --><\/p>\n<div class=\"et_pb_module tapahtumalistaus\"><!-- [et_pb_line_break_holder] --><\/p>\n<div class=\"tapahtumanpvm\">26.5.2026 <\/div>\n<p><!-- [et_pb_line_break_holder] --><\/p>\n<div class=\"tapahtumannimi\">\n<h2 class=\"entry-title\"><a href=\"https:\/\/rotary.fi\/kuninkaankartano\/events\/vaihtokokous-kallo\/\">Vaihtokokous, Kallo<\/a><!-- [et_pb_line_break_holder] --><\/h2>\n<\/div>\n<p><!-- [et_pb_line_break_holder] --><\/p>\n<div class=\"tapahtumapaikka\"><\/div>\n<p><!-- [et_pb_line_break_holder] --><\/div>\n<p><!-- [et_pb_line_break_holder] -->\t<\/div>\r\n<\/div>[\/et_pb_code][\/et_pb_column_inner][\/et_pb_row_inner][et_pb_row_inner admin_label=&#8221;Rivi&#8221; parent_locked=&#8221;on&#8221; locked=&#8221;off&#8221;][et_pb_column_inner type=&#8221;4_4&#8243; saved_specialty_column_type=&#8221;2_3&#8243;][et_pb_text admin_label=&#8221;Otsikko&#8221; _builder_version=&#8221;3.19.5&#8243; text_orientation=&#8221;center&#8221; parent_locked=&#8221;on&#8221;]<\/p>\n<h1>Menneit\u00e4 tapahtumia<\/h1>\n<p>[\/et_pb_text][et_pb_code admin_label=&#8221;Menneiden tapahtumien listaus&#8221; _builder_version=&#8221;3.19.5&#8243; module_class=&#8221;kaikki_ajankohtaiset&#8221; locked=&#8221;off&#8221; parent_locked=&#8221;on&#8221;]<div class=\"em em-view-container\" id=\"em-view-179723611\" data-view=\"list\">\r\n\t<div class=\"em pixelbones em-list em-events-list\" id=\"em-events-list-179723611\" data-view-id=\"179723611\">\r\n\t<!-- [et_pb_line_break_holder] --><\/p>\n<div class=\"et_pb_module tapahtumalistaus\"><!-- [et_pb_line_break_holder] --><\/p>\n<div class=\"tapahtumanpvm\">14.4.2026 <\/div>\n<p><!-- [et_pb_line_break_holder] --><\/p>\n<div class=\"tapahtumannimi\">\n<h2 class=\"entry-title\"><a href=\"https:\/\/rotary.fi\/kuninkaankartano\/events\/klubin-viikkokokous-simo-aalto\/\">Klubin viikkokokous, Simo Aalto<\/a><!-- [et_pb_line_break_holder] --><\/h2>\n<\/div>\n<p><!-- [et_pb_line_break_holder] --><\/p>\n<div class=\"tapahtumapaikka\"><\/div>\n<p><!-- [et_pb_line_break_holder] --><\/div>\n<p><!-- [et_pb_line_break_holder] --><!-- [et_pb_line_break_holder] --><\/p>\n<div class=\"et_pb_module tapahtumalistaus\"><!-- [et_pb_line_break_holder] --><\/p>\n<div class=\"tapahtumanpvm\">31.3.2026 <\/div>\n<p><!-- [et_pb_line_break_holder] --><\/p>\n<div class=\"tapahtumannimi\">\n<h2 class=\"entry-title\"><a href=\"https:\/\/rotary.fi\/kuninkaankartano\/events\/klubin-viikkokokous-pentti-kivikoski\/\">Klubin kev\u00e4tkokous<\/a><!-- [et_pb_line_break_holder] --><\/h2>\n<\/div>\n<p><!-- [et_pb_line_break_holder] --><\/p>\n<div class=\"tapahtumapaikka\"><\/div>\n<p><!-- [et_pb_line_break_holder] --><\/div>\n<p><!-- [et_pb_line_break_holder] --><!-- [et_pb_line_break_holder] --><\/p>\n<div class=\"et_pb_module tapahtumalistaus\"><!-- [et_pb_line_break_holder] --><\/p>\n<div class=\"tapahtumanpvm\">17.3.2026 <\/div>\n<p><!-- [et_pb_line_break_holder] --><\/p>\n<div class=\"tapahtumannimi\">\n<h2 class=\"entry-title\"><a href=\"https:\/\/rotary.fi\/kuninkaankartano\/events\/klubin-viikkokokous-esa-lehto\/\">Klubin viikkokokous, Mikko Sipponen<\/a><!-- [et_pb_line_break_holder] --><\/h2>\n<\/div>\n<p><!-- [et_pb_line_break_holder] --><\/p>\n<div class=\"tapahtumapaikka\"><\/div>\n<p><!-- [et_pb_line_break_holder] --><\/div>\n<p><!-- [et_pb_line_break_holder] --><!-- [et_pb_line_break_holder] --><\/p>\n<div class=\"et_pb_module tapahtumalistaus\"><!-- [et_pb_line_break_holder] --><\/p>\n<div class=\"tapahtumanpvm\">3.3.2026 <\/div>\n<p><!-- [et_pb_line_break_holder] --><\/p>\n<div class=\"tapahtumannimi\">\n<h2 class=\"entry-title\"><a href=\"https:\/\/rotary.fi\/kuninkaankartano\/events\/klubin-viikkokokous-mikko-sipponen\/\">Klubin viikkokokous, Esa Lehto<\/a><!-- [et_pb_line_break_holder] --><\/h2>\n<\/div>\n<p><!-- [et_pb_line_break_holder] --><\/p>\n<div class=\"tapahtumapaikka\"><\/div>\n<p><!-- [et_pb_line_break_holder] --><\/div>\n<p><!-- [et_pb_line_break_holder] --><!-- [et_pb_line_break_holder] --><\/p>\n<div class=\"et_pb_module tapahtumalistaus\"><!-- [et_pb_line_break_holder] --><\/p>\n<div class=\"tapahtumanpvm\">17.2.2026 <\/div>\n<p><!-- [et_pb_line_break_holder] --><\/p>\n<div class=\"tapahtumannimi\">\n<h2 class=\"entry-title\"><a href=\"https:\/\/rotary.fi\/kuninkaankartano\/events\/klubin-viikkokokous-rauno-numminen\/\">Klubin viikkokokous, Rauno Numminen<\/a><!-- [et_pb_line_break_holder] --><\/h2>\n<\/div>\n<p><!-- [et_pb_line_break_holder] --><\/p>\n<div class=\"tapahtumapaikka\"><\/div>\n<p><!-- [et_pb_line_break_holder] --><\/div>\n<p><!-- [et_pb_line_break_holder] --><!-- [et_pb_line_break_holder] --><\/p>\n<div class=\"et_pb_module tapahtumalistaus\"><!-- [et_pb_line_break_holder] --><\/p>\n<div class=\"tapahtumanpvm\">17.2.2026 <\/div>\n<p><!-- [et_pb_line_break_holder] --><\/p>\n<div class=\"tapahtumannimi\">\n<h2 class=\"entry-title\"><a href=\"https:\/\/rotary.fi\/kuninkaankartano\/events\/klubin-viikkokokous-rauno-numminen-2\/\">Klubin viikkokokous, Rauno Numminen<\/a><!-- [et_pb_line_break_holder] --><\/h2>\n<\/div>\n<p><!-- [et_pb_line_break_holder] --><\/p>\n<div class=\"tapahtumapaikka\"><\/div>\n<p><!-- [et_pb_line_break_holder] --><\/div>\n<p><!-- [et_pb_line_break_holder] --><!-- [et_pb_line_break_holder] --><\/p>\n<div class=\"et_pb_module tapahtumalistaus\"><!-- [et_pb_line_break_holder] --><\/p>\n<div class=\"tapahtumanpvm\">3.6.2025 <\/div>\n<p><!-- [et_pb_line_break_holder] --><\/p>\n<div class=\"tapahtumannimi\">\n<h2 class=\"entry-title\"><a href=\"https:\/\/rotary.fi\/kuninkaankartano\/events\/vaihtokokous-kallossa\/\">Vaihtokokous Kallossa<\/a><!-- [et_pb_line_break_holder] --><\/h2>\n<\/div>\n<p><!-- [et_pb_line_break_holder] --><\/p>\n<div class=\"tapahtumapaikka\"><\/div>\n<p><!-- [et_pb_line_break_holder] --><\/div>\n<p><!-- [et_pb_line_break_holder] --><!-- [et_pb_line_break_holder] --><\/p>\n<div class=\"et_pb_module tapahtumalistaus\"><!-- [et_pb_line_break_holder] --><\/p>\n<div class=\"tapahtumanpvm\">20.5.2025 <\/div>\n<p><!-- [et_pb_line_break_holder] --><\/p>\n<div class=\"tapahtumannimi\">\n<h2 class=\"entry-title\"><a href=\"https:\/\/rotary.fi\/kuninkaankartano\/events\/vierailu-hyotytuulen-opastuskeskuksessa-tanja-kivi\/\">Vierailu Hy\u00f6tytuulen opastuskeskuksessa; Tanja Kivi<\/a><!-- [et_pb_line_break_holder] --><\/h2>\n<\/div>\n<p><!-- [et_pb_line_break_holder] --><\/p>\n<div class=\"tapahtumapaikka\"><\/div>\n<p><!-- [et_pb_line_break_holder] --><\/div>\n<p><!-- [et_pb_line_break_holder] --><!-- [et_pb_line_break_holder] --><\/p>\n<div class=\"et_pb_module tapahtumalistaus\"><!-- [et_pb_line_break_holder] --><\/p>\n<div class=\"tapahtumanpvm\">6.5.2025 <\/div>\n<p><!-- [et_pb_line_break_holder] --><\/p>\n<div class=\"tapahtumannimi\">\n<h2 class=\"entry-title\"><a href=\"https:\/\/rotary.fi\/kuninkaankartano\/events\/metsaan-sijoittaminen-rauno-numminen\/\">Mets\u00e4\u00e4n sijoittaminen; Rauno Numminen<\/a><!-- [et_pb_line_break_holder] --><\/h2>\n<\/div>\n<p><!-- [et_pb_line_break_holder] --><\/p>\n<div class=\"tapahtumapaikka\"><\/div>\n<p><!-- [et_pb_line_break_holder] --><\/div>\n<p><!-- [et_pb_line_break_holder] --><!-- [et_pb_line_break_holder] --><\/p>\n<div class=\"et_pb_module tapahtumalistaus\"><!-- [et_pb_line_break_holder] --><\/p>\n<div class=\"tapahtumanpvm\">22.4.2025 <\/div>\n<p><!-- [et_pb_line_break_holder] --><\/p>\n<div class=\"tapahtumannimi\">\n<h2 class=\"entry-title\"><a href=\"https:\/\/rotary.fi\/kuninkaankartano\/events\/lintujen-kevatmuutto-janne-lampolahti\/\">Lintujen kev\u00e4tmuutto; Janne Lampolahti<\/a><!-- [et_pb_line_break_holder] --><\/h2>\n<\/div>\n<p><!-- [et_pb_line_break_holder] --><\/p>\n<div class=\"tapahtumapaikka\"><\/div>\n<p><!-- [et_pb_line_break_holder] --><\/div>\n<p><!-- [et_pb_line_break_holder] --><!-- [et_pb_line_break_holder] --><\/p>\n<div class=\"et_pb_module tapahtumalistaus\"><!-- [et_pb_line_break_holder] --><\/p>\n<div class=\"tapahtumanpvm\">8.4.2025 <\/div>\n<p><!-- [et_pb_line_break_holder] --><\/p>\n<div class=\"tapahtumannimi\">\n<h2 class=\"entry-title\"><a href=\"https:\/\/rotary.fi\/kuninkaankartano\/events\/moto-metsassa-antti-tuomisto\/\">Moto mets\u00e4ss\u00e4; Antti Tuomisto<\/a><!-- [et_pb_line_break_holder] --><\/h2>\n<\/div>\n<p><!-- [et_pb_line_break_holder] --><\/p>\n<div class=\"tapahtumapaikka\"><\/div>\n<p><!-- [et_pb_line_break_holder] --><\/div>\n<p><!-- [et_pb_line_break_holder] --><!-- [et_pb_line_break_holder] --><\/p>\n<div class=\"et_pb_module tapahtumalistaus\"><!-- [et_pb_line_break_holder] --><\/p>\n<div class=\"tapahtumanpvm\">25.3.2025 <\/div>\n<p><!-- [et_pb_line_break_holder] --><\/p>\n<div class=\"tapahtumannimi\">\n<h2 class=\"entry-title\"><a href=\"https:\/\/rotary.fi\/kuninkaankartano\/events\/jokaisen-oikeudet-metsassa-rauno-numminen\/\">Jokaisen oikeudet mets\u00e4ss\u00e4; Rauno Numminen<\/a><!-- [et_pb_line_break_holder] --><\/h2>\n<\/div>\n<p><!-- [et_pb_line_break_holder] --><\/p>\n<div class=\"tapahtumapaikka\"><\/div>\n<p><!-- [et_pb_line_break_holder] --><\/div>\n<p><!-- [et_pb_line_break_holder] --><!-- [et_pb_line_break_holder] --><\/p>\n<div class=\"et_pb_module tapahtumalistaus\"><!-- [et_pb_line_break_holder] --><\/p>\n<div class=\"tapahtumanpvm\">11.3.2025 <\/div>\n<p><!-- [et_pb_line_break_holder] --><\/p>\n<div class=\"tapahtumannimi\">\n<h2 class=\"entry-title\"><a href=\"https:\/\/rotary.fi\/kuninkaankartano\/events\/perinnelaivayhdistys-ihana-ja-sen-seilaus-selkamerella-kimmo-aho\/\">Perinnelaivayhdistys Ihana ja sen seilaus Selk\u00e4merell\u00e4; Kimmo Aho<\/a><!-- [et_pb_line_break_holder] --><\/h2>\n<\/div>\n<p><!-- [et_pb_line_break_holder] --><\/p>\n<div class=\"tapahtumapaikka\"><\/div>\n<p><!-- [et_pb_line_break_holder] --><\/div>\n<p><!-- [et_pb_line_break_holder] --><!-- [et_pb_line_break_holder] --><\/p>\n<div class=\"et_pb_module tapahtumalistaus\"><!-- [et_pb_line_break_holder] --><\/p>\n<div class=\"tapahtumanpvm\">25.2.2025 <\/div>\n<p><!-- [et_pb_line_break_holder] --><\/p>\n<div class=\"tapahtumannimi\">\n<h2 class=\"entry-title\"><a href=\"https:\/\/rotary.fi\/kuninkaankartano\/events\/karhut-sudet-ja-ilvekset-satakunnassa-ari-alinen\/\">Karhut, sudet ja ilvekset Satakunnassa; Ari Alinen<\/a><!-- [et_pb_line_break_holder] --><\/h2>\n<\/div>\n<p><!-- [et_pb_line_break_holder] --><\/p>\n<div class=\"tapahtumapaikka\"><\/div>\n<p><!-- [et_pb_line_break_holder] --><\/div>\n<p><!-- [et_pb_line_break_holder] --><!-- [et_pb_line_break_holder] --><\/p>\n<div class=\"et_pb_module tapahtumalistaus\"><!-- [et_pb_line_break_holder] --><\/p>\n<div class=\"tapahtumanpvm\">11.2.2025 <\/div>\n<p><!-- [et_pb_line_break_holder] --><\/p>\n<div class=\"tapahtumannimi\">\n<h2 class=\"entry-title\"><a href=\"https:\/\/rotary.fi\/kuninkaankartano\/events\/wild-nordic-naturen-elamyspalvelut-jaana-malkki\/\">Wild Nordic Naturen el\u00e4myspalvelut; Jaana M\u00e4lkki<\/a><!-- [et_pb_line_break_holder] --><\/h2>\n<\/div>\n<p><!-- [et_pb_line_break_holder] --><\/p>\n<div class=\"tapahtumapaikka\"><\/div>\n<p><!-- [et_pb_line_break_holder] --><\/div>\n<p><!-- [et_pb_line_break_holder] --><!-- [et_pb_line_break_holder] --><\/p>\n<div class=\"et_pb_module tapahtumalistaus\"><!-- [et_pb_line_break_holder] --><\/p>\n<div class=\"tapahtumanpvm\">28.1.2025 <\/div>\n<p><!-- [et_pb_line_break_holder] --><\/p>\n<div class=\"tapahtumannimi\">\n<h2 class=\"entry-title\"><a href=\"https:\/\/rotary.fi\/kuninkaankartano\/events\/sapin-saari-ja-muflonit-erkki-ranne\/\">S\u00e4pin saari ja muflonit; Erkki Ranne<\/a><!-- [et_pb_line_break_holder] --><\/h2>\n<\/div>\n<p><!-- [et_pb_line_break_holder] --><\/p>\n<div class=\"tapahtumapaikka\"><\/div>\n<p><!-- [et_pb_line_break_holder] --><\/div>\n<p><!-- [et_pb_line_break_holder] --><!-- [et_pb_line_break_holder] --><\/p>\n<div class=\"et_pb_module tapahtumalistaus\"><!-- [et_pb_line_break_holder] --><\/p>\n<div class=\"tapahtumanpvm\">14.1.2025 <\/div>\n<p><!-- [et_pb_line_break_holder] --><\/p>\n<div class=\"tapahtumannimi\">\n<h2 class=\"entry-title\"><a href=\"https:\/\/rotary.fi\/kuninkaankartano\/events\/klubineuvottelu\/\">Klubineuvottelu<\/a><!-- [et_pb_line_break_holder] --><\/h2>\n<\/div>\n<p><!-- [et_pb_line_break_holder] --><\/p>\n<div class=\"tapahtumapaikka\"><\/div>\n<p><!-- [et_pb_line_break_holder] --><\/div>\n<p><!-- [et_pb_line_break_holder] --><!-- [et_pb_line_break_holder] --><\/p>\n<div class=\"et_pb_module tapahtumalistaus\"><!-- [et_pb_line_break_holder] --><\/p>\n<div class=\"tapahtumanpvm\">17.12.2024 <\/div>\n<p><!-- [et_pb_line_break_holder] --><\/p>\n<div class=\"tapahtumannimi\">\n<h2 class=\"entry-title\"><a href=\"https:\/\/rotary.fi\/kuninkaankartano\/events\/jouluateria\/\">Jouluateria<\/a><!-- [et_pb_line_break_holder] --><\/h2>\n<\/div>\n<p><!-- [et_pb_line_break_holder] --><\/p>\n<div class=\"tapahtumapaikka\"><\/div>\n<p><!-- [et_pb_line_break_holder] --><\/div>\n<p><!-- [et_pb_line_break_holder] --><!-- [et_pb_line_break_holder] --><\/p>\n<div class=\"et_pb_module tapahtumalistaus\"><!-- [et_pb_line_break_holder] --><\/p>\n<div class=\"tapahtumanpvm\">3.12.2024 <\/div>\n<p><!-- [et_pb_line_break_holder] --><\/p>\n<div class=\"tapahtumannimi\">\n<h2 class=\"entry-title\"><a href=\"https:\/\/rotary.fi\/kuninkaankartano\/events\/vuosi-ja-vaalikokous\/\">Vuosi- ja vaalikokous<\/a><!-- [et_pb_line_break_holder] --><\/h2>\n<\/div>\n<p><!-- [et_pb_line_break_holder] --><\/p>\n<div class=\"tapahtumapaikka\"><\/div>\n<p><!-- [et_pb_line_break_holder] --><\/div>\n<p><!-- [et_pb_line_break_holder] --><!-- [et_pb_line_break_holder] --><\/p>\n<div class=\"et_pb_module tapahtumalistaus\"><!-- [et_pb_line_break_holder] --><\/p>\n<div class=\"tapahtumanpvm\">19.11.2024 <\/div>\n<p><!-- [et_pb_line_break_holder] --><\/p>\n<div class=\"tapahtumannimi\">\n<h2 class=\"entry-title\"><a href=\"https:\/\/rotary.fi\/kuninkaankartano\/events\/dgn-klubivierailu-ja-hallituksen-kokous\/\">DG:n klubivierailu ja hallituksen kokous<\/a><!-- [et_pb_line_break_holder] --><\/h2>\n<\/div>\n<p><!-- [et_pb_line_break_holder] --><\/p>\n<div class=\"tapahtumapaikka\"><\/div>\n<p><!-- [et_pb_line_break_holder] --><\/div>\n<p><!-- [et_pb_line_break_holder] --><!-- [et_pb_line_break_holder] --><\/p>\n<div class=\"et_pb_module tapahtumalistaus\"><!-- [et_pb_line_break_holder] --><\/p>\n<div class=\"tapahtumanpvm\">5.11.2024 <\/div>\n<p><!-- [et_pb_line_break_holder] --><\/p>\n<div class=\"tapahtumannimi\">\n<h2 class=\"entry-title\"><a href=\"https:\/\/rotary.fi\/kuninkaankartano\/events\/metsan-merkitys-satakunnalle\/\">Mets\u00e4n merkitys satakunnalle<\/a><!-- [et_pb_line_break_holder] --><\/h2>\n<\/div>\n<p><!-- [et_pb_line_break_holder] --><\/p>\n<div class=\"tapahtumapaikka\"><\/div>\n<p><!-- [et_pb_line_break_holder] --><\/div>\n<p><!-- [et_pb_line_break_holder] --><!-- [et_pb_line_break_holder] --><\/p>\n<div class=\"et_pb_module tapahtumalistaus\"><!-- [et_pb_line_break_holder] --><\/p>\n<div class=\"tapahtumanpvm\">22.10.2024 <\/div>\n<p><!-- [et_pb_line_break_holder] --><\/p>\n<div class=\"tapahtumannimi\">\n<h2 class=\"entry-title\"><a href=\"https:\/\/rotary.fi\/kuninkaankartano\/events\/asiaa-sienista-biologi-janne-lampolahti\/\">Asiaa sienist\u00e4, Biologi Janne Lampolahti<\/a><!-- [et_pb_line_break_holder] --><\/h2>\n<\/div>\n<p><!-- [et_pb_line_break_holder] --><\/p>\n<div class=\"tapahtumapaikka\"><\/div>\n<p><!-- [et_pb_line_break_holder] --><\/div>\n<p><!-- [et_pb_line_break_holder] --><!-- [et_pb_line_break_holder] --><\/p>\n<div class=\"et_pb_module tapahtumalistaus\"><!-- [et_pb_line_break_holder] --><\/p>\n<div class=\"tapahtumanpvm\">8.10.2024 <\/div>\n<p><!-- [et_pb_line_break_holder] --><\/p>\n<div class=\"tapahtumannimi\">\n<h2 class=\"entry-title\"><a href=\"https:\/\/rotary.fi\/kuninkaankartano\/events\/esavotta-paatoimittaja-kim-huovinlahti-satakunnan-viikko\/\">eSavotta, P\u00e4\u00e4toimittaja Kim Huovinlahti, Satakunnan Viikko<\/a><!-- [et_pb_line_break_holder] --><\/h2>\n<\/div>\n<p><!-- [et_pb_line_break_holder] --><\/p>\n<div class=\"tapahtumapaikka\"><\/div>\n<p><!-- [et_pb_line_break_holder] --><\/div>\n<p><!-- [et_pb_line_break_holder] --><!-- [et_pb_line_break_holder] --><\/p>\n<div class=\"et_pb_module tapahtumalistaus\"><!-- [et_pb_line_break_holder] --><\/p>\n<div class=\"tapahtumanpvm\">24.9.2024 <\/div>\n<p><!-- [et_pb_line_break_holder] --><\/p>\n<div class=\"tapahtumannimi\">\n<h2 class=\"entry-title\"><a href=\"https:\/\/rotary.fi\/kuninkaankartano\/events\/metsaopetus-satakunnassa-lehtori-maarit-jarvinen-winnova\/\">Mets\u00e4opetus Satakunnassa, Lehtori Maarit J\u00e4rvinen, WinNova<\/a><!-- [et_pb_line_break_holder] --><\/h2>\n<\/div>\n<p><!-- [et_pb_line_break_holder] --><\/p>\n<div class=\"tapahtumapaikka\"><\/div>\n<p><!-- [et_pb_line_break_holder] --><\/div>\n<p><!-- [et_pb_line_break_holder] --><!-- [et_pb_line_break_holder] --><\/p>\n<div class=\"et_pb_module tapahtumalistaus\"><!-- [et_pb_line_break_holder] --><\/p>\n<div class=\"tapahtumanpvm\">10.9.2024 <\/div>\n<p><!-- [et_pb_line_break_holder] --><\/p>\n<div class=\"tapahtumannimi\">\n<h2 class=\"entry-title\"><a href=\"https:\/\/rotary.fi\/kuninkaankartano\/events\/milta-nayttaa-tulevan-talven-sahkomarkkina-kimmo-kivikko\/\">Milt\u00e4 n\u00e4ytt\u00e4\u00e4 tulevan talven s\u00e4hk\u00f6markkina, Toimitusjohtaja Kimmo Kivikko, Lammaisten Energia<\/a><!-- [et_pb_line_break_holder] --><\/h2>\n<\/div>\n<p><!-- [et_pb_line_break_holder] --><\/p>\n<div class=\"tapahtumapaikka\"><\/div>\n<p><!-- [et_pb_line_break_holder] --><\/div>\n<p><!-- [et_pb_line_break_holder] --><!-- [et_pb_line_break_holder] --><\/p>\n<div class=\"et_pb_module tapahtumalistaus\"><!-- [et_pb_line_break_holder] --><\/p>\n<div class=\"tapahtumanpvm\">27.8.2024 <\/div>\n<p><!-- [et_pb_line_break_holder] --><\/p>\n<div class=\"tapahtumannimi\">\n<h2 class=\"entry-title\"><a href=\"https:\/\/rotary.fi\/kuninkaankartano\/events\/klubineuvottelu-syksyn-ohjelma-presidentti\/\">Klubineuvottelu \/ syksyn ohjelma, Presidentti<\/a><!-- [et_pb_line_break_holder] --><\/h2>\n<\/div>\n<p><!-- [et_pb_line_break_holder] --><\/p>\n<div class=\"tapahtumapaikka\"><\/div>\n<p><!-- [et_pb_line_break_holder] --><\/div>\n<p><!-- [et_pb_line_break_holder] --><!-- [et_pb_line_break_holder] --><\/p>\n<div class=\"et_pb_module tapahtumalistaus\"><!-- [et_pb_line_break_holder] --><\/p>\n<div class=\"tapahtumanpvm\">11.6.2024 <\/div>\n<p><!-- [et_pb_line_break_holder] --><\/p>\n<div class=\"tapahtumannimi\">\n<h2 class=\"entry-title\"><a href=\"https:\/\/rotary.fi\/kuninkaankartano\/events\/vaihtokokous\/\">Vaihtokokous<\/a><!-- [et_pb_line_break_holder] --><\/h2>\n<\/div>\n<p><!-- [et_pb_line_break_holder] --><\/p>\n<div class=\"tapahtumapaikka\"><\/div>\n<p><!-- [et_pb_line_break_holder] --><\/div>\n<p><!-- [et_pb_line_break_holder] --><!-- [et_pb_line_break_holder] --><\/p>\n<div class=\"et_pb_module tapahtumalistaus\"><!-- [et_pb_line_break_holder] --><\/p>\n<div class=\"tapahtumanpvm\">28.5.2024 <\/div>\n<p><!-- [et_pb_line_break_holder] --><\/p>\n<div class=\"tapahtumannimi\">\n<h2 class=\"entry-title\"><a href=\"https:\/\/rotary.fi\/kuninkaankartano\/events\/kevatkokous\/\">Kev\u00e4tkokous<\/a><!-- [et_pb_line_break_holder] --><\/h2>\n<\/div>\n<p><!-- [et_pb_line_break_holder] --><\/p>\n<div class=\"tapahtumapaikka\"><\/div>\n<p><!-- [et_pb_line_break_holder] --><\/div>\n<p><!-- [et_pb_line_break_holder] --><!-- [et_pb_line_break_holder] --><\/p>\n<div class=\"et_pb_module tapahtumalistaus\"><!-- [et_pb_line_break_holder] --><\/p>\n<div class=\"tapahtumanpvm\">14.5.2024 <\/div>\n<p><!-- [et_pb_line_break_holder] --><\/p>\n<div class=\"tapahtumannimi\">\n<h2 class=\"entry-title\"><a href=\"https:\/\/rotary.fi\/kuninkaankartano\/events\/klubin-viikkokokous-8\/\">Klubin viikkokokous, Festrent Finland Oy, toimitusjohtaja Juha M\u00e4kinen<\/a><!-- [et_pb_line_break_holder] --><\/h2>\n<\/div>\n<p><!-- [et_pb_line_break_holder] --><\/p>\n<div class=\"tapahtumapaikka\"><\/div>\n<p><!-- [et_pb_line_break_holder] --><\/div>\n<p><!-- [et_pb_line_break_holder] --><!-- [et_pb_line_break_holder] --><\/p>\n<div class=\"et_pb_module tapahtumalistaus\"><!-- [et_pb_line_break_holder] --><\/p>\n<div class=\"tapahtumanpvm\">16.4.2024 <\/div>\n<p><!-- [et_pb_line_break_holder] --><\/p>\n<div class=\"tapahtumannimi\">\n<h2 class=\"entry-title\"><a href=\"https:\/\/rotary.fi\/kuninkaankartano\/events\/klubin-viikkokokous-7\/\">Klubin viikkokokous, Radio Pori, juontaja Laura Pullinen<\/a><!-- [et_pb_line_break_holder] --><\/h2>\n<\/div>\n<p><!-- [et_pb_line_break_holder] --><\/p>\n<div class=\"tapahtumapaikka\"><\/div>\n<p><!-- [et_pb_line_break_holder] --><\/div>\n<p><!-- [et_pb_line_break_holder] --><!-- [et_pb_line_break_holder] --><\/p>\n<div class=\"et_pb_module tapahtumalistaus\"><!-- [et_pb_line_break_holder] --><\/p>\n<div class=\"tapahtumanpvm\">2.4.2024 <\/div>\n<p><!-- [et_pb_line_break_holder] --><\/p>\n<div class=\"tapahtumannimi\">\n<h2 class=\"entry-title\"><a href=\"https:\/\/rotary.fi\/kuninkaankartano\/events\/klubin-viikkokokous-6\/\">Klubin viikkokokous, Otso LKV, kiinteist\u00f6nv\u00e4litt\u00e4j\u00e4 Riina V\u00e4limaa<\/a><!-- [et_pb_line_break_holder] --><\/h2>\n<\/div>\n<p><!-- [et_pb_line_break_holder] --><\/p>\n<div class=\"tapahtumapaikka\"><\/div>\n<p><!-- [et_pb_line_break_holder] --><\/div>\n<p><!-- [et_pb_line_break_holder] --><!-- [et_pb_line_break_holder] --><\/p>\n<div class=\"et_pb_module tapahtumalistaus\"><!-- [et_pb_line_break_holder] --><\/p>\n<div class=\"tapahtumanpvm\">20.3.2024 <\/div>\n<p><!-- [et_pb_line_break_holder] --><\/p>\n<div class=\"tapahtumannimi\">\n<h2 class=\"entry-title\"><a href=\"https:\/\/rotary.fi\/kuninkaankartano\/events\/hyvantekevaisyyskonsertti-keski-porin-kirkko\/\">Hyv\u00e4ntekev\u00e4isyyskonsertti, Keski-Porin Kirkko<\/a><!-- [et_pb_line_break_holder] --><\/h2>\n<\/div>\n<p><!-- [et_pb_line_break_holder] --><\/p>\n<div class=\"tapahtumapaikka\"><\/div>\n<p><!-- [et_pb_line_break_holder] --><\/div>\n<p><!-- [et_pb_line_break_holder] --><!-- [et_pb_line_break_holder] --><\/p>\n<div class=\"et_pb_module tapahtumalistaus\"><!-- [et_pb_line_break_holder] --><\/p>\n<div class=\"tapahtumanpvm\">5.3.2024 <\/div>\n<p><!-- [et_pb_line_break_holder] --><\/p>\n<div class=\"tapahtumannimi\">\n<h2 class=\"entry-title\"><a href=\"https:\/\/rotary.fi\/kuninkaankartano\/events\/klubin-viikkokokous-5\/\">Klubin viikkokokous, Porin kaupunki, toimialajohtaja, Lauri Kilkku<\/a><!-- [et_pb_line_break_holder] --><\/h2>\n<\/div>\n<p><!-- [et_pb_line_break_holder] --><\/p>\n<div class=\"tapahtumapaikka\"><\/div>\n<p><!-- [et_pb_line_break_holder] --><\/div>\n<p><!-- [et_pb_line_break_holder] --><!-- [et_pb_line_break_holder] --><\/p>\n<div class=\"et_pb_module tapahtumalistaus\"><!-- [et_pb_line_break_holder] --><\/p>\n<div class=\"tapahtumanpvm\">20.2.2024 <\/div>\n<p><!-- [et_pb_line_break_holder] --><\/p>\n<div class=\"tapahtumannimi\">\n<h2 class=\"entry-title\"><a href=\"https:\/\/rotary.fi\/kuninkaankartano\/events\/klubin-viikkokokous-4\/\">Klubin viikkokokous, Porispere, promoottori Harri Vilkuna<\/a><!-- [et_pb_line_break_holder] --><\/h2>\n<\/div>\n<p><!-- [et_pb_line_break_holder] --><\/p>\n<div class=\"tapahtumapaikka\"><\/div>\n<p><!-- [et_pb_line_break_holder] --><\/div>\n<p><!-- [et_pb_line_break_holder] --><!-- [et_pb_line_break_holder] --><\/p>\n<div class=\"et_pb_module tapahtumalistaus\"><!-- [et_pb_line_break_holder] --><\/p>\n<div class=\"tapahtumanpvm\">23.1.2024 <\/div>\n<p><!-- [et_pb_line_break_holder] --><\/p>\n<div class=\"tapahtumannimi\">\n<h2 class=\"entry-title\"><a href=\"https:\/\/rotary.fi\/kuninkaankartano\/events\/klubin-viikkokokous-2\/\">Klubin viikkokokous, L\u00e4nsi-Suomen OP, varainhoitaja Inkeri Kuloharju<\/a><!-- [et_pb_line_break_holder] --><\/h2>\n<\/div>\n<p><!-- [et_pb_line_break_holder] --><\/p>\n<div class=\"tapahtumapaikka\"><\/div>\n<p><!-- [et_pb_line_break_holder] --><\/div>\n<p><!-- [et_pb_line_break_holder] --><!-- [et_pb_line_break_holder] --><\/p>\n<div class=\"et_pb_module tapahtumalistaus\"><!-- [et_pb_line_break_holder] --><\/p>\n<div class=\"tapahtumanpvm\">18.1.2024 <\/div>\n<p><!-- [et_pb_line_break_holder] --><\/p>\n<div class=\"tapahtumannimi\">\n<h2 class=\"entry-title\"><a href=\"https:\/\/rotary.fi\/kuninkaankartano\/events\/intercity-kokous\/\">Intercity -kokous, Keskustelijoina: Lauri Inna, Kristiina Salonen ja Kirsi Varhila<\/a><!-- [et_pb_line_break_holder] --><\/h2>\n<\/div>\n<p><!-- [et_pb_line_break_holder] --><\/p>\n<div class=\"tapahtumapaikka\"><\/div>\n<p><!-- [et_pb_line_break_holder] --><\/div>\n<p><!-- [et_pb_line_break_holder] --><!-- [et_pb_line_break_holder] --><\/p>\n<div class=\"et_pb_module tapahtumalistaus\"><!-- [et_pb_line_break_holder] --><\/p>\n<div class=\"tapahtumanpvm\">9.1.2024 <\/div>\n<p><!-- [et_pb_line_break_holder] --><\/p>\n<div class=\"tapahtumannimi\">\n<h2 class=\"entry-title\"><a href=\"https:\/\/rotary.fi\/kuninkaankartano\/events\/klubin-viikkokokous-3\/\">Klubin viikkokokous, Euroports Finland Oy, Rauman satama , HR-p\u00e4\u00e4llikk\u00f6 Danuta Jaakkola<\/a><!-- [et_pb_line_break_holder] --><\/h2>\n<\/div>\n<p><!-- [et_pb_line_break_holder] --><\/p>\n<div class=\"tapahtumapaikka\"><\/div>\n<p><!-- [et_pb_line_break_holder] --><\/div>\n<p><!-- [et_pb_line_break_holder] -->\t<\/div>\r\n<\/div>[\/et_pb_code][\/et_pb_column_inner][\/et_pb_row_inner][\/et_pb_column][et_pb_column type=&#8221;1_3&#8243;][et_pb_sidebar _builder_version=&#8221;3.4.1&#8243; area=&#8221;sidebar-1&#8243; module_class=&#8221;sivupalkki_sisalto&#8221; locked=&#8221;on&#8221; parent_locked=&#8221;on&#8221; \/][\/et_pb_column][\/et_pb_section]<\/p>\n","protected":false},"excerpt":{"rendered":"<p><div class=\"et_pb_row et_pb_row_0 et_pb_row_empty\">\n\t\t\t\t\n\t\t\t\t\n\t\t\t\t\n\t\t\t\t\n\t\t\t\t\n\t\t\t<\/div> Tapahtumakalenteri Tulevia tapahtumia <div class=\"em em-view-container\" id=\"em-view-601568791\" data-view=\"list\">\r\n\t<div class=\"em pixelbones em-list em-events-list\" id=\"em-events-list-601568791\" data-view-id=\"601568791\">\r\n\t28.4.2026 <a href=\"https:\/\/rotary.fi\/kuninkaankartano\/events\/klubin-viikkokokous-vesa-duldin\/\">Klubin viikkokokous, Vesa Duldin<\/a>12.5.2026 <a href=\"https:\/\/rotary.fi\/kuninkaankartano\/events\/klubin-viikkokokous-pentti-kivikoski-2\/\">Klubin viikkokokous, Pentti Kivikoski<\/a>26.5.2026 <a href=\"https:\/\/rotary.fi\/kuninkaankartano\/events\/vaihtokokous-kallo\/\">Vaihtokokous, Kallo<\/a>\t<\/div>\r\n<\/div> Menneit\u00e4 tapahtumia <div class=\"em em-view-container\" id=\"em-view-401838811\" data-view=\"list\">\r\n\t<div class=\"em pixelbones em-list em-events-list\" id=\"em-events-list-401838811\" data-view-id=\"401838811\">\r\n\t14.4.2026 <a href=\"https:\/\/rotary.fi\/kuninkaankartano\/events\/klubin-viikkokokous-simo-aalto\/\">Klubin viikkokokous, Simo Aalto<\/a>31.3.2026 <a href=\"https:\/\/rotary.fi\/kuninkaankartano\/events\/klubin-viikkokokous-pentti-kivikoski\/\">Klubin kev\u00e4tkokous<\/a>17.3.2026 <a href=\"https:\/\/rotary.fi\/kuninkaankartano\/events\/klubin-viikkokokous-esa-lehto\/\">Klubin viikkokokous, Mikko Sipponen<\/a>3.3.2026 <a href=\"https:\/\/rotary.fi\/kuninkaankartano\/events\/klubin-viikkokokous-mikko-sipponen\/\">Klubin viikkokokous, Esa Lehto<\/a>17.2.2026 <a href=\"https:\/\/rotary.fi\/kuninkaankartano\/events\/klubin-viikkokokous-rauno-numminen\/\">Klubin viikkokokous, Rauno Numminen<\/a>17.2.2026 <a href=\"https:\/\/rotary.fi\/kuninkaankartano\/events\/klubin-viikkokokous-rauno-numminen-2\/\">Klubin viikkokokous, Rauno Numminen<\/a>3.6.2025 <a href=\"https:\/\/rotary.fi\/kuninkaankartano\/events\/vaihtokokous-kallossa\/\">Vaihtokokous Kallossa<\/a>20.5.2025 <a href=\"https:\/\/rotary.fi\/kuninkaankartano\/events\/vierailu-hyotytuulen-opastuskeskuksessa-tanja-kivi\/\">Vierailu Hy\u00f6tytuulen opastuskeskuksessa; Tanja Kivi<\/a>6.5.2025 <a href=\"https:\/\/rotary.fi\/kuninkaankartano\/events\/metsaan-sijoittaminen-rauno-numminen\/\">Mets\u00e4\u00e4n sijoittaminen; Rauno Numminen<\/a>22.4.2025 <a href=\"https:\/\/rotary.fi\/kuninkaankartano\/events\/lintujen-kevatmuutto-janne-lampolahti\/\">Lintujen kev\u00e4tmuutto; Janne Lampolahti<\/a>8.4.2025 <a href=\"https:\/\/rotary.fi\/kuninkaankartano\/events\/moto-metsassa-antti-tuomisto\/\">Moto mets\u00e4ss\u00e4; Antti Tuomisto<\/a>25.3.2025 <a href=\"https:\/\/rotary.fi\/kuninkaankartano\/events\/jokaisen-oikeudet-metsassa-rauno-numminen\/\">Jokaisen oikeudet mets\u00e4ss\u00e4; Rauno Numminen<\/a>11.3.2025 <a href=\"https:\/\/rotary.fi\/kuninkaankartano\/events\/perinnelaivayhdistys-ihana-ja-sen-seilaus-selkamerella-kimmo-aho\/\">Perinnelaivayhdistys Ihana ja sen seilaus Selk\u00e4merell\u00e4; Kimmo Aho<\/a>25.2.2025 <a href=\"https:\/\/rotary.fi\/kuninkaankartano\/events\/karhut-sudet-ja-ilvekset-satakunnassa-ari-alinen\/\">Karhut, sudet ja ilvekset Satakunnassa; Ari Alinen<\/a>11.2.2025 <a href=\"https:\/\/rotary.fi\/kuninkaankartano\/events\/wild-nordic-naturen-elamyspalvelut-jaana-malkki\/\">Wild Nordic Naturen el\u00e4myspalvelut; Jaana M\u00e4lkki<\/a>28.1.2025 <a href=\"https:\/\/rotary.fi\/kuninkaankartano\/events\/sapin-saari-ja-muflonit-erkki-ranne\/\">S\u00e4pin saari ja muflonit; Erkki Ranne<\/a>14.1.2025 <a href=\"https:\/\/rotary.fi\/kuninkaankartano\/events\/klubineuvottelu\/\">Klubineuvottelu<\/a>17.12.2024 <a href=\"https:\/\/rotary.fi\/kuninkaankartano\/events\/jouluateria\/\">Jouluateria<\/a>3.12.2024 <a href=\"https:\/\/rotary.fi\/kuninkaankartano\/events\/vuosi-ja-vaalikokous\/\">Vuosi- ja vaalikokous<\/a>19.11.2024 <a href=\"https:\/\/rotary.fi\/kuninkaankartano\/events\/dgn-klubivierailu-ja-hallituksen-kokous\/\">DG:n klubivierailu ja hallituksen kokous<\/a>5.11.2024 <a href=\"https:\/\/rotary.fi\/kuninkaankartano\/events\/metsan-merkitys-satakunnalle\/\">Mets\u00e4n merkitys satakunnalle<\/a>22.10.2024 <a href=\"https:\/\/rotary.fi\/kuninkaankartano\/events\/asiaa-sienista-biologi-janne-lampolahti\/\">Asiaa sienist\u00e4, Biologi Janne Lampolahti<\/a>8.10.2024 <a href=\"https:\/\/rotary.fi\/kuninkaankartano\/events\/esavotta-paatoimittaja-kim-huovinlahti-satakunnan-viikko\/\">eSavotta, P\u00e4\u00e4toimittaja Kim Huovinlahti, Satakunnan Viikko<\/a>24.9.2024 <a href=\"https:\/\/rotary.fi\/kuninkaankartano\/events\/metsaopetus-satakunnassa-lehtori-maarit-jarvinen-winnova\/\">Mets\u00e4opetus Satakunnassa, Lehtori Maarit J\u00e4rvinen, WinNova<\/a>10.9.2024 <a href=\"https:\/\/rotary.fi\/kuninkaankartano\/events\/milta-nayttaa-tulevan-talven-sahkomarkkina-kimmo-kivikko\/\">Milt\u00e4 n\u00e4ytt\u00e4\u00e4 tulevan talven s\u00e4hk\u00f6markkina, Toimitusjohtaja Kimmo Kivikko, Lammaisten Energia<\/a>27.8.2024 <a href=\"https:\/\/rotary.fi\/kuninkaankartano\/events\/klubineuvottelu-syksyn-ohjelma-presidentti\/\">Klubineuvottelu \/ syksyn ohjelma, Presidentti<\/a>11.6.2024 <a href=\"https:\/\/rotary.fi\/kuninkaankartano\/events\/vaihtokokous\/\">Vaihtokokous<\/a>28.5.2024 <a href=\"https:\/\/rotary.fi\/kuninkaankartano\/events\/kevatkokous\/\">Kev\u00e4tkokous<\/a>14.5.2024 <a href=\"https:\/\/rotary.fi\/kuninkaankartano\/events\/klubin-viikkokokous-8\/\">Klubin viikkokokous, Festrent Finland Oy, toimitusjohtaja Juha M\u00e4kinen<\/a>16.4.2024 <a href=\"https:\/\/rotary.fi\/kuninkaankartano\/events\/klubin-viikkokokous-7\/\">Klubin viikkokokous, Radio Pori, juontaja Laura Pullinen<\/a>2.4.2024 <a href=\"https:\/\/rotary.fi\/kuninkaankartano\/events\/klubin-viikkokokous-6\/\">Klubin viikkokokous, Otso LKV, kiinteist\u00f6nv\u00e4litt\u00e4j\u00e4 Riina V\u00e4limaa<\/a>20.3.2024 <a href=\"https:\/\/rotary.fi\/kuninkaankartano\/events\/hyvantekevaisyyskonsertti-keski-porin-kirkko\/\">Hyv\u00e4ntekev\u00e4isyyskonsertti, Keski-Porin Kirkko<\/a>5.3.2024 <a href=\"https:\/\/rotary.fi\/kuninkaankartano\/events\/klubin-viikkokokous-5\/\">Klubin viikkokokous, Porin kaupunki, toimialajohtaja, Lauri Kilkku<\/a>20.2.2024 <a href=\"https:\/\/rotary.fi\/kuninkaankartano\/events\/klubin-viikkokokous-4\/\">Klubin viikkokokous, Porispere, promoottori Harri Vilkuna<\/a>23.1.2024 <a href=\"https:\/\/rotary.fi\/kuninkaankartano\/events\/klubin-viikkokokous-2\/\">Klubin viikkokokous, L\u00e4nsi-Suomen OP, varainhoitaja Inkeri Kuloharju<\/a>18.1.2024 <a href=\"https:\/\/rotary.fi\/kuninkaankartano\/events\/intercity-kokous\/\">Intercity -kokous, Keskustelijoina: Lauri Inna, Kristiina Salonen ja Kirsi Varhila<\/a>9.1.2024 <a href=\"https:\/\/rotary.fi\/kuninkaankartano\/events\/klubin-viikkokokous-3\/\">Klubin viikkokokous, Euroports Finland Oy, Rauman satama , HR-p\u00e4\u00e4llikk\u00f6 Danuta Jaakkola<\/a>\t<\/div>\r\n<\/div><\/p>\n","protected":false},"author":1,"featured_media":0,"parent":94,"menu_order":0,"comment_status":"closed","ping_status":"closed","template":"","meta":{"_acf_changed":false,"_et_pb_use_builder":"on","_et_pb_old_content":"","_et_gb_content_width":"","footnotes":""},"class_list":["post-186","page","type-page","status-publish","hentry"],"acf":[],"yoast_head":"<!-- This site is optimized with the Yoast SEO plugin v27.4 - https:\/\/yoast.com\/product\/yoast-seo-wordpress\/ -->\n<title>Tapahtumakalenteri - Kuninkaankartanon Rotaryklubi<\/title>\n<meta name=\"robots\" content=\"index, follow, max-snippet:-1, max-image-preview:large, max-video-preview:-1\" \/>\n<link rel=\"canonical\" href=\"https:\/\/rotary.fi\/kuninkaankartano\/ajankohtaista\/tapahtumakalenteri\/\" \/>\n<meta property=\"og:locale\" content=\"fi_FI\" \/>\n<meta property=\"og:type\" content=\"article\" \/>\n<meta property=\"og:title\" content=\"Tapahtumakalenteri - Kuninkaankartanon Rotaryklubi\" \/>\n<meta property=\"og:description\" content=\"Tapahtumakalenteri Tulevia tapahtumia Menneit\u00e4 tapahtumia\" \/>\n<meta property=\"og:url\" content=\"https:\/\/rotary.fi\/kuninkaankartano\/ajankohtaista\/tapahtumakalenteri\/\" \/>\n<meta property=\"og:site_name\" content=\"Kuninkaankartanon Rotaryklubi\" \/>\n<meta property=\"article:modified_time\" content=\"2019-02-28T10:37:25+00:00\" \/>\n<meta name=\"twitter:card\" content=\"summary_large_image\" \/>\n<meta name=\"twitter:label1\" content=\"Arvioitu lukuaika\" \/>\n\t<meta name=\"twitter:data1\" content=\"1 minuutti\" \/>\n<script type=\"application\/ld+json\" class=\"yoast-schema-graph\">{\"@context\":\"https:\\\/\\\/schema.org\",\"@graph\":[{\"@type\":\"WebPage\",\"@id\":\"https:\\\/\\\/rotary.fi\\\/kuninkaankartano\\\/ajankohtaista\\\/tapahtumakalenteri\\\/\",\"url\":\"https:\\\/\\\/rotary.fi\\\/kuninkaankartano\\\/ajankohtaista\\\/tapahtumakalenteri\\\/\",\"name\":\"Tapahtumakalenteri - Kuninkaankartanon Rotaryklubi\",\"isPartOf\":{\"@id\":\"https:\\\/\\\/rotary.fi\\\/kuninkaankartano\\\/#website\"},\"datePublished\":\"2018-08-13T08:06:59+00:00\",\"dateModified\":\"2019-02-28T10:37:25+00:00\",\"breadcrumb\":{\"@id\":\"https:\\\/\\\/rotary.fi\\\/kuninkaankartano\\\/ajankohtaista\\\/tapahtumakalenteri\\\/#breadcrumb\"},\"inLanguage\":\"fi\",\"potentialAction\":[{\"@type\":\"ReadAction\",\"target\":[\"https:\\\/\\\/rotary.fi\\\/kuninkaankartano\\\/ajankohtaista\\\/tapahtumakalenteri\\\/\"]}]},{\"@type\":\"BreadcrumbList\",\"@id\":\"https:\\\/\\\/rotary.fi\\\/kuninkaankartano\\\/ajankohtaista\\\/tapahtumakalenteri\\\/#breadcrumb\",\"itemListElement\":[{\"@type\":\"ListItem\",\"position\":1,\"name\":\"Home\",\"item\":\"https:\\\/\\\/rotary.fi\\\/kuninkaankartano\\\/\"},{\"@type\":\"ListItem\",\"position\":2,\"name\":\"Ajankohtaista\",\"item\":\"https:\\\/\\\/rotary.fi\\\/kuninkaankartano\\\/ajankohtaista\\\/\"},{\"@type\":\"ListItem\",\"position\":3,\"name\":\"Tapahtumakalenteri\"}]},{\"@type\":\"WebSite\",\"@id\":\"https:\\\/\\\/rotary.fi\\\/kuninkaankartano\\\/#website\",\"url\":\"https:\\\/\\\/rotary.fi\\\/kuninkaankartano\\\/\",\"name\":\"Kuninkaankartanon Rotaryklubi\",\"description\":\"Uusi Rotary klubisivusto\",\"publisher\":{\"@id\":\"https:\\\/\\\/rotary.fi\\\/kuninkaankartano\\\/#organization\"},\"potentialAction\":[{\"@type\":\"SearchAction\",\"target\":{\"@type\":\"EntryPoint\",\"urlTemplate\":\"https:\\\/\\\/rotary.fi\\\/kuninkaankartano\\\/?s={search_term_string}\"},\"query-input\":{\"@type\":\"PropertyValueSpecification\",\"valueRequired\":true,\"valueName\":\"search_term_string\"}}],\"inLanguage\":\"fi\"},{\"@type\":\"Organization\",\"@id\":\"https:\\\/\\\/rotary.fi\\\/kuninkaankartano\\\/#organization\",\"name\":\"Kuninkaankartanon Rotaryklubi\",\"url\":\"https:\\\/\\\/rotary.fi\\\/kuninkaankartano\\\/\",\"logo\":{\"@type\":\"ImageObject\",\"inLanguage\":\"fi\",\"@id\":\"https:\\\/\\\/rotary.fi\\\/kuninkaankartano\\\/#\\\/schema\\\/logo\\\/image\\\/\",\"url\":\"https:\\\/\\\/rotary.fi\\\/kuninkaankartano\\\/wp-content\\\/uploads\\\/sites\\\/92\\\/2018\\\/08\\\/rotary-logo-main-2.png\",\"contentUrl\":\"https:\\\/\\\/rotary.fi\\\/kuninkaankartano\\\/wp-content\\\/uploads\\\/sites\\\/92\\\/2018\\\/08\\\/rotary-logo-main-2.png\",\"width\":135,\"height\":52,\"caption\":\"Kuninkaankartanon Rotaryklubi\"},\"image\":{\"@id\":\"https:\\\/\\\/rotary.fi\\\/kuninkaankartano\\\/#\\\/schema\\\/logo\\\/image\\\/\"}}]}<\/script>\n<!-- \/ Yoast SEO plugin. -->","yoast_head_json":{"title":"Tapahtumakalenteri - Kuninkaankartanon Rotaryklubi","robots":{"index":"index","follow":"follow","max-snippet":"max-snippet:-1","max-image-preview":"max-image-preview:large","max-video-preview":"max-video-preview:-1"},"canonical":"https:\/\/rotary.fi\/kuninkaankartano\/ajankohtaista\/tapahtumakalenteri\/","og_locale":"fi_FI","og_type":"article","og_title":"Tapahtumakalenteri - Kuninkaankartanon Rotaryklubi","og_description":"Tapahtumakalenteri Tulevia tapahtumia Menneit\u00e4 tapahtumia","og_url":"https:\/\/rotary.fi\/kuninkaankartano\/ajankohtaista\/tapahtumakalenteri\/","og_site_name":"Kuninkaankartanon Rotaryklubi","article_modified_time":"2019-02-28T10:37:25+00:00","twitter_card":"summary_large_image","twitter_misc":{"Arvioitu lukuaika":"1 minuutti"},"schema":{"@context":"https:\/\/schema.org","@graph":[{"@type":"WebPage","@id":"https:\/\/rotary.fi\/kuninkaankartano\/ajankohtaista\/tapahtumakalenteri\/","url":"https:\/\/rotary.fi\/kuninkaankartano\/ajankohtaista\/tapahtumakalenteri\/","name":"Tapahtumakalenteri - Kuninkaankartanon Rotaryklubi","isPartOf":{"@id":"https:\/\/rotary.fi\/kuninkaankartano\/#website"},"datePublished":"2018-08-13T08:06:59+00:00","dateModified":"2019-02-28T10:37:25+00:00","breadcrumb":{"@id":"https:\/\/rotary.fi\/kuninkaankartano\/ajankohtaista\/tapahtumakalenteri\/#breadcrumb"},"inLanguage":"fi","potentialAction":[{"@type":"ReadAction","target":["https:\/\/rotary.fi\/kuninkaankartano\/ajankohtaista\/tapahtumakalenteri\/"]}]},{"@type":"BreadcrumbList","@id":"https:\/\/rotary.fi\/kuninkaankartano\/ajankohtaista\/tapahtumakalenteri\/#breadcrumb","itemListElement":[{"@type":"ListItem","position":1,"name":"Home","item":"https:\/\/rotary.fi\/kuninkaankartano\/"},{"@type":"ListItem","position":2,"name":"Ajankohtaista","item":"https:\/\/rotary.fi\/kuninkaankartano\/ajankohtaista\/"},{"@type":"ListItem","position":3,"name":"Tapahtumakalenteri"}]},{"@type":"WebSite","@id":"https:\/\/rotary.fi\/kuninkaankartano\/#website","url":"https:\/\/rotary.fi\/kuninkaankartano\/","name":"Kuninkaankartanon Rotaryklubi","description":"Uusi Rotary klubisivusto","publisher":{"@id":"https:\/\/rotary.fi\/kuninkaankartano\/#organization"},"potentialAction":[{"@type":"SearchAction","target":{"@type":"EntryPoint","urlTemplate":"https:\/\/rotary.fi\/kuninkaankartano\/?s={search_term_string}"},"query-input":{"@type":"PropertyValueSpecification","valueRequired":true,"valueName":"search_term_string"}}],"inLanguage":"fi"},{"@type":"Organization","@id":"https:\/\/rotary.fi\/kuninkaankartano\/#organization","name":"Kuninkaankartanon Rotaryklubi","url":"https:\/\/rotary.fi\/kuninkaankartano\/","logo":{"@type":"ImageObject","inLanguage":"fi","@id":"https:\/\/rotary.fi\/kuninkaankartano\/#\/schema\/logo\/image\/","url":"https:\/\/rotary.fi\/kuninkaankartano\/wp-content\/uploads\/sites\/92\/2018\/08\/rotary-logo-main-2.png","contentUrl":"https:\/\/rotary.fi\/kuninkaankartano\/wp-content\/uploads\/sites\/92\/2018\/08\/rotary-logo-main-2.png","width":135,"height":52,"caption":"Kuninkaankartanon Rotaryklubi"},"image":{"@id":"https:\/\/rotary.fi\/kuninkaankartano\/#\/schema\/logo\/image\/"}}]}},"lang":"fi","translations":{"fi":186},"pll_sync_post":[],"_links":{"self":[{"href":"https:\/\/rotary.fi\/kuninkaankartano\/wp-json\/wp\/v2\/pages\/186","targetHints":{"allow":["GET"]}}],"collection":[{"href":"https:\/\/rotary.fi\/kuninkaankartano\/wp-json\/wp\/v2\/pages"}],"about":[{"href":"https:\/\/rotary.fi\/kuninkaankartano\/wp-json\/wp\/v2\/types\/page"}],"author":[{"embeddable":true,"href":"https:\/\/rotary.fi\/kuninkaankartano\/wp-json\/wp\/v2\/users\/1"}],"replies":[{"embeddable":true,"href":"https:\/\/rotary.fi\/kuninkaankartano\/wp-json\/wp\/v2\/comments?post=186"}],"version-history":[{"count":11,"href":"https:\/\/rotary.fi\/kuninkaankartano\/wp-json\/wp\/v2\/pages\/186\/revisions"}],"predecessor-version":[{"id":1523,"href":"https:\/\/rotary.fi\/kuninkaankartano\/wp-json\/wp\/v2\/pages\/186\/revisions\/1523"}],"up":[{"embeddable":true,"href":"https:\/\/rotary.fi\/kuninkaankartano\/wp-json\/wp\/v2\/pages\/94"}],"wp:attachment":[{"href":"https:\/\/rotary.fi\/kuninkaankartano\/wp-json\/wp\/v2\/media?parent=186"}],"curies":[{"name":"wp","href":"https:\/\/api.w.org\/{rel}","templated":true}]}}