{"id":1830,"date":"2021-11-05T16:03:21","date_gmt":"2021-11-05T14:03:21","guid":{"rendered":"https:\/\/rotary.fi\/kemi-meri-kemi\/?page_id=1830"},"modified":"2026-08-24T11:52:55","modified_gmt":"2026-08-24T08:52:55","slug":"mukavat-viikkokokoukset","status":"publish","type":"page","link":"https:\/\/rotary.fi\/kemi-meri-kemi\/mita-teemme\/hauskat-tapahtumamme\/mukavat-viikkokokoukset\/","title":{"rendered":"Viikkokokoukset"},"content":{"rendered":"<p>[et_pb_section fb_built=&#8221;1&#8243; admin_label=&#8221;section&#8221; _builder_version=&#8221;4.27.0&#8243; global_colors_info=&#8221;{}&#8221;][et_pb_row admin_label=&#8221;row&#8221; _builder_version=&#8221;4.22.1&#8243; background_size=&#8221;initial&#8221; background_position=&#8221;top_left&#8221; background_repeat=&#8221;repeat&#8221; custom_margin=&#8221;|auto|-69px|auto||&#8221; global_colors_info=&#8221;{}&#8221;][et_pb_column type=&#8221;4_4&#8243; _builder_version=&#8221;4.16&#8243; custom_padding=&#8221;|||&#8221; global_colors_info=&#8221;{}&#8221; custom_padding__hover=&#8221;|||&#8221;][et_pb_heading title=&#8221;Viikkokokoukset&#8221; _builder_version=&#8221;4.22.1&#8243; _module_preset=&#8221;default&#8221; global_colors_info=&#8221;{}&#8221;][\/et_pb_heading][et_pb_text _builder_version=&#8221;4.16&#8243; _module_preset=&#8221;default&#8221; global_colors_info=&#8221;{}&#8221;]<\/p>\n<p>Rotary-toiminta perustuu pitk\u00e4lti s\u00e4\u00e4nn\u00f6llisiin yhteisiin kokoontumisiin. Me Per\u00e4meren ja Meri-Kemin Rotaryklubien j\u00e4senet kokoonnumme viikottain ja kokouksiimme on l\u00e4hes aina mahdollisuus osallistua my\u00f6s et\u00e4yhteydell\u00e4.\u00a0<\/p>\n<p>Viikkokokouksissa tyypillisesti keskustelemme ajankohtaisista Rotary-teemoista ja kuulumisista. Ohjelmassa on usein joku alustus tai esitys meille mielenkiintoisista aiheista joko oman j\u00e4senen esitt\u00e4m\u00e4n\u00e4 tai meill\u00e4 on vieras, joka kertoo tietyst\u00e4 teemasta.<\/p>\n<p>Haluamme verkostoitua eri alojen ihmisten kanssa ja meille on t\u00e4rke\u00e4\u00e4 my\u00f6s tunnistaa, millaisia hyv\u00e4ntekev\u00e4isyyden tarpeita voisi l\u00f6yty\u00e4 my\u00f6s paikallisesti. N\u00e4in ollen olemme saaneet kuulla monenlaisia mielenkiintoisia esitelmi\u00e4 sosiaali alalta, kulttuurista ja yritysel\u00e4m\u00e4st\u00e4.<\/p>\n<p>[\/et_pb_text][\/et_pb_column][\/et_pb_row][\/et_pb_section][et_pb_section fb_built=&#8221;1&#8243; theme_builder_area=&#8221;post_content&#8221; _builder_version=&#8221;4.27.7&#8243; _module_preset=&#8221;default&#8221;][et_pb_row _builder_version=&#8221;4.27.7&#8243; _module_preset=&#8221;default&#8221; theme_builder_area=&#8221;post_content&#8221;][et_pb_column _builder_version=&#8221;4.27.7&#8243; _module_preset=&#8221;default&#8221; type=&#8221;4_4&#8243; theme_builder_area=&#8221;post_content&#8221;][et_pb_text _builder_version=&#8221;4.27.7&#8243; _module_preset=&#8221;default&#8221; theme_builder_area=&#8221;post_content&#8221; hover_enabled=&#8221;0&#8243; sticky_enabled=&#8221;0&#8243; text_text_color=&#8221;#000000&#8243; text_font_size=&#8221;25px&#8221; text_orientation=&#8221;center&#8221;]<\/p>\n<table width=\"599\">\n<tbody>\n<tr>\n<td width=\"599\" style=\"text-align: center\">Per\u00e4meren rotaryklubin vuosikalenteri 2026-27<\/td>\n<\/tr>\n<\/tbody>\n<\/table>\n<p>[\/et_pb_text][\/et_pb_column][\/et_pb_row][\/et_pb_section][et_pb_section fb_built=&#8221;1&#8243; _builder_version=&#8221;4.27.0&#8243; _module_preset=&#8221;default&#8221; min_height=&#8221;676.1px&#8221; global_colors_info=&#8221;{}&#8221; custom_margin=&#8221;-68px|||||&#8221;][et_pb_row _builder_version=&#8221;4.27.7&#8243; _module_preset=&#8221;default&#8221; width=&#8221;64.9%&#8221; global_colors_info=&#8221;{}&#8221; min_height=&#8221;4165.8px&#8221;][et_pb_column type=&#8221;4_4&#8243; _builder_version=&#8221;4.27.7&#8243; _module_preset=&#8221;default&#8221; global_colors_info=&#8221;{}&#8221;][et_pb_text _builder_version=&#8221;4.27.7&#8243; _module_preset=&#8221;default&#8221; hover_enabled=&#8221;0&#8243; sticky_enabled=&#8221;0&#8243; width=&#8221;100%&#8221;]<\/p>\n<table width=\"1526\">\n<tbody>\n<tr>\n<td width=\"140\"><\/td>\n<td width=\"55\"><\/td>\n<td width=\"599\"><\/td>\n<td width=\"597\"><\/td>\n<td width=\"135\"><\/td>\n<\/tr>\n<tr>\n<td width=\"140\"><strong>Kuukausi<\/strong><\/td>\n<td width=\"55\"><strong>Nro<\/strong><\/td>\n<td width=\"599\"><strong>J\u00e4rjest\u00e4j\u00e4<\/strong><\/td>\n<td width=\"597\"><strong>huomiot<\/strong><\/td>\n<td><\/td>\n<\/tr>\n<tr>\n<td width=\"140\"><strong>Hein\u00e4<\/strong><\/td>\n<td width=\"55\">\u00a0<\/td>\n<td width=\"599\">\u00c4idin ja lapsen terveyden kuukausi<\/td>\n<td width=\"597\">\u00a0<\/td>\n<td><\/td>\n<\/tr>\n<tr>\n<td width=\"140\">\u00a0<\/td>\n<td width=\"55\">\u00a0<\/td>\n<td width=\"599\">\u00a0<\/td>\n<td width=\"597\">\u00a0<\/td>\n<td><\/td>\n<\/tr>\n<tr>\n<td width=\"140\"><strong>Elo<\/strong><\/td>\n<td width=\"55\">\u00a0<\/td>\n<td width=\"599\">J\u00e4senist\u00f6n ja laajennusty\u00f6n kuukausi<\/td>\n<td width=\"597\">Kaikki joilla on syd\u00e4n ja k\u00e4det palvella, kuuluvat rotaryyn.<\/td>\n<td><\/td>\n<\/tr>\n<tr>\n<td width=\"140\">4.8.<\/td>\n<td width=\"55\">\u00a0<\/td>\n<td width=\"599\">Ei kokousta, kes\u00e4lomatauko<\/td>\n<td width=\"597\">\u00a0<\/td>\n<td><\/td>\n<\/tr>\n<tr>\n<td width=\"140\">11.8.\u00a0\u00a0<\/td>\n<td width=\"55\">1<\/td>\n<td width=\"599\">Vaihto-oppilas Dylynn Casanova esitt\u00e4ytyy<\/td>\n<td width=\"597\">\u00a0<\/td>\n<td><\/td>\n<\/tr>\n<tr>\n<td width=\"140\">18.8.<\/td>\n<td width=\"55\">2<\/td>\n<td width=\"599\">Klubineuvottelu: j\u00e4senten kes\u00e4kuulumiset ja toiveet alkavalle kaudelle<\/td>\n<td width=\"597\">Klubin str ja kalenteri sek\u00e4 lupauksemme uusille j\u00e4senille.<\/td>\n<td><\/td>\n<\/tr>\n<tr>\n<td width=\"140\">25.8.\u00a0<\/td>\n<td width=\"55\">3<\/td>\n<td width=\"599\">Golfia meille kaikille, Kemin kentt\u00e4, Hannu Kankaanp\u00e4\u00e4<\/td>\n<td><\/td>\n<td><\/td>\n<\/tr>\n<tr>\n<td width=\"140\">\u00a0<\/td>\n<td width=\"55\">\u00a0<\/td>\n<td width=\"599\">\u00a0<\/td>\n<td width=\"597\"><\/td>\n<td><\/td>\n<\/tr>\n<tr>\n<td width=\"140\">\u00a0<\/td>\n<td width=\"55\">\u00a0<\/td>\n<td width=\"599\">\u00a0<\/td>\n<td><\/td>\n<td><\/td>\n<\/tr>\n<tr>\n<td width=\"140\"><strong>Syys<\/strong><\/td>\n<td width=\"55\">\u00a0<\/td>\n<td width=\"599\">Peruskoulutuksen sek\u00e4 luku- ja kirjoitustaidon kuukausi<\/td>\n<td width=\"597\">Rotary on j\u00e4rjest\u00f6mme, rotari on henkil\u00f6, sin\u00e4, min\u00e4, me\u2026<\/td>\n<td><\/td>\n<\/tr>\n<tr>\n<td width=\"140\">3.9.huom to\u00a0<\/td>\n<td width=\"55\">4<\/td>\n<td width=\"599\">RotaKids -polku J\u00e4rjest\u00f6messuilla Meri-Kemin kanssa<\/td>\n<td width=\"597\"><u>\u00a0<\/u><\/td>\n<td width=\"135\">intercitykokous<\/td>\n<\/tr>\n<tr>\n<td width=\"140\">8.9.\u00a0<\/td>\n<td width=\"55\">5<\/td>\n<td width=\"599\">Uusien j\u00e4senten koulutus sek\u00e4 p\u00e4ivitys kokeneille rotareille<\/td>\n<td><\/td>\n<td><\/td>\n<\/tr>\n<tr>\n<td width=\"140\">15.9.<\/td>\n<td width=\"55\">6<\/td>\n<td width=\"599\">Jukka Feodoroff\u00a0<\/td>\n<td><\/td>\n<td><\/td>\n<\/tr>\n<tr>\n<td width=\"140\">22.9.<\/td>\n<td width=\"55\">7<\/td>\n<td width=\"599\">Outi Kein\u00e4nen, egoesitelm\u00e4<\/td>\n<td><\/td>\n<td><\/td>\n<\/tr>\n<tr>\n<td width=\"140\">29.9.\u00a0<\/td>\n<td width=\"55\">8<\/td>\n<td width=\"599\">\u00a0EU:n lukutaitoviikko: Sauvosaaren p\u00e4iv\u00e4kodissa luemme satuja ja Nalletohtoreilla on vastaanotto<\/td>\n<td width=\"597\">yhdess\u00e4 Meri-Kemin kanssa\u00a0<\/td>\n<td width=\"135\">intercitykokous<\/td>\n<\/tr>\n<tr>\n<td width=\"140\">\u00a0<\/td>\n<td width=\"55\">\u00a0<\/td>\n<td><\/td>\n<td width=\"597\">\u00a0<\/td>\n<td><\/td>\n<\/tr>\n<tr>\n<td width=\"140\"><strong>Loka<\/strong><\/td>\n<td width=\"55\">\u00a0<\/td>\n<td width=\"599\">Talouskehityksen ja yhteiskunnallisen kehityksen kuukausi\u00a0<\/td>\n<td width=\"597\">Jokainen voi tehd\u00e4 hyv\u00e4\u00e4 Rotarys\u00e4\u00e4ti\u00f6n kautta, siten oma panos moninkertaistuu.\u00a0 &#8211; Voi muistaa syntt\u00e4ri\u00e4 tai poisnukkunutta<\/td>\n<td><\/td>\n<\/tr>\n<tr>\n<td width=\"140\">6.10.<\/td>\n<td width=\"55\">9<\/td>\n<td width=\"599\">Jussi Kannisto<\/td>\n<td width=\"597\">RLI -koulutus Oulussa 17.-18.10.<\/td>\n<td><\/td>\n<\/tr>\n<tr>\n<td width=\"140\">13.10.<\/td>\n<td width=\"55\">10<\/td>\n<td width=\"599\">Harri Posti<\/td>\n<td width=\"597\">\u00a0<\/td>\n<td><\/td>\n<\/tr>\n<tr>\n<td width=\"140\">20.10.<\/td>\n<td width=\"55\">11<\/td>\n<td width=\"599\">Pekka Suopaj\u00e4rvi<\/td>\n<td>24.10. poliop\u00e4iv\u00e4, jos annamme 1 \u20ac, Gatesin s\u00e4\u00e4ti\u00f6 antaa 2 \u20ac -&gt; yhden lapsen<\/td>\n<td><\/td>\n<\/tr>\n<tr>\n<td width=\"140\">27.10.<\/td>\n<td width=\"55\">12<\/td>\n<td width=\"599\">Annikki Tallgren<\/td>\n<td width=\"597\">\u00a0elinik\u00e4inen poliosuoja<\/td>\n<td><\/td>\n<\/tr>\n<tr>\n<td width=\"140\">\u00a0<\/td>\n<td width=\"55\">\u00a0<\/td>\n<td width=\"599\">\u00a0<\/td>\n<td width=\"597\">\u00a0<\/td>\n<td><\/td>\n<\/tr>\n<tr>\n<td width=\"140\"><strong>Marras<\/strong><\/td>\n<td width=\"55\">\u00a0<\/td>\n<td width=\"599\">Rotarys\u00e4\u00e4ti\u00f6n kuukausi<\/td>\n<td width=\"597\">Jos antaisimme 23 sentti\u00e4\/pv S\u00e4\u00e4ti\u00f6llemme -&gt; 100 USD\/ v\/ rotari.<\/td>\n<td><\/td>\n<\/tr>\n<tr>\n<td width=\"140\">3.11.<\/td>\n<td width=\"55\">13<\/td>\n<td width=\"599\">S\u00e4\u00e4nt\u00f6m\u00e4\u00e4r\u00e4inen syyskokous<\/td>\n<td width=\"597\">Piirin syyskokous ja koulutustilaisuus\u00a0<\/td>\n<td><\/td>\n<\/tr>\n<tr>\n<td width=\"140\">10.11.<\/td>\n<td width=\"55\">14<\/td>\n<td width=\"599\">Mari Numminen, Inbody mittaukset<\/td>\n<td width=\"597\">Piirikokous Oulussa 7.11., s\u00e4\u00e4ti\u00f6-, nv-, viestint\u00e4koulusta<\/td>\n<td><\/td>\n<\/tr>\n<tr>\n<td width=\"140\">17.11.\u00a0<\/td>\n<td width=\"55\">15<\/td>\n<td width=\"599\">S\u00e4\u00e4ti\u00f6koulutus, Arja Saarento<\/td>\n<td width=\"597\"><\/td>\n<td><\/td>\n<\/tr>\n<tr>\n<td width=\"140\">24.11.<\/td>\n<td width=\"55\">16<\/td>\n<td width=\"599\">Pikkujoulut, viinimaistiaiset, Jari Heikka<\/td>\n<td width=\"597\">RLI -kouluttajakoulutus Sein\u00e4joella 28.11.<\/td>\n<td><\/td>\n<\/tr>\n<tr>\n<td width=\"140\">\u00a0<\/td>\n<td width=\"55\">\u00a0<\/td>\n<td><\/td>\n<td width=\"597\">\u00a0<\/td>\n<td><\/td>\n<\/tr>\n<tr>\n<td width=\"140\">\u00a0<\/td>\n<td width=\"55\">\u00a0<\/td>\n<td><\/td>\n<td width=\"597\">\u00a0<\/td>\n<td><\/td>\n<\/tr>\n<tr>\n<td width=\"140\"><strong>Joulu<\/strong><\/td>\n<td width=\"55\">\u00a0<\/td>\n<td width=\"599\">Sairauksien ehk\u00e4isyn ja hoidon kuukausi<\/td>\n<td width=\"597\">Yksi lapsi saa elinik\u00e4isen poliosuojan 3 \u20ac:n lahjoituksella!<\/td>\n<td><\/td>\n<\/tr>\n<tr>\n<td width=\"140\">1.12.<\/td>\n<td width=\"55\">17<\/td>\n<td width=\"599\">Airi Paloste<\/td>\n<td width=\"597\">13.12. Kemin klubin syntym\u00e4pv\u00a0 (1947)<\/td>\n<td><\/td>\n<\/tr>\n<tr>\n<td width=\"140\">8.12.<\/td>\n<td width=\"55\">18<\/td>\n<td width=\"599\">Arto Rimali<\/td>\n<td width=\"597\">muuta joulukuussa: puurotarjoilu MLL:n kanssa?\u00a0<\/td>\n<td><\/td>\n<\/tr>\n<tr>\n<td width=\"140\">la 12.12<\/td>\n<td width=\"55\">\u00a0<\/td>\n<td>Teatteriretki: Jope &#8211; Matkiva kulkuri, klo 13 + yhteinen ruokailu\u00a0<\/td>\n<td width=\"597\">\u00a0<\/td>\n<td><\/td>\n<\/tr>\n<tr>\n<td width=\"140\">15.12.<\/td>\n<td width=\"55\">19<\/td>\n<td width=\"599\">Uche Unaka ja Ville Mankkinen, yhteiset joululaulut<\/td>\n<td width=\"597\">\u00a0<\/td>\n<td><\/td>\n<\/tr>\n<tr>\n<td width=\"140\">22.12.<\/td>\n<td width=\"55\">\u00a0<\/td>\n<td width=\"599\">Ei kokousta, joulutauko<\/td>\n<td width=\"597\">\u00a0<\/td>\n<td><\/td>\n<\/tr>\n<tr>\n<td width=\"140\">\u00a0<\/td>\n<td width=\"55\">\u00a0<\/td>\n<td width=\"599\">\u00a0<\/td>\n<td width=\"597\">\u00a0<\/td>\n<td><\/td>\n<\/tr>\n<tr>\n<td width=\"140\"><strong>Tammi<\/strong><\/td>\n<td width=\"55\">\u00a0<\/td>\n<td width=\"599\">Ammattipalvelun kuukausi<\/td>\n<td width=\"597\">Hyv\u00e4n tekeminen vahvistaa ja luo merkityksellisyytt\u00e4 el\u00e4m\u00e4\u00e4mme\/ F Martela<\/td>\n<td><\/td>\n<\/tr>\n<tr>\n<td width=\"140\">5.1.<\/td>\n<td width=\"55\">\u00a0<\/td>\n<td width=\"599\">Ei kokousta, joulutauko<\/td>\n<td width=\"597\">\u00a0<\/td>\n<td><\/td>\n<\/tr>\n<tr>\n<td width=\"140\">12.1.<\/td>\n<td width=\"55\">20<\/td>\n<td width=\"599\">Klubineuvottelu: kuulumis- ja toivekierros kev\u00e4\u00e4ksi<\/td>\n<td width=\"597\">\u00a0<\/td>\n<td><\/td>\n<\/tr>\n<tr>\n<td width=\"140\">19.1.<\/td>\n<td width=\"55\">21<\/td>\n<td width=\"599\">Raimo Ala-Kokkila, Talouskatsaus<\/td>\n<td width=\"597\">\u00a0<\/td>\n<td><\/td>\n<\/tr>\n<tr>\n<td width=\"140\">26.1.<\/td>\n<td width=\"55\">22<\/td>\n<td width=\"599\">Ari Leino<\/td>\n<td width=\"597\">\u00a0<\/td>\n<td><\/td>\n<\/tr>\n<tr>\n<td width=\"140\">\u00a0<\/td>\n<td width=\"55\">\u00a0<\/td>\n<td width=\"599\">\u00a0<\/td>\n<td width=\"597\">\u00a0<\/td>\n<td><\/td>\n<\/tr>\n<tr>\n<td width=\"140\"><strong>Helmi<\/strong><\/td>\n<td width=\"55\">\u00a0<\/td>\n<td width=\"599\">Rauhanrakentamisen sek\u00e4 konfliktien ehk\u00e4isyn ja sovittelun kuukausi<\/td>\n<td>Rotareilla on 6 rauhantutkimuskeskusta, nuortemme jatko-opiskeluun.<\/td>\n<td><\/td>\n<\/tr>\n<tr>\n<td width=\"140\">2.2.<\/td>\n<td width=\"55\">23<\/td>\n<td width=\"599\">Juha Mustaniemi<\/td>\n<td width=\"597\">RLI -koulutus 6.-7.2. H\u00e4rm\u00e4ss\u00e4<\/td>\n<td><\/td>\n<\/tr>\n<tr>\n<td width=\"140\">9.2.<\/td>\n<td width=\"55\">24<\/td>\n<td width=\"599\">Matti P\u00e4kkil\u00e4\u00a0<\/td>\n<td width=\"597\">\u00a0<\/td>\n<td><\/td>\n<\/tr>\n<tr>\n<td width=\"140\">16.2.<\/td>\n<td width=\"55\">25<\/td>\n<td width=\"599\">Juha Laurila<br \/>Taavi Heikkinen. Kuulemme kuljetus- ja logistiikka-alan kuulumiset.Juha Laurila<\/td>\n<td width=\"597\"><u>\u00a0<\/u><\/td>\n<td>\u00a0<\/td>\n<\/tr>\n<tr>\n<td width=\"140\">23.2.<\/td>\n<td width=\"55\">26<\/td>\n<td width=\"599\">Antti Palo<\/td>\n<td width=\"597\">\u00a0<\/td>\n<td><\/td>\n<\/tr>\n<tr>\n<td width=\"140\">\u00a0<\/td>\n<td width=\"55\">\u00a0<\/td>\n<td width=\"599\">\u00a0<\/td>\n<td width=\"597\">\u00a0<\/td>\n<td><\/td>\n<\/tr>\n<tr>\n<td width=\"140\"><strong>Maalis<\/strong><\/td>\n<td width=\"55\">\u00a0<\/td>\n<td width=\"599\">Vesi- ja saniteettihuollon kuukausi<\/td>\n<td width=\"597\">Piirimme global grant rakentaa kaivon ja vessat tytt\u00f6jen kotiin Intiassa.<\/td>\n<td><\/td>\n<\/tr>\n<tr>\n<td width=\"140\">2.3.<\/td>\n<td width=\"55\">27<\/td>\n<td width=\"599\">Jukka Halttunen<\/td>\n<td width=\"597\">\u00a0<\/td>\n<td><\/td>\n<\/tr>\n<tr>\n<td width=\"140\">9.3.<\/td>\n<td width=\"55\">28<\/td>\n<td width=\"599\">Ulla Veivo<\/td>\n<td width=\"597\">Tornion klubin syntym\u00e4p\u00e4iv\u00e4 8.3.1946<\/td>\n<td><\/td>\n<\/tr>\n<tr>\n<td width=\"140\">16.3.<\/td>\n<td width=\"55\">29<\/td>\n<td width=\"599\">Veli Honkola<\/td>\n<td width=\"597\">\u00a0<\/td>\n<td><\/td>\n<\/tr>\n<tr>\n<td width=\"140\">23.3.<\/td>\n<td width=\"55\">30<\/td>\n<td width=\"599\">Seppo Taponen<\/td>\n<td width=\"597\">PELS ja piirikokous Kemiss\u00e4<\/td>\n<td><\/td>\n<\/tr>\n<tr>\n<td width=\"140\">30.3.<\/td>\n<td width=\"55\">31<\/td>\n<td width=\"599\">Outi Hedem\u00e4ki-Kantola<\/td>\n<td width=\"597\"><\/td>\n<td><\/td>\n<\/tr>\n<tr>\n<td width=\"140\">\u00a0<\/td>\n<td width=\"55\">\u00a0<\/td>\n<td width=\"599\">\u00a0<\/td>\n<td width=\"597\">\u00a0<\/td>\n<td><\/td>\n<\/tr>\n<tr>\n<td width=\"140\"><strong>Huhti<\/strong><\/td>\n<td width=\"55\">\u00a0<\/td>\n<td width=\"599\">Ymp\u00e4rist\u00f6n kuukausi<\/td>\n<td width=\"597\">Ker\u00e4isitk\u00f6 tienvarresta roskan viikossa?<\/td>\n<td><\/td>\n<\/tr>\n<tr>\n<td width=\"140\">6.4.<\/td>\n<td width=\"55\">32<\/td>\n<td width=\"599\">Jorma Winter<\/td>\n<td width=\"597\">\u00a0<\/td>\n<td><\/td>\n<\/tr>\n<tr>\n<td width=\"140\">13.4.<\/td>\n<td width=\"55\">33<\/td>\n<td width=\"599\">Ky\u00f6sti Kaihu<\/td>\n<td width=\"597\">\u00a0<\/td>\n<td><\/td>\n<\/tr>\n<tr>\n<td width=\"140\">20.4.<\/td>\n<td width=\"55\">34<\/td>\n<td width=\"599\">Ilari Valkeinen<\/td>\n<td width=\"597\">\u00a0<\/td>\n<td><\/td>\n<\/tr>\n<tr>\n<td width=\"140\">27.4.<\/td>\n<td width=\"55\">35<\/td>\n<td width=\"599\">Juhani Maliniemi<\/td>\n<td width=\"597\"><u>\u00a0<\/u><\/td>\n<td><\/td>\n<\/tr>\n<tr>\n<td width=\"140\">\u00a0<\/td>\n<td width=\"55\">\u00a0<\/td>\n<td width=\"599\">\u00a0<\/td>\n<td width=\"597\">RLI -rotary leadership institute Ouluussa 17.-18.10.<\/td>\n<td><\/td>\n<\/tr>\n<tr>\n<td width=\"140\"><strong>Touko<\/strong><\/td>\n<td width=\"55\">\u00a0<\/td>\n<td width=\"599\">Nuorisopalvelun kuukausi<\/td>\n<td width=\"597\">Kes\u00e4vaihto ei maksa klubille mit\u00e4\u00e4n, mutta on nuorille avain kansainv\u00e4listymiseen ja elinik\u00e4isiin yst\u00e4vyyssuhteisiin<\/td>\n<td><\/td>\n<\/tr>\n<tr>\n<td width=\"140\">4.5.<\/td>\n<td width=\"55\">36<\/td>\n<td width=\"599\">Pentti Jauhola<\/td>\n<td width=\"597\">\u00a0<\/td>\n<td><\/td>\n<\/tr>\n<tr>\n<td width=\"140\">11.5.<\/td>\n<td width=\"55\">37<\/td>\n<td width=\"599\">S\u00e4\u00e4nt\u00f6m\u00e4\u00e4r\u00e4inen kev\u00e4tkokous<\/td>\n<td width=\"597\">\u00a0<\/td>\n<td><\/td>\n<\/tr>\n<tr>\n<td width=\"140\">18.5.<\/td>\n<td width=\"55\">38<\/td>\n<td width=\"599\">Strategian jalkautussuunnitelma -klubineuvottelu<\/td>\n<td width=\"597\">\u00a0<\/td>\n<td><\/td>\n<\/tr>\n<tr>\n<td width=\"140\">25.5.<\/td>\n<td width=\"55\">39<\/td>\n<td width=\"599\">Jouni Heikkil\u00e4<\/td>\n<td width=\"597\">\u00a0<\/td>\n<td><\/td>\n<\/tr>\n<tr>\n<td width=\"140\">\u00a0<\/td>\n<td width=\"55\">\u00a0<\/td>\n<td width=\"599\">\u00a0<\/td>\n<td width=\"597\">\u00a0<\/td>\n<td><\/td>\n<\/tr>\n<tr>\n<td width=\"140\"><strong>Kes\u00e4<\/strong><\/td>\n<td width=\"55\">\u00a0<\/td>\n<td width=\"599\">Rotaryn toveruusryhmien kuukausi<\/td>\n<td width=\"597\">Yhteisty\u00f6ll\u00e4 luomme yhteist\u00e4 hyv\u00e4\u00e4 vahvistaen samalla jokaisen omaa hyvinvointia.<\/td>\n<td><\/td>\n<\/tr>\n<tr>\n<td width=\"140\">1.6.<\/td>\n<td width=\"55\">40<\/td>\n<td>Sammutusharjoitus, Palolaitos<\/td>\n<td width=\"597\">\u00a0<\/td>\n<td><\/td>\n<\/tr>\n<tr>\n<td width=\"140\">8.6.<\/td>\n<td width=\"55\">41<\/td>\n<td width=\"599\">Hailuodon sillalle retki<\/td>\n<td width=\"597\">\u00a0<\/td>\n<td><\/td>\n<\/tr>\n<tr>\n<td width=\"140\">15.6.<\/td>\n<td width=\"55\">42<\/td>\n<td>Sosiaalisesti hyvinvoivat lappilaiset, Hannu Takkula<\/td>\n<td><\/td>\n<td><\/td>\n<\/tr>\n<tr>\n<td width=\"140\">22.6.<\/td>\n<td width=\"55\">43<\/td>\n<td>K\u00e4\u00e4tyjenvaihto ja vuoden kiitokset\u00a0<\/td>\n<td>\u00a0<\/td>\n<td><\/td>\n<\/tr>\n<tr>\n<td>29.6.<\/td>\n<td><\/td>\n<td width=\"599\">Ei kokousta, kes\u00e4tauko<\/td>\n<td><\/td>\n<td><\/td>\n<\/tr>\n<\/tbody>\n<\/table>\n<p>&nbsp;<\/p>\n<p>[\/et_pb_text][\/et_pb_column][\/et_pb_row][\/et_pb_section]<\/p>\n","protected":false},"excerpt":{"rendered":"<p>Rotary-toiminta perustuu pitk\u00e4lti s\u00e4\u00e4nn\u00f6llisiin yhteisiin kokoontumisiin. Me Per\u00e4meren ja Meri-Kemin Rotaryklubien j\u00e4senet kokoonnumme viikottain ja kokouksiimme on l\u00e4hes aina mahdollisuus osallistua my\u00f6s et\u00e4yhteydell\u00e4.\u00a0 Viikkokokouksissa tyypillisesti keskustelemme ajankohtaisista Rotary-teemoista ja kuulumisista. Ohjelmassa on usein joku alustus tai esitys meille mielenkiintoisista aiheista joko oman j\u00e4senen esitt\u00e4m\u00e4n\u00e4 tai meill\u00e4 on vieras, joka kertoo tietyst\u00e4 teemasta. Haluamme verkostoitua eri [&hellip;]<\/p>\n","protected":false},"author":526,"featured_media":0,"parent":160,"menu_order":0,"comment_status":"closed","ping_status":"closed","template":"","meta":{"_acf_changed":false,"_et_pb_use_builder":"on","_et_pb_old_content":"","_et_gb_content_width":"","footnotes":""},"class_list":["post-1830","page","type-page","status-publish","hentry"],"acf":[],"yoast_head":"<!-- This site is optimized with the Yoast SEO plugin v28.1 - https:\/\/yoast.com\/product\/yoast-seo-wordpress\/ -->\n<title>Viikkokokoukset - Meri-Kemin ja Per\u00e4meren klubit<\/title>\n<meta name=\"description\" content=\"Meri-Oulun Rotaryklubi mukavat viikkokokoukset\" \/>\n<meta name=\"robots\" content=\"index, follow, max-snippet:-1, max-image-preview:large, max-video-preview:-1\" \/>\n<link rel=\"canonical\" href=\"https:\/\/rotary.fi\/kemi-meri-kemi\/mita-teemme\/hauskat-tapahtumamme\/mukavat-viikkokokoukset\/\" \/>\n<meta property=\"og:locale\" content=\"fi_FI\" \/>\n<meta property=\"og:type\" content=\"article\" \/>\n<meta property=\"og:title\" content=\"Viikkokokoukset - Meri-Kemin ja Per\u00e4meren klubit\" \/>\n<meta property=\"og:description\" content=\"Meri-Oulun Rotaryklubi mukavat viikkokokoukset\" \/>\n<meta property=\"og:url\" content=\"https:\/\/rotary.fi\/kemi-meri-kemi\/mita-teemme\/hauskat-tapahtumamme\/mukavat-viikkokokoukset\/\" \/>\n<meta property=\"og:site_name\" content=\"Meri-Kemin ja Per\u00e4meren klubit\" \/>\n<meta property=\"article:modified_time\" content=\"2026-08-24T08:52:55+00:00\" \/>\n<meta name=\"twitter:card\" content=\"summary_large_image\" \/>\n<meta name=\"twitter:label1\" content=\"Arvioitu lukuaika\" \/>\n\t<meta name=\"twitter:data1\" content=\"2 minuuttia\" \/>\n<script type=\"application\/ld+json\" class=\"yoast-schema-graph\">{\"@context\":\"https:\\\/\\\/schema.org\",\"@graph\":[{\"@type\":\"WebPage\",\"@id\":\"https:\\\/\\\/rotary.fi\\\/kemi-meri-kemi\\\/mita-teemme\\\/hauskat-tapahtumamme\\\/mukavat-viikkokokoukset\\\/\",\"url\":\"https:\\\/\\\/rotary.fi\\\/kemi-meri-kemi\\\/mita-teemme\\\/hauskat-tapahtumamme\\\/mukavat-viikkokokoukset\\\/\",\"name\":\"Viikkokokoukset - Meri-Kemin ja Per\u00e4meren klubit\",\"isPartOf\":{\"@id\":\"https:\\\/\\\/rotary.fi\\\/kemi-meri-kemi\\\/#website\"},\"datePublished\":\"2021-11-05T14:03:21+00:00\",\"dateModified\":\"2026-08-24T08:52:55+00:00\",\"description\":\"Meri-Oulun Rotaryklubi mukavat viikkokokoukset\",\"breadcrumb\":{\"@id\":\"https:\\\/\\\/rotary.fi\\\/kemi-meri-kemi\\\/mita-teemme\\\/hauskat-tapahtumamme\\\/mukavat-viikkokokoukset\\\/#breadcrumb\"},\"inLanguage\":\"fi\",\"potentialAction\":[{\"@type\":\"ReadAction\",\"target\":[\"https:\\\/\\\/rotary.fi\\\/kemi-meri-kemi\\\/mita-teemme\\\/hauskat-tapahtumamme\\\/mukavat-viikkokokoukset\\\/\"]}]},{\"@type\":\"BreadcrumbList\",\"@id\":\"https:\\\/\\\/rotary.fi\\\/kemi-meri-kemi\\\/mita-teemme\\\/hauskat-tapahtumamme\\\/mukavat-viikkokokoukset\\\/#breadcrumb\",\"itemListElement\":[{\"@type\":\"ListItem\",\"position\":1,\"name\":\"Home\",\"item\":\"https:\\\/\\\/rotary.fi\\\/kemi-meri-kemi\\\/\"},{\"@type\":\"ListItem\",\"position\":2,\"name\":\"Mit\u00e4 teemme\",\"item\":\"https:\\\/\\\/rotary.fi\\\/kemi-meri-kemi\\\/mita-teemme\\\/\"},{\"@type\":\"ListItem\",\"position\":3,\"name\":\"Hauskat tapahtumamme\",\"item\":\"https:\\\/\\\/rotary.fi\\\/kemi-meri-kemi\\\/mita-teemme\\\/hauskat-tapahtumamme\\\/\"},{\"@type\":\"ListItem\",\"position\":4,\"name\":\"Viikkokokoukset\"}]},{\"@type\":\"WebSite\",\"@id\":\"https:\\\/\\\/rotary.fi\\\/kemi-meri-kemi\\\/#website\",\"url\":\"https:\\\/\\\/rotary.fi\\\/kemi-meri-kemi\\\/\",\"name\":\"Meri-Kemin ja Per\u00e4meren klubit\",\"description\":\"Uusi Rotary klubisivusto\",\"potentialAction\":[{\"@type\":\"SearchAction\",\"target\":{\"@type\":\"EntryPoint\",\"urlTemplate\":\"https:\\\/\\\/rotary.fi\\\/kemi-meri-kemi\\\/?s={search_term_string}\"},\"query-input\":{\"@type\":\"PropertyValueSpecification\",\"valueRequired\":true,\"valueName\":\"search_term_string\"}}],\"inLanguage\":\"fi\"}]}<\/script>\n<!-- \/ Yoast SEO plugin. -->","yoast_head_json":{"title":"Viikkokokoukset - Meri-Kemin ja Per\u00e4meren klubit","description":"Meri-Oulun Rotaryklubi mukavat viikkokokoukset","robots":{"index":"index","follow":"follow","max-snippet":"max-snippet:-1","max-image-preview":"max-image-preview:large","max-video-preview":"max-video-preview:-1"},"canonical":"https:\/\/rotary.fi\/kemi-meri-kemi\/mita-teemme\/hauskat-tapahtumamme\/mukavat-viikkokokoukset\/","og_locale":"fi_FI","og_type":"article","og_title":"Viikkokokoukset - Meri-Kemin ja Per\u00e4meren klubit","og_description":"Meri-Oulun Rotaryklubi mukavat viikkokokoukset","og_url":"https:\/\/rotary.fi\/kemi-meri-kemi\/mita-teemme\/hauskat-tapahtumamme\/mukavat-viikkokokoukset\/","og_site_name":"Meri-Kemin ja Per\u00e4meren klubit","article_modified_time":"2026-08-24T08:52:55+00:00","twitter_card":"summary_large_image","twitter_misc":{"Arvioitu lukuaika":"2 minuuttia"},"schema":{"@context":"https:\/\/schema.org","@graph":[{"@type":"WebPage","@id":"https:\/\/rotary.fi\/kemi-meri-kemi\/mita-teemme\/hauskat-tapahtumamme\/mukavat-viikkokokoukset\/","url":"https:\/\/rotary.fi\/kemi-meri-kemi\/mita-teemme\/hauskat-tapahtumamme\/mukavat-viikkokokoukset\/","name":"Viikkokokoukset - Meri-Kemin ja Per\u00e4meren klubit","isPartOf":{"@id":"https:\/\/rotary.fi\/kemi-meri-kemi\/#website"},"datePublished":"2021-11-05T14:03:21+00:00","dateModified":"2026-08-24T08:52:55+00:00","description":"Meri-Oulun Rotaryklubi mukavat viikkokokoukset","breadcrumb":{"@id":"https:\/\/rotary.fi\/kemi-meri-kemi\/mita-teemme\/hauskat-tapahtumamme\/mukavat-viikkokokoukset\/#breadcrumb"},"inLanguage":"fi","potentialAction":[{"@type":"ReadAction","target":["https:\/\/rotary.fi\/kemi-meri-kemi\/mita-teemme\/hauskat-tapahtumamme\/mukavat-viikkokokoukset\/"]}]},{"@type":"BreadcrumbList","@id":"https:\/\/rotary.fi\/kemi-meri-kemi\/mita-teemme\/hauskat-tapahtumamme\/mukavat-viikkokokoukset\/#breadcrumb","itemListElement":[{"@type":"ListItem","position":1,"name":"Home","item":"https:\/\/rotary.fi\/kemi-meri-kemi\/"},{"@type":"ListItem","position":2,"name":"Mit\u00e4 teemme","item":"https:\/\/rotary.fi\/kemi-meri-kemi\/mita-teemme\/"},{"@type":"ListItem","position":3,"name":"Hauskat tapahtumamme","item":"https:\/\/rotary.fi\/kemi-meri-kemi\/mita-teemme\/hauskat-tapahtumamme\/"},{"@type":"ListItem","position":4,"name":"Viikkokokoukset"}]},{"@type":"WebSite","@id":"https:\/\/rotary.fi\/kemi-meri-kemi\/#website","url":"https:\/\/rotary.fi\/kemi-meri-kemi\/","name":"Meri-Kemin ja Per\u00e4meren klubit","description":"Uusi Rotary klubisivusto","potentialAction":[{"@type":"SearchAction","target":{"@type":"EntryPoint","urlTemplate":"https:\/\/rotary.fi\/kemi-meri-kemi\/?s={search_term_string}"},"query-input":{"@type":"PropertyValueSpecification","valueRequired":true,"valueName":"search_term_string"}}],"inLanguage":"fi"}]}},"lang":"fi","translations":{"fi":1830},"pll_sync_post":[],"_links":{"self":[{"href":"https:\/\/rotary.fi\/kemi-meri-kemi\/wp-json\/wp\/v2\/pages\/1830","targetHints":{"allow":["GET"]}}],"collection":[{"href":"https:\/\/rotary.fi\/kemi-meri-kemi\/wp-json\/wp\/v2\/pages"}],"about":[{"href":"https:\/\/rotary.fi\/kemi-meri-kemi\/wp-json\/wp\/v2\/types\/page"}],"author":[{"embeddable":true,"href":"https:\/\/rotary.fi\/kemi-meri-kemi\/wp-json\/wp\/v2\/users\/526"}],"replies":[{"embeddable":true,"href":"https:\/\/rotary.fi\/kemi-meri-kemi\/wp-json\/wp\/v2\/comments?post=1830"}],"version-history":[{"count":9,"href":"https:\/\/rotary.fi\/kemi-meri-kemi\/wp-json\/wp\/v2\/pages\/1830\/revisions"}],"predecessor-version":[{"id":2368,"href":"https:\/\/rotary.fi\/kemi-meri-kemi\/wp-json\/wp\/v2\/pages\/1830\/revisions\/2368"}],"up":[{"embeddable":true,"href":"https:\/\/rotary.fi\/kemi-meri-kemi\/wp-json\/wp\/v2\/pages\/160"}],"wp:attachment":[{"href":"https:\/\/rotary.fi\/kemi-meri-kemi\/wp-json\/wp\/v2\/media?parent=1830"}],"curies":[{"name":"wp","href":"https:\/\/api.w.org\/{rel}","templated":true}]}}