{"id":186,"date":"2018-08-13T11:06:59","date_gmt":"2018-08-13T08:06:59","guid":{"rendered":"https:\/\/rotary.fi\/kauniainen\/?page_id=186"},"modified":"2024-12-17T13:57:13","modified_gmt":"2024-12-17T11:57:13","slug":"tapahtumakalenteri","status":"publish","type":"page","link":"https:\/\/rotary.fi\/kauniainen\/ajankohtaista\/tapahtumakalenteri\/","title":{"rendered":"Tapahtumakalenteri"},"content":{"rendered":"<p>[et_pb_section fb_built=&#8221;1&#8243; module_class=&#8221;jumbotron-page&#8221; _builder_version=&#8221;4.16&#8243; background_image=&#8221;https:\/\/rotary.fi\/kauniainen\/wp-content\/uploads\/sites\/253\/2018\/10\/rotary_klubit_alasivu_paakuva_12.jpg&#8221; global_colors_info=&#8221;{}&#8221;][et_pb_row _builder_version=&#8221;4.16&#8243; background_size=&#8221;initial&#8221; background_position=&#8221;top_left&#8221; background_repeat=&#8221;repeat&#8221; global_colors_info=&#8221;{}&#8221;][et_pb_column type=&#8221;4_4&#8243; _builder_version=&#8221;4.16&#8243; custom_padding=&#8221;|||&#8221; global_colors_info=&#8221;{}&#8221; custom_padding__hover=&#8221;|||&#8221;][et_pb_text admin_label=&#8221;P\u00e4\u00e4otsikko&#8221; _builder_version=&#8221;4.16&#8243; text_orientation=&#8221;center&#8221; background_layout=&#8221;dark&#8221; global_colors_info=&#8221;{}&#8221;]<\/p>\n<h1>Tapahtumakalenteri<\/h1>\n<p>[\/et_pb_text][\/et_pb_column][\/et_pb_row][\/et_pb_section][et_pb_section fb_built=&#8221;1&#8243; specialty=&#8221;on&#8221; module_class_2=&#8221;sivupalkki&#8221; _builder_version=&#8221;4.16&#8243; locked=&#8221;off&#8221; global_colors_info=&#8221;{}&#8221;][et_pb_column type=&#8221;2_3&#8243; specialty_columns=&#8221;2&#8243; _builder_version=&#8221;4.16&#8243; custom_padding=&#8221;|||&#8221; global_colors_info=&#8221;{}&#8221; custom_padding__hover=&#8221;|||&#8221;][et_pb_row_inner admin_label=&#8221;Rivi&#8221; _builder_version=&#8221;4.16&#8243; locked=&#8221;off&#8221; global_colors_info=&#8221;{}&#8221;][et_pb_column_inner saved_specialty_column_type=&#8221;2_3&#8243; _builder_version=&#8221;4.16&#8243; custom_padding=&#8221;|||&#8221; global_colors_info=&#8221;{}&#8221; custom_padding__hover=&#8221;|||&#8221;][et_pb_text admin_label=&#8221;Otsikko&#8221; _builder_version=&#8221;4.16&#8243; text_orientation=&#8221;center&#8221; global_colors_info=&#8221;{}&#8221;]<\/p>\n<h1>Tulevia tapahtumia<\/h1>\n<p>[\/et_pb_text][et_pb_code admin_label=&#8221;Tulevien tapahtumien listaus&#8221; module_class=&#8221;kaikki_ajankohtaiset&#8221; _builder_version=&#8221;4.27.0&#8243; hover_enabled=&#8221;0&#8243; locked=&#8221;off&#8221; global_colors_info=&#8221;{}&#8221; sticky_enabled=&#8221;0&#8243;]<div class=\"em em-view-container\" id=\"em-view-2024993439\" data-view=\"list\">\r\n\t<div class=\"em pixelbones em-list em-events-list\" id=\"em-events-list-2024993439\" data-view-id=\"2024993439\">\r\n\t<!-- [et_pb_line_break_holder] --><\/p>\n<div class=\"et_pb_module tapahtumalistaus\"><!-- [et_pb_line_break_holder] --><\/p>\n<div class=\"tapahtumanpvm\">6.5.2026 <\/div>\n<p><!-- [et_pb_line_break_holder] --><\/p>\n<div class=\"tapahtumannimi\">\n<h2 class=\"entry-title\"><a href=\"https:\/\/rotary.fi\/kauniainen\/events\/tutustuminen-wsoyn-taidekokoelmaan\/\">Tutustuminen WSOY:n taidekokoelmaan<\/a><!-- [et_pb_line_break_holder] --><\/h2>\n<\/div>\n<p><!-- [et_pb_line_break_holder] --><\/p>\n<div class=\"tapahtumapaikka\"><\/div>\n<p><!-- [et_pb_line_break_holder] --><\/div>\n<p><!-- [et_pb_line_break_holder] --><!-- [et_pb_line_break_holder] --><\/p>\n<div class=\"et_pb_module tapahtumalistaus\"><!-- [et_pb_line_break_holder] --><\/p>\n<div class=\"tapahtumanpvm\">12.5.2026 <\/div>\n<p><!-- [et_pb_line_break_holder] --><\/p>\n<div class=\"tapahtumannimi\">\n<h2 class=\"entry-title\"><a href=\"https:\/\/rotary.fi\/kauniainen\/events\/viikkokokous-12-5-2026-vaihto-oppilaamme-henni-rainesalo-vierailee-kokouksessa\/\">Viikkokokous 12.5.2026  Vaihto-oppilaamme Henni Rainesalo vierailee kokouksessa<\/a><!-- [et_pb_line_break_holder] --><\/h2>\n<\/div>\n<p><!-- [et_pb_line_break_holder] --><\/p>\n<div class=\"tapahtumapaikka\">Villa Breda<\/div>\n<p><!-- [et_pb_line_break_holder] --><\/div>\n<p><!-- [et_pb_line_break_holder] --><!-- [et_pb_line_break_holder] --><\/p>\n<div class=\"et_pb_module tapahtumalistaus\"><!-- [et_pb_line_break_holder] --><\/p>\n<div class=\"tapahtumanpvm\">26.5.2026 <\/div>\n<p><!-- [et_pb_line_break_holder] --><\/p>\n<div class=\"tapahtumannimi\">\n<h2 class=\"entry-title\"><a href=\"https:\/\/rotary.fi\/kauniainen\/events\/vuosikokokous-26-5-2026-seka-vitjojen-vaihto\/\">Vuosikokokous 26.5.2026 sek\u00e4 vitjojen vaihto<\/a><!-- [et_pb_line_break_holder] --><\/h2>\n<\/div>\n<p><!-- [et_pb_line_break_holder] --><\/p>\n<div class=\"tapahtumapaikka\"><\/div>\n<p><!-- [et_pb_line_break_holder] --><\/div>\n<p><!-- [et_pb_line_break_holder] -->\t<\/div>\r\n<\/div>[\/et_pb_code][\/et_pb_column_inner][\/et_pb_row_inner][et_pb_row_inner admin_label=&#8221;Rivi&#8221; _builder_version=&#8221;4.16&#8243; locked=&#8221;off&#8221; global_colors_info=&#8221;{}&#8221;][et_pb_column_inner saved_specialty_column_type=&#8221;2_3&#8243; _builder_version=&#8221;4.16&#8243; custom_padding=&#8221;|||&#8221; global_colors_info=&#8221;{}&#8221; custom_padding__hover=&#8221;|||&#8221;][et_pb_text admin_label=&#8221;Otsikko&#8221; _builder_version=&#8221;4.16&#8243; text_orientation=&#8221;center&#8221; global_colors_info=&#8221;{}&#8221;]<\/p>\n<h1>Menneit\u00e4 tapahtumia<\/h1>\n<p>[\/et_pb_text][et_pb_code admin_label=&#8221;Menneiden tapahtumien listaus&#8221; module_class=&#8221;kaikki_ajankohtaiset&#8221; _builder_version=&#8221;4.27.0&#8243; hover_enabled=&#8221;0&#8243; locked=&#8221;off&#8221; global_colors_info=&#8221;{}&#8221; sticky_enabled=&#8221;0&#8243;]<div class=\"em em-view-container\" id=\"em-view-532208863\" data-view=\"list\">\r\n\t<div class=\"em pixelbones em-list em-events-list\" id=\"em-events-list-532208863\" data-view-id=\"532208863\">\r\n\t<!-- [et_pb_line_break_holder] --><\/p>\n<div class=\"et_pb_module tapahtumalistaus\"><!-- [et_pb_line_break_holder] --><\/p>\n<div class=\"tapahtumanpvm\">28.4.2026 <\/div>\n<p><!-- [et_pb_line_break_holder] --><\/p>\n<div class=\"tapahtumannimi\">\n<h2 class=\"entry-title\"><a href=\"https:\/\/rotary.fi\/kauniainen\/events\/itsenaisyyspaiva-6-12-2025-seppeltenlasku-kauniaisten-hautausmaalla-6\/\">Viikkokokous 28.4.2026 Erkki Aallon esitelm\u00e4<\/a><!-- [et_pb_line_break_holder] --><\/h2>\n<\/div>\n<p><!-- [et_pb_line_break_holder] --><\/p>\n<div class=\"tapahtumapaikka\">Villa Breda<\/div>\n<p><!-- [et_pb_line_break_holder] --><\/div>\n<p><!-- [et_pb_line_break_holder] --><!-- [et_pb_line_break_holder] --><\/p>\n<div class=\"et_pb_module tapahtumalistaus\"><!-- [et_pb_line_break_holder] --><\/p>\n<div class=\"tapahtumanpvm\">14.4.2026 <\/div>\n<p><!-- [et_pb_line_break_holder] --><\/p>\n<div class=\"tapahtumannimi\">\n<h2 class=\"entry-title\"><a href=\"https:\/\/rotary.fi\/kauniainen\/events\/itsenaisyyspaiva-6-12-2025-seppeltenlasku-kauniaisten-hautausmaalla-4\/\">Viikkokokous 14.4.2026  Ulko-ja turvallisuuspolitiikan asiantuntija Henri Vanhasen esitelm\u00e4<\/a><!-- [et_pb_line_break_holder] --><\/h2>\n<\/div>\n<p><!-- [et_pb_line_break_holder] --><\/p>\n<div class=\"tapahtumapaikka\">Villa Breda<\/div>\n<p><!-- [et_pb_line_break_holder] --><\/div>\n<p><!-- [et_pb_line_break_holder] --><!-- [et_pb_line_break_holder] --><\/p>\n<div class=\"et_pb_module tapahtumalistaus\"><!-- [et_pb_line_break_holder] --><\/p>\n<div class=\"tapahtumanpvm\">24.3.2026 <\/div>\n<p><!-- [et_pb_line_break_holder] --><\/p>\n<div class=\"tapahtumannimi\">\n<h2 class=\"entry-title\"><a href=\"https:\/\/rotary.fi\/kauniainen\/events\/itsenaisyyspaiva-6-12-2025-seppeltenlasku-kauniaisten-hautausmaalla-3\/\">Viikkokokous 24.3.2026 L\u00e4nsi-Uudenmaan hyvinvointialueen Johtajan Sanna Svahnin esitelm\u00e4<\/a><!-- [et_pb_line_break_holder] --><\/h2>\n<\/div>\n<p><!-- [et_pb_line_break_holder] --><\/p>\n<div class=\"tapahtumapaikka\">Villa Breda<\/div>\n<p><!-- [et_pb_line_break_holder] --><\/div>\n<p><!-- [et_pb_line_break_holder] --><!-- [et_pb_line_break_holder] --><\/p>\n<div class=\"et_pb_module tapahtumalistaus\"><!-- [et_pb_line_break_holder] --><\/p>\n<div class=\"tapahtumanpvm\">10.3.2026 <\/div>\n<p><!-- [et_pb_line_break_holder] --><\/p>\n<div class=\"tapahtumannimi\">\n<h2 class=\"entry-title\"><a href=\"https:\/\/rotary.fi\/kauniainen\/events\/itsenaisyyspaiva-6-12-2025-seppeltenlasku-kauniaisten-hautausmaalla-5\/\">Viikkokokous 10.3.2026 Kaisu Annalan esitelm\u00e4 It\u00e4meriforumin toiminnasta<\/a><!-- [et_pb_line_break_holder] --><\/h2>\n<\/div>\n<p><!-- [et_pb_line_break_holder] --><\/p>\n<div class=\"tapahtumapaikka\">Villa Breda<\/div>\n<p><!-- [et_pb_line_break_holder] --><\/div>\n<p><!-- [et_pb_line_break_holder] --><!-- [et_pb_line_break_holder] --><\/p>\n<div class=\"et_pb_module tapahtumalistaus\"><!-- [et_pb_line_break_holder] --><\/p>\n<div class=\"tapahtumanpvm\">24.2.2026 <\/div>\n<p><!-- [et_pb_line_break_holder] --><\/p>\n<div class=\"tapahtumannimi\">\n<h2 class=\"entry-title\"><a href=\"https:\/\/rotary.fi\/kauniainen\/events\/itsenaisyyspaiva-6-12-2025-seppeltenlasku-kauniaisten-hautausmaalla-7\/\">Viikkokokous24.2.2026 Uusi j\u00e4senemme Pasi Rainesalo kertoo itsest\u00e4\u00e4n ja ammatistaan liikennelent\u00e4j\u00e4n\u00e4<\/a><!-- [et_pb_line_break_holder] --><\/h2>\n<\/div>\n<p><!-- [et_pb_line_break_holder] --><\/p>\n<div class=\"tapahtumapaikka\">Villa Breda<\/div>\n<p><!-- [et_pb_line_break_holder] --><\/div>\n<p><!-- [et_pb_line_break_holder] --><!-- [et_pb_line_break_holder] --><\/p>\n<div class=\"et_pb_module tapahtumalistaus\"><!-- [et_pb_line_break_holder] --><\/p>\n<div class=\"tapahtumanpvm\">10.2.2026 <\/div>\n<p><!-- [et_pb_line_break_holder] --><\/p>\n<div class=\"tapahtumannimi\">\n<h2 class=\"entry-title\"><a href=\"https:\/\/rotary.fi\/kauniainen\/events\/musiikkia-villa-bredassa\/\">Musiikkia Villa Bredassa<\/a><!-- [et_pb_line_break_holder] --><\/h2>\n<\/div>\n<p><!-- [et_pb_line_break_holder] --><\/p>\n<div class=\"tapahtumapaikka\">Villa Breda<\/div>\n<p><!-- [et_pb_line_break_holder] --><\/div>\n<p><!-- [et_pb_line_break_holder] --><!-- [et_pb_line_break_holder] --><\/p>\n<div class=\"et_pb_module tapahtumalistaus\"><!-- [et_pb_line_break_holder] --><\/p>\n<div class=\"tapahtumanpvm\">27.1.2026 <\/div>\n<p><!-- [et_pb_line_break_holder] --><\/p>\n<div class=\"tapahtumannimi\">\n<h2 class=\"entry-title\"><a href=\"https:\/\/rotary.fi\/kauniainen\/events\/viikkokokous-27-1-2026-piirikuvernoori-jere-jantusen-vierailu\/\">Viikkokokous 27.1.2026 Piirikuvern\u00f6\u00f6ri Jere Jantusen vierailu<\/a><!-- [et_pb_line_break_holder] --><\/h2>\n<\/div>\n<p><!-- [et_pb_line_break_holder] --><\/p>\n<div class=\"tapahtumapaikka\">Villa Breda<\/div>\n<p><!-- [et_pb_line_break_holder] --><\/div>\n<p><!-- [et_pb_line_break_holder] --><!-- [et_pb_line_break_holder] --><\/p>\n<div class=\"et_pb_module tapahtumalistaus\"><!-- [et_pb_line_break_holder] --><\/p>\n<div class=\"tapahtumanpvm\">13.1.2026 <\/div>\n<p><!-- [et_pb_line_break_holder] --><\/p>\n<div class=\"tapahtumannimi\">\n<h2 class=\"entry-title\"><a href=\"https:\/\/rotary.fi\/kauniainen\/events\/itsenaisyyspaiva-6-12-2025-seppeltenlasku-kauniaisten-hautausmaalla-2\/\">Viikkokokous 13.1.2026 Jussi Paljakan esitelm\u00e4 k\u00e4sintehtyjen kenkien valmistamisesta<\/a><!-- [et_pb_line_break_holder] --><\/h2>\n<\/div>\n<p><!-- [et_pb_line_break_holder] --><\/p>\n<div class=\"tapahtumapaikka\">Villa Breda<\/div>\n<p><!-- [et_pb_line_break_holder] --><\/div>\n<p><!-- [et_pb_line_break_holder] --><!-- [et_pb_line_break_holder] --><\/p>\n<div class=\"et_pb_module tapahtumalistaus\"><!-- [et_pb_line_break_holder] --><\/p>\n<div class=\"tapahtumanpvm\">18.12.2025 <\/div>\n<p><!-- [et_pb_line_break_holder] --><\/p>\n<div class=\"tapahtumannimi\">\n<h2 class=\"entry-title\"><a href=\"https:\/\/rotary.fi\/kauniainen\/events\/joulukirkko-torstaina18-12-2025\/\">Joulukirkko torstaina18.12.2025<\/a><!-- [et_pb_line_break_holder] --><\/h2>\n<\/div>\n<p><!-- [et_pb_line_break_holder] --><\/p>\n<div class=\"tapahtumapaikka\">Kauniaisten Kirkko<\/div>\n<p><!-- [et_pb_line_break_holder] --><\/div>\n<p><!-- [et_pb_line_break_holder] --><!-- [et_pb_line_break_holder] --><\/p>\n<div class=\"et_pb_module tapahtumalistaus\"><!-- [et_pb_line_break_holder] --><\/p>\n<div class=\"tapahtumanpvm\">6.12.2025 <\/div>\n<p><!-- [et_pb_line_break_holder] --><\/p>\n<div class=\"tapahtumannimi\">\n<h2 class=\"entry-title\"><a href=\"https:\/\/rotary.fi\/kauniainen\/events\/itsenaisyyspaiva-6-12-2025-seppeltenlasku-kauniaisten-hautausmaalla\/\">Itsen\u00e4isyysp\u00e4iv\u00e4 6.12.2025 Seppeltenlasku Kauniaisten hautausmaalla<\/a><!-- [et_pb_line_break_holder] --><\/h2>\n<\/div>\n<p><!-- [et_pb_line_break_holder] --><\/p>\n<div class=\"tapahtumapaikka\">Kauniaisten hautausmaa<\/div>\n<p><!-- [et_pb_line_break_holder] --><\/div>\n<p><!-- [et_pb_line_break_holder] --><!-- [et_pb_line_break_holder] --><\/p>\n<div class=\"et_pb_module tapahtumalistaus\"><!-- [et_pb_line_break_holder] --><\/p>\n<div class=\"tapahtumanpvm\">2.12.2025 <\/div>\n<p><!-- [et_pb_line_break_holder] --><\/p>\n<div class=\"tapahtumannimi\">\n<h2 class=\"entry-title\"><a href=\"https:\/\/rotary.fi\/kauniainen\/events\/viikkokokous-2-12-2025-ilmatieteenlaitoksen-paajohtajan-petteri-taalaksen-esitelma\/\">Viikkokokous 2.12.2025  Ilmatieteenlaitoksen p\u00e4\u00e4johtajan Petteri Taalaksen esitelm\u00e4<\/a><!-- [et_pb_line_break_holder] --><\/h2>\n<\/div>\n<p><!-- [et_pb_line_break_holder] --><\/p>\n<div class=\"tapahtumapaikka\">Villa Breda<\/div>\n<p><!-- [et_pb_line_break_holder] --><\/div>\n<p><!-- [et_pb_line_break_holder] --><!-- [et_pb_line_break_holder] --><\/p>\n<div class=\"et_pb_module tapahtumalistaus\"><!-- [et_pb_line_break_holder] --><\/p>\n<div class=\"tapahtumanpvm\">18.11.2025 <\/div>\n<p><!-- [et_pb_line_break_holder] --><\/p>\n<div class=\"tapahtumannimi\">\n<h2 class=\"entry-title\"><a href=\"https:\/\/rotary.fi\/kauniainen\/events\/viikkokokous-18-11-2025-irmeli-viherluoto-lindstromin-esitelma-rotaripiirin-1420-organisaatiosta-ja-toiminnasta\/\">Viikkokokous 18.11.2025 Irmeli Viherluoto-Lindstr\u00f6min esitelm\u00e4 rotaripiirin 1420 organisaatiosta ja toiminnasta<\/a><!-- [et_pb_line_break_holder] --><\/h2>\n<\/div>\n<p><!-- [et_pb_line_break_holder] --><\/p>\n<div class=\"tapahtumapaikka\">Villa Breda<\/div>\n<p><!-- [et_pb_line_break_holder] --><\/div>\n<p><!-- [et_pb_line_break_holder] --><!-- [et_pb_line_break_holder] --><\/p>\n<div class=\"et_pb_module tapahtumalistaus\"><!-- [et_pb_line_break_holder] --><\/p>\n<div class=\"tapahtumanpvm\">4.11.2025 <\/div>\n<p><!-- [et_pb_line_break_holder] --><\/p>\n<div class=\"tapahtumannimi\">\n<h2 class=\"entry-title\"><a href=\"https:\/\/rotary.fi\/kauniainen\/events\/viikkokokous-katarina-wakosen-esitelma-suomen-matkailun-mahdollisuudet-ja-haasteet\/\">Viikkokokous, Katarina Wakosen esitelm\u00e4 &quot;Suomen matkailun mahdollisuudet ja haasteet&quot;<\/a><!-- [et_pb_line_break_holder] --><\/h2>\n<\/div>\n<p><!-- [et_pb_line_break_holder] --><\/p>\n<div class=\"tapahtumapaikka\">Villa Breda<\/div>\n<p><!-- [et_pb_line_break_holder] --><\/div>\n<p><!-- [et_pb_line_break_holder] --><!-- [et_pb_line_break_holder] --><\/p>\n<div class=\"et_pb_module tapahtumalistaus\"><!-- [et_pb_line_break_holder] --><\/p>\n<div class=\"tapahtumanpvm\">21.10.2025 <\/div>\n<p><!-- [et_pb_line_break_holder] --><\/p>\n<div class=\"tapahtumannimi\">\n<h2 class=\"entry-title\"><a href=\"https:\/\/rotary.fi\/kauniainen\/events\/vuosikokous-21-10-2025-ja-vaihto-oppilaamme-kaisu-krankkalan-esitelma\/\">Vuosikokous 21.10.2025 ja vaihto-oppilaamme Kaisu Krankkalan esitelm\u00e4<\/a><!-- [et_pb_line_break_holder] --><\/h2>\n<\/div>\n<p><!-- [et_pb_line_break_holder] --><\/p>\n<div class=\"tapahtumapaikka\">Villa Breda<\/div>\n<p><!-- [et_pb_line_break_holder] --><\/div>\n<p><!-- [et_pb_line_break_holder] --><!-- [et_pb_line_break_holder] --><\/p>\n<div class=\"et_pb_module tapahtumalistaus\"><!-- [et_pb_line_break_holder] --><\/p>\n<div class=\"tapahtumanpvm\">7.10.2025 <\/div>\n<p><!-- [et_pb_line_break_holder] --><\/p>\n<div class=\"tapahtumannimi\">\n<h2 class=\"entry-title\"><a href=\"https:\/\/rotary.fi\/kauniainen\/events\/viikkokokous-7-10-2025-mai-tolosen-esitelma-kirja-ja-kirjoittaminen\/\">Viikkokokous 7.10.2025 Mai Tolosen esitelm\u00e4 &quot;kirja ja kirjoittaminen&quot;<\/a><!-- [et_pb_line_break_holder] --><\/h2>\n<\/div>\n<p><!-- [et_pb_line_break_holder] --><\/p>\n<div class=\"tapahtumapaikka\">Villa Breda<\/div>\n<p><!-- [et_pb_line_break_holder] --><\/div>\n<p><!-- [et_pb_line_break_holder] --><!-- [et_pb_line_break_holder] --><\/p>\n<div class=\"et_pb_module tapahtumalistaus\"><!-- [et_pb_line_break_holder] --><\/p>\n<div class=\"tapahtumanpvm\">23.9.2025 <\/div>\n<p><!-- [et_pb_line_break_holder] --><\/p>\n<div class=\"tapahtumannimi\">\n<h2 class=\"entry-title\"><a href=\"https:\/\/rotary.fi\/kauniainen\/events\/viikkokokous-23-9-2025-seppo-heinosen-esitelma-yk-joukot-kyproksella-60-vuotta\/\">Viikkokokous 23.9.2025  Seppo Heinosen esitelm\u00e4 &quot;Yk-joukot Kyproksella 60 vuotta&quot;<\/a><!-- [et_pb_line_break_holder] --><\/h2>\n<\/div>\n<p><!-- [et_pb_line_break_holder] --><\/p>\n<div class=\"tapahtumapaikka\">Villa Breda<\/div>\n<p><!-- [et_pb_line_break_holder] --><\/div>\n<p><!-- [et_pb_line_break_holder] --><!-- [et_pb_line_break_holder] --><\/p>\n<div class=\"et_pb_module tapahtumalistaus\"><!-- [et_pb_line_break_holder] --><\/p>\n<div class=\"tapahtumanpvm\">4.6.2025 <\/div>\n<p><!-- [et_pb_line_break_holder] --><\/p>\n<div class=\"tapahtumannimi\">\n<h2 class=\"entry-title\"><a href=\"https:\/\/rotary.fi\/kauniainen\/events\/vitjojen-vaihto\/\">Vitjojen vaihto<\/a><!-- [et_pb_line_break_holder] --><\/h2>\n<\/div>\n<p><!-- [et_pb_line_break_holder] --><\/p>\n<div class=\"tapahtumapaikka\">Villa Breda<\/div>\n<p><!-- [et_pb_line_break_holder] --><\/div>\n<p><!-- [et_pb_line_break_holder] --><!-- [et_pb_line_break_holder] --><\/p>\n<div class=\"et_pb_module tapahtumalistaus\"><!-- [et_pb_line_break_holder] --><\/p>\n<div class=\"tapahtumanpvm\">22.5.2025 <\/div>\n<p><!-- [et_pb_line_break_holder] --><\/p>\n<div class=\"tapahtumannimi\">\n<h2 class=\"entry-title\"><a href=\"https:\/\/rotary.fi\/kauniainen\/events\/granipaiva\/\">Granip\u00e4iv\u00e4<\/a><!-- [et_pb_line_break_holder] --><\/h2>\n<\/div>\n<p><!-- [et_pb_line_break_holder] --><\/p>\n<div class=\"tapahtumapaikka\"><\/div>\n<p><!-- [et_pb_line_break_holder] --><\/div>\n<p><!-- [et_pb_line_break_holder] --><!-- [et_pb_line_break_holder] --><\/p>\n<div class=\"et_pb_module tapahtumalistaus\"><!-- [et_pb_line_break_holder] --><\/p>\n<div class=\"tapahtumanpvm\">20.5.2025 <\/div>\n<p><!-- [et_pb_line_break_holder] --><\/p>\n<div class=\"tapahtumannimi\">\n<h2 class=\"entry-title\"><a href=\"https:\/\/rotary.fi\/kauniainen\/events\/viikkokokous-13-5-2025\/\">Viikkokokous 20.5.2025   Matti Kuusim\u00e4ki &quot;Millainen on hyv\u00e4 oikeusturva ja mik\u00e4 siin\u00e4 maksaa&quot;<\/a><!-- [et_pb_line_break_holder] --><\/h2>\n<\/div>\n<p><!-- [et_pb_line_break_holder] --><\/p>\n<div class=\"tapahtumapaikka\">Villa Breda<\/div>\n<p><!-- [et_pb_line_break_holder] --><\/div>\n<p><!-- [et_pb_line_break_holder] --><!-- [et_pb_line_break_holder] --><\/p>\n<div class=\"et_pb_module tapahtumalistaus\"><!-- [et_pb_line_break_holder] --><\/p>\n<div class=\"tapahtumanpvm\">14.5.2025 <\/div>\n<p><!-- [et_pb_line_break_holder] --><\/p>\n<div class=\"tapahtumannimi\">\n<h2 class=\"entry-title\"><a href=\"https:\/\/rotary.fi\/kauniainen\/events\/viikkokokous-kevatkokous\/\">Viikkokokous, kev\u00e4tkokous<\/a><!-- [et_pb_line_break_holder] --><\/h2>\n<\/div>\n<p><!-- [et_pb_line_break_holder] --><\/p>\n<div class=\"tapahtumapaikka\">Villa Breda<\/div>\n<p><!-- [et_pb_line_break_holder] --><\/div>\n<p><!-- [et_pb_line_break_holder] --><!-- [et_pb_line_break_holder] --><\/p>\n<div class=\"et_pb_module tapahtumalistaus\"><!-- [et_pb_line_break_holder] --><\/p>\n<div class=\"tapahtumanpvm\">29.4.2025 <\/div>\n<p><!-- [et_pb_line_break_holder] --><\/p>\n<div class=\"tapahtumannimi\">\n<h2 class=\"entry-title\"><a href=\"https:\/\/rotary.fi\/kauniainen\/events\/viikkokokous-29-4-2025\/\">Viikkokokous 29.4.2025  Lauri Louekari, &quot;Suomen itsen\u00e4isyyden ajan arkkitehtuuria&quot;<\/a><!-- [et_pb_line_break_holder] --><\/h2>\n<\/div>\n<p><!-- [et_pb_line_break_holder] --><\/p>\n<div class=\"tapahtumapaikka\">Villa Breda<\/div>\n<p><!-- [et_pb_line_break_holder] --><\/div>\n<p><!-- [et_pb_line_break_holder] --><!-- [et_pb_line_break_holder] --><\/p>\n<div class=\"et_pb_module tapahtumalistaus\"><!-- [et_pb_line_break_holder] --><\/p>\n<div class=\"tapahtumanpvm\">15.4.2025 <\/div>\n<p><!-- [et_pb_line_break_holder] --><\/p>\n<div class=\"tapahtumannimi\">\n<h2 class=\"entry-title\"><a href=\"https:\/\/rotary.fi\/kauniainen\/events\/viikkokokous-15-4-2025-toimitusjohtaja-merikapteeni-jori-nordstomin-esitelma\/\">Viikkokokous 15.4.2025   Toimitusjohtaja, merikapteeni Jori Nordst\u00f6min esitelm\u00e4<\/a><!-- [et_pb_line_break_holder] --><\/h2>\n<\/div>\n<p><!-- [et_pb_line_break_holder] --><\/p>\n<div class=\"tapahtumapaikka\">Villa Breda<\/div>\n<p><!-- [et_pb_line_break_holder] --><\/div>\n<p><!-- [et_pb_line_break_holder] --><!-- [et_pb_line_break_holder] --><\/p>\n<div class=\"et_pb_module tapahtumalistaus\"><!-- [et_pb_line_break_holder] --><\/p>\n<div class=\"tapahtumanpvm\">1.4.2025 <\/div>\n<p><!-- [et_pb_line_break_holder] --><\/p>\n<div class=\"tapahtumannimi\">\n<h2 class=\"entry-title\"><a href=\"https:\/\/rotary.fi\/kauniainen\/events\/viikkokokous-1-4-2025\/\">Viikkokokous 1.4.2025   Jyri Inha, &quot;minne menet Eurooppa&quot;<\/a><!-- [et_pb_line_break_holder] --><\/h2>\n<\/div>\n<p><!-- [et_pb_line_break_holder] --><\/p>\n<div class=\"tapahtumapaikka\">Villa Breda<\/div>\n<p><!-- [et_pb_line_break_holder] --><\/div>\n<p><!-- [et_pb_line_break_holder] --><!-- [et_pb_line_break_holder] --><\/p>\n<div class=\"et_pb_module tapahtumalistaus\"><!-- [et_pb_line_break_holder] --><\/p>\n<div class=\"tapahtumanpvm\">18.3.2025 <\/div>\n<p><!-- [et_pb_line_break_holder] --><\/p>\n<div class=\"tapahtumannimi\">\n<h2 class=\"entry-title\"><a href=\"https:\/\/rotary.fi\/kauniainen\/events\/kirkon-muutos-viime-vuosikymmenina-ja-mika-kirkossa-on-pysyvaa\/\">Viikkokokous 18.3.2025   Kari Kuula, kirkon muutos viime vuosikymmenin\u00e4<\/a><!-- [et_pb_line_break_holder] --><\/h2>\n<\/div>\n<p><!-- [et_pb_line_break_holder] --><\/p>\n<div class=\"tapahtumapaikka\">Villa Breda<\/div>\n<p><!-- [et_pb_line_break_holder] --><\/div>\n<p><!-- [et_pb_line_break_holder] --><!-- [et_pb_line_break_holder] --><\/p>\n<div class=\"et_pb_module tapahtumalistaus\"><!-- [et_pb_line_break_holder] --><\/p>\n<div class=\"tapahtumanpvm\">4.3.2025 <\/div>\n<p><!-- [et_pb_line_break_holder] --><\/p>\n<div class=\"tapahtumannimi\">\n<h2 class=\"entry-title\"><a href=\"https:\/\/rotary.fi\/kauniainen\/events\/yhteistyokonsertti-kauniaisten-musiikkiopiston-kanssa-4-3-2025\/\">Yhteisty\u00f6konsertti Kauniaisten musiikkiopiston kanssa 4.3.2025<\/a><!-- [et_pb_line_break_holder] --><\/h2>\n<\/div>\n<p><!-- [et_pb_line_break_holder] --><\/p>\n<div class=\"tapahtumapaikka\">Villa Breda, Kukkapuro-sali<\/div>\n<p><!-- [et_pb_line_break_holder] --><\/div>\n<p><!-- [et_pb_line_break_holder] --><!-- [et_pb_line_break_holder] --><\/p>\n<div class=\"et_pb_module tapahtumalistaus\"><!-- [et_pb_line_break_holder] --><\/p>\n<div class=\"tapahtumanpvm\">18.2.2025 <\/div>\n<p><!-- [et_pb_line_break_holder] --><\/p>\n<div class=\"tapahtumannimi\">\n<h2 class=\"entry-title\"><a href=\"https:\/\/rotary.fi\/kauniainen\/events\/viikkokokous-18-3-2025-aivot-ja-muisti\/\">Viikkokokous 18.3.2025    Sanna Suvisalmi, &quot;Aivot ja muisti&quot;<\/a><!-- [et_pb_line_break_holder] --><\/h2>\n<\/div>\n<p><!-- [et_pb_line_break_holder] --><\/p>\n<div class=\"tapahtumapaikka\">Villa Breda<\/div>\n<p><!-- [et_pb_line_break_holder] --><\/div>\n<p><!-- [et_pb_line_break_holder] --><!-- [et_pb_line_break_holder] --><\/p>\n<div class=\"et_pb_module tapahtumalistaus\"><!-- [et_pb_line_break_holder] --><\/p>\n<div class=\"tapahtumanpvm\">4.2.2025 <\/div>\n<p><!-- [et_pb_line_break_holder] --><\/p>\n<div class=\"tapahtumannimi\">\n<h2 class=\"entry-title\"><a href=\"https:\/\/rotary.fi\/kauniainen\/events\/opastettu-vierailu-suomen-urheilumuseoon\/\">Opastettu vierailu Suomen urheilumuseoon<\/a><!-- [et_pb_line_break_holder] --><\/h2>\n<\/div>\n<p><!-- [et_pb_line_break_holder] --><\/p>\n<div class=\"tapahtumapaikka\">Urheilumuseo Tahto<\/div>\n<p><!-- [et_pb_line_break_holder] --><\/div>\n<p><!-- [et_pb_line_break_holder] --><!-- [et_pb_line_break_holder] --><\/p>\n<div class=\"et_pb_module tapahtumalistaus\"><!-- [et_pb_line_break_holder] --><\/p>\n<div class=\"tapahtumanpvm\">21.1.2025 <\/div>\n<p><!-- [et_pb_line_break_holder] --><\/p>\n<div class=\"tapahtumannimi\">\n<h2 class=\"entry-title\"><a href=\"https:\/\/rotary.fi\/kauniainen\/events\/viikkokokous\/\">Viikkokokous 21.1.2025<\/a><!-- [et_pb_line_break_holder] --><\/h2>\n<\/div>\n<p><!-- [et_pb_line_break_holder] --><\/p>\n<div class=\"tapahtumapaikka\">Villa Breda<\/div>\n<p><!-- [et_pb_line_break_holder] --><\/div>\n<p><!-- [et_pb_line_break_holder] --><!-- [et_pb_line_break_holder] --><\/p>\n<div class=\"et_pb_module tapahtumalistaus\"><!-- [et_pb_line_break_holder] --><\/p>\n<div class=\"tapahtumanpvm\">7.1.2025 <\/div>\n<p><!-- [et_pb_line_break_holder] --><\/p>\n<div class=\"tapahtumannimi\">\n<h2 class=\"entry-title\"><a href=\"https:\/\/rotary.fi\/kauniainen\/events\/viikkokokous-7-1-2025\/\">Viikkokokous 7.1.2025<\/a><!-- [et_pb_line_break_holder] --><\/h2>\n<\/div>\n<p><!-- [et_pb_line_break_holder] --><\/p>\n<div class=\"tapahtumapaikka\">Villa Breda<\/div>\n<p><!-- [et_pb_line_break_holder] --><\/div>\n<p><!-- [et_pb_line_break_holder] --><!-- [et_pb_line_break_holder] --><\/p>\n<div class=\"et_pb_module tapahtumalistaus\"><!-- [et_pb_line_break_holder] --><\/p>\n<div class=\"tapahtumanpvm\">5.12.2024 <\/div>\n<p><!-- [et_pb_line_break_holder] --><\/p>\n<div class=\"tapahtumannimi\">\n<h2 class=\"entry-title\"><a href=\"https:\/\/rotary.fi\/kauniainen\/events\/joulukirkko\/\">Joulukirkko<\/a><!-- [et_pb_line_break_holder] --><\/h2>\n<\/div>\n<p><!-- [et_pb_line_break_holder] --><\/p>\n<div class=\"tapahtumapaikka\">Kauniaisten Kirkko<\/div>\n<p><!-- [et_pb_line_break_holder] --><\/div>\n<p><!-- [et_pb_line_break_holder] --><!-- [et_pb_line_break_holder] --><\/p>\n<div class=\"et_pb_module tapahtumalistaus\"><!-- [et_pb_line_break_holder] --><\/p>\n<div class=\"tapahtumanpvm\">11.6.2024 <\/div>\n<p><!-- [et_pb_line_break_holder] --><\/p>\n<div class=\"tapahtumannimi\">\n<h2 class=\"entry-title\"><a href=\"https:\/\/rotary.fi\/kauniainen\/events\/golf-matka-tallinnaan\/\">Golf-matka Tallinnaan<\/a><!-- [et_pb_line_break_holder] --><\/h2>\n<\/div>\n<p><!-- [et_pb_line_break_holder] --><\/p>\n<div class=\"tapahtumapaikka\"><\/div>\n<p><!-- [et_pb_line_break_holder] --><\/div>\n<p><!-- [et_pb_line_break_holder] --><!-- [et_pb_line_break_holder] --><\/p>\n<div class=\"et_pb_module tapahtumalistaus\"><!-- [et_pb_line_break_holder] --><\/p>\n<div class=\"tapahtumanpvm\">4.6.2024 <\/div>\n<p><!-- [et_pb_line_break_holder] --><\/p>\n<div class=\"tapahtumannimi\">\n<h2 class=\"entry-title\"><a href=\"https:\/\/rotary.fi\/kauniainen\/events\/viikkokokous-vitjojen-vaihto\/\">Viikkokokous, vitjojen vaihto<\/a><!-- [et_pb_line_break_holder] --><\/h2>\n<\/div>\n<p><!-- [et_pb_line_break_holder] --><\/p>\n<div class=\"tapahtumapaikka\"><\/div>\n<p><!-- [et_pb_line_break_holder] --><\/div>\n<p><!-- [et_pb_line_break_holder] --><!-- [et_pb_line_break_holder] --><\/p>\n<div class=\"et_pb_module tapahtumalistaus\"><!-- [et_pb_line_break_holder] --><\/p>\n<div class=\"tapahtumanpvm\">14.5.2024 <\/div>\n<p><!-- [et_pb_line_break_holder] --><\/p>\n<div class=\"tapahtumannimi\">\n<h2 class=\"entry-title\"><a href=\"https:\/\/rotary.fi\/kauniainen\/events\/kansanedustaja-pekka-toverin-esitelma-suomen-turvallisuustilanne-ja-miten-nato-ja-eu-voivat-meita-tukea\/\">Kansanedustaja Pekka Toverin esitelm\u00e4 &quot;Suomen turvallisuustilanne ja miten Nato ja EU voivat meit\u00e4 tukea&quot;<\/a><!-- [et_pb_line_break_holder] --><\/h2>\n<\/div>\n<p><!-- [et_pb_line_break_holder] --><\/p>\n<div class=\"tapahtumapaikka\"><\/div>\n<p><!-- [et_pb_line_break_holder] --><\/div>\n<p><!-- [et_pb_line_break_holder] --><!-- [et_pb_line_break_holder] --><\/p>\n<div class=\"et_pb_module tapahtumalistaus\"><!-- [et_pb_line_break_holder] --><\/p>\n<div class=\"tapahtumanpvm\">7.5.2024 <\/div>\n<p><!-- [et_pb_line_break_holder] --><\/p>\n<div class=\"tapahtumannimi\">\n<h2 class=\"entry-title\"><a href=\"https:\/\/rotary.fi\/kauniainen\/events\/vaihto-oppilaamme-kaisu-krankkala-esittaytyy\/\">Vaihto-oppilaamme Kaisu Krankkala esitt\u00e4ytyy<\/a><!-- [et_pb_line_break_holder] --><\/h2>\n<\/div>\n<p><!-- [et_pb_line_break_holder] --><\/p>\n<div class=\"tapahtumapaikka\"><\/div>\n<p><!-- [et_pb_line_break_holder] --><\/div>\n<p><!-- [et_pb_line_break_holder] --><!-- [et_pb_line_break_holder] --><\/p>\n<div class=\"et_pb_module tapahtumalistaus\"><!-- [et_pb_line_break_holder] --><\/p>\n<div class=\"tapahtumanpvm\">7.5.2024 <\/div>\n<p><!-- [et_pb_line_break_holder] --><\/p>\n<div class=\"tapahtumannimi\">\n<h2 class=\"entry-title\"><a href=\"https:\/\/rotary.fi\/kauniainen\/events\/vaihto-oppilaamme-kaisu-krankkala-esittaytyy-2\/\">Vaihto-oppilaamme Kaisu Krankkala esitt\u00e4ytyy<\/a><!-- [et_pb_line_break_holder] --><\/h2>\n<\/div>\n<p><!-- [et_pb_line_break_holder] --><\/p>\n<div class=\"tapahtumapaikka\">Villa Breda<\/div>\n<p><!-- [et_pb_line_break_holder] --><\/div>\n<p><!-- [et_pb_line_break_holder] -->\t<\/div>\r\n<\/div>[\/et_pb_code][\/et_pb_column_inner][\/et_pb_row_inner][\/et_pb_column][et_pb_column type=&#8221;1_3&#8243; _builder_version=&#8221;4.16&#8243; custom_padding=&#8221;|||&#8221; global_colors_info=&#8221;{}&#8221; custom_padding__hover=&#8221;|||&#8221;][et_pb_sidebar area=&#8221;sidebar-1&#8243; module_class=&#8221;sivupalkki_sisalto&#8221; _builder_version=&#8221;4.16&#8243; locked=&#8221;on&#8221; global_colors_info=&#8221;{}&#8221;][\/et_pb_sidebar][\/et_pb_column][\/et_pb_section]<\/p>\n","protected":false},"excerpt":{"rendered":"<p>Tapahtumakalenteri Tulevia tapahtumia <div class=\"em em-view-container\" id=\"em-view-338308053\" data-view=\"list\">\r\n\t<div class=\"em pixelbones em-list em-events-list\" id=\"em-events-list-338308053\" data-view-id=\"338308053\">\r\n\t6.5.2026 <a href=\"https:\/\/rotary.fi\/kauniainen\/events\/tutustuminen-wsoyn-taidekokoelmaan\/\">Tutustuminen WSOY:n taidekokoelmaan<\/a>12.5.2026 <a href=\"https:\/\/rotary.fi\/kauniainen\/events\/viikkokokous-12-5-2026-vaihto-oppilaamme-henni-rainesalo-vierailee-kokouksessa\/\">Viikkokokous 12.5.2026  Vaihto-oppilaamme Henni Rainesalo vierailee kokouksessa<\/a>Villa Breda26.5.2026 <a href=\"https:\/\/rotary.fi\/kauniainen\/events\/vuosikokokous-26-5-2026-seka-vitjojen-vaihto\/\">Vuosikokokous 26.5.2026 sek\u00e4 vitjojen vaihto<\/a>\t<\/div>\r\n<\/div>Menneit\u00e4 tapahtumia <div class=\"em em-view-container\" id=\"em-view-897716955\" data-view=\"list\">\r\n\t<div class=\"em pixelbones em-list em-events-list\" id=\"em-events-list-897716955\" data-view-id=\"897716955\">\r\n\t28.4.2026 <a href=\"https:\/\/rotary.fi\/kauniainen\/events\/itsenaisyyspaiva-6-12-2025-seppeltenlasku-kauniaisten-hautausmaalla-6\/\">Viikkokokous 28.4.2026 Erkki Aallon esitelm\u00e4<\/a>Villa Breda14.4.2026 <a href=\"https:\/\/rotary.fi\/kauniainen\/events\/itsenaisyyspaiva-6-12-2025-seppeltenlasku-kauniaisten-hautausmaalla-4\/\">Viikkokokous 14.4.2026  Ulko-ja turvallisuuspolitiikan asiantuntija Henri Vanhasen esitelm\u00e4<\/a>Villa Breda24.3.2026 <a href=\"https:\/\/rotary.fi\/kauniainen\/events\/itsenaisyyspaiva-6-12-2025-seppeltenlasku-kauniaisten-hautausmaalla-3\/\">Viikkokokous 24.3.2026 L\u00e4nsi-Uudenmaan hyvinvointialueen Johtajan Sanna Svahnin esitelm\u00e4<\/a>Villa Breda10.3.2026 <a href=\"https:\/\/rotary.fi\/kauniainen\/events\/itsenaisyyspaiva-6-12-2025-seppeltenlasku-kauniaisten-hautausmaalla-5\/\">Viikkokokous 10.3.2026 Kaisu Annalan esitelm\u00e4 It\u00e4meriforumin toiminnasta<\/a>Villa Breda24.2.2026 <a href=\"https:\/\/rotary.fi\/kauniainen\/events\/itsenaisyyspaiva-6-12-2025-seppeltenlasku-kauniaisten-hautausmaalla-7\/\">Viikkokokous24.2.2026 Uusi j\u00e4senemme Pasi Rainesalo kertoo itsest\u00e4\u00e4n ja ammatistaan liikennelent\u00e4j\u00e4n\u00e4<\/a>Villa Breda10.2.2026 <a href=\"https:\/\/rotary.fi\/kauniainen\/events\/musiikkia-villa-bredassa\/\">Musiikkia Villa Bredassa<\/a>Villa Breda27.1.2026 <a href=\"https:\/\/rotary.fi\/kauniainen\/events\/viikkokokous-27-1-2026-piirikuvernoori-jere-jantusen-vierailu\/\">Viikkokokous 27.1.2026 Piirikuvern\u00f6\u00f6ri Jere Jantusen vierailu<\/a>Villa Breda13.1.2026 <a href=\"https:\/\/rotary.fi\/kauniainen\/events\/itsenaisyyspaiva-6-12-2025-seppeltenlasku-kauniaisten-hautausmaalla-2\/\">Viikkokokous 13.1.2026 Jussi Paljakan esitelm\u00e4 k\u00e4sintehtyjen kenkien valmistamisesta<\/a>Villa Breda18.12.2025 <a href=\"https:\/\/rotary.fi\/kauniainen\/events\/joulukirkko-torstaina18-12-2025\/\">Joulukirkko torstaina18.12.2025<\/a>Kauniaisten Kirkko6.12.2025 <a href=\"https:\/\/rotary.fi\/kauniainen\/events\/itsenaisyyspaiva-6-12-2025-seppeltenlasku-kauniaisten-hautausmaalla\/\">Itsen\u00e4isyysp\u00e4iv\u00e4 6.12.2025 Seppeltenlasku Kauniaisten hautausmaalla<\/a>Kauniaisten hautausmaa2.12.2025 <a href=\"https:\/\/rotary.fi\/kauniainen\/events\/viikkokokous-2-12-2025-ilmatieteenlaitoksen-paajohtajan-petteri-taalaksen-esitelma\/\">Viikkokokous 2.12.2025  Ilmatieteenlaitoksen p\u00e4\u00e4johtajan Petteri Taalaksen esitelm\u00e4<\/a>Villa Breda18.11.2025 <a href=\"https:\/\/rotary.fi\/kauniainen\/events\/viikkokokous-18-11-2025-irmeli-viherluoto-lindstromin-esitelma-rotaripiirin-1420-organisaatiosta-ja-toiminnasta\/\">Viikkokokous 18.11.2025 Irmeli Viherluoto-Lindstr\u00f6min esitelm\u00e4 rotaripiirin 1420 organisaatiosta ja toiminnasta<\/a>Villa Breda4.11.2025 <a href=\"https:\/\/rotary.fi\/kauniainen\/events\/viikkokokous-katarina-wakosen-esitelma-suomen-matkailun-mahdollisuudet-ja-haasteet\/\">Viikkokokous, Katarina Wakosen esitelm\u00e4 &quot;Suomen matkailun mahdollisuudet ja haasteet&quot;<\/a>Villa Breda21.10.2025 <a href=\"https:\/\/rotary.fi\/kauniainen\/events\/vuosikokous-21-10-2025-ja-vaihto-oppilaamme-kaisu-krankkalan-esitelma\/\">Vuosikokous 21.10.2025 ja vaihto-oppilaamme Kaisu Krankkalan esitelm\u00e4<\/a>Villa Breda7.10.2025 <a href=\"https:\/\/rotary.fi\/kauniainen\/events\/viikkokokous-7-10-2025-mai-tolosen-esitelma-kirja-ja-kirjoittaminen\/\">Viikkokokous 7.10.2025 Mai Tolosen esitelm\u00e4 &quot;kirja ja kirjoittaminen&quot;<\/a>Villa Breda23.9.2025 <a href=\"https:\/\/rotary.fi\/kauniainen\/events\/viikkokokous-23-9-2025-seppo-heinosen-esitelma-yk-joukot-kyproksella-60-vuotta\/\">Viikkokokous 23.9.2025  Seppo Heinosen esitelm\u00e4 &quot;Yk-joukot Kyproksella 60 vuotta&quot;<\/a>Villa Breda4.6.2025 <a href=\"https:\/\/rotary.fi\/kauniainen\/events\/vitjojen-vaihto\/\">Vitjojen vaihto<\/a>Villa Breda22.5.2025 <a href=\"https:\/\/rotary.fi\/kauniainen\/events\/granipaiva\/\">Granip\u00e4iv\u00e4<\/a>20.5.2025 <a href=\"https:\/\/rotary.fi\/kauniainen\/events\/viikkokokous-13-5-2025\/\">Viikkokokous 20.5.2025   Matti Kuusim\u00e4ki &quot;Millainen on hyv\u00e4 oikeusturva ja mik\u00e4 siin\u00e4 maksaa&quot;<\/a>Villa Breda14.5.2025 <a href=\"https:\/\/rotary.fi\/kauniainen\/events\/viikkokokous-kevatkokous\/\">Viikkokokous, kev\u00e4tkokous<\/a>Villa Breda29.4.2025 <a href=\"https:\/\/rotary.fi\/kauniainen\/events\/viikkokokous-29-4-2025\/\">Viikkokokous 29.4.2025  Lauri Louekari, &quot;Suomen itsen\u00e4isyyden ajan arkkitehtuuria&quot;<\/a>Villa Breda15.4.2025 <a href=\"https:\/\/rotary.fi\/kauniainen\/events\/viikkokokous-15-4-2025-toimitusjohtaja-merikapteeni-jori-nordstomin-esitelma\/\">Viikkokokous 15.4.2025   Toimitusjohtaja, merikapteeni Jori Nordst\u00f6min esitelm\u00e4<\/a>Villa Breda1.4.2025 <a href=\"https:\/\/rotary.fi\/kauniainen\/events\/viikkokokous-1-4-2025\/\">Viikkokokous 1.4.2025   Jyri Inha, &quot;minne menet Eurooppa&quot;<\/a>Villa Breda18.3.2025 <a href=\"https:\/\/rotary.fi\/kauniainen\/events\/kirkon-muutos-viime-vuosikymmenina-ja-mika-kirkossa-on-pysyvaa\/\">Viikkokokous 18.3.2025   Kari Kuula, kirkon muutos viime vuosikymmenin\u00e4<\/a>Villa Breda4.3.2025 <a href=\"https:\/\/rotary.fi\/kauniainen\/events\/yhteistyokonsertti-kauniaisten-musiikkiopiston-kanssa-4-3-2025\/\">Yhteisty\u00f6konsertti Kauniaisten musiikkiopiston kanssa 4.3.2025<\/a>Villa Breda, Kukkapuro-sali18.2.2025 <a href=\"https:\/\/rotary.fi\/kauniainen\/events\/viikkokokous-18-3-2025-aivot-ja-muisti\/\">Viikkokokous 18.3.2025    Sanna Suvisalmi, &quot;Aivot ja muisti&quot;<\/a>Villa Breda4.2.2025 <a href=\"https:\/\/rotary.fi\/kauniainen\/events\/opastettu-vierailu-suomen-urheilumuseoon\/\">Opastettu vierailu Suomen urheilumuseoon<\/a>Urheilumuseo Tahto21.1.2025 <a href=\"https:\/\/rotary.fi\/kauniainen\/events\/viikkokokous\/\">Viikkokokous 21.1.2025<\/a>Villa Breda7.1.2025 <a href=\"https:\/\/rotary.fi\/kauniainen\/events\/viikkokokous-7-1-2025\/\">Viikkokokous 7.1.2025<\/a>Villa Breda5.12.2024 <a href=\"https:\/\/rotary.fi\/kauniainen\/events\/joulukirkko\/\">Joulukirkko<\/a>Kauniaisten Kirkko11.6.2024 <a href=\"https:\/\/rotary.fi\/kauniainen\/events\/golf-matka-tallinnaan\/\">Golf-matka Tallinnaan<\/a>4.6.2024 <a href=\"https:\/\/rotary.fi\/kauniainen\/events\/viikkokokous-vitjojen-vaihto\/\">Viikkokokous, vitjojen vaihto<\/a>14.5.2024 <a href=\"https:\/\/rotary.fi\/kauniainen\/events\/kansanedustaja-pekka-toverin-esitelma-suomen-turvallisuustilanne-ja-miten-nato-ja-eu-voivat-meita-tukea\/\">Kansanedustaja Pekka Toverin esitelm\u00e4 &quot;Suomen turvallisuustilanne ja miten Nato ja EU voivat meit\u00e4 tukea&quot;<\/a>7.5.2024 <a href=\"https:\/\/rotary.fi\/kauniainen\/events\/vaihto-oppilaamme-kaisu-krankkala-esittaytyy\/\">Vaihto-oppilaamme Kaisu Krankkala esitt\u00e4ytyy<\/a>7.5.2024 <a href=\"https:\/\/rotary.fi\/kauniainen\/events\/vaihto-oppilaamme-kaisu-krankkala-esittaytyy-2\/\">Vaihto-oppilaamme Kaisu Krankkala esitt\u00e4ytyy<\/a>Villa Breda\t<\/div>\r\n<\/div><\/p>\n","protected":false},"author":1,"featured_media":0,"parent":94,"menu_order":0,"comment_status":"closed","ping_status":"closed","template":"","meta":{"_acf_changed":false,"_et_pb_use_builder":"on","_et_pb_old_content":"","_et_gb_content_width":"","footnotes":""},"class_list":["post-186","page","type-page","status-publish","hentry"],"acf":[],"yoast_head":"<!-- This site is optimized with the Yoast SEO plugin v27.4 - https:\/\/yoast.com\/product\/yoast-seo-wordpress\/ -->\n<title>Tapahtumakalenteri - Kauniainen-Grankulla Rotaryklubi<\/title>\n<meta name=\"robots\" content=\"index, follow, max-snippet:-1, max-image-preview:large, max-video-preview:-1\" \/>\n<link rel=\"canonical\" href=\"https:\/\/rotary.fi\/kauniainen\/ajankohtaista\/tapahtumakalenteri\/\" \/>\n<meta property=\"og:locale\" content=\"fi_FI\" \/>\n<meta property=\"og:type\" content=\"article\" \/>\n<meta property=\"og:title\" content=\"Tapahtumakalenteri - Kauniainen-Grankulla Rotaryklubi\" \/>\n<meta property=\"og:description\" content=\"Tapahtumakalenteri Tulevia tapahtumia Menneit\u00e4 tapahtumia\" \/>\n<meta property=\"og:url\" content=\"https:\/\/rotary.fi\/kauniainen\/ajankohtaista\/tapahtumakalenteri\/\" \/>\n<meta property=\"og:site_name\" content=\"Kauniainen-Grankulla Rotaryklubi\" \/>\n<meta property=\"article:modified_time\" content=\"2024-12-17T11:57:13+00:00\" \/>\n<meta name=\"twitter:card\" content=\"summary_large_image\" \/>\n<meta name=\"twitter:label1\" content=\"Arvioitu lukuaika\" \/>\n\t<meta name=\"twitter:data1\" content=\"1 minuutti\" \/>\n<script type=\"application\/ld+json\" class=\"yoast-schema-graph\">{\"@context\":\"https:\\\/\\\/schema.org\",\"@graph\":[{\"@type\":\"WebPage\",\"@id\":\"https:\\\/\\\/rotary.fi\\\/kauniainen\\\/ajankohtaista\\\/tapahtumakalenteri\\\/\",\"url\":\"https:\\\/\\\/rotary.fi\\\/kauniainen\\\/ajankohtaista\\\/tapahtumakalenteri\\\/\",\"name\":\"Tapahtumakalenteri - Kauniainen-Grankulla Rotaryklubi\",\"isPartOf\":{\"@id\":\"https:\\\/\\\/rotary.fi\\\/kauniainen\\\/#website\"},\"datePublished\":\"2018-08-13T08:06:59+00:00\",\"dateModified\":\"2024-12-17T11:57:13+00:00\",\"breadcrumb\":{\"@id\":\"https:\\\/\\\/rotary.fi\\\/kauniainen\\\/ajankohtaista\\\/tapahtumakalenteri\\\/#breadcrumb\"},\"inLanguage\":\"fi\",\"potentialAction\":[{\"@type\":\"ReadAction\",\"target\":[\"https:\\\/\\\/rotary.fi\\\/kauniainen\\\/ajankohtaista\\\/tapahtumakalenteri\\\/\"]}]},{\"@type\":\"BreadcrumbList\",\"@id\":\"https:\\\/\\\/rotary.fi\\\/kauniainen\\\/ajankohtaista\\\/tapahtumakalenteri\\\/#breadcrumb\",\"itemListElement\":[{\"@type\":\"ListItem\",\"position\":1,\"name\":\"Home\",\"item\":\"https:\\\/\\\/rotary.fi\\\/kauniainen\\\/\"},{\"@type\":\"ListItem\",\"position\":2,\"name\":\"Ajankohtaista\",\"item\":\"https:\\\/\\\/rotary.fi\\\/kauniainen\\\/ajankohtaista\\\/\"},{\"@type\":\"ListItem\",\"position\":3,\"name\":\"Tapahtumakalenteri\"}]},{\"@type\":\"WebSite\",\"@id\":\"https:\\\/\\\/rotary.fi\\\/kauniainen\\\/#website\",\"url\":\"https:\\\/\\\/rotary.fi\\\/kauniainen\\\/\",\"name\":\"Kauniainen-Grankulla Rotaryklubi\",\"description\":\"Uusi Rotary klubisivusto\",\"publisher\":{\"@id\":\"https:\\\/\\\/rotary.fi\\\/kauniainen\\\/#organization\"},\"potentialAction\":[{\"@type\":\"SearchAction\",\"target\":{\"@type\":\"EntryPoint\",\"urlTemplate\":\"https:\\\/\\\/rotary.fi\\\/kauniainen\\\/?s={search_term_string}\"},\"query-input\":{\"@type\":\"PropertyValueSpecification\",\"valueRequired\":true,\"valueName\":\"search_term_string\"}}],\"inLanguage\":\"fi\"},{\"@type\":\"Organization\",\"@id\":\"https:\\\/\\\/rotary.fi\\\/kauniainen\\\/#organization\",\"name\":\"Kauniainen-Grankulla Rotaryklubi\",\"url\":\"https:\\\/\\\/rotary.fi\\\/kauniainen\\\/\",\"logo\":{\"@type\":\"ImageObject\",\"inLanguage\":\"fi\",\"@id\":\"https:\\\/\\\/rotary.fi\\\/kauniainen\\\/#\\\/schema\\\/logo\\\/image\\\/\",\"url\":\"https:\\\/\\\/rotary.fi\\\/kauniainen\\\/wp-content\\\/uploads\\\/sites\\\/253\\\/2018\\\/08\\\/rotary-logo-main-2.png\",\"contentUrl\":\"https:\\\/\\\/rotary.fi\\\/kauniainen\\\/wp-content\\\/uploads\\\/sites\\\/253\\\/2018\\\/08\\\/rotary-logo-main-2.png\",\"width\":135,\"height\":52,\"caption\":\"Kauniainen-Grankulla Rotaryklubi\"},\"image\":{\"@id\":\"https:\\\/\\\/rotary.fi\\\/kauniainen\\\/#\\\/schema\\\/logo\\\/image\\\/\"}}]}<\/script>\n<!-- \/ Yoast SEO plugin. -->","yoast_head_json":{"title":"Tapahtumakalenteri - Kauniainen-Grankulla Rotaryklubi","robots":{"index":"index","follow":"follow","max-snippet":"max-snippet:-1","max-image-preview":"max-image-preview:large","max-video-preview":"max-video-preview:-1"},"canonical":"https:\/\/rotary.fi\/kauniainen\/ajankohtaista\/tapahtumakalenteri\/","og_locale":"fi_FI","og_type":"article","og_title":"Tapahtumakalenteri - Kauniainen-Grankulla Rotaryklubi","og_description":"Tapahtumakalenteri Tulevia tapahtumia Menneit\u00e4 tapahtumia","og_url":"https:\/\/rotary.fi\/kauniainen\/ajankohtaista\/tapahtumakalenteri\/","og_site_name":"Kauniainen-Grankulla Rotaryklubi","article_modified_time":"2024-12-17T11:57:13+00:00","twitter_card":"summary_large_image","twitter_misc":{"Arvioitu lukuaika":"1 minuutti"},"schema":{"@context":"https:\/\/schema.org","@graph":[{"@type":"WebPage","@id":"https:\/\/rotary.fi\/kauniainen\/ajankohtaista\/tapahtumakalenteri\/","url":"https:\/\/rotary.fi\/kauniainen\/ajankohtaista\/tapahtumakalenteri\/","name":"Tapahtumakalenteri - Kauniainen-Grankulla Rotaryklubi","isPartOf":{"@id":"https:\/\/rotary.fi\/kauniainen\/#website"},"datePublished":"2018-08-13T08:06:59+00:00","dateModified":"2024-12-17T11:57:13+00:00","breadcrumb":{"@id":"https:\/\/rotary.fi\/kauniainen\/ajankohtaista\/tapahtumakalenteri\/#breadcrumb"},"inLanguage":"fi","potentialAction":[{"@type":"ReadAction","target":["https:\/\/rotary.fi\/kauniainen\/ajankohtaista\/tapahtumakalenteri\/"]}]},{"@type":"BreadcrumbList","@id":"https:\/\/rotary.fi\/kauniainen\/ajankohtaista\/tapahtumakalenteri\/#breadcrumb","itemListElement":[{"@type":"ListItem","position":1,"name":"Home","item":"https:\/\/rotary.fi\/kauniainen\/"},{"@type":"ListItem","position":2,"name":"Ajankohtaista","item":"https:\/\/rotary.fi\/kauniainen\/ajankohtaista\/"},{"@type":"ListItem","position":3,"name":"Tapahtumakalenteri"}]},{"@type":"WebSite","@id":"https:\/\/rotary.fi\/kauniainen\/#website","url":"https:\/\/rotary.fi\/kauniainen\/","name":"Kauniainen-Grankulla Rotaryklubi","description":"Uusi Rotary klubisivusto","publisher":{"@id":"https:\/\/rotary.fi\/kauniainen\/#organization"},"potentialAction":[{"@type":"SearchAction","target":{"@type":"EntryPoint","urlTemplate":"https:\/\/rotary.fi\/kauniainen\/?s={search_term_string}"},"query-input":{"@type":"PropertyValueSpecification","valueRequired":true,"valueName":"search_term_string"}}],"inLanguage":"fi"},{"@type":"Organization","@id":"https:\/\/rotary.fi\/kauniainen\/#organization","name":"Kauniainen-Grankulla Rotaryklubi","url":"https:\/\/rotary.fi\/kauniainen\/","logo":{"@type":"ImageObject","inLanguage":"fi","@id":"https:\/\/rotary.fi\/kauniainen\/#\/schema\/logo\/image\/","url":"https:\/\/rotary.fi\/kauniainen\/wp-content\/uploads\/sites\/253\/2018\/08\/rotary-logo-main-2.png","contentUrl":"https:\/\/rotary.fi\/kauniainen\/wp-content\/uploads\/sites\/253\/2018\/08\/rotary-logo-main-2.png","width":135,"height":52,"caption":"Kauniainen-Grankulla Rotaryklubi"},"image":{"@id":"https:\/\/rotary.fi\/kauniainen\/#\/schema\/logo\/image\/"}}]}},"lang":"fi","translations":{"fi":186},"pll_sync_post":[],"_links":{"self":[{"href":"https:\/\/rotary.fi\/kauniainen\/wp-json\/wp\/v2\/pages\/186","targetHints":{"allow":["GET"]}}],"collection":[{"href":"https:\/\/rotary.fi\/kauniainen\/wp-json\/wp\/v2\/pages"}],"about":[{"href":"https:\/\/rotary.fi\/kauniainen\/wp-json\/wp\/v2\/types\/page"}],"author":[{"embeddable":true,"href":"https:\/\/rotary.fi\/kauniainen\/wp-json\/wp\/v2\/users\/1"}],"replies":[{"embeddable":true,"href":"https:\/\/rotary.fi\/kauniainen\/wp-json\/wp\/v2\/comments?post=186"}],"version-history":[{"count":9,"href":"https:\/\/rotary.fi\/kauniainen\/wp-json\/wp\/v2\/pages\/186\/revisions"}],"predecessor-version":[{"id":1624,"href":"https:\/\/rotary.fi\/kauniainen\/wp-json\/wp\/v2\/pages\/186\/revisions\/1624"}],"up":[{"embeddable":true,"href":"https:\/\/rotary.fi\/kauniainen\/wp-json\/wp\/v2\/pages\/94"}],"wp:attachment":[{"href":"https:\/\/rotary.fi\/kauniainen\/wp-json\/wp\/v2\/media?parent=186"}],"curies":[{"name":"wp","href":"https:\/\/api.w.org\/{rel}","templated":true}]}}