{"id":4277,"date":"2022-06-25T14:48:42","date_gmt":"2022-06-25T11:48:42","guid":{"rendered":"https:\/\/rotary.fi\/kauhavarc\/?page_id=4277"},"modified":"2024-07-10T16:56:14","modified_gmt":"2024-07-10T13:56:14","slug":"kauden-2023-2024-ohjelma-2","status":"publish","type":"page","link":"https:\/\/rotary.fi\/kauhavarc\/kauden-2023-2024-ohjelma-2\/","title":{"rendered":"Kauden 2022 &#8211; 2023 viikko-ohjelma"},"content":{"rendered":"<p>[et_pb_section fb_built=&#8221;1&#8243; _builder_version=&#8221;4.16&#8243; global_colors_info=&#8221;{}&#8221;][et_pb_row _builder_version=&#8221;4.16&#8243; background_size=&#8221;initial&#8221; background_position=&#8221;top_left&#8221; background_repeat=&#8221;repeat&#8221; global_colors_info=&#8221;{}&#8221;][et_pb_column type=&#8221;4_4&#8243; _builder_version=&#8221;4.16&#8243; custom_padding=&#8221;|||&#8221; global_colors_info=&#8221;{}&#8221; custom_padding__hover=&#8221;|||&#8221;][et_pb_text _builder_version=&#8221;4.21.0&#8243; custom_padding=&#8221;||4px|||&#8221; global_colors_info=&#8221;{}&#8221;]<\/p>\n<h3 style=\"text-align: center\"><img loading=\"lazy\" decoding=\"async\" class=\"wp-image-4519 alignnone size-full\" src=\"https:\/\/rotary.fi\/kauhavarc\/wp-content\/uploads\/sites\/22\/2023\/07\/teema.png\" alt=\"\" width=\"802\" height=\"163\" srcset=\"https:\/\/rotary.fi\/kauhavarc\/wp-content\/uploads\/sites\/22\/2023\/07\/teema.png 802w, https:\/\/rotary.fi\/kauhavarc\/wp-content\/uploads\/sites\/22\/2023\/07\/teema-480x98.png 480w\" sizes=\"(min-width: 0px) and (max-width: 480px) 480px, (min-width: 481px) 802px, 100vw\" \/><\/h3>\n<p>&nbsp;<\/p>\n<p>&nbsp;<\/p>\n<h3 style=\"text-align: center\">Kauhavan Rotaryklubin kauden\u00a0 2023 &#8211; 2024 viikko-ohjelma<\/h3>\n<p>[\/et_pb_text][et_pb_text admin_label=&#8221;Teksti&#8221; _builder_version=&#8221;4.22.1&#8243; custom_margin=&#8221;50px||50px|&#8221; global_colors_info=&#8221;{}&#8221;]<\/p>\n<p style=\"text-align: center\"><strong><img loading=\"lazy\" decoding=\"async\" class=\"wp-image-4554  aligncenter\" src=\"https:\/\/rotary.fi\/kauhavarc\/wp-content\/uploads\/sites\/22\/2023\/07\/316089504-1530004107424438-1199176949590810548-n.jpg\" alt=\"\" width=\"593\" height=\"438\" \/><br \/>Presidentti: Leea Keto\u00a0 \u00a0 &#8211;\u00a0 \u00a0 Sihteeri:\u00a0 Leena Vainionp\u00e4\u00e4<\/strong><\/p>\n<p>[\/et_pb_text][et_pb_text admin_label=&#8221;Teksti&#8221; _builder_version=&#8221;4.25.1&#8243; global_colors_info=&#8221;{}&#8221;]<\/p>\n<table style=\"height: 2748px;width: 577px\" width=\"665\">\n<tbody>\n<tr style=\"height: 23px\">\n<td style=\"height: 23px;width: 56px\">Viikko<\/td>\n<td style=\"height: 23px;width: 69px\">Pvm<\/td>\n<td style=\"height: 23px;width: 452px\"><strong>Kauhava RK viikko-ohjelma syyskausi 2023\u00a0<\/strong><\/td>\n<\/tr>\n<tr style=\"height: 23px\">\n<td style=\"height: 23px;width: 56px\">\u00a0<\/td>\n<td style=\"height: 23px;width: 69px\">\u00a0<\/td>\n<td style=\"height: 23px;width: 452px\">\u00a0<\/td>\n<\/tr>\n<tr style=\"height: 23px\">\n<td style=\"height: 23px;width: 56px\">\u00a0<\/td>\n<td style=\"height: 23px;width: 69px\">\u00a0<\/td>\n<td style=\"height: 23px;width: 452px\">\u00a0<\/td>\n<\/tr>\n<tr style=\"height: 23px\">\n<td style=\"height: 23px;width: 56px\">\u00a0<\/td>\n<td style=\"height: 23px;width: 69px\">\u00a0<\/td>\n<td style=\"height: 23px;width: 452px\"><strong>Elokuun Rotaryteema:\u00a0 J\u00e4senist\u00f6n ja laajennusty\u00f6n kuukausi\u00a0<\/strong><\/td>\n<\/tr>\n<tr style=\"height: 23px\">\n<td style=\"height: 23px;width: 56px\">\u00a0<\/td>\n<td style=\"height: 23px;width: 69px\">\u00a0<\/td>\n<td style=\"height: 23px;width: 452px\">\u00a0<\/td>\n<\/tr>\n<tr style=\"height: 23px\">\n<td style=\"height: 23px;width: 56px\">31<\/td>\n<td style=\"height: 23px;width: 69px\">3.8.<\/td>\n<td style=\"height: 23px;width: 452px\">Kauden avaus, kes\u00e4n kuulumisia<\/td>\n<\/tr>\n<tr style=\"height: 23px\">\n<td style=\"height: 23px;width: 56px\">32<\/td>\n<td style=\"height: 23px;width: 69px\">10.8.<\/td>\n<td style=\"height: 23px;width: 452px\">Syyskauden toiminnan suunnittelua<\/td>\n<\/tr>\n<tr style=\"height: 23px\">\n<td style=\"height: 23px;width: 56px\">32<\/td>\n<td style=\"height: 23px;width: 69px\">12.8.<\/td>\n<td style=\"height: 23px;width: 452px\">D1385 Kuvern\u00f6\u00f6rin k\u00e4\u00e4tyjen vaihto &#8211; Oulu<\/td>\n<\/tr>\n<tr style=\"height: 23px\">\n<td style=\"height: 23px;width: 56px\">33<\/td>\n<td style=\"height: 23px;width: 69px\">18.8.<\/td>\n<td style=\"height: 23px;width: 452px\">Kuvern\u00f6\u00f6rin vierailu &#8211; IC kokous,\u00a0 H\u00e4rm\u00e4n kylpyl\u00e4, Huom.\u00a0 perjantai<\/td>\n<\/tr>\n<tr style=\"height: 47px\">\n<td style=\"height: 47px;width: 56px\">34<\/td>\n<td style=\"height: 47px;width: 69px\">24.8.<\/td>\n<td style=\"height: 47px;width: 452px\">Jarmo Vainionp\u00e4\u00e4: \u201dVilua ja n\u00e4lk\u00e4\u00e4 Balkanin vuorilla\u201d, valokuvakertomus kiertomatkasta<\/td>\n<\/tr>\n<tr style=\"height: 23px\">\n<td style=\"height: 23px;width: 56px\">35<\/td>\n<td style=\"height: 23px;width: 69px\">31.8.<\/td>\n<td style=\"height: 23px;width: 452px\">Yritysvierailu &#8211; Palletower oy &#8211; esittelij\u00e4n\u00e4 maajohtaja Esa Luhta<\/td>\n<\/tr>\n<tr style=\"height: 23px\">\n<td style=\"height: 23px;width: 56px\">\u00a0<\/td>\n<td style=\"height: 23px;width: 69px\">\u00a0<\/td>\n<td style=\"height: 23px;width: 452px\">\u00a0<\/td>\n<\/tr>\n<tr style=\"height: 23px\">\n<td style=\"height: 23px;width: 56px\">\u00a0<\/td>\n<td style=\"height: 23px;width: 69px\">\u00a0<\/td>\n<td style=\"height: 23px;width: 452px\">\u00a0<\/td>\n<\/tr>\n<tr style=\"height: 47px\">\n<td style=\"height: 47px;width: 56px\">\u00a0<\/td>\n<td style=\"height: 47px;width: 69px\">\u00a0<\/td>\n<td style=\"height: 47px;width: 452px\"><strong>Syyskuun Rotaryteema: Peruskoulutuksen sek\u00e4 luku- ja kirjoitustaidon kuukausi<\/strong><\/td>\n<\/tr>\n<tr style=\"height: 23px\">\n<td style=\"height: 23px;width: 56px\">\u00a0<\/td>\n<td style=\"height: 23px;width: 69px\">\u00a0<\/td>\n<td style=\"height: 23px;width: 452px\">\u00a0<\/td>\n<\/tr>\n<tr style=\"height: 23px\">\n<td style=\"height: 23px;width: 56px\">36<\/td>\n<td style=\"height: 23px;width: 69px\">7.9.<\/td>\n<td style=\"height: 23px;width: 452px\">Kurinpitotoiminta j\u00e4\u00e4kiekosssa &#8211; Matti Jouppi<\/td>\n<\/tr>\n<tr style=\"height: 23px\">\n<td style=\"height: 23px;width: 56px\">37<\/td>\n<td style=\"height: 23px;width: 69px\">13.9.<\/td>\n<td style=\"height: 23px;width: 452px\">Lapua 1976 -elokuva (huom. keskiviikko klo 18 Y-Kinossa), AVEC<\/td>\n<\/tr>\n<tr style=\"height: 23px\">\n<td style=\"height: 23px;width: 56px\">\u00a0<\/td>\n<td style=\"height: 23px;width: 69px\">15-17.9<\/td>\n<td style=\"height: 23px;width: 452px\">Piirin vaihto-oppilaiden leiri Ojutj\u00e4rvell\u00e4<\/td>\n<\/tr>\n<tr style=\"height: 23px\">\n<td style=\"height: 23px;width: 56px\">38<\/td>\n<td style=\"height: 23px;width: 69px\">21.9.<\/td>\n<td style=\"height: 23px;width: 452px\">Arto Valkama: Luomuraaka-aineen keruu Kauhavan yhteismets\u00e4ss\u00e4<\/td>\n<\/tr>\n<tr style=\"height: 23px\">\n<td style=\"height: 23px;width: 56px\">39<\/td>\n<td style=\"height: 23px;width: 69px\">28.9.<\/td>\n<td style=\"height: 23px;width: 452px\">Tutustumisretki rakenteilla olevan laavumme sijoituspaikalle Ojutj\u00e4rvelle<\/td>\n<\/tr>\n<tr style=\"height: 23px\">\n<td style=\"height: 23px;width: 56px\">\u00a0<\/td>\n<td style=\"height: 23px;width: 69px\">\u00a0<\/td>\n<td style=\"height: 23px;width: 452px\">\u00a0<\/td>\n<\/tr>\n<tr style=\"height: 23px\">\n<td style=\"height: 23px;width: 56px\">\u00a0<\/td>\n<td style=\"height: 23px;width: 69px\">\u00a0<\/td>\n<td style=\"height: 23px;width: 452px\">\u00a0<\/td>\n<\/tr>\n<tr style=\"height: 47px\">\n<td style=\"height: 47px;width: 56px\">\u00a0<\/td>\n<td style=\"height: 47px;width: 69px\">\u00a0<\/td>\n<td style=\"height: 47px;width: 452px\"><strong>Lokakuun Rotaryteema: Talouskehityksen ja yhteiskunnallisen kehityksen kuukausi<\/strong><\/td>\n<\/tr>\n<tr style=\"height: 23px\">\n<td style=\"height: 23px;width: 56px\">\u00a0<\/td>\n<td style=\"height: 23px;width: 69px\">\u00a0<\/td>\n<td style=\"height: 23px;width: 452px\">\u00a0<\/td>\n<\/tr>\n<tr style=\"height: 47px\">\n<td style=\"height: 47px;width: 56px\">40<\/td>\n<td style=\"height: 47px;width: 69px\">5.10.<\/td>\n<td style=\"height: 47px;width: 452px\">Kansalaisopiston yleis\u00f6luento: Katsaus E-P:n hyvinvointialueen toimintaan, Tero J\u00e4rvinen<\/td>\n<\/tr>\n<tr style=\"height: 23px\">\n<td style=\"height: 23px;width: 56px\">\u00a0<\/td>\n<td style=\"height: 23px;width: 69px\">8.10.<\/td>\n<td style=\"height: 23px;width: 452px\">Klubitalkoot \u2013 laavun katon kuljetus Ojutj\u00e4rvelle ja siell\u00e4 rakennuspaikalle<\/td>\n<\/tr>\n<tr style=\"height: 23px\">\n<td style=\"height: 23px;width: 56px\">\u00a0<\/td>\n<td style=\"height: 23px;width: 69px\">9.10.<\/td>\n<td style=\"height: 23px;width: 452px\">Klubitalkoot \u2013 laavun katon rakentaminen ja muita viimeistelyt\u00f6it\u00e4<\/td>\n<\/tr>\n<tr style=\"height: 23px\">\n<td style=\"height: 23px;width: 56px\">41<\/td>\n<td style=\"height: 23px;width: 69px\">12.10.<\/td>\n<td style=\"height: 23px;width: 452px\">Asta V\u00e4h\u00e4passi: Raiteiden tulo Pohjanmaalle. Ruokailu<\/td>\n<\/tr>\n<tr style=\"height: 23px\">\n<td style=\"height: 23px;width: 56px\">41<\/td>\n<td style=\"height: 23px;width: 69px\">14-15.10<\/td>\n<td style=\"height: 23px;width: 452px\">D1385 Piirikokous Luostolla<\/td>\n<\/tr>\n<tr style=\"height: 23px\">\n<td style=\"height: 23px;width: 56px\">42<\/td>\n<td style=\"height: 23px;width: 69px\">19.10.<\/td>\n<td style=\"height: 23px;width: 452px\">Syysloma &#8211; ei kokousta<\/td>\n<\/tr>\n<tr style=\"height: 23px\">\n<td style=\"height: 23px;width: 56px\">43<\/td>\n<td style=\"height: 23px;width: 69px\">26.10.<\/td>\n<td style=\"height: 23px;width: 452px\">Pauli M\u00e4kel\u00e4: Lakia-Jukola \u2013 Suomen suurin aikuisurheilutapahtuma (tallennus)<\/td>\n<\/tr>\n<tr style=\"height: 23px\">\n<td style=\"height: 23px;width: 56px\">\u00a0<\/td>\n<td style=\"height: 23px;width: 69px\">\u00a0<\/td>\n<td style=\"height: 23px;width: 452px\">\u00a0<\/td>\n<\/tr>\n<tr style=\"height: 23px\">\n<td style=\"height: 23px;width: 56px\">\u00a0<\/td>\n<td style=\"height: 23px;width: 69px\">\u00a0<\/td>\n<td style=\"height: 23px;width: 452px\">\u00a0<\/td>\n<\/tr>\n<tr style=\"height: 23px\">\n<td style=\"height: 23px;width: 56px\">\u00a0<\/td>\n<td style=\"height: 23px;width: 69px\">\u00a0<\/td>\n<td style=\"height: 23px;width: 452px\">\u00a0<\/td>\n<\/tr>\n<tr style=\"height: 23px\">\n<td style=\"height: 23px;width: 56px\">\u00a0<\/td>\n<td style=\"height: 23px;width: 69px\">\u00a0<\/td>\n<td style=\"height: 23px;width: 452px\"><strong>Marraskuun Rotaryteema: Rotarys\u00e4\u00e4ti\u00f6<\/strong><\/td>\n<\/tr>\n<tr style=\"height: 23px\">\n<td style=\"height: 23px;width: 56px\">\u00a0<\/td>\n<td style=\"height: 23px;width: 69px\">\u00a0<\/td>\n<td style=\"height: 23px;width: 452px\">\u00a0<\/td>\n<\/tr>\n<tr style=\"height: 47px\">\n<td style=\"height: 47px;width: 56px\">44<\/td>\n<td style=\"height: 47px;width: 69px\">2.11.<\/td>\n<td style=\"height: 47px;width: 452px\">Harri Martikkala:\u00a0 GPS-paikannuksen ja automaattiohjauksen hy\u00f6dynt\u00e4minen maataloudessa<\/td>\n<\/tr>\n<tr style=\"height: 23px\">\n<td style=\"height: 23px;width: 56px\">\u00a0<\/td>\n<td style=\"height: 23px;width: 69px\">5.11.<\/td>\n<td style=\"height: 23px;width: 452px\">Klubitalkoot \u2013 Lakia Jukolan mainoslakanoiden asennus<\/td>\n<\/tr>\n<tr style=\"height: 47px\">\n<td style=\"height: 47px;width: 56px\">45<\/td>\n<td style=\"height: 47px;width: 69px\">9.11.<\/td>\n<td style=\"height: 47px;width: 452px\">Kauhavan ja Lapuan Rotaryklubien IC-tapaaminen, Y-kino. Avec. Katsomme elokuvan \u201dLaulumaiden muisto\u201d . Ohjaaja Tomi Saarij\u00e4rvi kertoo filmin teosta.<\/td>\n<\/tr>\n<tr style=\"height: 23px\">\n<td style=\"height: 23px;width: 56px\">\u00a0<\/td>\n<td style=\"height: 23px;width: 69px\">14.11.<\/td>\n<td style=\"height: 23px;width: 452px\">Klubitalkoot \u2013 j\u00e4tk\u00e4nkynttil\u00f6iden tekoa Per\u00e4l\u00e4ss\u00e4<\/td>\n<\/tr>\n<tr style=\"height: 23px\">\n<td style=\"height: 23px;width: 56px\">46<\/td>\n<td style=\"height: 23px;width: 69px\">16.11.<\/td>\n<td style=\"height: 23px;width: 452px\">Sivistysjohtaja Jonna Heikkil\u00e4: Kauhavan sivistystoimen kuulumiset<\/td>\n<\/tr>\n<tr style=\"height: 23px\">\n<td style=\"height: 23px;width: 56px\">47<\/td>\n<td style=\"height: 23px;width: 69px\">23.11.<\/td>\n<td style=\"height: 23px;width: 452px\">Klubin s\u00e4\u00e4nt\u00f6m\u00e4\u00e4r\u00e4inen syyskokous<\/td>\n<\/tr>\n<tr style=\"height: 23px\">\n<td style=\"height: 23px;width: 56px\">\u00a0<\/td>\n<td style=\"height: 23px;width: 69px\">24.11.<\/td>\n<td style=\"height: 23px;width: 452px\">Klubitalkoot \u2013 Klubin myyntipiste Yritt\u00e4jien joulunavusmarkkinoilla<\/td>\n<\/tr>\n<tr style=\"height: 23px\">\n<td style=\"height: 23px;width: 56px\">48<\/td>\n<td style=\"height: 23px;width: 69px\">30.11.<\/td>\n<td style=\"height: 23px;width: 452px\">Kaupunginjohtaja Vesa Rantala \u2013 Kauhavan kaupungin kuulumisia<\/td>\n<\/tr>\n<tr style=\"height: 23px\">\n<td style=\"height: 23px;width: 56px\">\u00a0<\/td>\n<td style=\"height: 23px;width: 69px\">\u00a0<\/td>\n<td style=\"height: 23px;width: 452px\">\u00a0<\/td>\n<\/tr>\n<tr style=\"height: 23px\">\n<td style=\"height: 23px;width: 56px\">\u00a0<\/td>\n<td style=\"height: 23px;width: 69px\">\u00a0<\/td>\n<td style=\"height: 23px;width: 452px\">\u00a0<\/td>\n<\/tr>\n<tr style=\"height: 23px\">\n<td style=\"height: 23px;width: 56px\">\u00a0<\/td>\n<td style=\"height: 23px;width: 69px\">\u00a0<\/td>\n<td style=\"height: 23px;width: 452px\"><strong>Joulukuun Rotaryteema : Sairauksien torjunta<\/strong><\/td>\n<\/tr>\n<tr style=\"height: 23px\">\n<td style=\"height: 23px;width: 56px\">\u00a0<\/td>\n<td style=\"height: 23px;width: 69px\">\u00a0<\/td>\n<td style=\"height: 23px;width: 452px\">\u00a0<\/td>\n<\/tr>\n<tr style=\"height: 23px\">\n<td style=\"height: 23px;width: 56px\">49<\/td>\n<td style=\"height: 23px;width: 69px\">7.12.<\/td>\n<td style=\"height: 23px;width: 452px\">Toiminnanjohtaja Mervi Niemi-Huhdanp\u00e4\u00e4 \u2013 Aisaparin hanketoiminta<\/td>\n<\/tr>\n<tr style=\"height: 47px\">\n<td style=\"height: 47px;width: 56px\">\u00a0<\/td>\n<td style=\"height: 47px;width: 69px\">7-11.12.2012<\/td>\n<td style=\"height: 47px;width: 452px\">Klubitalkoot \u2013 Kauhavan Joulu 2023 lehden lukeminen \u00e4\u00e4nilehdeksi<\/td>\n<\/tr>\n<tr style=\"height: 23px\">\n<td style=\"height: 23px;width: 56px\">50<\/td>\n<td style=\"height: 23px;width: 69px\">14.12.<\/td>\n<td style=\"height: 23px;width: 452px\">Eero Paavola \u2013 J\u00e4\u00e4k\u00e4rikapteeni K\u00e4rn\u00e4n el\u00e4m\u00e4nvaiheita<\/td>\n<\/tr>\n<tr style=\"height: 23px\">\n<td style=\"height: 23px;width: 56px\">51<\/td>\n<td style=\"height: 23px;width: 69px\">21.12.<\/td>\n<td style=\"height: 23px;width: 452px\">Klubin pikkujoulu illallinen<\/td>\n<\/tr>\n<tr style=\"height: 23px\">\n<td style=\"height: 23px;width: 56px\">52<\/td>\n<td style=\"height: 23px;width: 69px\">28.12.<\/td>\n<td style=\"height: 23px;width: 452px\">Joululoma &#8211; ei kokousta<\/td>\n<\/tr>\n<tr style=\"height: 23px\">\n<td style=\"height: 23px;width: 56px\">\u00a0<\/td>\n<td style=\"height: 23px;width: 69px\">\u00a0<\/td>\n<td style=\"height: 23px;width: 452px\">\u00a0<\/td>\n<\/tr>\n<tr style=\"height: 23px\">\n<td style=\"height: 23px;width: 56px\">\u00a0<\/td>\n<td style=\"height: 23px;width: 69px\">\u00a0<\/td>\n<td style=\"height: 23px;width: 452px\">\u00a0<\/td>\n<\/tr>\n<tr style=\"height: 23px\">\n<td style=\"height: 23px;width: 56px\">\u00a0<\/td>\n<td style=\"height: 23px;width: 69px\">\u00a0<\/td>\n<td style=\"height: 23px;width: 452px\">\u00a0<\/td>\n<\/tr>\n<tr style=\"height: 23px\">\n<td style=\"height: 23px;width: 56px\">\u00a0<\/td>\n<td style=\"height: 23px;width: 69px\">\u00a0<\/td>\n<td style=\"height: 23px;width: 452px\"><strong>Kauhava RK viikko-ohjelma kev\u00e4tkausi 2024<\/strong><\/td>\n<\/tr>\n<tr style=\"height: 23px\">\n<td style=\"height: 23px;width: 56px\">\u00a0<\/td>\n<td style=\"height: 23px;width: 69px\">\u00a0<\/td>\n<td style=\"height: 23px;width: 452px\">\u00a0<\/td>\n<\/tr>\n<tr style=\"height: 23px\">\n<td style=\"height: 23px;width: 56px\">\u00a0<\/td>\n<td style=\"height: 23px;width: 69px\">\u00a0<\/td>\n<td style=\"height: 23px;width: 452px\"><strong>Tammikuun Rotaryteema: Ammattipalvelu<\/strong><\/td>\n<\/tr>\n<tr style=\"height: 23px\">\n<td style=\"height: 23px;width: 56px\">\u00a0<\/td>\n<td style=\"height: 23px;width: 69px\">\u00a0<\/td>\n<td style=\"height: 23px;width: 452px\">\u00a0<\/td>\n<\/tr>\n<tr style=\"height: 23px\">\n<td style=\"height: 23px;width: 56px\">1<\/td>\n<td style=\"height: 23px;width: 69px\">4.1.<\/td>\n<td style=\"height: 23px;width: 452px\">Joululoma &#8211; ei kokousta<\/td>\n<\/tr>\n<tr style=\"height: 23px\">\n<td style=\"height: 23px;width: 56px\">2<\/td>\n<td style=\"height: 23px;width: 69px\">11.4.<\/td>\n<td style=\"height: 23px;width: 452px\">Janne Lahnalampi \u2013 maaataloustukien valvonta sateliittiseurannalla<\/td>\n<\/tr>\n<tr style=\"height: 23px\">\n<td style=\"height: 23px;width: 56px\">3<\/td>\n<td style=\"height: 23px;width: 69px\">18.1.<\/td>\n<td style=\"height: 23px;width: 452px\">Vellu Heinijoki \u2013 Sairauksien ehk\u00e4isy ja hoito, joulukuun Rotaryteema<\/td>\n<\/tr>\n<tr style=\"height: 23px\">\n<td style=\"height: 23px;width: 56px\">4<\/td>\n<td style=\"height: 23px;width: 69px\">25.1.<\/td>\n<td style=\"height: 23px;width: 452px\">Vierailu Kauhavan nuorisoseuralla ja tutustuminen seuran toimintaan<\/td>\n<\/tr>\n<tr style=\"height: 23px\">\n<td style=\"height: 23px;width: 56px\">\u00a0<\/td>\n<td style=\"height: 23px;width: 69px\">\u00a0<\/td>\n<td style=\"height: 23px;width: 452px\">\u00a0<\/td>\n<\/tr>\n<tr style=\"height: 23px\">\n<td style=\"height: 23px;width: 56px\">\u00a0<\/td>\n<td style=\"height: 23px;width: 69px\">\u00a0<\/td>\n<td style=\"height: 23px;width: 452px\">\u00a0<\/td>\n<\/tr>\n<tr style=\"height: 23px\">\n<td style=\"height: 23px;width: 56px\">\u00a0<\/td>\n<td style=\"height: 23px;width: 69px\">\u00a0<\/td>\n<td style=\"height: 23px;width: 452px\"><strong>Helmikuun Rotaryteema: Rauhantutkimus ja konfliktien ehk\u00e4isy<\/strong><\/td>\n<\/tr>\n<tr style=\"height: 23px\">\n<td style=\"height: 23px;width: 56px\">\u00a0<\/td>\n<td style=\"height: 23px;width: 69px\">\u00a0<\/td>\n<td style=\"height: 23px;width: 452px\">\u00a0<\/td>\n<\/tr>\n<tr style=\"height: 23px\">\n<td style=\"height: 23px;width: 56px\">5<\/td>\n<td style=\"height: 23px;width: 69px\">1.2.<\/td>\n<td style=\"height: 23px;width: 452px\">Jouni Lehtom\u00e4ki \u2013 Vihannin Lampinsaaren kaivoksen historiaa<\/td>\n<\/tr>\n<tr style=\"height: 47px\">\n<td style=\"height: 47px;width: 56px\">6<\/td>\n<td style=\"height: 47px;width: 69px\">8.2.<\/td>\n<td style=\"height: 47px;width: 452px\">Nopeammin, voimakkaammin, korkeammalle. Kosti Rasinper\u00e4\u201d.\u00a0 Katsotaan dokumentti kauhavalaistaustaisesta urheiluvaikuttajasta.<\/td>\n<\/tr>\n<tr style=\"height: 47px\">\n<td style=\"height: 47px;width: 56px\">7<\/td>\n<td style=\"height: 47px;width: 69px\">14.2.<\/td>\n<td style=\"height: 47px;width: 452px\">Nelj\u00e4n klubin IC-kokoontuminen Lapualla Kosolan talossa, AVEC. Huom. keskiviikko.<\/td>\n<\/tr>\n<tr style=\"height: 23px\">\n<td style=\"height: 23px;width: 56px\">\u00a0<\/td>\n<td style=\"height: 23px;width: 69px\">15.2.<\/td>\n<td style=\"height: 23px;width: 452px\">Piirin Rotarys\u00e4\u00e4ti\u00f6koulutus, Zoom<\/td>\n<\/tr>\n<tr style=\"height: 23px\">\n<td style=\"height: 23px;width: 56px\">8<\/td>\n<td style=\"height: 23px;width: 69px\">22.2.<\/td>\n<td style=\"height: 23px;width: 452px\">Hanna Vainionp\u00e4\u00e4 &#8211; Brasilia opiskeluvaihto kokemuksia<\/td>\n<\/tr>\n<tr style=\"height: 23px\">\n<td style=\"height: 23px;width: 56px\">9<\/td>\n<td style=\"height: 23px;width: 69px\">29.2<\/td>\n<td style=\"height: 23px;width: 452px\">Hiihtoloma &#8211; ei kokousta<\/td>\n<\/tr>\n<tr style=\"height: 23px\">\n<td style=\"height: 23px;width: 56px\">\u00a0<\/td>\n<td style=\"height: 23px;width: 69px\">\u00a0<\/td>\n<td style=\"height: 23px;width: 452px\">\u00a0<\/td>\n<\/tr>\n<tr style=\"height: 23px\">\n<td style=\"height: 23px;width: 56px\">\u00a0<\/td>\n<td style=\"height: 23px;width: 69px\">\u00a0<\/td>\n<td style=\"height: 23px;width: 452px\"><strong>Maaliskuun Rotaryteema: Vesi, sanitaatio ja hygienia<\/strong><\/td>\n<\/tr>\n<tr style=\"height: 23px\">\n<td style=\"height: 23px;width: 56px\">\u00a0<\/td>\n<td style=\"height: 23px;width: 69px\">\u00a0<\/td>\n<td style=\"height: 23px;width: 452px\">\u00a0<\/td>\n<\/tr>\n<tr style=\"height: 23px\">\n<td style=\"height: 23px;width: 56px\">10<\/td>\n<td style=\"height: 23px;width: 69px\">7.3.<\/td>\n<td style=\"height: 23px;width: 452px\">Pertti Helenius &#8211;\u00a0 Retki Alcarazin vankilasaarelle San Franciscossa<\/td>\n<\/tr>\n<tr style=\"height: 23px\">\n<td style=\"height: 23px;width: 56px\">11<\/td>\n<td style=\"height: 23px;width: 69px\">14.3.<\/td>\n<td style=\"height: 23px;width: 452px\">Mia K\u00e4rkk\u00e4inen &#8211; Toimittajan ty\u00f6st\u00e4 ja lehden tekemisest\u00e4<\/td>\n<\/tr>\n<tr style=\"height: 23px\">\n<td style=\"height: 23px;width: 56px\">12<\/td>\n<td style=\"height: 23px;width: 69px\">21.3.<\/td>\n<td style=\"height: 23px;width: 452px\">Lasse M\u00e4kinen &#8211; Kuinka Kauhavasta tuli kaupunki vuonna 1986<\/td>\n<\/tr>\n<tr style=\"height: 23px\">\n<td style=\"height: 23px;width: 56px\">12<\/td>\n<td style=\"height: 23px;width: 69px\">23.3.<\/td>\n<td style=\"height: 23px;width: 452px\">D1385 PETS-koulutus Kalajoki<\/td>\n<\/tr>\n<tr style=\"height: 23px\">\n<td style=\"height: 23px;width: 56px\">13<\/td>\n<td style=\"height: 23px;width: 69px\">28.3.<\/td>\n<td style=\"height: 23px;width: 452px\">Kiirastorstai &#8211; ei kokousta<\/td>\n<\/tr>\n<tr style=\"height: 23px\">\n<td style=\"height: 23px;width: 56px\">\u00a0<\/td>\n<td style=\"height: 23px;width: 69px\">\u00a0<\/td>\n<td style=\"height: 23px;width: 452px\">\u00a0<\/td>\n<\/tr>\n<tr style=\"height: 23px\">\n<td style=\"height: 23px;width: 56px\">\u00a0<\/td>\n<td style=\"height: 23px;width: 69px\">\u00a0<\/td>\n<td style=\"height: 23px;width: 452px\"><strong>Huhtikuun Rotaryteema: \u00c4itien ja lasten terveys<\/strong><\/td>\n<\/tr>\n<tr style=\"height: 23px\">\n<td style=\"height: 23px;width: 56px\">\u00a0<\/td>\n<td style=\"height: 23px;width: 69px\">\u00a0<\/td>\n<td style=\"height: 23px;width: 452px\">\u00a0<\/td>\n<\/tr>\n<tr style=\"height: 23px\">\n<td style=\"height: 23px;width: 56px\">14<\/td>\n<td style=\"height: 23px;width: 69px\">4.4.<\/td>\n<td style=\"height: 23px;width: 452px\">Nelj\u00e4n klubin IC- yritysvierailu &#8211; Lankava oy &#8211; AVEC<\/td>\n<\/tr>\n<tr style=\"height: 47px\">\n<td style=\"height: 47px;width: 56px\">15<\/td>\n<td style=\"height: 47px;width: 69px\">11.4.<\/td>\n<td style=\"height: 47px;width: 452px\">Kansainv\u00e4linen lauluilta Mutterissa &#8211; J\u00e4rvilakeuden kansala\u00edsopiston kanssa &#8211; AVEC<\/td>\n<\/tr>\n<tr style=\"height: 47px\">\n<td style=\"height: 47px;width: 56px\">16<\/td>\n<td style=\"height: 47px;width: 69px\">19.4-20.4.2023<\/td>\n<td style=\"height: 47px;width: 452px\">Eduskuntavierailu ja tutustuminen oopperataloon &#8211; AVEC<\/td>\n<\/tr>\n<tr style=\"height: 23px\">\n<td style=\"height: 23px;width: 56px\">17<\/td>\n<td style=\"height: 23px;width: 69px\">25.4.<\/td>\n<td style=\"height: 23px;width: 452px\">Yritysesittely &#8211; Konstikas, \u00e4ly- ja pulmapelien maailma &#8211; Marita ja Mikko Lassila<\/td>\n<\/tr>\n<tr style=\"height: 23px\">\n<td style=\"height: 23px;width: 56px\">\u00a0<\/td>\n<td style=\"height: 23px;width: 69px\">\u00a0<\/td>\n<td style=\"height: 23px;width: 452px\">\u00a0<\/td>\n<\/tr>\n<tr>\n<td style=\"width: 56px\" width=\"64\">\u00a0<\/td>\n<td style=\"width: 69px\" width=\"64\">\u00a0<\/td>\n<td style=\"width: 452px\" width=\"537\"><strong>Toukokuun Rotaryteema: Nuorisopalvelu<\/strong><\/td>\n<\/tr>\n<tr>\n<td style=\"width: 56px\">\u00a0<\/td>\n<td style=\"width: 69px\">\u00a0<\/td>\n<td style=\"width: 452px\">\u00a0<\/td>\n<\/tr>\n<tr>\n<td style=\"width: 56px\">18<\/td>\n<td style=\"width: 69px\">2.5.<\/td>\n<td style=\"width: 452px\">Apteekkari Mika Wallin &#8211; Antibioottiresistenssi ja miten sit\u00e4 voidaan torjua<\/td>\n<\/tr>\n<tr>\n<td style=\"width: 56px\">18<\/td>\n<td style=\"width: 69px\">3.5 &#8211; 5.5<\/td>\n<td style=\"width: 452px\">D1385 Piirikonferenssi Oulussa<\/td>\n<\/tr>\n<tr>\n<td style=\"width: 56px\">19<\/td>\n<td style=\"width: 69px\">9.5.<\/td>\n<td style=\"width: 452px\">Helatorstai &#8211; ei kokousta<\/td>\n<\/tr>\n<tr>\n<td style=\"width: 56px\">20<\/td>\n<td style=\"width: 69px\">16.5.<\/td>\n<td style=\"width: 452px\">Erityisopettaja Kati Per\u00e4l\u00e4 &#8211;\u00a0 Maahanmuuttajien S2 opetus<\/td>\n<\/tr>\n<tr>\n<td style=\"width: 56px\">21<\/td>\n<td style=\"width: 69px\">22.5.<\/td>\n<td style=\"width: 452px\">Nelj\u00e4n klubin IC-yhteisvierailu, tutustuminen Lapuan 100-vuotiaseen kaupungintaloon. Huom. keskiviikko<\/td>\n<\/tr>\n<tr>\n<td style=\"width: 56px\">21<\/td>\n<td style=\"width: 69px\">24.5.<\/td>\n<td style=\"width: 452px\">Perinteinen kes\u00e4navauskokous Karren terassilla. Huom Pe.<\/td>\n<\/tr>\n<tr>\n<td style=\"width: 56px\">22<\/td>\n<td style=\"width: 69px\">30.5.<\/td>\n<td style=\"width: 452px\">Klubin s\u00e4\u00e4nt\u00f6m\u00e4\u00e4r\u00e4inen kev\u00e4tkokous<\/td>\n<\/tr>\n<tr>\n<td style=\"width: 56px\">\u00a0<\/td>\n<td style=\"width: 69px\">\u00a0<\/td>\n<td style=\"width: 452px\">\u00a0<\/td>\n<\/tr>\n<tr>\n<td style=\"width: 56px\">\u00a0<\/td>\n<td style=\"width: 69px\">\u00a0<\/td>\n<td style=\"width: 452px\">\u00a0<\/td>\n<\/tr>\n<tr>\n<td style=\"width: 56px\">\u00a0<\/td>\n<td style=\"width: 69px\">\u00a0<\/td>\n<td style=\"width: 452px\"><strong>Kes\u00e4kuun Rotaryteema: Rotaryn toveruusryhm\u00e4t<\/strong><\/td>\n<\/tr>\n<tr>\n<td style=\"width: 56px\">\u00a0<\/td>\n<td style=\"width: 69px\">\u00a0<\/td>\n<td style=\"width: 452px\">\u00a0<\/td>\n<\/tr>\n<tr>\n<td style=\"width: 56px\">23<\/td>\n<td style=\"width: 69px\">6.6.<\/td>\n<td style=\"width: 452px\">Lakia-Jukolan talkoo-info &#8211; ei kokousta<\/td>\n<\/tr>\n<tr>\n<td style=\"width: 56px\">24<\/td>\n<td style=\"width: 69px\">13.6.<\/td>\n<td style=\"width: 452px\">Viikolla ja viikonloppuna Lakia-Jukola talkoita<\/td>\n<\/tr>\n<tr>\n<td style=\"width: 56px\">25<\/td>\n<td style=\"width: 69px\">20.6.<\/td>\n<td style=\"width: 452px\">Juhannus aatonaatto &#8211; ei kokousta<\/td>\n<\/tr>\n<tr>\n<td style=\"width: 56px\">26<\/td>\n<td style=\"width: 69px\">28.6.<\/td>\n<td style=\"width: 452px\">Nuijanvaihtajaiset\u00a0 Kauhavan vanhalla Ty\u00f6v\u00e4entalolla klo 18.00 alkaen<\/td>\n<\/tr>\n<tr style=\"height: 23px\">\n<td style=\"height: 23px;width: 56px\">\u00a0<\/td>\n<td style=\"height: 23px;width: 69px\">\u00a0<\/td>\n<td style=\"height: 23px;width: 452px\">\u00a0<\/td>\n<\/tr>\n<\/tbody>\n<\/table>\n<p>[\/et_pb_text][et_pb_text _builder_version=&#8221;4.24.3&#8243; _module_preset=&#8221;default&#8221; global_colors_info=&#8221;{}&#8221;]<\/p>\n<p style=\"text-align: center\"><strong>Kuvagalleria syyskauden toiminasta<\/strong><\/p>\n<p>[\/et_pb_text][et_pb_gallery gallery_ids=&#8221;4627,4628,4629,4630,4631,4632,4633,4634,4635,4636,4637,4638,4639,4640,4641,4642,4643,4644,4645,4646,4647,4648,4649,4650,4651,4652,4653,4654,4655,4656,4657,4658,4659,4660,4661,4662,4663,4664,4665,4666,4667&#8243; _builder_version=&#8221;4.24.3&#8243; _module_preset=&#8221;default&#8221; global_colors_info=&#8221;{}&#8221;][\/et_pb_gallery][et_pb_button button_url=&#8221;https:\/\/rotary.fi\/kauhavarc\/menneiden-kausien-klubiohjelmia\/&#8221; button_text=&#8221;Takaisin&#8221; button_alignment=&#8221;center&#8221; admin_label=&#8221;takaisin Painike&#8221; _builder_version=&#8221;4.16&#8243; custom_margin=&#8221;50px||50px|&#8221; global_colors_info=&#8221;{}&#8221;][\/et_pb_button][\/et_pb_column][\/et_pb_row][\/et_pb_section]<\/p>\n","protected":false},"excerpt":{"rendered":"<p>&nbsp; &nbsp; Kauhavan Rotaryklubin kauden\u00a0 2023 &#8211; 2024 viikko-ohjelmaPresidentti: Leea Keto\u00a0 \u00a0 &#8211;\u00a0 \u00a0 Sihteeri:\u00a0 Leena Vainionp\u00e4\u00e4 Viikko Pvm Kauhava RK viikko-ohjelma syyskausi 2023\u00a0 \u00a0 \u00a0 \u00a0 \u00a0 \u00a0 \u00a0 \u00a0 \u00a0 Elokuun Rotaryteema:\u00a0 J\u00e4senist\u00f6n ja laajennusty\u00f6n kuukausi\u00a0 \u00a0 \u00a0 \u00a0 31 3.8. Kauden avaus, kes\u00e4n kuulumisia 32 10.8. Syyskauden toiminnan suunnittelua 32 12.8. D1385 [&hellip;]<\/p>\n","protected":false},"author":16,"featured_media":0,"parent":0,"menu_order":0,"comment_status":"closed","ping_status":"closed","template":"","meta":{"_acf_changed":false,"_et_pb_use_builder":"on","_et_pb_old_content":"","_et_gb_content_width":"","footnotes":""},"class_list":["post-4277","page","type-page","status-publish","hentry"],"acf":[],"yoast_head":"<!-- This site is optimized with the Yoast SEO plugin v27.4 - https:\/\/yoast.com\/product\/yoast-seo-wordpress\/ -->\n<title>Kauden 2022 - 2023 viikko-ohjelma - Kauhavan Rotaryklubi ry<\/title>\n<meta name=\"robots\" content=\"index, follow, max-snippet:-1, max-image-preview:large, max-video-preview:-1\" \/>\n<link rel=\"canonical\" href=\"https:\/\/rotary.fi\/kauhavarc\/kauden-2023-2024-ohjelma-2\/\" \/>\n<meta property=\"og:locale\" content=\"fi_FI\" \/>\n<meta property=\"og:type\" content=\"article\" \/>\n<meta property=\"og:title\" content=\"Kauden 2022 - 2023 viikko-ohjelma - Kauhavan Rotaryklubi ry\" \/>\n<meta property=\"og:description\" content=\"&nbsp; &nbsp; Kauhavan Rotaryklubin kauden\u00a0 2023 - 2024 viikko-ohjelmaPresidentti: Leea Keto\u00a0 \u00a0 -\u00a0 \u00a0 Sihteeri:\u00a0 Leena Vainionp\u00e4\u00e4 Viikko Pvm Kauhava RK viikko-ohjelma syyskausi 2023\u00a0 \u00a0 \u00a0 \u00a0 \u00a0 \u00a0 \u00a0 \u00a0 \u00a0 Elokuun Rotaryteema:\u00a0 J\u00e4senist\u00f6n ja laajennusty\u00f6n kuukausi\u00a0 \u00a0 \u00a0 \u00a0 31 3.8. Kauden avaus, kes\u00e4n kuulumisia 32 10.8. Syyskauden toiminnan suunnittelua 32 12.8. D1385 [&hellip;]\" \/>\n<meta property=\"og:url\" content=\"https:\/\/rotary.fi\/kauhavarc\/kauden-2023-2024-ohjelma-2\/\" \/>\n<meta property=\"og:site_name\" content=\"Kauhavan Rotaryklubi ry\" \/>\n<meta property=\"article:modified_time\" content=\"2024-07-10T13:56:14+00:00\" \/>\n<meta property=\"og:image\" content=\"https:\/\/rotary.fi\/kauhavarc\/wp-content\/uploads\/sites\/22\/2023\/07\/teema.png\" \/>\n<meta name=\"twitter:card\" content=\"summary_large_image\" \/>\n<meta name=\"twitter:label1\" content=\"Arvioitu lukuaika\" \/>\n\t<meta name=\"twitter:data1\" content=\"13 minuuttia\" \/>\n<script type=\"application\/ld+json\" class=\"yoast-schema-graph\">{\"@context\":\"https:\\\/\\\/schema.org\",\"@graph\":[{\"@type\":\"WebPage\",\"@id\":\"https:\\\/\\\/rotary.fi\\\/kauhavarc\\\/kauden-2023-2024-ohjelma-2\\\/\",\"url\":\"https:\\\/\\\/rotary.fi\\\/kauhavarc\\\/kauden-2023-2024-ohjelma-2\\\/\",\"name\":\"Kauden 2022 - 2023 viikko-ohjelma - Kauhavan Rotaryklubi ry\",\"isPartOf\":{\"@id\":\"https:\\\/\\\/rotary.fi\\\/kauhavarc\\\/#website\"},\"primaryImageOfPage\":{\"@id\":\"https:\\\/\\\/rotary.fi\\\/kauhavarc\\\/kauden-2023-2024-ohjelma-2\\\/#primaryimage\"},\"image\":{\"@id\":\"https:\\\/\\\/rotary.fi\\\/kauhavarc\\\/kauden-2023-2024-ohjelma-2\\\/#primaryimage\"},\"thumbnailUrl\":\"https:\\\/\\\/rotary.fi\\\/kauhavarc\\\/wp-content\\\/uploads\\\/sites\\\/22\\\/2023\\\/07\\\/teema.png\",\"datePublished\":\"2022-06-25T11:48:42+00:00\",\"dateModified\":\"2024-07-10T13:56:14+00:00\",\"breadcrumb\":{\"@id\":\"https:\\\/\\\/rotary.fi\\\/kauhavarc\\\/kauden-2023-2024-ohjelma-2\\\/#breadcrumb\"},\"inLanguage\":\"fi\",\"potentialAction\":[{\"@type\":\"ReadAction\",\"target\":[\"https:\\\/\\\/rotary.fi\\\/kauhavarc\\\/kauden-2023-2024-ohjelma-2\\\/\"]}]},{\"@type\":\"ImageObject\",\"inLanguage\":\"fi\",\"@id\":\"https:\\\/\\\/rotary.fi\\\/kauhavarc\\\/kauden-2023-2024-ohjelma-2\\\/#primaryimage\",\"url\":\"https:\\\/\\\/rotary.fi\\\/kauhavarc\\\/wp-content\\\/uploads\\\/sites\\\/22\\\/2023\\\/07\\\/teema.png\",\"contentUrl\":\"https:\\\/\\\/rotary.fi\\\/kauhavarc\\\/wp-content\\\/uploads\\\/sites\\\/22\\\/2023\\\/07\\\/teema.png\",\"width\":802,\"height\":163},{\"@type\":\"BreadcrumbList\",\"@id\":\"https:\\\/\\\/rotary.fi\\\/kauhavarc\\\/kauden-2023-2024-ohjelma-2\\\/#breadcrumb\",\"itemListElement\":[{\"@type\":\"ListItem\",\"position\":1,\"name\":\"Home\",\"item\":\"https:\\\/\\\/rotary.fi\\\/kauhavarc\\\/\"},{\"@type\":\"ListItem\",\"position\":2,\"name\":\"Kauden 2022 &#8211; 2023 viikko-ohjelma\"}]},{\"@type\":\"WebSite\",\"@id\":\"https:\\\/\\\/rotary.fi\\\/kauhavarc\\\/#website\",\"url\":\"https:\\\/\\\/rotary.fi\\\/kauhavarc\\\/\",\"name\":\"Kauhavan Rotaryklubi ry\",\"description\":\"Uusi Rotary klubisivusto\",\"potentialAction\":[{\"@type\":\"SearchAction\",\"target\":{\"@type\":\"EntryPoint\",\"urlTemplate\":\"https:\\\/\\\/rotary.fi\\\/kauhavarc\\\/?s={search_term_string}\"},\"query-input\":{\"@type\":\"PropertyValueSpecification\",\"valueRequired\":true,\"valueName\":\"search_term_string\"}}],\"inLanguage\":\"fi\"}]}<\/script>\n<!-- \/ Yoast SEO plugin. -->","yoast_head_json":{"title":"Kauden 2022 - 2023 viikko-ohjelma - Kauhavan Rotaryklubi ry","robots":{"index":"index","follow":"follow","max-snippet":"max-snippet:-1","max-image-preview":"max-image-preview:large","max-video-preview":"max-video-preview:-1"},"canonical":"https:\/\/rotary.fi\/kauhavarc\/kauden-2023-2024-ohjelma-2\/","og_locale":"fi_FI","og_type":"article","og_title":"Kauden 2022 - 2023 viikko-ohjelma - Kauhavan Rotaryklubi ry","og_description":"&nbsp; &nbsp; Kauhavan Rotaryklubin kauden\u00a0 2023 - 2024 viikko-ohjelmaPresidentti: Leea Keto\u00a0 \u00a0 -\u00a0 \u00a0 Sihteeri:\u00a0 Leena Vainionp\u00e4\u00e4 Viikko Pvm Kauhava RK viikko-ohjelma syyskausi 2023\u00a0 \u00a0 \u00a0 \u00a0 \u00a0 \u00a0 \u00a0 \u00a0 \u00a0 Elokuun Rotaryteema:\u00a0 J\u00e4senist\u00f6n ja laajennusty\u00f6n kuukausi\u00a0 \u00a0 \u00a0 \u00a0 31 3.8. Kauden avaus, kes\u00e4n kuulumisia 32 10.8. Syyskauden toiminnan suunnittelua 32 12.8. D1385 [&hellip;]","og_url":"https:\/\/rotary.fi\/kauhavarc\/kauden-2023-2024-ohjelma-2\/","og_site_name":"Kauhavan Rotaryklubi ry","article_modified_time":"2024-07-10T13:56:14+00:00","og_image":[{"url":"https:\/\/rotary.fi\/kauhavarc\/wp-content\/uploads\/sites\/22\/2023\/07\/teema.png","type":"","width":"","height":""}],"twitter_card":"summary_large_image","twitter_misc":{"Arvioitu lukuaika":"13 minuuttia"},"schema":{"@context":"https:\/\/schema.org","@graph":[{"@type":"WebPage","@id":"https:\/\/rotary.fi\/kauhavarc\/kauden-2023-2024-ohjelma-2\/","url":"https:\/\/rotary.fi\/kauhavarc\/kauden-2023-2024-ohjelma-2\/","name":"Kauden 2022 - 2023 viikko-ohjelma - Kauhavan Rotaryklubi ry","isPartOf":{"@id":"https:\/\/rotary.fi\/kauhavarc\/#website"},"primaryImageOfPage":{"@id":"https:\/\/rotary.fi\/kauhavarc\/kauden-2023-2024-ohjelma-2\/#primaryimage"},"image":{"@id":"https:\/\/rotary.fi\/kauhavarc\/kauden-2023-2024-ohjelma-2\/#primaryimage"},"thumbnailUrl":"https:\/\/rotary.fi\/kauhavarc\/wp-content\/uploads\/sites\/22\/2023\/07\/teema.png","datePublished":"2022-06-25T11:48:42+00:00","dateModified":"2024-07-10T13:56:14+00:00","breadcrumb":{"@id":"https:\/\/rotary.fi\/kauhavarc\/kauden-2023-2024-ohjelma-2\/#breadcrumb"},"inLanguage":"fi","potentialAction":[{"@type":"ReadAction","target":["https:\/\/rotary.fi\/kauhavarc\/kauden-2023-2024-ohjelma-2\/"]}]},{"@type":"ImageObject","inLanguage":"fi","@id":"https:\/\/rotary.fi\/kauhavarc\/kauden-2023-2024-ohjelma-2\/#primaryimage","url":"https:\/\/rotary.fi\/kauhavarc\/wp-content\/uploads\/sites\/22\/2023\/07\/teema.png","contentUrl":"https:\/\/rotary.fi\/kauhavarc\/wp-content\/uploads\/sites\/22\/2023\/07\/teema.png","width":802,"height":163},{"@type":"BreadcrumbList","@id":"https:\/\/rotary.fi\/kauhavarc\/kauden-2023-2024-ohjelma-2\/#breadcrumb","itemListElement":[{"@type":"ListItem","position":1,"name":"Home","item":"https:\/\/rotary.fi\/kauhavarc\/"},{"@type":"ListItem","position":2,"name":"Kauden 2022 &#8211; 2023 viikko-ohjelma"}]},{"@type":"WebSite","@id":"https:\/\/rotary.fi\/kauhavarc\/#website","url":"https:\/\/rotary.fi\/kauhavarc\/","name":"Kauhavan Rotaryklubi ry","description":"Uusi Rotary klubisivusto","potentialAction":[{"@type":"SearchAction","target":{"@type":"EntryPoint","urlTemplate":"https:\/\/rotary.fi\/kauhavarc\/?s={search_term_string}"},"query-input":{"@type":"PropertyValueSpecification","valueRequired":true,"valueName":"search_term_string"}}],"inLanguage":"fi"}]}},"lang":"fi","translations":{"fi":4277},"pll_sync_post":[],"_links":{"self":[{"href":"https:\/\/rotary.fi\/kauhavarc\/wp-json\/wp\/v2\/pages\/4277","targetHints":{"allow":["GET"]}}],"collection":[{"href":"https:\/\/rotary.fi\/kauhavarc\/wp-json\/wp\/v2\/pages"}],"about":[{"href":"https:\/\/rotary.fi\/kauhavarc\/wp-json\/wp\/v2\/types\/page"}],"author":[{"embeddable":true,"href":"https:\/\/rotary.fi\/kauhavarc\/wp-json\/wp\/v2\/users\/16"}],"replies":[{"embeddable":true,"href":"https:\/\/rotary.fi\/kauhavarc\/wp-json\/wp\/v2\/comments?post=4277"}],"version-history":[{"count":9,"href":"https:\/\/rotary.fi\/kauhavarc\/wp-json\/wp\/v2\/pages\/4277\/revisions"}],"predecessor-version":[{"id":4776,"href":"https:\/\/rotary.fi\/kauhavarc\/wp-json\/wp\/v2\/pages\/4277\/revisions\/4776"}],"wp:attachment":[{"href":"https:\/\/rotary.fi\/kauhavarc\/wp-json\/wp\/v2\/media?parent=4277"}],"curies":[{"name":"wp","href":"https:\/\/api.w.org\/{rel}","templated":true}]}}