{"id":2077,"date":"2018-12-17T11:30:44","date_gmt":"2018-12-17T09:30:44","guid":{"rendered":"https:\/\/rotary.fi\/kauhavarc\/?page_id=2077"},"modified":"2020-05-29T11:58:37","modified_gmt":"2020-05-29T08:58:37","slug":"kauhavan-rotaryklubin-viikko-ohjelma-2013-14","status":"publish","type":"page","link":"https:\/\/rotary.fi\/kauhavarc\/kauhavan-rotaryklubin-viikko-ohjelma-2013-14\/","title":{"rendered":"Kauhavan Rotaryklubin viikko-ohjelma 2013-14"},"content":{"rendered":"<p>[et_pb_section fb_built=&#8221;1&#8243; _builder_version=&#8221;3.22&#8243;][et_pb_row _builder_version=&#8221;3.25&#8243; background_size=&#8221;initial&#8221; background_position=&#8221;top_left&#8221; background_repeat=&#8221;repeat&#8221;][et_pb_column type=&#8221;4_4&#8243; _builder_version=&#8221;3.25&#8243; custom_padding=&#8221;|||&#8221; custom_padding__hover=&#8221;|||&#8221;][et_pb_text _builder_version=&#8221;3.27.4&#8243;]<\/p>\n<h3 style=\"text-align: center\">Kauhavan Rotaryklubin kauden\u00a0 2013 \u2013 2014 viikko-ohjelma<\/h3>\n<p>[\/et_pb_text][et_pb_text _builder_version=&#8221;3.27.4&#8243;]<\/p>\n<p style=\"text-align: center\"><strong>Presidentti:\u00a0 Eero Paavola\u00a0 \u00a0 \u00a0&#8211;\u00a0 \u00a0 \u00a0Sihteeri:\u00a0 Jorma Risku<\/strong><\/p>\n<p>[\/et_pb_text][et_pb_text _builder_version=&#8221;3.27.4&#8243;]<\/p>\n<table border=\"0\" rules=\"NONE\" cellspacing=\"0\">\n<colgroup>\n<col width=\"86\" \/>\n<col width=\"1054\" \/><\/colgroup>\n<tbody>\n<tr>\n<td align=\"LEFT\" width=\"86\" height=\"20\"><span style=\"font-size: medium\">\u00a0<\/span><\/td>\n<td align=\"LEFT\" width=\"1054\"><span style=\"font-size: medium\">SYYSKAUSI 2013<\/span><\/td>\n<\/tr>\n<tr>\n<td align=\"LEFT\" height=\"20\"><span style=\"font-size: medium\">01.08.13<\/span><\/td>\n<td align=\"LEFT\"><span style=\"font-size: medium\">Klubikokous \u2013 Kauden toiminnan suunnittelua<\/span><\/td>\n<\/tr>\n<tr>\n<td align=\"LEFT\" height=\"20\"><span style=\"font-size: medium\">08.08.2013<\/span><\/td>\n<td align=\"LEFT\"><span style=\"font-size: medium\">Klubikokous \u2013 komiteoiden kokoonpanot, toiminnan suunnittelua<\/span><\/td>\n<\/tr>\n<tr>\n<td align=\"LEFT\" height=\"20\"><span style=\"font-size: medium\">18.08.2013<\/span><\/td>\n<td align=\"LEFT\"><span style=\"font-size: medium\">Vierailu Kuntayhtym\u00e4 Kaksineuvoisen ty\u00f6paja Junkissa \u2013 toimintaa esitteli Kirsi Paavola<\/span><\/td>\n<\/tr>\n<tr>\n<td align=\"LEFT\" height=\"20\"><span style=\"font-size: medium\">24.08.2013<\/span><\/td>\n<td align=\"LEFT\"><span style=\"font-size: medium\">Sotahistoriallinen IC retki Ison Vihan ja Suomen sodan taistelupaikoille sek\u00e4 Kimon ruukille<\/span><\/td>\n<\/tr>\n<tr>\n<td align=\"LEFT\" height=\"20\"><span style=\"font-size: medium\">29.08.2013<\/span><\/td>\n<td align=\"LEFT\"><span style=\"font-size: medium\">Veli Esa Jokiaho \u2013 Yritt\u00e4jyyden esteet Suomessa<\/span><\/td>\n<\/tr>\n<tr>\n<td align=\"LEFT\" height=\"20\"><span style=\"font-size: medium\">05.09.2013<\/span><\/td>\n<td align=\"LEFT\"><span style=\"font-size: medium\">Vierailija Kauhavan kaupungin tekninen johtaja Jukka Takamaa \u2013 Tie-, kaavoitus- ja rakentamisasiat Kauhavan kaupungissa<\/span><\/td>\n<\/tr>\n<tr>\n<td align=\"LEFT\" height=\"20\"><span style=\"font-size: medium\">12.09.2013<\/span><\/td>\n<td align=\"LEFT\"><span style=\"font-size: medium\">Veli Matti Jouppi \u2013 Urheiludopingin historiaa<\/span><\/td>\n<\/tr>\n<tr>\n<td align=\"LEFT\" height=\"20\"><span style=\"font-size: medium\">19.09.2013<\/span><\/td>\n<td align=\"LEFT\"><span style=\"font-size: medium\">Virkistysilta Alakyl\u00e4n mets\u00e4stysseuran majallla \u2013 Sauna, makkaraa ja kisailurasteja, mm ilmapistooliammuntaa, tikanheittoa jne<\/span><\/td>\n<\/tr>\n<tr>\n<td align=\"LEFT\" height=\"20\"><span style=\"font-size: medium\">26.09.2013<\/span><\/td>\n<td align=\"LEFT\"><span style=\"font-size: medium\">Veli Matti V\u00e4h\u00e4passin 50-vuotisjuhlat Passinkyl\u00e4ss\u00e4 \u2013 ei kokousasiota<\/span><\/td>\n<\/tr>\n<tr>\n<td align=\"LEFT\" height=\"20\"><span style=\"font-size: medium\">03.10.2013<\/span><\/td>\n<td align=\"LEFT\"><span style=\"font-size: medium\">Piirikuvern\u00f6\u00f6ri Leif Saarelan vierailu<\/span><\/td>\n<\/tr>\n<tr>\n<td align=\"LEFT\" height=\"20\"><span style=\"font-size: medium\">10.10.2013<\/span><\/td>\n<td align=\"LEFT\"><span style=\"font-size: medium\">Kummiklubin esitelm\u00e4vierailija Janne Ylinen \u2013 Pohjoiskalotin kierros moottoripy\u00f6r\u00e4ll\u00e4<\/span><\/td>\n<\/tr>\n<tr>\n<td align=\"LEFT\" height=\"20\"><span style=\"font-size: medium\">17.10.2013<\/span><\/td>\n<td align=\"LEFT\"><span style=\"font-size: medium\">IC kokous Lapua RC:n kanssa \u2013 Hotelli Simpsi\u00f6nkullas \u2013 esitelm\u00e4 kaupunkineuvos Paavo Latva-Rasku<\/span><\/td>\n<\/tr>\n<tr>\n<td align=\"LEFT\" height=\"20\"><span style=\"font-size: medium\">23.10.2013<\/span><\/td>\n<td align=\"LEFT\"><span style=\"font-size: medium\">IC ulkoilutapahtuma Kauhava-H\u00e4rm\u00e4t RC:n kanssa Kortesj\u00e4rvell\u00e4 Kitkan ulkoilualueella<\/span><\/td>\n<\/tr>\n<tr>\n<td align=\"LEFT\" height=\"20\"><span style=\"font-size: medium\">31.10.2013<\/span><\/td>\n<td align=\"LEFT\"><span style=\"font-size: medium\">Vierailija rehtori Ari Roussi, Ilmajoki RC &#8211; <\/span><\/td>\n<\/tr>\n<tr>\n<td align=\"LEFT\" height=\"20\"><span style=\"font-size: medium\">07.11.2013<\/span><\/td>\n<td align=\"LEFT\"><span style=\"font-size: medium\">Vierailija Kauhavan maahanmuuttokoordinaattoria Fia Hafiz \u2013 Kertoi mm. kotiseudustaan Baskiriasta ja ty\u00f6st\u00e4\u00e4n maahanmuuttokoordinaattorina<\/span><\/td>\n<\/tr>\n<tr>\n<td align=\"LEFT\" height=\"20\"><span style=\"font-size: medium\">14.11.2013<\/span><\/td>\n<td align=\"LEFT\"><span style=\"font-size: medium\">Klubin vuosikokous ja Y-Kinon yhti\u00f6kokous<\/span><\/td>\n<\/tr>\n<tr>\n<td align=\"LEFT\" height=\"20\"><span style=\"font-size: medium\">21.11.2013<\/span><\/td>\n<td align=\"LEFT\"><span style=\"font-size: medium\">Veljet Jaakko ja Heikki Per\u00e4l\u00e4- Kes\u00e4matka Ven\u00e4j\u00e4ll\u00e4 eli kierros Laatokan ymp\u00e4ri<\/span><\/td>\n<\/tr>\n<tr>\n<td align=\"LEFT\" height=\"20\"><span style=\"font-size: medium\">28.11.2013<\/span><\/td>\n<td align=\"LEFT\"><span style=\"font-size: medium\">Vuosivaihtarimme Susa Palviala kertoi vuodestaan Michiganissa, USA.ssa. Tuleva vuosivaihtari Hanna Vainionp\u00e4\u00e4 esitt\u00e4ytyi<\/span><\/td>\n<\/tr>\n<tr>\n<td align=\"LEFT\" height=\"20\"><span style=\"font-size: medium\">05.12.2013<\/span><\/td>\n<td align=\"LEFT\"><span style=\"font-size: medium\">IC teatterimatka Vaasaan Kauhava-H\u00e4rm\u00e4t RC:n kanssa \u2013 n\u00e4ytelm\u00e4n\u00e4 Antti Tuurin \u201dPohjanmaa\u201d<\/span><\/td>\n<\/tr>\n<tr>\n<td align=\"LEFT\" height=\"20\"><span style=\"font-size: medium\">12.12.2013<\/span><\/td>\n<td align=\"LEFT\"><span style=\"font-size: medium\">Kummiklubin esitelm\u00e4vierailija Kari Janhunen \u2013 Vapaaehtoinen maanpuolustusty\u00f6<\/span><\/td>\n<\/tr>\n<tr>\n<td align=\"LEFT\" height=\"20\"><span style=\"font-size: medium\">19.12.2013<\/span><\/td>\n<td align=\"LEFT\"><span style=\"font-size: medium\">Klubin jouluruokailu, avec<\/span><\/td>\n<\/tr>\n<tr>\n<td align=\"LEFT\" height=\"20\"><span style=\"font-size: medium\">\u00a0<\/span><\/td>\n<td align=\"LEFT\"><span style=\"font-size: medium\">\u00a0<\/span><\/td>\n<\/tr>\n<tr>\n<td align=\"LEFT\" height=\"20\"><span style=\"font-size: medium\">\u00a0<\/span><\/td>\n<td align=\"LEFT\"><span style=\"font-size: medium\">\u00a0<\/span><\/td>\n<\/tr>\n<tr>\n<td align=\"LEFT\" height=\"20\"><span style=\"font-size: medium\">\u00a0<\/span><\/td>\n<td align=\"LEFT\"><span style=\"font-size: medium\">KEV\u00c4TKAUSI 2014<\/span><\/td>\n<\/tr>\n<tr>\n<td align=\"LEFT\" height=\"20\"><span style=\"font-size: medium\">02.01.2014<\/span><\/td>\n<td align=\"LEFT\"><span style=\"font-size: medium\">Veli Eero Laakso \u2013 Are oy, yhtion historiaa ja omaa ty\u00f6uraa erityisesti Neuvostoliiton projekteissa<\/span><\/td>\n<\/tr>\n<tr>\n<td align=\"LEFT\" height=\"20\"><span style=\"font-size: medium\">09.01.2014<\/span><\/td>\n<td align=\"LEFT\"><span style=\"font-size: medium\">Kansanedustaja Janne Sankelo \u2013 Kortesj\u00e4rven j\u00e4\u00e4k\u00e4rit<\/span><\/td>\n<\/tr>\n<tr>\n<td align=\"LEFT\" height=\"20\"><span style=\"font-size: medium\">16.01.2014<\/span><\/td>\n<td align=\"LEFT\"><span style=\"font-size: medium\">Kummiklubin esitelm\u00e4vierailija Toni Uusim\u00e4ki \u2013 Tsemppiryhm\u00e4t nuorisoliikunnan edist\u00e4misess\u00e4<\/span><\/td>\n<\/tr>\n<tr>\n<td align=\"LEFT\" height=\"20\"><span style=\"font-size: medium\">23.01.2014<\/span><\/td>\n<td align=\"LEFT\"><span style=\"font-size: medium\">Kaksneuvoisen hallituksen pj Harri Ojanper\u00e4 \u2013 Kuntayhtym\u00e4 Kaksneuvoinen<\/span><\/td>\n<\/tr>\n<tr>\n<td align=\"LEFT\" height=\"20\"><span style=\"font-size: medium\">30.01.2014<\/span><\/td>\n<td align=\"LEFT\"><span style=\"font-size: medium\">Veli Jorma Risku &#8211; Jatkosodan kaukopartiotoiminnan viestiliikenne osa I<\/span><\/td>\n<\/tr>\n<tr>\n<td align=\"LEFT\" height=\"20\"><span style=\"font-size: medium\">06.02.2014<\/span><\/td>\n<td align=\"LEFT\"><span style=\"font-size: medium\">Veli Jorma Risku &#8211; Jatkosodan kaukopartiotoiminnan viestiliikenne osa II<\/span><\/td>\n<\/tr>\n<tr>\n<td align=\"LEFT\" height=\"20\"><span style=\"font-size: medium\">13.02.2014<\/span><\/td>\n<td align=\"LEFT\"><span style=\"font-size: medium\">Kummiklubin esitelm\u00e4vierailija Ilkka Peura \u2013 Y-kino ja nuorisotilat Yritt\u00e4j\u00e4opistolla<\/span><\/td>\n<\/tr>\n<tr>\n<td align=\"LEFT\" height=\"20\"><span style=\"font-size: medium\">20.02.2014<\/span><\/td>\n<td align=\"LEFT\"><span style=\"font-size: medium\">Vierailija innovaatioasiamies Tapani Saarenp\u00e4\u00e4 \u2013 Geok\u00e4tk\u00f6ily<\/span><\/td>\n<\/tr>\n<tr>\n<td align=\"LEFT\" height=\"20\"><span style=\"font-size: medium\">27.02.2014<\/span><\/td>\n<td align=\"LEFT\"><span style=\"font-size: medium\">Vierailija Antti Saarinen \u2013 Kauhavan puukkoteollisuus<\/span><\/td>\n<\/tr>\n<tr>\n<td align=\"LEFT\" height=\"20\"><span style=\"font-size: medium\">06.03.2014<\/span><\/td>\n<td align=\"LEFT\"><span style=\"font-size: medium\">Lentopallokisamatka Viroon \u2013 Valokuvia reissusta esitti veli Jarmo Vainionp\u00e4\u00e4 ja tulokset + matkakertouksen veli Matti V\u00e4h\u00e4passi<\/span><\/td>\n<\/tr>\n<tr>\n<td align=\"LEFT\" height=\"20\"><span style=\"font-size: medium\">13.03.2014<\/span><\/td>\n<td align=\"LEFT\"><span style=\"font-size: medium\">Veli Ville Sulkakoski \u2013 Vuosi rauhanturvaajana Afganistaissa<\/span><\/td>\n<\/tr>\n<tr>\n<td align=\"LEFT\" height=\"20\"><span style=\"font-size: medium\">20.03.2014<\/span><\/td>\n<td align=\"LEFT\"><span style=\"font-size: medium\">Palop\u00e4\u00e4llikk\u00f6 Teemu Hautala \u2013 Kauhavan uuden pelastusaseman suunnittelu ja rakentamistilanne<\/span><\/td>\n<\/tr>\n<tr>\n<td align=\"LEFT\" height=\"20\"><span style=\"font-size: medium\">27.03.2014<\/span><\/td>\n<td align=\"LEFT\"><span style=\"font-size: medium\">Veli Eero Paavola \u2013 Krimin sota<\/span><\/td>\n<\/tr>\n<tr>\n<td align=\"LEFT\" height=\"20\"><span style=\"font-size: medium\">03.04.2014<\/span><\/td>\n<td align=\"LEFT\"><span style=\"font-size: medium\">Veli Teemu Hautala &#8211; Norjan Mo i Ranan luolasukellusonnettomuus ja suomalaisten suorittama haastava ruumiiden nouto-operaatio<\/span><\/td>\n<\/tr>\n<tr>\n<td align=\"LEFT\" height=\"20\"><span style=\"font-size: medium\">10.04.2014<\/span><\/td>\n<td align=\"LEFT\"><span style=\"font-size: medium\">Klubiasioiden kokous, taloustilanne, nettisivut jne. Uusi j\u00e4sen esitt\u00e4ytyi<\/span><\/td>\n<\/tr>\n<tr>\n<td align=\"LEFT\" height=\"20\"><span style=\"font-size: medium\">17.04.2014<\/span><\/td>\n<td align=\"LEFT\"><span style=\"font-size: medium\">Kiirastorstai \u2013 ei kokousta<\/span><\/td>\n<\/tr>\n<tr>\n<td align=\"LEFT\" height=\"20\"><span style=\"font-size: medium\">24.04.2014<\/span><\/td>\n<td align=\"LEFT\"><span style=\"font-size: medium\">Vierailija Hannu Mars \u2013 Kauhavan elinkeinotoimen ajankohtaisia asioita<\/span><\/td>\n<\/tr>\n<tr>\n<td align=\"LEFT\" height=\"20\">\u00a008.05.2014<\/td>\n<td align=\"LEFT\">\u00a0Klubiasioiden kokous &#8211; ei esitelm\u00e4\u00e4 ?<\/td>\n<\/tr>\n<tr>\n<td align=\"LEFT\" height=\"20\"><span style=\"font-size: medium\">15.05.2014<\/span><\/td>\n<td align=\"LEFT\"><span style=\"font-size: medium\">Keilakisa Kauhavan Leijonien kanssa Lapualla<\/span><\/td>\n<\/tr>\n<tr>\n<td align=\"LEFT\" height=\"20\"><span style=\"font-size: medium\">17.05.2014<\/span><\/td>\n<td align=\"LEFT\"><span style=\"font-size: medium\">Kauhava-H\u00e4rm\u00e4t RC:n \u201dTsemppi\u201d py\u00f6r\u00e4ilytapahtuma \u2013 klubimme mukana talkoov\u00e4ken\u00e4<\/span><\/td>\n<\/tr>\n<tr>\n<td align=\"LEFT\" height=\"20\"><span style=\"font-size: medium\">22.05.2014<\/span><\/td>\n<td align=\"LEFT\"><span style=\"font-size: medium\">Vierailija Ulla Erikson \u2013 Kauhavajoen kehitt\u00e4misprojekti<\/span><\/td>\n<\/tr>\n<tr>\n<td align=\"LEFT\" height=\"20\"><span style=\"font-size: medium\">29.05.2014<\/span><\/td>\n<td align=\"LEFT\"><span style=\"font-size: medium\">Helatorstai \u2013 ei kokousta<\/span><\/td>\n<\/tr>\n<tr>\n<td align=\"LEFT\" height=\"20\"><span style=\"font-size: medium\">05.06.2014<\/span><\/td>\n<td align=\"LEFT\"><span style=\"font-size: medium\">IC Kulttuuri ja sotahistoriaretki: Kortej\u00e4rvi J\u00e4\u00e4k\u00e4rimuseo, Evij\u00e4rvi Puustelli ja Purmoj\u00e4rvi<\/span><\/td>\n<\/tr>\n<tr>\n<td align=\"LEFT\" height=\"20\"><span style=\"font-size: medium\">12.06.2014<\/span><\/td>\n<td align=\"LEFT\"><span style=\"font-size: medium\">Klubikokous \u2013 keskustelua mennest\u00e4 ja tulevasta kaudesta. Ilkka Peura kertoi Y-kinon tilanteesta ja suunnitelmista<\/span><\/td>\n<\/tr>\n<tr>\n<td align=\"LEFT\" height=\"20\"><span style=\"font-size: medium\">27.06.2014<\/span><\/td>\n<td align=\"LEFT\"><span style=\"font-size: medium\">Nuijanvaihtajaiset Kauhavan ty\u00f6v\u00e4entalolla Kaija Suokon pitopalvelussa \u2013 tuleva presidentti Esa Olli<\/span><\/td>\n<\/tr>\n<\/tbody>\n<\/table>\n<p>[\/et_pb_text][et_pb_button button_url=&#8221;https:\/\/rotary.fi\/kauhavarc\/menneiden-kausien-klubiohjelmia\/&#8221; button_text=&#8221;Takaisin&#8221; button_alignment=&#8221;center&#8221; admin_label=&#8221;takaisin Painike&#8221; _builder_version=&#8221;3.17.6&#8243; custom_margin=&#8221;50px||50px|&#8221;][\/et_pb_button][\/et_pb_column][\/et_pb_row][\/et_pb_section]<\/p>\n","protected":false},"excerpt":{"rendered":"<p>Kauhavan Rotaryklubin kauden\u00a0 2013 \u2013 2014 viikko-ohjelma Presidentti:\u00a0 Eero Paavola\u00a0 \u00a0 \u00a0&#8211;\u00a0 \u00a0 \u00a0Sihteeri:\u00a0 Jorma Risku \u00a0 SYYSKAUSI 2013 01.08.13 Klubikokous \u2013 Kauden toiminnan suunnittelua 08.08.2013 Klubikokous \u2013 komiteoiden kokoonpanot, toiminnan suunnittelua 18.08.2013 Vierailu Kuntayhtym\u00e4 Kaksineuvoisen ty\u00f6paja Junkissa \u2013 toimintaa esitteli Kirsi Paavola 24.08.2013 Sotahistoriallinen IC retki Ison Vihan ja Suomen sodan taistelupaikoille sek\u00e4 Kimon [&hellip;]<\/p>\n","protected":false},"author":16,"featured_media":0,"parent":0,"menu_order":0,"comment_status":"closed","ping_status":"closed","template":"","meta":{"_acf_changed":false,"_et_pb_use_builder":"on","_et_pb_old_content":"<table border=\"0\" rules=\"NONE\" cellspacing=\"0\"><colgroup> <col width=\"86\" \/> <col width=\"1054\" \/><\/colgroup><tbody><tr><td align=\"LEFT\" width=\"86\" height=\"20\"><span style=\"font-size: medium;\">\u00a0<\/span><\/td><td align=\"LEFT\" width=\"1054\"><span style=\"font-size: medium;\">SYYSKAUSI 2013<\/span><\/td><\/tr><tr><td align=\"LEFT\" height=\"20\"><span style=\"font-size: medium;\">01.08.13<\/span><\/td><td align=\"LEFT\"><span style=\"font-size: medium;\">Klubikokous \u2013 Kauden toiminnan suunnittelua<\/span><\/td><\/tr><tr><td align=\"LEFT\" height=\"20\"><span style=\"font-size: medium;\">08.08.2013<\/span><\/td><td align=\"LEFT\"><span style=\"font-size: medium;\">Klubikokous \u2013 komiteoiden kokoonpanot, toiminnan suunnittelua<\/span><\/td><\/tr><tr><td align=\"LEFT\" height=\"20\"><span style=\"font-size: medium;\">18.08.2013<\/span><\/td><td align=\"LEFT\"><span style=\"font-size: medium;\">Vierailu Kuntayhtym\u00e4 Kaksineuvoisen ty\u00f6paja Junkissa \u2013 toimintaa esitteli Kirsi Paavola<\/span><\/td><\/tr><tr><td align=\"LEFT\" height=\"20\"><span style=\"font-size: medium;\">24.08.2013<\/span><\/td><td align=\"LEFT\"><span style=\"font-size: medium;\">Sotahistoriallinen IC retki Ison Vihan ja Suomen sodan taistelupaikoille sek\u00e4 Kimon ruukille<\/span><\/td><\/tr><tr><td align=\"LEFT\" height=\"20\"><span style=\"font-size: medium;\">29.08.2013<\/span><\/td><td align=\"LEFT\"><span style=\"font-size: medium;\">Veli Esa Jokiaho \u2013 Yritt\u00e4jyyden esteet Suomessa<\/span><\/td><\/tr><tr><td align=\"LEFT\" height=\"20\"><span style=\"font-size: medium;\">05.09.2013<\/span><\/td><td align=\"LEFT\"><span style=\"font-size: medium;\">Vierailija Kauhavan kaupungin tekninen johtaja Jukka Takamaa \u2013 Tie-, kaavoitus- ja rakentamisasiat Kauhavalla<\/span><\/td><\/tr><tr><td align=\"LEFT\" height=\"20\"><span style=\"font-size: medium;\">12.09.2013<\/span><\/td><td align=\"LEFT\"><span style=\"font-size: medium;\">Veli Matti Jouppi \u2013 Urheiludopingin historiaa<\/span><\/td><\/tr><tr><td align=\"LEFT\" height=\"20\"><span style=\"font-size: medium;\">19.09.2013<\/span><\/td><td align=\"LEFT\"><span style=\"font-size: medium;\">Virkistysilta Alakyl\u00e4n mets\u00e4stysseuran majallla \u2013 Sauna, makkaraa ja kisailurasteja, mm ilmapistooliammuntaa, tikanheittoa jne<\/span><\/td><\/tr><tr><td align=\"LEFT\" height=\"20\"><span style=\"font-size: medium;\">26.09.2013<\/span><\/td><td align=\"LEFT\"><span style=\"font-size: medium;\">Veli Matti V\u00e4h\u00e4passin 50-vuotisjuhlat Passinkyl\u00e4ss\u00e4 \u2013 ei kokousasiota<\/span><\/td><\/tr><tr><td align=\"LEFT\" height=\"20\"><span style=\"font-size: medium;\">03.10.2013<\/span><\/td><td align=\"LEFT\"><span style=\"font-size: medium;\">Piirikuvern\u00f6\u00f6ri Leif Saarelan vierailu<\/span><\/td><\/tr><tr><td align=\"LEFT\" height=\"20\"><span style=\"font-size: medium;\">10.10.2013<\/span><\/td><td align=\"LEFT\"><span style=\"font-size: medium;\">Kummiklubin esitelm\u00e4vierailija Janne Ylinen \u2013 Pohjoiskalotin kierros moottoripy\u00f6r\u00e4ll\u00e4<\/span><\/td><\/tr><tr><td align=\"LEFT\" height=\"20\"><span style=\"font-size: medium;\">17.10.2013<\/span><\/td><td align=\"LEFT\"><span style=\"font-size: medium;\">IC kokous Lapua RC:n kanssa \u2013 Hotelli Simpsi\u00f6nkullas \u2013 esitelm\u00e4 kaupunkineuvos Paavo Latva-Rasku<\/span><\/td><\/tr><tr><td align=\"LEFT\" height=\"20\"><span style=\"font-size: medium;\">23.10.2013<\/span><\/td><td align=\"LEFT\"><span style=\"font-size: medium;\">IC ulkoilutapahtuma Kauhava-H\u00e4rm\u00e4t RC:n kanssa Kortesj\u00e4rvell\u00e4 Kitkan ulkoilualueella<\/span><\/td><\/tr><tr><td align=\"LEFT\" height=\"20\"><span style=\"font-size: medium;\">31.10.2013<\/span><\/td><td align=\"LEFT\"><span style=\"font-size: medium;\">Vierailija rehtori Ari Roussi, Ilmajoki RC - <\/span><\/td><\/tr><tr><td align=\"LEFT\" height=\"20\"><span style=\"font-size: medium;\">07.11.2013<\/span><\/td><td align=\"LEFT\"><span style=\"font-size: medium;\">Vierailija Kauhavan maahanmuuttokoordinaattoria Fia Hafiz \u2013 Kertoi mm. kotiseudustaan Baskiriasta ja ty\u00f6st\u00e4\u00e4n maahanmuuttokoordinaattorina<\/span><\/td><\/tr><tr><td align=\"LEFT\" height=\"20\"><span style=\"font-size: medium;\">14.11.2013<\/span><\/td><td align=\"LEFT\"><span style=\"font-size: medium;\">Klubin vuosikokous ja Y-Kinon yhti\u00f6kokous<\/span><\/td><\/tr><tr><td align=\"LEFT\" height=\"20\"><span style=\"font-size: medium;\">21.11.2013<\/span><\/td><td align=\"LEFT\"><span style=\"font-size: medium;\">Veljet Jaakko ja Heikki Per\u00e4l\u00e4- Kes\u00e4matka Ven\u00e4j\u00e4ll\u00e4 Laatokan ymp\u00e4ri<\/span><\/td><\/tr><tr><td align=\"LEFT\" height=\"20\"><span style=\"font-size: medium;\">28.11.2013<\/span><\/td><td align=\"LEFT\"><span style=\"font-size: medium;\">Vuosivaihtarimme Susa Palviala kertoi vuodestaan Michiganissa, USA.ssa. Tuleva vuosivaihtari Hanna Vainionp\u00e4\u00e4 esitt\u00e4ytyi<\/span><\/td><\/tr><tr><td align=\"LEFT\" height=\"20\"><span style=\"font-size: medium;\">05.12.2013<\/span><\/td><td align=\"LEFT\"><span style=\"font-size: medium;\">IC teatterimatka Vaasaan Kauhava-H\u00e4rm\u00e4t RC:n kanssa \u2013 n\u00e4ytelm\u00e4n\u00e4 Antti tuurin \u201dPohjanmaa\u201d<\/span><\/td><\/tr><tr><td align=\"LEFT\" height=\"20\"><span style=\"font-size: medium;\">12.12.2013<\/span><\/td><td align=\"LEFT\"><span style=\"font-size: medium;\">Kummiklubin esitelm\u00e4vierailija Kari Janhunen \u2013 Vapaaehtoinen maanpuolustusty\u00f6<\/span><\/td><\/tr><tr><td align=\"LEFT\" height=\"20\"><span style=\"font-size: medium;\">19.12.2013<\/span><\/td><td align=\"LEFT\"><span style=\"font-size: medium;\">Klubin jouluruokailu, avec<\/span><\/td><\/tr><tr><td align=\"LEFT\" height=\"20\"><span style=\"font-size: medium;\">\u00a0<\/span><\/td><td align=\"LEFT\"><span style=\"font-size: medium;\">\u00a0<\/span><\/td><\/tr><tr><td align=\"LEFT\" height=\"20\"><span style=\"font-size: medium;\">\u00a0<\/span><\/td><td align=\"LEFT\"><span style=\"font-size: medium;\">\u00a0<\/span><\/td><\/tr><tr><td align=\"LEFT\" height=\"20\"><span style=\"font-size: medium;\">\u00a0<\/span><\/td><td align=\"LEFT\"><span style=\"font-size: medium;\">KEV\u00c4TKAUSI 2014<\/span><\/td><\/tr><tr><td align=\"LEFT\" height=\"20\"><span style=\"font-size: medium;\">02.01.2014<\/span><\/td><td align=\"LEFT\"><span style=\"font-size: medium;\">Veli Eero Laakso \u2013 Are oy, yhtion historiaa ja omaa ty\u00f6uraa erityisesti Neuvostoliiton ty\u00f6mailla<\/span><\/td><\/tr><tr><td align=\"LEFT\" height=\"20\"><span style=\"font-size: medium;\">09.01.2014<\/span><\/td><td align=\"LEFT\"><span style=\"font-size: medium;\">Kansanedustaja Janne Sankelo \u2013 Kortesj\u00e4rven j\u00e4\u00e4k\u00e4rit<\/span><\/td><\/tr><tr><td align=\"LEFT\" height=\"20\"><span style=\"font-size: medium;\">16.01.2014<\/span><\/td><td align=\"LEFT\"><span style=\"font-size: medium;\">Kummiklubin esitelm\u00e4vierailija Toni Uusim\u00e4ki \u2013 Tsemppiryhm\u00e4t nuorisoliikunnan edist\u00e4misess\u00e4<\/span><\/td><\/tr><tr><td align=\"LEFT\" height=\"20\"><span style=\"font-size: medium;\">23.01.2014<\/span><\/td><td align=\"LEFT\"><span style=\"font-size: medium;\">Kaksneuvoisen hallituksen pj Harri Ojanper\u00e4 \u2013 Kuntayhtym\u00e4 Kaksneuvoinen<\/span><\/td><\/tr><tr><td align=\"LEFT\" height=\"20\"><span style=\"font-size: medium;\">30.01.2014<\/span><\/td><td align=\"LEFT\"><span style=\"font-size: medium;\">Veli Jorma Risku - Jatkosodan kaukopartiotoiminnan viestiliikenne osa I<\/span><\/td><\/tr><tr><td align=\"LEFT\" height=\"20\"><span style=\"font-size: medium;\">06.02.2014<\/span><\/td><td align=\"LEFT\"><span style=\"font-size: medium;\">Veli Jorma Risku - Jatkosodan kaukopartiotoiminnan viestiliikenne osa II<\/span><\/td><\/tr><tr><td align=\"LEFT\" height=\"20\"><span style=\"font-size: medium;\">13.02.2014<\/span><\/td><td align=\"LEFT\"><span style=\"font-size: medium;\">Kummiklubin esitelm\u00e4vierailija Ilkka Peura \u2013 Y-kino ja nuorisotilat Yritt\u00e4j\u00e4opistolla<\/span><\/td><\/tr><tr><td align=\"LEFT\" height=\"20\"><span style=\"font-size: medium;\">20.02.2014<\/span><\/td><td align=\"LEFT\"><span style=\"font-size: medium;\">Vierailija innovaatioasiamies Tapani Saarenp\u00e4\u00e4 \u2013 Geok\u00e4tk\u00f6ily<\/span><\/td><\/tr><tr><td align=\"LEFT\" height=\"20\"><span style=\"font-size: medium;\">27.02.2014<\/span><\/td><td align=\"LEFT\"><span style=\"font-size: medium;\">Vierailija Antti Saarinen \u2013 Kauhavan puukkoteollisuus<\/span><\/td><\/tr><tr><td align=\"LEFT\" height=\"20\"><span style=\"font-size: medium;\">06.03.2014<\/span><\/td><td align=\"LEFT\"><span style=\"font-size: medium;\">Lentopallokisamatka Viroon \u2013 Valokuvia reissusta esitti veli Jarmo Vainionp\u00e4\u00e4 ja tuloksia jne.veli Matti V\u00e4h\u00e4passi<\/span><\/td><\/tr><tr><td align=\"LEFT\" height=\"20\"><span style=\"font-size: medium;\">13.03.2014<\/span><\/td><td align=\"LEFT\"><span style=\"font-size: medium;\">Veli Ville Sulkakoski \u2013 Vuosi rauhanturvaajana Afganistaissa<\/span><\/td><\/tr><tr><td align=\"LEFT\" height=\"20\"><span style=\"font-size: medium;\">20.03.2014<\/span><\/td><td align=\"LEFT\"><span style=\"font-size: medium;\">Palop\u00e4\u00e4llikk\u00f6 Teemu Hautala \u2013 Kauhavan uusi pelastusasema, suunnittelu ja rakentamistilanne<\/span><\/td><\/tr><tr><td align=\"LEFT\" height=\"20\"><span style=\"font-size: medium;\">27.03.2014<\/span><\/td><td align=\"LEFT\"><span style=\"font-size: medium;\">Veli Eero Paavola \u2013 Krimin sota<\/span><\/td><\/tr><tr><td align=\"LEFT\" height=\"20\"><span style=\"font-size: medium;\">03.04.2014<\/span><\/td><td align=\"LEFT\"><span style=\"font-size: medium;\">Veli Teemu Hautala - Norjan Mo i Ranan luolasukellusonnettomuus ja suomalaisten suorittama haastava ruumiiden nouto-operaatio<\/span><\/td><\/tr><tr><td align=\"LEFT\" height=\"20\"><span style=\"font-size: medium;\">10.04.2014<\/span><\/td><td align=\"LEFT\"><span style=\"font-size: medium;\">Klubiasioiden kokous, taloustilanne, nettisivut jne. Uusi j\u00e4sen esitt\u00e4ytyi<\/span><\/td><\/tr><tr><td align=\"LEFT\" height=\"20\"><span style=\"font-size: medium;\">17.04.2014<\/span><\/td><td align=\"LEFT\"><span style=\"font-size: medium;\">Kiirastorstai \u2013 ei kokousta<\/span><\/td><\/tr><tr><td align=\"LEFT\" height=\"20\"><span style=\"font-size: medium;\">24.04.2014<\/span><\/td><td align=\"LEFT\"><span style=\"font-size: medium;\">Vierailija Hannu Mars \u2013 Kauhavan elinkeinotoimen ajankohtaisia asioita<\/span><\/td><\/tr><tr><td align=\"LEFT\" height=\"20\">\u00a0<\/td><td align=\"LEFT\">\u00a0<\/td><\/tr><tr><td align=\"LEFT\" height=\"20\"><span style=\"font-size: medium;\">15.05.2014<\/span><\/td><td align=\"LEFT\"><span style=\"font-size: medium;\">Keilakisa Kauhavan Leijonien kanssa Lapualla<\/span><\/td><\/tr><tr><td align=\"LEFT\" height=\"20\"><span style=\"font-size: medium;\">17.05.2014<\/span><\/td><td align=\"LEFT\"><span style=\"font-size: medium;\">Kauhava-H\u00e4rm\u00e4t RC:n \u201dTsemppi\u201d py\u00f6r\u00e4ilytapahtuma \u2013 olemme mukana talkoov\u00e4ken\u00e4<\/span><\/td><\/tr><tr><td align=\"LEFT\" height=\"20\"><span style=\"font-size: medium;\">22.05.2014<\/span><\/td><td align=\"LEFT\"><span style=\"font-size: medium;\">Vierailija Ulla Erikson \u2013 Kauhavajoen kehitt\u00e4misprojekti<\/span><\/td><\/tr><tr><td align=\"LEFT\" height=\"20\"><span style=\"font-size: medium;\">29.05.2014<\/span><\/td><td align=\"LEFT\"><span style=\"font-size: medium;\">Helatorstai \u2013 ei kokousta<\/span><\/td><\/tr><tr><td align=\"LEFT\" height=\"20\"><span style=\"font-size: medium;\">05.06.2014<\/span><\/td><td align=\"LEFT\"><span style=\"font-size: medium;\">IC Kulttuuri ja sotahistoriaretki: Kortej\u00e4rvi J\u00e4\u00e4k\u00e4rimuseo, Evij\u00e4rvi Puustelli ja Purmoj\u00e4rvi<\/span><\/td><\/tr><tr><td align=\"LEFT\" height=\"20\"><span style=\"font-size: medium;\">12.06.2014<\/span><\/td><td align=\"LEFT\"><span style=\"font-size: medium;\">Klubikokous \u2013 keskustelua mennest\u00e4 ja tulevasta kaudesta. Ilkka Peura kertoi Y-kinon tilanteesta ja suunnitelmista<\/span><\/td><\/tr><tr><td align=\"LEFT\" height=\"20\"><span style=\"font-size: medium;\">27.06.2014<\/span><\/td><td align=\"LEFT\"><span style=\"font-size: medium;\">Nuijanvaihtajaiset Kauhavn ty\u00f6v\u00e4entalolla Kaija Suokon pitopalvelussa \u2013 tuleva presidentti Esa Olli<\/span><\/td><\/tr><\/tbody><\/table>","_et_gb_content_width":"","footnotes":""},"class_list":["post-2077","page","type-page","status-publish","hentry"],"acf":[],"yoast_head":"<!-- This site is optimized with the Yoast SEO plugin v27.4 - https:\/\/yoast.com\/product\/yoast-seo-wordpress\/ -->\n<title>Kauhavan Rotaryklubin viikko-ohjelma 2013-14 - Kauhavan Rotaryklubi ry<\/title>\n<meta name=\"robots\" content=\"index, follow, max-snippet:-1, max-image-preview:large, max-video-preview:-1\" \/>\n<link rel=\"canonical\" href=\"https:\/\/rotary.fi\/kauhavarc\/kauhavan-rotaryklubin-viikko-ohjelma-2013-14\/\" \/>\n<meta property=\"og:locale\" content=\"fi_FI\" \/>\n<meta property=\"og:type\" content=\"article\" \/>\n<meta property=\"og:title\" content=\"Kauhavan Rotaryklubin viikko-ohjelma 2013-14 - Kauhavan Rotaryklubi ry\" \/>\n<meta property=\"og:description\" content=\"Kauhavan Rotaryklubin kauden\u00a0 2013 \u2013 2014 viikko-ohjelma Presidentti:\u00a0 Eero Paavola\u00a0 \u00a0 \u00a0-\u00a0 \u00a0 \u00a0Sihteeri:\u00a0 Jorma Risku \u00a0 SYYSKAUSI 2013 01.08.13 Klubikokous \u2013 Kauden toiminnan suunnittelua 08.08.2013 Klubikokous \u2013 komiteoiden kokoonpanot, toiminnan suunnittelua 18.08.2013 Vierailu Kuntayhtym\u00e4 Kaksineuvoisen ty\u00f6paja Junkissa \u2013 toimintaa esitteli Kirsi Paavola 24.08.2013 Sotahistoriallinen IC retki Ison Vihan ja Suomen sodan taistelupaikoille sek\u00e4 Kimon [&hellip;]\" \/>\n<meta property=\"og:url\" content=\"https:\/\/rotary.fi\/kauhavarc\/kauhavan-rotaryklubin-viikko-ohjelma-2013-14\/\" \/>\n<meta property=\"og:site_name\" content=\"Kauhavan Rotaryklubi ry\" \/>\n<meta property=\"article:modified_time\" content=\"2020-05-29T08:58:37+00:00\" \/>\n<meta name=\"twitter:card\" content=\"summary_large_image\" \/>\n<meta name=\"twitter:label1\" content=\"Arvioitu lukuaika\" \/>\n\t<meta name=\"twitter:data1\" content=\"3 minuuttia\" \/>\n<script type=\"application\/ld+json\" class=\"yoast-schema-graph\">{\"@context\":\"https:\\\/\\\/schema.org\",\"@graph\":[{\"@type\":\"WebPage\",\"@id\":\"https:\\\/\\\/rotary.fi\\\/kauhavarc\\\/kauhavan-rotaryklubin-viikko-ohjelma-2013-14\\\/\",\"url\":\"https:\\\/\\\/rotary.fi\\\/kauhavarc\\\/kauhavan-rotaryklubin-viikko-ohjelma-2013-14\\\/\",\"name\":\"Kauhavan Rotaryklubin viikko-ohjelma 2013-14 - Kauhavan Rotaryklubi ry\",\"isPartOf\":{\"@id\":\"https:\\\/\\\/rotary.fi\\\/kauhavarc\\\/#website\"},\"datePublished\":\"2018-12-17T09:30:44+00:00\",\"dateModified\":\"2020-05-29T08:58:37+00:00\",\"breadcrumb\":{\"@id\":\"https:\\\/\\\/rotary.fi\\\/kauhavarc\\\/kauhavan-rotaryklubin-viikko-ohjelma-2013-14\\\/#breadcrumb\"},\"inLanguage\":\"fi\",\"potentialAction\":[{\"@type\":\"ReadAction\",\"target\":[\"https:\\\/\\\/rotary.fi\\\/kauhavarc\\\/kauhavan-rotaryklubin-viikko-ohjelma-2013-14\\\/\"]}]},{\"@type\":\"BreadcrumbList\",\"@id\":\"https:\\\/\\\/rotary.fi\\\/kauhavarc\\\/kauhavan-rotaryklubin-viikko-ohjelma-2013-14\\\/#breadcrumb\",\"itemListElement\":[{\"@type\":\"ListItem\",\"position\":1,\"name\":\"Home\",\"item\":\"https:\\\/\\\/rotary.fi\\\/kauhavarc\\\/\"},{\"@type\":\"ListItem\",\"position\":2,\"name\":\"Kauhavan Rotaryklubin viikko-ohjelma 2013-14\"}]},{\"@type\":\"WebSite\",\"@id\":\"https:\\\/\\\/rotary.fi\\\/kauhavarc\\\/#website\",\"url\":\"https:\\\/\\\/rotary.fi\\\/kauhavarc\\\/\",\"name\":\"Kauhavan Rotaryklubi ry\",\"description\":\"Uusi Rotary klubisivusto\",\"potentialAction\":[{\"@type\":\"SearchAction\",\"target\":{\"@type\":\"EntryPoint\",\"urlTemplate\":\"https:\\\/\\\/rotary.fi\\\/kauhavarc\\\/?s={search_term_string}\"},\"query-input\":{\"@type\":\"PropertyValueSpecification\",\"valueRequired\":true,\"valueName\":\"search_term_string\"}}],\"inLanguage\":\"fi\"}]}<\/script>\n<!-- \/ Yoast SEO plugin. -->","yoast_head_json":{"title":"Kauhavan Rotaryklubin viikko-ohjelma 2013-14 - Kauhavan Rotaryklubi ry","robots":{"index":"index","follow":"follow","max-snippet":"max-snippet:-1","max-image-preview":"max-image-preview:large","max-video-preview":"max-video-preview:-1"},"canonical":"https:\/\/rotary.fi\/kauhavarc\/kauhavan-rotaryklubin-viikko-ohjelma-2013-14\/","og_locale":"fi_FI","og_type":"article","og_title":"Kauhavan Rotaryklubin viikko-ohjelma 2013-14 - Kauhavan Rotaryklubi ry","og_description":"Kauhavan Rotaryklubin kauden\u00a0 2013 \u2013 2014 viikko-ohjelma Presidentti:\u00a0 Eero Paavola\u00a0 \u00a0 \u00a0-\u00a0 \u00a0 \u00a0Sihteeri:\u00a0 Jorma Risku \u00a0 SYYSKAUSI 2013 01.08.13 Klubikokous \u2013 Kauden toiminnan suunnittelua 08.08.2013 Klubikokous \u2013 komiteoiden kokoonpanot, toiminnan suunnittelua 18.08.2013 Vierailu Kuntayhtym\u00e4 Kaksineuvoisen ty\u00f6paja Junkissa \u2013 toimintaa esitteli Kirsi Paavola 24.08.2013 Sotahistoriallinen IC retki Ison Vihan ja Suomen sodan taistelupaikoille sek\u00e4 Kimon [&hellip;]","og_url":"https:\/\/rotary.fi\/kauhavarc\/kauhavan-rotaryklubin-viikko-ohjelma-2013-14\/","og_site_name":"Kauhavan Rotaryklubi ry","article_modified_time":"2020-05-29T08:58:37+00:00","twitter_card":"summary_large_image","twitter_misc":{"Arvioitu lukuaika":"3 minuuttia"},"schema":{"@context":"https:\/\/schema.org","@graph":[{"@type":"WebPage","@id":"https:\/\/rotary.fi\/kauhavarc\/kauhavan-rotaryklubin-viikko-ohjelma-2013-14\/","url":"https:\/\/rotary.fi\/kauhavarc\/kauhavan-rotaryklubin-viikko-ohjelma-2013-14\/","name":"Kauhavan Rotaryklubin viikko-ohjelma 2013-14 - Kauhavan Rotaryklubi ry","isPartOf":{"@id":"https:\/\/rotary.fi\/kauhavarc\/#website"},"datePublished":"2018-12-17T09:30:44+00:00","dateModified":"2020-05-29T08:58:37+00:00","breadcrumb":{"@id":"https:\/\/rotary.fi\/kauhavarc\/kauhavan-rotaryklubin-viikko-ohjelma-2013-14\/#breadcrumb"},"inLanguage":"fi","potentialAction":[{"@type":"ReadAction","target":["https:\/\/rotary.fi\/kauhavarc\/kauhavan-rotaryklubin-viikko-ohjelma-2013-14\/"]}]},{"@type":"BreadcrumbList","@id":"https:\/\/rotary.fi\/kauhavarc\/kauhavan-rotaryklubin-viikko-ohjelma-2013-14\/#breadcrumb","itemListElement":[{"@type":"ListItem","position":1,"name":"Home","item":"https:\/\/rotary.fi\/kauhavarc\/"},{"@type":"ListItem","position":2,"name":"Kauhavan Rotaryklubin viikko-ohjelma 2013-14"}]},{"@type":"WebSite","@id":"https:\/\/rotary.fi\/kauhavarc\/#website","url":"https:\/\/rotary.fi\/kauhavarc\/","name":"Kauhavan Rotaryklubi ry","description":"Uusi Rotary klubisivusto","potentialAction":[{"@type":"SearchAction","target":{"@type":"EntryPoint","urlTemplate":"https:\/\/rotary.fi\/kauhavarc\/?s={search_term_string}"},"query-input":{"@type":"PropertyValueSpecification","valueRequired":true,"valueName":"search_term_string"}}],"inLanguage":"fi"}]}},"lang":"fi","translations":{"fi":2077},"pll_sync_post":[],"_links":{"self":[{"href":"https:\/\/rotary.fi\/kauhavarc\/wp-json\/wp\/v2\/pages\/2077","targetHints":{"allow":["GET"]}}],"collection":[{"href":"https:\/\/rotary.fi\/kauhavarc\/wp-json\/wp\/v2\/pages"}],"about":[{"href":"https:\/\/rotary.fi\/kauhavarc\/wp-json\/wp\/v2\/types\/page"}],"author":[{"embeddable":true,"href":"https:\/\/rotary.fi\/kauhavarc\/wp-json\/wp\/v2\/users\/16"}],"replies":[{"embeddable":true,"href":"https:\/\/rotary.fi\/kauhavarc\/wp-json\/wp\/v2\/comments?post=2077"}],"version-history":[{"count":6,"href":"https:\/\/rotary.fi\/kauhavarc\/wp-json\/wp\/v2\/pages\/2077\/revisions"}],"predecessor-version":[{"id":2547,"href":"https:\/\/rotary.fi\/kauhavarc\/wp-json\/wp\/v2\/pages\/2077\/revisions\/2547"}],"wp:attachment":[{"href":"https:\/\/rotary.fi\/kauhavarc\/wp-json\/wp\/v2\/media?parent=2077"}],"curies":[{"name":"wp","href":"https:\/\/api.w.org\/{rel}","templated":true}]}}