{"id":2374,"date":"2025-03-24T12:35:48","date_gmt":"2025-03-24T10:35:48","guid":{"rendered":"https:\/\/rotary.fi\/jyvaskylalaajavuori\/?post_type=ajankohtaiset&#038;p=2374"},"modified":"2025-03-24T12:38:59","modified_gmt":"2025-03-24T10:38:59","slug":"19-3-2025-yrittaja-ravintola-ja-henkilostopaallikko-anna-kylmala-vastuullisuus-pienen-ja-suuren-yrityksen-nakokulma","status":"publish","type":"ajankohtaiset","link":"https:\/\/rotary.fi\/jyvaskylalaajavuori\/ajankohtaiset\/19-3-2025-yrittaja-ravintola-ja-henkilostopaallikko-anna-kylmala-vastuullisuus-pienen-ja-suuren-yrityksen-nakokulma\/","title":{"rendered":"19.3.2025 Yritt\u00e4j\u00e4, ravintola- ja henkil\u00f6st\u00f6p\u00e4\u00e4llikk\u00f6 Anna Kylm\u00e4l\u00e4: Vastuullisuus \u2013 pienen ja suuren yrityksen n\u00e4k\u00f6kulma"},"content":{"rendered":"<p><img loading=\"lazy\" decoding=\"async\" class=\"size-medium wp-image-2375 alignleft\" src=\"https:\/\/rotary.fi\/jyvaskylalaajavuori\/wp-content\/uploads\/sites\/234\/2025\/03\/annakylmala-19032025-225x300.jpg\" alt=\"\" width=\"225\" height=\"300\" \/>Vastuullisuus \u2013 pienen ja suuren yrityksen n\u00e4k\u00f6kulma<\/p>\n<p>Anna Kylm\u00e4l\u00e4 on graafisen alan ja metallisepp\u00e4koulutuksen j\u00e4lkeen p\u00e4\u00e4tynyt ravintola-alalle. Nykyisin h\u00e4n hoitaa p\u00e4\u00e4llikk\u00f6tason teht\u00e4vi\u00e4 kolmessa ravintolassa: Musta Kynnys, Kulttuuritalo Villa Rana sek\u00e4 Aalto2 Museo. H\u00e4n on my\u00f6s kaupunginvaltuutettu.<\/p>\n<p>Anna Kylm\u00e4l\u00e4 korosti, ett\u00e4 vastuullisuus ei ole yksitt\u00e4isi\u00e4 tekoja, hyvinvointitekoja. Ekologinen vastuu liittyy erityisesti kierr\u00e4tykseen, sosiaalinen vastuu taas erityisesti henkil\u00f6st\u00f6n kohteluun. Tasa-arvo parantaa ty\u00f6ilmapiiri\u00e4. Vastuullisuus antaa yritykselle hyv\u00e4n maineen. Yrityksen hyv\u00e4 hallintotapa on my\u00f6s, ett\u00e4 yritys tuottaa voittoa lakien ja s\u00e4\u00e4d\u00f6sten puitteissa.<\/p>\n<p>Anna Kylm\u00e4l\u00e4 luetteli monia positiivisia asioita, jotka tuovat yritykselle liiketoimintahy\u00f6tyj\u00e4, kuten<\/p>\n<ul>\n<li style=\"list-style-type: none\">\n<ul>\n<li style=\"list-style-type: none\">\n<ul>\n<li style=\"list-style-type: none\">\n<ul>\n<li style=\"list-style-type: none\">\n<ul>\n<li style=\"list-style-type: none\">\n<ul>\n<li style=\"list-style-type: none\">\n<ul>\n<li>tuo uusia liiketoimintamahdollisuuksia<\/li>\n<li>vihre\u00e4n siirtym\u00e4n investointeihin saa lainaa edullisemmin<\/li>\n<li>mainehy\u00f6ty on kilpailuetu rekrytoitaessa henkil\u00f6st\u00f6\u00e4 ja kilpailtaessa asiakkaista<\/li>\n<li>sijoittajille positiivinen signaali<\/li>\n<li>alihankkijoita helpompi saada<\/li>\n<li>kustannuss\u00e4\u00e4st\u00f6t hankinnoissa<\/li>\n<li>luotettava kuva<\/li>\n<li>avaa uusia mahdollisuuksia vastuulliseen viestint\u00e4\u00e4n ja markkinointiin<\/li>\n<li>parantaa toiminnassa johdonmukaisuutta ja selkeytt\u00e4<\/li>\n<li>vaikuttaminen erityisesti nuoriin p\u00e4in<\/li>\n<li>m\u00e4\u00e4ritt\u00e4\u00e4 yrityksen oman paikan yhteiskunnassa ja toimialalla<\/li>\n<\/ul>\n<\/li>\n<\/ul>\n<\/li>\n<\/ul>\n<\/li>\n<\/ul>\n<\/li>\n<\/ul>\n<\/li>\n<\/ul>\n<\/li>\n<\/ul>\n<p>(Paikalla 10 j\u00e4sent\u00e4)<\/p>\n","protected":false},"template":"","class_list":["post-2374","ajankohtaiset","type-ajankohtaiset","status-publish","hentry"],"acf":[],"yoast_head":"<!-- This site is optimized with the Yoast SEO plugin v27.4 - https:\/\/yoast.com\/product\/yoast-seo-wordpress\/ -->\n<title>19.3.2025 Yritt\u00e4j\u00e4, ravintola- ja henkil\u00f6st\u00f6p\u00e4\u00e4llikk\u00f6 Anna Kylm\u00e4l\u00e4: Vastuullisuus \u2013 pienen ja suuren yrityksen n\u00e4k\u00f6kulma - Jyv\u00e4skyl\u00e4-Laajavuori<\/title>\n<meta name=\"robots\" content=\"index, follow, max-snippet:-1, max-image-preview:large, max-video-preview:-1\" \/>\n<link rel=\"canonical\" href=\"https:\/\/rotary.fi\/jyvaskylalaajavuori\/ajankohtaiset\/19-3-2025-yrittaja-ravintola-ja-henkilostopaallikko-anna-kylmala-vastuullisuus-pienen-ja-suuren-yrityksen-nakokulma\/\" \/>\n<meta property=\"og:locale\" content=\"fi_FI\" \/>\n<meta property=\"og:type\" content=\"article\" \/>\n<meta property=\"og:title\" content=\"19.3.2025 Yritt\u00e4j\u00e4, ravintola- ja henkil\u00f6st\u00f6p\u00e4\u00e4llikk\u00f6 Anna Kylm\u00e4l\u00e4: Vastuullisuus \u2013 pienen ja suuren yrityksen n\u00e4k\u00f6kulma - Jyv\u00e4skyl\u00e4-Laajavuori\" \/>\n<meta property=\"og:description\" content=\"Vastuullisuus \u2013 pienen ja suuren yrityksen n\u00e4k\u00f6kulma Anna Kylm\u00e4l\u00e4 on graafisen alan ja metallisepp\u00e4koulutuksen j\u00e4lkeen p\u00e4\u00e4tynyt ravintola-alalle. Nykyisin h\u00e4n hoitaa p\u00e4\u00e4llikk\u00f6tason teht\u00e4vi\u00e4 kolmessa ravintolassa: Musta Kynnys, Kulttuuritalo Villa Rana sek\u00e4 Aalto2 Museo. H\u00e4n on my\u00f6s kaupunginvaltuutettu. Anna Kylm\u00e4l\u00e4 korosti, ett\u00e4 vastuullisuus ei ole yksitt\u00e4isi\u00e4 tekoja, hyvinvointitekoja. Ekologinen vastuu liittyy erityisesti kierr\u00e4tykseen, sosiaalinen vastuu taas erityisesti [&hellip;]\" \/>\n<meta property=\"og:url\" content=\"https:\/\/rotary.fi\/jyvaskylalaajavuori\/ajankohtaiset\/19-3-2025-yrittaja-ravintola-ja-henkilostopaallikko-anna-kylmala-vastuullisuus-pienen-ja-suuren-yrityksen-nakokulma\/\" \/>\n<meta property=\"og:site_name\" content=\"Jyv\u00e4skyl\u00e4-Laajavuori\" \/>\n<meta property=\"article:publisher\" content=\"https:\/\/www.facebook.com\/profile.php?id=100088839516485\" \/>\n<meta property=\"article:modified_time\" content=\"2025-03-24T10:38:59+00:00\" \/>\n<meta property=\"og:image\" content=\"https:\/\/rotary.fi\/jyvaskylalaajavuori\/wp-content\/uploads\/sites\/234\/2025\/03\/annakylmala-19032025.jpg\" \/>\n\t<meta property=\"og:image:width\" content=\"1536\" \/>\n\t<meta property=\"og:image:height\" content=\"2048\" \/>\n\t<meta property=\"og:image:type\" content=\"image\/jpeg\" \/>\n<meta name=\"twitter:card\" content=\"summary_large_image\" \/>\n<meta name=\"twitter:label1\" content=\"Arvioitu lukuaika\" \/>\n\t<meta name=\"twitter:data1\" content=\"2 minuuttia\" \/>\n<script type=\"application\/ld+json\" class=\"yoast-schema-graph\">{\"@context\":\"https:\\\/\\\/schema.org\",\"@graph\":[{\"@type\":\"WebPage\",\"@id\":\"https:\\\/\\\/rotary.fi\\\/jyvaskylalaajavuori\\\/ajankohtaiset\\\/19-3-2025-yrittaja-ravintola-ja-henkilostopaallikko-anna-kylmala-vastuullisuus-pienen-ja-suuren-yrityksen-nakokulma\\\/\",\"url\":\"https:\\\/\\\/rotary.fi\\\/jyvaskylalaajavuori\\\/ajankohtaiset\\\/19-3-2025-yrittaja-ravintola-ja-henkilostopaallikko-anna-kylmala-vastuullisuus-pienen-ja-suuren-yrityksen-nakokulma\\\/\",\"name\":\"19.3.2025 Yritt\u00e4j\u00e4, ravintola- ja henkil\u00f6st\u00f6p\u00e4\u00e4llikk\u00f6 Anna Kylm\u00e4l\u00e4: Vastuullisuus \u2013 pienen ja suuren yrityksen n\u00e4k\u00f6kulma - Jyv\u00e4skyl\u00e4-Laajavuori\",\"isPartOf\":{\"@id\":\"https:\\\/\\\/rotary.fi\\\/jyvaskylalaajavuori\\\/#website\"},\"primaryImageOfPage\":{\"@id\":\"https:\\\/\\\/rotary.fi\\\/jyvaskylalaajavuori\\\/ajankohtaiset\\\/19-3-2025-yrittaja-ravintola-ja-henkilostopaallikko-anna-kylmala-vastuullisuus-pienen-ja-suuren-yrityksen-nakokulma\\\/#primaryimage\"},\"image\":{\"@id\":\"https:\\\/\\\/rotary.fi\\\/jyvaskylalaajavuori\\\/ajankohtaiset\\\/19-3-2025-yrittaja-ravintola-ja-henkilostopaallikko-anna-kylmala-vastuullisuus-pienen-ja-suuren-yrityksen-nakokulma\\\/#primaryimage\"},\"thumbnailUrl\":\"https:\\\/\\\/rotary.fi\\\/jyvaskylalaajavuori\\\/wp-content\\\/uploads\\\/sites\\\/234\\\/2025\\\/03\\\/annakylmala-19032025-225x300.jpg\",\"datePublished\":\"2025-03-24T10:35:48+00:00\",\"dateModified\":\"2025-03-24T10:38:59+00:00\",\"breadcrumb\":{\"@id\":\"https:\\\/\\\/rotary.fi\\\/jyvaskylalaajavuori\\\/ajankohtaiset\\\/19-3-2025-yrittaja-ravintola-ja-henkilostopaallikko-anna-kylmala-vastuullisuus-pienen-ja-suuren-yrityksen-nakokulma\\\/#breadcrumb\"},\"inLanguage\":\"fi\",\"potentialAction\":[{\"@type\":\"ReadAction\",\"target\":[\"https:\\\/\\\/rotary.fi\\\/jyvaskylalaajavuori\\\/ajankohtaiset\\\/19-3-2025-yrittaja-ravintola-ja-henkilostopaallikko-anna-kylmala-vastuullisuus-pienen-ja-suuren-yrityksen-nakokulma\\\/\"]}]},{\"@type\":\"ImageObject\",\"inLanguage\":\"fi\",\"@id\":\"https:\\\/\\\/rotary.fi\\\/jyvaskylalaajavuori\\\/ajankohtaiset\\\/19-3-2025-yrittaja-ravintola-ja-henkilostopaallikko-anna-kylmala-vastuullisuus-pienen-ja-suuren-yrityksen-nakokulma\\\/#primaryimage\",\"url\":\"https:\\\/\\\/rotary.fi\\\/jyvaskylalaajavuori\\\/wp-content\\\/uploads\\\/sites\\\/234\\\/2025\\\/03\\\/annakylmala-19032025.jpg\",\"contentUrl\":\"https:\\\/\\\/rotary.fi\\\/jyvaskylalaajavuori\\\/wp-content\\\/uploads\\\/sites\\\/234\\\/2025\\\/03\\\/annakylmala-19032025.jpg\",\"width\":1536,\"height\":2048},{\"@type\":\"BreadcrumbList\",\"@id\":\"https:\\\/\\\/rotary.fi\\\/jyvaskylalaajavuori\\\/ajankohtaiset\\\/19-3-2025-yrittaja-ravintola-ja-henkilostopaallikko-anna-kylmala-vastuullisuus-pienen-ja-suuren-yrityksen-nakokulma\\\/#breadcrumb\",\"itemListElement\":[{\"@type\":\"ListItem\",\"position\":1,\"name\":\"Home\",\"item\":\"https:\\\/\\\/rotary.fi\\\/jyvaskylalaajavuori\\\/\"},{\"@type\":\"ListItem\",\"position\":2,\"name\":\"19.3.2025 Yritt\u00e4j\u00e4, ravintola- ja henkil\u00f6st\u00f6p\u00e4\u00e4llikk\u00f6 Anna Kylm\u00e4l\u00e4: Vastuullisuus \u2013 pienen ja suuren yrityksen n\u00e4k\u00f6kulma\"}]},{\"@type\":\"WebSite\",\"@id\":\"https:\\\/\\\/rotary.fi\\\/jyvaskylalaajavuori\\\/#website\",\"url\":\"https:\\\/\\\/rotary.fi\\\/jyvaskylalaajavuori\\\/\",\"name\":\"Jyv\u00e4skyl\u00e4-Laajavuori\",\"description\":\"Uusi Rotary klubisivusto\",\"publisher\":{\"@id\":\"https:\\\/\\\/rotary.fi\\\/jyvaskylalaajavuori\\\/#organization\"},\"alternateName\":\"Jyv\u00e4skyl\u00e4-Laajavuori Rotaryklubi\",\"potentialAction\":[{\"@type\":\"SearchAction\",\"target\":{\"@type\":\"EntryPoint\",\"urlTemplate\":\"https:\\\/\\\/rotary.fi\\\/jyvaskylalaajavuori\\\/?s={search_term_string}\"},\"query-input\":{\"@type\":\"PropertyValueSpecification\",\"valueRequired\":true,\"valueName\":\"search_term_string\"}}],\"inLanguage\":\"fi\"},{\"@type\":\"Organization\",\"@id\":\"https:\\\/\\\/rotary.fi\\\/jyvaskylalaajavuori\\\/#organization\",\"name\":\"Jyv\u00e4skyl\u00e4-Laajavuori Rotaryklubi\",\"url\":\"https:\\\/\\\/rotary.fi\\\/jyvaskylalaajavuori\\\/\",\"logo\":{\"@type\":\"ImageObject\",\"inLanguage\":\"fi\",\"@id\":\"https:\\\/\\\/rotary.fi\\\/jyvaskylalaajavuori\\\/#\\\/schema\\\/logo\\\/image\\\/\",\"url\":\"https:\\\/\\\/rotary.fi\\\/jyvaskylalaajavuori\\\/wp-content\\\/uploads\\\/sites\\\/234\\\/2018\\\/08\\\/rotary-logo-main-2.png\",\"contentUrl\":\"https:\\\/\\\/rotary.fi\\\/jyvaskylalaajavuori\\\/wp-content\\\/uploads\\\/sites\\\/234\\\/2018\\\/08\\\/rotary-logo-main-2.png\",\"width\":135,\"height\":52,\"caption\":\"Jyv\u00e4skyl\u00e4-Laajavuori Rotaryklubi\"},\"image\":{\"@id\":\"https:\\\/\\\/rotary.fi\\\/jyvaskylalaajavuori\\\/#\\\/schema\\\/logo\\\/image\\\/\"},\"sameAs\":[\"https:\\\/\\\/www.facebook.com\\\/profile.php?id=100088839516485\"]}]}<\/script>\n<!-- \/ Yoast SEO plugin. -->","yoast_head_json":{"title":"19.3.2025 Yritt\u00e4j\u00e4, ravintola- ja henkil\u00f6st\u00f6p\u00e4\u00e4llikk\u00f6 Anna Kylm\u00e4l\u00e4: Vastuullisuus \u2013 pienen ja suuren yrityksen n\u00e4k\u00f6kulma - Jyv\u00e4skyl\u00e4-Laajavuori","robots":{"index":"index","follow":"follow","max-snippet":"max-snippet:-1","max-image-preview":"max-image-preview:large","max-video-preview":"max-video-preview:-1"},"canonical":"https:\/\/rotary.fi\/jyvaskylalaajavuori\/ajankohtaiset\/19-3-2025-yrittaja-ravintola-ja-henkilostopaallikko-anna-kylmala-vastuullisuus-pienen-ja-suuren-yrityksen-nakokulma\/","og_locale":"fi_FI","og_type":"article","og_title":"19.3.2025 Yritt\u00e4j\u00e4, ravintola- ja henkil\u00f6st\u00f6p\u00e4\u00e4llikk\u00f6 Anna Kylm\u00e4l\u00e4: Vastuullisuus \u2013 pienen ja suuren yrityksen n\u00e4k\u00f6kulma - Jyv\u00e4skyl\u00e4-Laajavuori","og_description":"Vastuullisuus \u2013 pienen ja suuren yrityksen n\u00e4k\u00f6kulma Anna Kylm\u00e4l\u00e4 on graafisen alan ja metallisepp\u00e4koulutuksen j\u00e4lkeen p\u00e4\u00e4tynyt ravintola-alalle. Nykyisin h\u00e4n hoitaa p\u00e4\u00e4llikk\u00f6tason teht\u00e4vi\u00e4 kolmessa ravintolassa: Musta Kynnys, Kulttuuritalo Villa Rana sek\u00e4 Aalto2 Museo. H\u00e4n on my\u00f6s kaupunginvaltuutettu. Anna Kylm\u00e4l\u00e4 korosti, ett\u00e4 vastuullisuus ei ole yksitt\u00e4isi\u00e4 tekoja, hyvinvointitekoja. Ekologinen vastuu liittyy erityisesti kierr\u00e4tykseen, sosiaalinen vastuu taas erityisesti [&hellip;]","og_url":"https:\/\/rotary.fi\/jyvaskylalaajavuori\/ajankohtaiset\/19-3-2025-yrittaja-ravintola-ja-henkilostopaallikko-anna-kylmala-vastuullisuus-pienen-ja-suuren-yrityksen-nakokulma\/","og_site_name":"Jyv\u00e4skyl\u00e4-Laajavuori","article_publisher":"https:\/\/www.facebook.com\/profile.php?id=100088839516485","article_modified_time":"2025-03-24T10:38:59+00:00","og_image":[{"width":1536,"height":2048,"url":"https:\/\/rotary.fi\/jyvaskylalaajavuori\/wp-content\/uploads\/sites\/234\/2025\/03\/annakylmala-19032025.jpg","type":"image\/jpeg"}],"twitter_card":"summary_large_image","twitter_misc":{"Arvioitu lukuaika":"2 minuuttia"},"schema":{"@context":"https:\/\/schema.org","@graph":[{"@type":"WebPage","@id":"https:\/\/rotary.fi\/jyvaskylalaajavuori\/ajankohtaiset\/19-3-2025-yrittaja-ravintola-ja-henkilostopaallikko-anna-kylmala-vastuullisuus-pienen-ja-suuren-yrityksen-nakokulma\/","url":"https:\/\/rotary.fi\/jyvaskylalaajavuori\/ajankohtaiset\/19-3-2025-yrittaja-ravintola-ja-henkilostopaallikko-anna-kylmala-vastuullisuus-pienen-ja-suuren-yrityksen-nakokulma\/","name":"19.3.2025 Yritt\u00e4j\u00e4, ravintola- ja henkil\u00f6st\u00f6p\u00e4\u00e4llikk\u00f6 Anna Kylm\u00e4l\u00e4: Vastuullisuus \u2013 pienen ja suuren yrityksen n\u00e4k\u00f6kulma - Jyv\u00e4skyl\u00e4-Laajavuori","isPartOf":{"@id":"https:\/\/rotary.fi\/jyvaskylalaajavuori\/#website"},"primaryImageOfPage":{"@id":"https:\/\/rotary.fi\/jyvaskylalaajavuori\/ajankohtaiset\/19-3-2025-yrittaja-ravintola-ja-henkilostopaallikko-anna-kylmala-vastuullisuus-pienen-ja-suuren-yrityksen-nakokulma\/#primaryimage"},"image":{"@id":"https:\/\/rotary.fi\/jyvaskylalaajavuori\/ajankohtaiset\/19-3-2025-yrittaja-ravintola-ja-henkilostopaallikko-anna-kylmala-vastuullisuus-pienen-ja-suuren-yrityksen-nakokulma\/#primaryimage"},"thumbnailUrl":"https:\/\/rotary.fi\/jyvaskylalaajavuori\/wp-content\/uploads\/sites\/234\/2025\/03\/annakylmala-19032025-225x300.jpg","datePublished":"2025-03-24T10:35:48+00:00","dateModified":"2025-03-24T10:38:59+00:00","breadcrumb":{"@id":"https:\/\/rotary.fi\/jyvaskylalaajavuori\/ajankohtaiset\/19-3-2025-yrittaja-ravintola-ja-henkilostopaallikko-anna-kylmala-vastuullisuus-pienen-ja-suuren-yrityksen-nakokulma\/#breadcrumb"},"inLanguage":"fi","potentialAction":[{"@type":"ReadAction","target":["https:\/\/rotary.fi\/jyvaskylalaajavuori\/ajankohtaiset\/19-3-2025-yrittaja-ravintola-ja-henkilostopaallikko-anna-kylmala-vastuullisuus-pienen-ja-suuren-yrityksen-nakokulma\/"]}]},{"@type":"ImageObject","inLanguage":"fi","@id":"https:\/\/rotary.fi\/jyvaskylalaajavuori\/ajankohtaiset\/19-3-2025-yrittaja-ravintola-ja-henkilostopaallikko-anna-kylmala-vastuullisuus-pienen-ja-suuren-yrityksen-nakokulma\/#primaryimage","url":"https:\/\/rotary.fi\/jyvaskylalaajavuori\/wp-content\/uploads\/sites\/234\/2025\/03\/annakylmala-19032025.jpg","contentUrl":"https:\/\/rotary.fi\/jyvaskylalaajavuori\/wp-content\/uploads\/sites\/234\/2025\/03\/annakylmala-19032025.jpg","width":1536,"height":2048},{"@type":"BreadcrumbList","@id":"https:\/\/rotary.fi\/jyvaskylalaajavuori\/ajankohtaiset\/19-3-2025-yrittaja-ravintola-ja-henkilostopaallikko-anna-kylmala-vastuullisuus-pienen-ja-suuren-yrityksen-nakokulma\/#breadcrumb","itemListElement":[{"@type":"ListItem","position":1,"name":"Home","item":"https:\/\/rotary.fi\/jyvaskylalaajavuori\/"},{"@type":"ListItem","position":2,"name":"19.3.2025 Yritt\u00e4j\u00e4, ravintola- ja henkil\u00f6st\u00f6p\u00e4\u00e4llikk\u00f6 Anna Kylm\u00e4l\u00e4: Vastuullisuus \u2013 pienen ja suuren yrityksen n\u00e4k\u00f6kulma"}]},{"@type":"WebSite","@id":"https:\/\/rotary.fi\/jyvaskylalaajavuori\/#website","url":"https:\/\/rotary.fi\/jyvaskylalaajavuori\/","name":"Jyv\u00e4skyl\u00e4-Laajavuori","description":"Uusi Rotary klubisivusto","publisher":{"@id":"https:\/\/rotary.fi\/jyvaskylalaajavuori\/#organization"},"alternateName":"Jyv\u00e4skyl\u00e4-Laajavuori Rotaryklubi","potentialAction":[{"@type":"SearchAction","target":{"@type":"EntryPoint","urlTemplate":"https:\/\/rotary.fi\/jyvaskylalaajavuori\/?s={search_term_string}"},"query-input":{"@type":"PropertyValueSpecification","valueRequired":true,"valueName":"search_term_string"}}],"inLanguage":"fi"},{"@type":"Organization","@id":"https:\/\/rotary.fi\/jyvaskylalaajavuori\/#organization","name":"Jyv\u00e4skyl\u00e4-Laajavuori Rotaryklubi","url":"https:\/\/rotary.fi\/jyvaskylalaajavuori\/","logo":{"@type":"ImageObject","inLanguage":"fi","@id":"https:\/\/rotary.fi\/jyvaskylalaajavuori\/#\/schema\/logo\/image\/","url":"https:\/\/rotary.fi\/jyvaskylalaajavuori\/wp-content\/uploads\/sites\/234\/2018\/08\/rotary-logo-main-2.png","contentUrl":"https:\/\/rotary.fi\/jyvaskylalaajavuori\/wp-content\/uploads\/sites\/234\/2018\/08\/rotary-logo-main-2.png","width":135,"height":52,"caption":"Jyv\u00e4skyl\u00e4-Laajavuori Rotaryklubi"},"image":{"@id":"https:\/\/rotary.fi\/jyvaskylalaajavuori\/#\/schema\/logo\/image\/"},"sameAs":["https:\/\/www.facebook.com\/profile.php?id=100088839516485"]}]}},"lang":"fi","translations":{"fi":2374},"pll_sync_post":[],"_links":{"self":[{"href":"https:\/\/rotary.fi\/jyvaskylalaajavuori\/wp-json\/wp\/v2\/ajankohtaiset\/2374","targetHints":{"allow":["GET"]}}],"collection":[{"href":"https:\/\/rotary.fi\/jyvaskylalaajavuori\/wp-json\/wp\/v2\/ajankohtaiset"}],"about":[{"href":"https:\/\/rotary.fi\/jyvaskylalaajavuori\/wp-json\/wp\/v2\/types\/ajankohtaiset"}],"wp:attachment":[{"href":"https:\/\/rotary.fi\/jyvaskylalaajavuori\/wp-json\/wp\/v2\/media?parent=2374"}],"curies":[{"name":"wp","href":"https:\/\/api.w.org\/{rel}","templated":true}]}}