{"id":2369,"date":"2025-03-06T09:31:44","date_gmt":"2025-03-06T07:31:44","guid":{"rendered":"https:\/\/rotary.fi\/jyvaskylalaajavuori\/?post_type=ajankohtaiset&#038;p=2369"},"modified":"2025-03-18T09:32:32","modified_gmt":"2025-03-18T07:32:32","slug":"5-3-2025-projektipaallikko-esa-kannisto-korkeakoulujen-ja-niiden-kampusalueiden-trendeja-tilastojen-valossa","status":"publish","type":"ajankohtaiset","link":"https:\/\/rotary.fi\/jyvaskylalaajavuori\/ajankohtaiset\/5-3-2025-projektipaallikko-esa-kannisto-korkeakoulujen-ja-niiden-kampusalueiden-trendeja-tilastojen-valossa\/","title":{"rendered":"5.3.2025 Projektip\u00e4\u00e4llikk\u00f6 Esa Kannisto: Korkeakoulujen ja niiden kampusalueiden trendej\u00e4 tilastojen valossa"},"content":{"rendered":"<p>Korkeakoulujen ja niiden kampusalueiden trendej\u00e4 tilastojen valossa<\/p>\n<p>Jyv\u00e4skyl\u00e4n yliopistossa sijaitsevassa Koulutuksen tutkimuslaitoksessa on vuosittain julkaistu raportti Suomen yliopistojen ja korkeakoulujen taloudesta, populaatiosta ja koulutuksesta. Raportti perustuu yleisiin Suomessa julkaistaviin tilastoihin.<\/p>\n<p>Vuoden 2024 tilastot ker\u00e4si Esa Kanniston johtama kolmihenkinen tiimi. Taustalla on Suomen yliopistokiinteist\u00f6n oman toimintansa taustaksi tarvitsema tieto.<\/p>\n<p><img loading=\"lazy\" decoding=\"async\" class=\"size-medium wp-image-2370 alignleft\" src=\"https:\/\/rotary.fi\/jyvaskylalaajavuori\/wp-content\/uploads\/sites\/234\/2025\/03\/kuva-esakanniston-esitelma-05032025-300x225.jpg\" alt=\"\" width=\"300\" height=\"225\" \/>Raportti her\u00e4tti suurta kiinnostusta ja aiheutti vilkkaan keskustelun. Erityisesti Jyv\u00e4skyl\u00e4n yliopiston ja Jyv\u00e4skyl\u00e4n ammattikorkeakoulun vertailu ja EU:n ulkopuolelta tulevien opiskelijoiden\u00a0 asema nousivat esiin. Korkeakoulujen talouden tunnuslukuja toivottiin lis\u00e4\u00e4, ja Esa Kannisto lupasi niit\u00e4 seuraavaan raporttiin.<\/p>\n<p>(Paikalla 11 j\u00e4sent\u00e4)<\/p>\n<p>&nbsp;<\/p>\n<p>&nbsp;<\/p>\n","protected":false},"template":"","class_list":["post-2369","ajankohtaiset","type-ajankohtaiset","status-publish","hentry"],"acf":[],"yoast_head":"<!-- This site is optimized with the Yoast SEO plugin v27.4 - https:\/\/yoast.com\/product\/yoast-seo-wordpress\/ -->\n<title>5.3.2025 Projektip\u00e4\u00e4llikk\u00f6 Esa Kannisto: Korkeakoulujen ja niiden kampusalueiden trendej\u00e4 tilastojen valossa - Jyv\u00e4skyl\u00e4-Laajavuori<\/title>\n<meta name=\"robots\" content=\"index, follow, max-snippet:-1, max-image-preview:large, max-video-preview:-1\" \/>\n<link rel=\"canonical\" href=\"https:\/\/rotary.fi\/jyvaskylalaajavuori\/ajankohtaiset\/5-3-2025-projektipaallikko-esa-kannisto-korkeakoulujen-ja-niiden-kampusalueiden-trendeja-tilastojen-valossa\/\" \/>\n<meta property=\"og:locale\" content=\"fi_FI\" \/>\n<meta property=\"og:type\" content=\"article\" \/>\n<meta property=\"og:title\" content=\"5.3.2025 Projektip\u00e4\u00e4llikk\u00f6 Esa Kannisto: Korkeakoulujen ja niiden kampusalueiden trendej\u00e4 tilastojen valossa - Jyv\u00e4skyl\u00e4-Laajavuori\" \/>\n<meta property=\"og:description\" content=\"Korkeakoulujen ja niiden kampusalueiden trendej\u00e4 tilastojen valossa Jyv\u00e4skyl\u00e4n yliopistossa sijaitsevassa Koulutuksen tutkimuslaitoksessa on vuosittain julkaistu raportti Suomen yliopistojen ja korkeakoulujen taloudesta, populaatiosta ja koulutuksesta. Raportti perustuu yleisiin Suomessa julkaistaviin tilastoihin. Vuoden 2024 tilastot ker\u00e4si Esa Kanniston johtama kolmihenkinen tiimi. Taustalla on Suomen yliopistokiinteist\u00f6n oman toimintansa taustaksi tarvitsema tieto. Raportti her\u00e4tti suurta kiinnostusta ja aiheutti vilkkaan [&hellip;]\" \/>\n<meta property=\"og:url\" content=\"https:\/\/rotary.fi\/jyvaskylalaajavuori\/ajankohtaiset\/5-3-2025-projektipaallikko-esa-kannisto-korkeakoulujen-ja-niiden-kampusalueiden-trendeja-tilastojen-valossa\/\" \/>\n<meta property=\"og:site_name\" content=\"Jyv\u00e4skyl\u00e4-Laajavuori\" \/>\n<meta property=\"article:publisher\" content=\"https:\/\/www.facebook.com\/profile.php?id=100088839516485\" \/>\n<meta property=\"article:modified_time\" content=\"2025-03-18T07:32:32+00:00\" \/>\n<meta property=\"og:image\" content=\"https:\/\/rotary.fi\/jyvaskylalaajavuori\/wp-content\/uploads\/sites\/234\/2025\/03\/kuva-esakanniston-esitelma-05032025.jpg\" \/>\n\t<meta property=\"og:image:width\" content=\"2048\" \/>\n\t<meta property=\"og:image:height\" content=\"1536\" \/>\n\t<meta property=\"og:image:type\" content=\"image\/jpeg\" \/>\n<meta name=\"twitter:card\" content=\"summary_large_image\" \/>\n<meta name=\"twitter:label1\" content=\"Arvioitu lukuaika\" \/>\n\t<meta name=\"twitter:data1\" content=\"1 minuutti\" \/>\n<script type=\"application\/ld+json\" class=\"yoast-schema-graph\">{\"@context\":\"https:\\\/\\\/schema.org\",\"@graph\":[{\"@type\":\"WebPage\",\"@id\":\"https:\\\/\\\/rotary.fi\\\/jyvaskylalaajavuori\\\/ajankohtaiset\\\/5-3-2025-projektipaallikko-esa-kannisto-korkeakoulujen-ja-niiden-kampusalueiden-trendeja-tilastojen-valossa\\\/\",\"url\":\"https:\\\/\\\/rotary.fi\\\/jyvaskylalaajavuori\\\/ajankohtaiset\\\/5-3-2025-projektipaallikko-esa-kannisto-korkeakoulujen-ja-niiden-kampusalueiden-trendeja-tilastojen-valossa\\\/\",\"name\":\"5.3.2025 Projektip\u00e4\u00e4llikk\u00f6 Esa Kannisto: Korkeakoulujen ja niiden kampusalueiden trendej\u00e4 tilastojen valossa - Jyv\u00e4skyl\u00e4-Laajavuori\",\"isPartOf\":{\"@id\":\"https:\\\/\\\/rotary.fi\\\/jyvaskylalaajavuori\\\/#website\"},\"primaryImageOfPage\":{\"@id\":\"https:\\\/\\\/rotary.fi\\\/jyvaskylalaajavuori\\\/ajankohtaiset\\\/5-3-2025-projektipaallikko-esa-kannisto-korkeakoulujen-ja-niiden-kampusalueiden-trendeja-tilastojen-valossa\\\/#primaryimage\"},\"image\":{\"@id\":\"https:\\\/\\\/rotary.fi\\\/jyvaskylalaajavuori\\\/ajankohtaiset\\\/5-3-2025-projektipaallikko-esa-kannisto-korkeakoulujen-ja-niiden-kampusalueiden-trendeja-tilastojen-valossa\\\/#primaryimage\"},\"thumbnailUrl\":\"https:\\\/\\\/rotary.fi\\\/jyvaskylalaajavuori\\\/wp-content\\\/uploads\\\/sites\\\/234\\\/2025\\\/03\\\/kuva-esakanniston-esitelma-05032025-300x225.jpg\",\"datePublished\":\"2025-03-06T07:31:44+00:00\",\"dateModified\":\"2025-03-18T07:32:32+00:00\",\"breadcrumb\":{\"@id\":\"https:\\\/\\\/rotary.fi\\\/jyvaskylalaajavuori\\\/ajankohtaiset\\\/5-3-2025-projektipaallikko-esa-kannisto-korkeakoulujen-ja-niiden-kampusalueiden-trendeja-tilastojen-valossa\\\/#breadcrumb\"},\"inLanguage\":\"fi\",\"potentialAction\":[{\"@type\":\"ReadAction\",\"target\":[\"https:\\\/\\\/rotary.fi\\\/jyvaskylalaajavuori\\\/ajankohtaiset\\\/5-3-2025-projektipaallikko-esa-kannisto-korkeakoulujen-ja-niiden-kampusalueiden-trendeja-tilastojen-valossa\\\/\"]}]},{\"@type\":\"ImageObject\",\"inLanguage\":\"fi\",\"@id\":\"https:\\\/\\\/rotary.fi\\\/jyvaskylalaajavuori\\\/ajankohtaiset\\\/5-3-2025-projektipaallikko-esa-kannisto-korkeakoulujen-ja-niiden-kampusalueiden-trendeja-tilastojen-valossa\\\/#primaryimage\",\"url\":\"https:\\\/\\\/rotary.fi\\\/jyvaskylalaajavuori\\\/wp-content\\\/uploads\\\/sites\\\/234\\\/2025\\\/03\\\/kuva-esakanniston-esitelma-05032025.jpg\",\"contentUrl\":\"https:\\\/\\\/rotary.fi\\\/jyvaskylalaajavuori\\\/wp-content\\\/uploads\\\/sites\\\/234\\\/2025\\\/03\\\/kuva-esakanniston-esitelma-05032025.jpg\",\"width\":2048,\"height\":1536},{\"@type\":\"BreadcrumbList\",\"@id\":\"https:\\\/\\\/rotary.fi\\\/jyvaskylalaajavuori\\\/ajankohtaiset\\\/5-3-2025-projektipaallikko-esa-kannisto-korkeakoulujen-ja-niiden-kampusalueiden-trendeja-tilastojen-valossa\\\/#breadcrumb\",\"itemListElement\":[{\"@type\":\"ListItem\",\"position\":1,\"name\":\"Home\",\"item\":\"https:\\\/\\\/rotary.fi\\\/jyvaskylalaajavuori\\\/\"},{\"@type\":\"ListItem\",\"position\":2,\"name\":\"5.3.2025 Projektip\u00e4\u00e4llikk\u00f6 Esa Kannisto: Korkeakoulujen ja niiden kampusalueiden trendej\u00e4 tilastojen valossa\"}]},{\"@type\":\"WebSite\",\"@id\":\"https:\\\/\\\/rotary.fi\\\/jyvaskylalaajavuori\\\/#website\",\"url\":\"https:\\\/\\\/rotary.fi\\\/jyvaskylalaajavuori\\\/\",\"name\":\"Jyv\u00e4skyl\u00e4-Laajavuori\",\"description\":\"Uusi Rotary klubisivusto\",\"publisher\":{\"@id\":\"https:\\\/\\\/rotary.fi\\\/jyvaskylalaajavuori\\\/#organization\"},\"alternateName\":\"Jyv\u00e4skyl\u00e4-Laajavuori Rotaryklubi\",\"potentialAction\":[{\"@type\":\"SearchAction\",\"target\":{\"@type\":\"EntryPoint\",\"urlTemplate\":\"https:\\\/\\\/rotary.fi\\\/jyvaskylalaajavuori\\\/?s={search_term_string}\"},\"query-input\":{\"@type\":\"PropertyValueSpecification\",\"valueRequired\":true,\"valueName\":\"search_term_string\"}}],\"inLanguage\":\"fi\"},{\"@type\":\"Organization\",\"@id\":\"https:\\\/\\\/rotary.fi\\\/jyvaskylalaajavuori\\\/#organization\",\"name\":\"Jyv\u00e4skyl\u00e4-Laajavuori Rotaryklubi\",\"url\":\"https:\\\/\\\/rotary.fi\\\/jyvaskylalaajavuori\\\/\",\"logo\":{\"@type\":\"ImageObject\",\"inLanguage\":\"fi\",\"@id\":\"https:\\\/\\\/rotary.fi\\\/jyvaskylalaajavuori\\\/#\\\/schema\\\/logo\\\/image\\\/\",\"url\":\"https:\\\/\\\/rotary.fi\\\/jyvaskylalaajavuori\\\/wp-content\\\/uploads\\\/sites\\\/234\\\/2018\\\/08\\\/rotary-logo-main-2.png\",\"contentUrl\":\"https:\\\/\\\/rotary.fi\\\/jyvaskylalaajavuori\\\/wp-content\\\/uploads\\\/sites\\\/234\\\/2018\\\/08\\\/rotary-logo-main-2.png\",\"width\":135,\"height\":52,\"caption\":\"Jyv\u00e4skyl\u00e4-Laajavuori Rotaryklubi\"},\"image\":{\"@id\":\"https:\\\/\\\/rotary.fi\\\/jyvaskylalaajavuori\\\/#\\\/schema\\\/logo\\\/image\\\/\"},\"sameAs\":[\"https:\\\/\\\/www.facebook.com\\\/profile.php?id=100088839516485\"]}]}<\/script>\n<!-- \/ Yoast SEO plugin. -->","yoast_head_json":{"title":"5.3.2025 Projektip\u00e4\u00e4llikk\u00f6 Esa Kannisto: Korkeakoulujen ja niiden kampusalueiden trendej\u00e4 tilastojen valossa - Jyv\u00e4skyl\u00e4-Laajavuori","robots":{"index":"index","follow":"follow","max-snippet":"max-snippet:-1","max-image-preview":"max-image-preview:large","max-video-preview":"max-video-preview:-1"},"canonical":"https:\/\/rotary.fi\/jyvaskylalaajavuori\/ajankohtaiset\/5-3-2025-projektipaallikko-esa-kannisto-korkeakoulujen-ja-niiden-kampusalueiden-trendeja-tilastojen-valossa\/","og_locale":"fi_FI","og_type":"article","og_title":"5.3.2025 Projektip\u00e4\u00e4llikk\u00f6 Esa Kannisto: Korkeakoulujen ja niiden kampusalueiden trendej\u00e4 tilastojen valossa - Jyv\u00e4skyl\u00e4-Laajavuori","og_description":"Korkeakoulujen ja niiden kampusalueiden trendej\u00e4 tilastojen valossa Jyv\u00e4skyl\u00e4n yliopistossa sijaitsevassa Koulutuksen tutkimuslaitoksessa on vuosittain julkaistu raportti Suomen yliopistojen ja korkeakoulujen taloudesta, populaatiosta ja koulutuksesta. Raportti perustuu yleisiin Suomessa julkaistaviin tilastoihin. Vuoden 2024 tilastot ker\u00e4si Esa Kanniston johtama kolmihenkinen tiimi. Taustalla on Suomen yliopistokiinteist\u00f6n oman toimintansa taustaksi tarvitsema tieto. Raportti her\u00e4tti suurta kiinnostusta ja aiheutti vilkkaan [&hellip;]","og_url":"https:\/\/rotary.fi\/jyvaskylalaajavuori\/ajankohtaiset\/5-3-2025-projektipaallikko-esa-kannisto-korkeakoulujen-ja-niiden-kampusalueiden-trendeja-tilastojen-valossa\/","og_site_name":"Jyv\u00e4skyl\u00e4-Laajavuori","article_publisher":"https:\/\/www.facebook.com\/profile.php?id=100088839516485","article_modified_time":"2025-03-18T07:32:32+00:00","og_image":[{"width":2048,"height":1536,"url":"https:\/\/rotary.fi\/jyvaskylalaajavuori\/wp-content\/uploads\/sites\/234\/2025\/03\/kuva-esakanniston-esitelma-05032025.jpg","type":"image\/jpeg"}],"twitter_card":"summary_large_image","twitter_misc":{"Arvioitu lukuaika":"1 minuutti"},"schema":{"@context":"https:\/\/schema.org","@graph":[{"@type":"WebPage","@id":"https:\/\/rotary.fi\/jyvaskylalaajavuori\/ajankohtaiset\/5-3-2025-projektipaallikko-esa-kannisto-korkeakoulujen-ja-niiden-kampusalueiden-trendeja-tilastojen-valossa\/","url":"https:\/\/rotary.fi\/jyvaskylalaajavuori\/ajankohtaiset\/5-3-2025-projektipaallikko-esa-kannisto-korkeakoulujen-ja-niiden-kampusalueiden-trendeja-tilastojen-valossa\/","name":"5.3.2025 Projektip\u00e4\u00e4llikk\u00f6 Esa Kannisto: Korkeakoulujen ja niiden kampusalueiden trendej\u00e4 tilastojen valossa - Jyv\u00e4skyl\u00e4-Laajavuori","isPartOf":{"@id":"https:\/\/rotary.fi\/jyvaskylalaajavuori\/#website"},"primaryImageOfPage":{"@id":"https:\/\/rotary.fi\/jyvaskylalaajavuori\/ajankohtaiset\/5-3-2025-projektipaallikko-esa-kannisto-korkeakoulujen-ja-niiden-kampusalueiden-trendeja-tilastojen-valossa\/#primaryimage"},"image":{"@id":"https:\/\/rotary.fi\/jyvaskylalaajavuori\/ajankohtaiset\/5-3-2025-projektipaallikko-esa-kannisto-korkeakoulujen-ja-niiden-kampusalueiden-trendeja-tilastojen-valossa\/#primaryimage"},"thumbnailUrl":"https:\/\/rotary.fi\/jyvaskylalaajavuori\/wp-content\/uploads\/sites\/234\/2025\/03\/kuva-esakanniston-esitelma-05032025-300x225.jpg","datePublished":"2025-03-06T07:31:44+00:00","dateModified":"2025-03-18T07:32:32+00:00","breadcrumb":{"@id":"https:\/\/rotary.fi\/jyvaskylalaajavuori\/ajankohtaiset\/5-3-2025-projektipaallikko-esa-kannisto-korkeakoulujen-ja-niiden-kampusalueiden-trendeja-tilastojen-valossa\/#breadcrumb"},"inLanguage":"fi","potentialAction":[{"@type":"ReadAction","target":["https:\/\/rotary.fi\/jyvaskylalaajavuori\/ajankohtaiset\/5-3-2025-projektipaallikko-esa-kannisto-korkeakoulujen-ja-niiden-kampusalueiden-trendeja-tilastojen-valossa\/"]}]},{"@type":"ImageObject","inLanguage":"fi","@id":"https:\/\/rotary.fi\/jyvaskylalaajavuori\/ajankohtaiset\/5-3-2025-projektipaallikko-esa-kannisto-korkeakoulujen-ja-niiden-kampusalueiden-trendeja-tilastojen-valossa\/#primaryimage","url":"https:\/\/rotary.fi\/jyvaskylalaajavuori\/wp-content\/uploads\/sites\/234\/2025\/03\/kuva-esakanniston-esitelma-05032025.jpg","contentUrl":"https:\/\/rotary.fi\/jyvaskylalaajavuori\/wp-content\/uploads\/sites\/234\/2025\/03\/kuva-esakanniston-esitelma-05032025.jpg","width":2048,"height":1536},{"@type":"BreadcrumbList","@id":"https:\/\/rotary.fi\/jyvaskylalaajavuori\/ajankohtaiset\/5-3-2025-projektipaallikko-esa-kannisto-korkeakoulujen-ja-niiden-kampusalueiden-trendeja-tilastojen-valossa\/#breadcrumb","itemListElement":[{"@type":"ListItem","position":1,"name":"Home","item":"https:\/\/rotary.fi\/jyvaskylalaajavuori\/"},{"@type":"ListItem","position":2,"name":"5.3.2025 Projektip\u00e4\u00e4llikk\u00f6 Esa Kannisto: Korkeakoulujen ja niiden kampusalueiden trendej\u00e4 tilastojen valossa"}]},{"@type":"WebSite","@id":"https:\/\/rotary.fi\/jyvaskylalaajavuori\/#website","url":"https:\/\/rotary.fi\/jyvaskylalaajavuori\/","name":"Jyv\u00e4skyl\u00e4-Laajavuori","description":"Uusi Rotary klubisivusto","publisher":{"@id":"https:\/\/rotary.fi\/jyvaskylalaajavuori\/#organization"},"alternateName":"Jyv\u00e4skyl\u00e4-Laajavuori Rotaryklubi","potentialAction":[{"@type":"SearchAction","target":{"@type":"EntryPoint","urlTemplate":"https:\/\/rotary.fi\/jyvaskylalaajavuori\/?s={search_term_string}"},"query-input":{"@type":"PropertyValueSpecification","valueRequired":true,"valueName":"search_term_string"}}],"inLanguage":"fi"},{"@type":"Organization","@id":"https:\/\/rotary.fi\/jyvaskylalaajavuori\/#organization","name":"Jyv\u00e4skyl\u00e4-Laajavuori Rotaryklubi","url":"https:\/\/rotary.fi\/jyvaskylalaajavuori\/","logo":{"@type":"ImageObject","inLanguage":"fi","@id":"https:\/\/rotary.fi\/jyvaskylalaajavuori\/#\/schema\/logo\/image\/","url":"https:\/\/rotary.fi\/jyvaskylalaajavuori\/wp-content\/uploads\/sites\/234\/2018\/08\/rotary-logo-main-2.png","contentUrl":"https:\/\/rotary.fi\/jyvaskylalaajavuori\/wp-content\/uploads\/sites\/234\/2018\/08\/rotary-logo-main-2.png","width":135,"height":52,"caption":"Jyv\u00e4skyl\u00e4-Laajavuori Rotaryklubi"},"image":{"@id":"https:\/\/rotary.fi\/jyvaskylalaajavuori\/#\/schema\/logo\/image\/"},"sameAs":["https:\/\/www.facebook.com\/profile.php?id=100088839516485"]}]}},"lang":"fi","translations":{"fi":2369},"pll_sync_post":[],"_links":{"self":[{"href":"https:\/\/rotary.fi\/jyvaskylalaajavuori\/wp-json\/wp\/v2\/ajankohtaiset\/2369","targetHints":{"allow":["GET"]}}],"collection":[{"href":"https:\/\/rotary.fi\/jyvaskylalaajavuori\/wp-json\/wp\/v2\/ajankohtaiset"}],"about":[{"href":"https:\/\/rotary.fi\/jyvaskylalaajavuori\/wp-json\/wp\/v2\/types\/ajankohtaiset"}],"wp:attachment":[{"href":"https:\/\/rotary.fi\/jyvaskylalaajavuori\/wp-json\/wp\/v2\/media?parent=2369"}],"curies":[{"name":"wp","href":"https:\/\/api.w.org\/{rel}","templated":true}]}}