{"id":2211,"date":"2024-11-04T08:28:20","date_gmt":"2024-11-04T06:28:20","guid":{"rendered":"https:\/\/rotary.fi\/jyvaskylalaajavuori\/?post_type=ajankohtaiset&#038;p=2211"},"modified":"2024-11-06T13:17:09","modified_gmt":"2024-11-06T11:17:09","slug":"9-10-2024-aijalan-talo","status":"publish","type":"ajankohtaiset","link":"https:\/\/rotary.fi\/jyvaskylalaajavuori\/ajankohtaiset\/9-10-2024-aijalan-talo\/","title":{"rendered":"9.10.2024 \u00c4ij\u00e4l\u00e4n talo"},"content":{"rendered":"<p>Vuonna 1980 perustettiin \u00c4ij\u00e4l\u00e4n vammaisten tuki ry edist\u00e4m\u00e4\u00e4n vammaisten henkil\u00f6iden sopeutumista yhteiskuntaan. Toimipaikaksi hankittiin Vanha-\u00c4ij\u00e4l\u00e4n talo V\u00e4in\u00f6l\u00e4st\u00e4. Talo on toiminut sek\u00e4 perhekotina ett\u00e4 palveluasumisen paikkana. Talossa oli varhaisessa vaiheessa my\u00f6s lasten p\u00e4iv\u00e4hoito sek\u00e4 tuettua toimintaa. Nykyisin on tarjolla kuntouttavaa ty\u00f6toimintaa, ty\u00f6kokeilua ja ty\u00f6harjoittelua sek\u00e4 kehitysvammaisten ty\u00f6- ja p\u00e4iv\u00e4toimintaa. <a href=\"https:\/\/aijalantalo.fi\/\">\u00c4ij\u00e4l\u00e4n Talossa<\/a> on vuosien ajan j\u00e4rjestetty joka kes\u00e4isi\u00e4 lasten luonto- ja perinneleirej\u00e4. Kansainv\u00e4lisen Vapaaehtoisty\u00f6n leirej\u00e4 talossa on ollut joka kes\u00e4 1980-luvulta alkaen.<\/p>\n<p>\u00c4ij\u00e4l\u00e4n talon on tiett\u00e4v\u00e4sti rakennuttanut Jalo T\u00f6hnros 1800-luvun lopulla. \u00c4ij\u00e4l\u00e4n tilan juuret ylt\u00e4v\u00e4t taas 1500-luvulle asti. Talo siirtyi 1980 Eeva-Liisa ja Hartwig Reuterin omistukseen, ja heid\u00e4n ansiostaan \u00c4ij\u00e4l\u00e4n Talon eri toiminnot ovat py\u00f6rineet jo yli 40 vuotta.<\/p>\n<p>Paikalla oli 12 klubin j\u00e4sent\u00e4.<\/p>\n<p>&nbsp;<\/p>\n","protected":false},"template":"","class_list":["post-2211","ajankohtaiset","type-ajankohtaiset","status-publish","hentry"],"acf":[],"yoast_head":"<!-- This site is optimized with the Yoast SEO plugin v27.4 - https:\/\/yoast.com\/product\/yoast-seo-wordpress\/ -->\n<title>9.10.2024 \u00c4ij\u00e4l\u00e4n talo - Jyv\u00e4skyl\u00e4-Laajavuori<\/title>\n<meta name=\"robots\" content=\"index, follow, max-snippet:-1, max-image-preview:large, max-video-preview:-1\" \/>\n<link rel=\"canonical\" href=\"https:\/\/rotary.fi\/jyvaskylalaajavuori\/ajankohtaiset\/9-10-2024-aijalan-talo\/\" \/>\n<meta property=\"og:locale\" content=\"fi_FI\" \/>\n<meta property=\"og:type\" content=\"article\" \/>\n<meta property=\"og:title\" content=\"9.10.2024 \u00c4ij\u00e4l\u00e4n talo - Jyv\u00e4skyl\u00e4-Laajavuori\" \/>\n<meta property=\"og:description\" content=\"Vuonna 1980 perustettiin \u00c4ij\u00e4l\u00e4n vammaisten tuki ry edist\u00e4m\u00e4\u00e4n vammaisten henkil\u00f6iden sopeutumista yhteiskuntaan. Toimipaikaksi hankittiin Vanha-\u00c4ij\u00e4l\u00e4n talo V\u00e4in\u00f6l\u00e4st\u00e4. Talo on toiminut sek\u00e4 perhekotina ett\u00e4 palveluasumisen paikkana. Talossa oli varhaisessa vaiheessa my\u00f6s lasten p\u00e4iv\u00e4hoito sek\u00e4 tuettua toimintaa. Nykyisin on tarjolla kuntouttavaa ty\u00f6toimintaa, ty\u00f6kokeilua ja ty\u00f6harjoittelua sek\u00e4 kehitysvammaisten ty\u00f6- ja p\u00e4iv\u00e4toimintaa. \u00c4ij\u00e4l\u00e4n Talossa on vuosien ajan j\u00e4rjestetty joka [&hellip;]\" \/>\n<meta property=\"og:url\" content=\"https:\/\/rotary.fi\/jyvaskylalaajavuori\/ajankohtaiset\/9-10-2024-aijalan-talo\/\" \/>\n<meta property=\"og:site_name\" content=\"Jyv\u00e4skyl\u00e4-Laajavuori\" \/>\n<meta property=\"article:publisher\" content=\"https:\/\/www.facebook.com\/profile.php?id=100088839516485\" \/>\n<meta property=\"article:modified_time\" content=\"2024-11-06T11:17:09+00:00\" \/>\n<meta name=\"twitter:card\" content=\"summary_large_image\" \/>\n<meta name=\"twitter:label1\" content=\"Arvioitu lukuaika\" \/>\n\t<meta name=\"twitter:data1\" content=\"1 minuutti\" \/>\n<script type=\"application\/ld+json\" class=\"yoast-schema-graph\">{\"@context\":\"https:\\\/\\\/schema.org\",\"@graph\":[{\"@type\":\"WebPage\",\"@id\":\"https:\\\/\\\/rotary.fi\\\/jyvaskylalaajavuori\\\/ajankohtaiset\\\/9-10-2024-aijalan-talo\\\/\",\"url\":\"https:\\\/\\\/rotary.fi\\\/jyvaskylalaajavuori\\\/ajankohtaiset\\\/9-10-2024-aijalan-talo\\\/\",\"name\":\"9.10.2024 \u00c4ij\u00e4l\u00e4n talo - Jyv\u00e4skyl\u00e4-Laajavuori\",\"isPartOf\":{\"@id\":\"https:\\\/\\\/rotary.fi\\\/jyvaskylalaajavuori\\\/#website\"},\"datePublished\":\"2024-11-04T06:28:20+00:00\",\"dateModified\":\"2024-11-06T11:17:09+00:00\",\"breadcrumb\":{\"@id\":\"https:\\\/\\\/rotary.fi\\\/jyvaskylalaajavuori\\\/ajankohtaiset\\\/9-10-2024-aijalan-talo\\\/#breadcrumb\"},\"inLanguage\":\"fi\",\"potentialAction\":[{\"@type\":\"ReadAction\",\"target\":[\"https:\\\/\\\/rotary.fi\\\/jyvaskylalaajavuori\\\/ajankohtaiset\\\/9-10-2024-aijalan-talo\\\/\"]}]},{\"@type\":\"BreadcrumbList\",\"@id\":\"https:\\\/\\\/rotary.fi\\\/jyvaskylalaajavuori\\\/ajankohtaiset\\\/9-10-2024-aijalan-talo\\\/#breadcrumb\",\"itemListElement\":[{\"@type\":\"ListItem\",\"position\":1,\"name\":\"Home\",\"item\":\"https:\\\/\\\/rotary.fi\\\/jyvaskylalaajavuori\\\/\"},{\"@type\":\"ListItem\",\"position\":2,\"name\":\"9.10.2024 \u00c4ij\u00e4l\u00e4n talo\"}]},{\"@type\":\"WebSite\",\"@id\":\"https:\\\/\\\/rotary.fi\\\/jyvaskylalaajavuori\\\/#website\",\"url\":\"https:\\\/\\\/rotary.fi\\\/jyvaskylalaajavuori\\\/\",\"name\":\"Jyv\u00e4skyl\u00e4-Laajavuori\",\"description\":\"Uusi Rotary klubisivusto\",\"publisher\":{\"@id\":\"https:\\\/\\\/rotary.fi\\\/jyvaskylalaajavuori\\\/#organization\"},\"alternateName\":\"Jyv\u00e4skyl\u00e4-Laajavuori Rotaryklubi\",\"potentialAction\":[{\"@type\":\"SearchAction\",\"target\":{\"@type\":\"EntryPoint\",\"urlTemplate\":\"https:\\\/\\\/rotary.fi\\\/jyvaskylalaajavuori\\\/?s={search_term_string}\"},\"query-input\":{\"@type\":\"PropertyValueSpecification\",\"valueRequired\":true,\"valueName\":\"search_term_string\"}}],\"inLanguage\":\"fi\"},{\"@type\":\"Organization\",\"@id\":\"https:\\\/\\\/rotary.fi\\\/jyvaskylalaajavuori\\\/#organization\",\"name\":\"Jyv\u00e4skyl\u00e4-Laajavuori Rotaryklubi\",\"url\":\"https:\\\/\\\/rotary.fi\\\/jyvaskylalaajavuori\\\/\",\"logo\":{\"@type\":\"ImageObject\",\"inLanguage\":\"fi\",\"@id\":\"https:\\\/\\\/rotary.fi\\\/jyvaskylalaajavuori\\\/#\\\/schema\\\/logo\\\/image\\\/\",\"url\":\"https:\\\/\\\/rotary.fi\\\/jyvaskylalaajavuori\\\/wp-content\\\/uploads\\\/sites\\\/234\\\/2018\\\/08\\\/rotary-logo-main-2.png\",\"contentUrl\":\"https:\\\/\\\/rotary.fi\\\/jyvaskylalaajavuori\\\/wp-content\\\/uploads\\\/sites\\\/234\\\/2018\\\/08\\\/rotary-logo-main-2.png\",\"width\":135,\"height\":52,\"caption\":\"Jyv\u00e4skyl\u00e4-Laajavuori Rotaryklubi\"},\"image\":{\"@id\":\"https:\\\/\\\/rotary.fi\\\/jyvaskylalaajavuori\\\/#\\\/schema\\\/logo\\\/image\\\/\"},\"sameAs\":[\"https:\\\/\\\/www.facebook.com\\\/profile.php?id=100088839516485\"]}]}<\/script>\n<!-- \/ Yoast SEO plugin. -->","yoast_head_json":{"title":"9.10.2024 \u00c4ij\u00e4l\u00e4n talo - Jyv\u00e4skyl\u00e4-Laajavuori","robots":{"index":"index","follow":"follow","max-snippet":"max-snippet:-1","max-image-preview":"max-image-preview:large","max-video-preview":"max-video-preview:-1"},"canonical":"https:\/\/rotary.fi\/jyvaskylalaajavuori\/ajankohtaiset\/9-10-2024-aijalan-talo\/","og_locale":"fi_FI","og_type":"article","og_title":"9.10.2024 \u00c4ij\u00e4l\u00e4n talo - Jyv\u00e4skyl\u00e4-Laajavuori","og_description":"Vuonna 1980 perustettiin \u00c4ij\u00e4l\u00e4n vammaisten tuki ry edist\u00e4m\u00e4\u00e4n vammaisten henkil\u00f6iden sopeutumista yhteiskuntaan. Toimipaikaksi hankittiin Vanha-\u00c4ij\u00e4l\u00e4n talo V\u00e4in\u00f6l\u00e4st\u00e4. Talo on toiminut sek\u00e4 perhekotina ett\u00e4 palveluasumisen paikkana. Talossa oli varhaisessa vaiheessa my\u00f6s lasten p\u00e4iv\u00e4hoito sek\u00e4 tuettua toimintaa. Nykyisin on tarjolla kuntouttavaa ty\u00f6toimintaa, ty\u00f6kokeilua ja ty\u00f6harjoittelua sek\u00e4 kehitysvammaisten ty\u00f6- ja p\u00e4iv\u00e4toimintaa. \u00c4ij\u00e4l\u00e4n Talossa on vuosien ajan j\u00e4rjestetty joka [&hellip;]","og_url":"https:\/\/rotary.fi\/jyvaskylalaajavuori\/ajankohtaiset\/9-10-2024-aijalan-talo\/","og_site_name":"Jyv\u00e4skyl\u00e4-Laajavuori","article_publisher":"https:\/\/www.facebook.com\/profile.php?id=100088839516485","article_modified_time":"2024-11-06T11:17:09+00:00","twitter_card":"summary_large_image","twitter_misc":{"Arvioitu lukuaika":"1 minuutti"},"schema":{"@context":"https:\/\/schema.org","@graph":[{"@type":"WebPage","@id":"https:\/\/rotary.fi\/jyvaskylalaajavuori\/ajankohtaiset\/9-10-2024-aijalan-talo\/","url":"https:\/\/rotary.fi\/jyvaskylalaajavuori\/ajankohtaiset\/9-10-2024-aijalan-talo\/","name":"9.10.2024 \u00c4ij\u00e4l\u00e4n talo - Jyv\u00e4skyl\u00e4-Laajavuori","isPartOf":{"@id":"https:\/\/rotary.fi\/jyvaskylalaajavuori\/#website"},"datePublished":"2024-11-04T06:28:20+00:00","dateModified":"2024-11-06T11:17:09+00:00","breadcrumb":{"@id":"https:\/\/rotary.fi\/jyvaskylalaajavuori\/ajankohtaiset\/9-10-2024-aijalan-talo\/#breadcrumb"},"inLanguage":"fi","potentialAction":[{"@type":"ReadAction","target":["https:\/\/rotary.fi\/jyvaskylalaajavuori\/ajankohtaiset\/9-10-2024-aijalan-talo\/"]}]},{"@type":"BreadcrumbList","@id":"https:\/\/rotary.fi\/jyvaskylalaajavuori\/ajankohtaiset\/9-10-2024-aijalan-talo\/#breadcrumb","itemListElement":[{"@type":"ListItem","position":1,"name":"Home","item":"https:\/\/rotary.fi\/jyvaskylalaajavuori\/"},{"@type":"ListItem","position":2,"name":"9.10.2024 \u00c4ij\u00e4l\u00e4n talo"}]},{"@type":"WebSite","@id":"https:\/\/rotary.fi\/jyvaskylalaajavuori\/#website","url":"https:\/\/rotary.fi\/jyvaskylalaajavuori\/","name":"Jyv\u00e4skyl\u00e4-Laajavuori","description":"Uusi Rotary klubisivusto","publisher":{"@id":"https:\/\/rotary.fi\/jyvaskylalaajavuori\/#organization"},"alternateName":"Jyv\u00e4skyl\u00e4-Laajavuori Rotaryklubi","potentialAction":[{"@type":"SearchAction","target":{"@type":"EntryPoint","urlTemplate":"https:\/\/rotary.fi\/jyvaskylalaajavuori\/?s={search_term_string}"},"query-input":{"@type":"PropertyValueSpecification","valueRequired":true,"valueName":"search_term_string"}}],"inLanguage":"fi"},{"@type":"Organization","@id":"https:\/\/rotary.fi\/jyvaskylalaajavuori\/#organization","name":"Jyv\u00e4skyl\u00e4-Laajavuori Rotaryklubi","url":"https:\/\/rotary.fi\/jyvaskylalaajavuori\/","logo":{"@type":"ImageObject","inLanguage":"fi","@id":"https:\/\/rotary.fi\/jyvaskylalaajavuori\/#\/schema\/logo\/image\/","url":"https:\/\/rotary.fi\/jyvaskylalaajavuori\/wp-content\/uploads\/sites\/234\/2018\/08\/rotary-logo-main-2.png","contentUrl":"https:\/\/rotary.fi\/jyvaskylalaajavuori\/wp-content\/uploads\/sites\/234\/2018\/08\/rotary-logo-main-2.png","width":135,"height":52,"caption":"Jyv\u00e4skyl\u00e4-Laajavuori Rotaryklubi"},"image":{"@id":"https:\/\/rotary.fi\/jyvaskylalaajavuori\/#\/schema\/logo\/image\/"},"sameAs":["https:\/\/www.facebook.com\/profile.php?id=100088839516485"]}]}},"lang":"fi","translations":{"fi":2211},"pll_sync_post":[],"_links":{"self":[{"href":"https:\/\/rotary.fi\/jyvaskylalaajavuori\/wp-json\/wp\/v2\/ajankohtaiset\/2211","targetHints":{"allow":["GET"]}}],"collection":[{"href":"https:\/\/rotary.fi\/jyvaskylalaajavuori\/wp-json\/wp\/v2\/ajankohtaiset"}],"about":[{"href":"https:\/\/rotary.fi\/jyvaskylalaajavuori\/wp-json\/wp\/v2\/types\/ajankohtaiset"}],"wp:attachment":[{"href":"https:\/\/rotary.fi\/jyvaskylalaajavuori\/wp-json\/wp\/v2\/media?parent=2211"}],"curies":[{"name":"wp","href":"https:\/\/api.w.org\/{rel}","templated":true}]}}