{"id":1998,"date":"2023-11-13T09:16:36","date_gmt":"2023-11-13T07:16:36","guid":{"rendered":"https:\/\/rotary.fi\/jyvaskylalaajavuori\/?post_type=ajankohtaiset&#038;p=1998"},"modified":"2023-11-13T09:16:36","modified_gmt":"2023-11-13T07:16:36","slug":"27-9-2023-mari-aholainen-jyvaskylan-kaupungin-kulttuuripaallikko","status":"publish","type":"ajankohtaiset","link":"https:\/\/rotary.fi\/jyvaskylalaajavuori\/ajankohtaiset\/27-9-2023-mari-aholainen-jyvaskylan-kaupungin-kulttuuripaallikko\/","title":{"rendered":"27.9.2023 Mari Aholainen, Jyv\u00e4skyl\u00e4n kaupungin kulttuurip\u00e4\u00e4llikk\u00f6"},"content":{"rendered":"<p>Jyv\u00e4skyl\u00e4n kulttuurisuunnitelmassa vuosille 2022-2025 tulevien vuosien kehitt\u00e4misalueita ovat <em>lapset ja nuoret<\/em>, <em>tilakysymykset<\/em> sek\u00e4 <em>kulttuurinen elinvoima<\/em>. Jyv\u00e4skyl\u00e4n kaupungin kulttuuriyksik\u00f6it\u00e4 on yhteens\u00e4 kahdeksan.<\/p>\n<p>Mari Aholainen kiteytti kulttuuripalvelut p\u00e4hkin\u00e4nkuoressa seuraavasti: kaupunginteatteri ja Jyv\u00e4skyl\u00e4 Sinfonia siirtyv\u00e4t v\u00e4ist\u00f6\u00f6n Paviljonkiin teatterin peruskorjauksen ajaksi 1.1.2024-26.<\/p>\n<p>Lyseon rakennus peruskorjataan kansalaisopiston ja kuvataidekoulun k\u00e4ytt\u00f6\u00f6n. Lis\u00e4ksi tutkitaan kaupunginkirjaston, Jyv\u00e4skyl\u00e4n taidemuseon ja Suomen k\u00e4sity\u00f6n museon sijoittuminen Lyseo-kortteliin. Kokonaisuudesta muodostuisi kulttuurikeskus, jossa saadaan synergiaa eri kulttuurilaitosten yhteistoiminnasta. Taiteen ja kulttuurin vapaan kent\u00e4n toimijat aktiivisia mm. Villa Ranassa. Lapsille ja erityisryhmille taidekasvatus.<\/p>\n<p>Jyv\u00e4skyl\u00e4n kaupungin vuoden 2023 talousarviossa kulttuurin ja liikunnan kokonaismenot ovat 54,4 M\u20ac, mik\u00e4 on 8% kaupungin kokonaismenoista.<\/p>\n<p>Kokouksessa oli l\u00e4sn\u00e4 20 klubin j\u00e4sent\u00e4.<\/p>\n<div id=\"attachment_1999\" style=\"width: 211px\" class=\"wp-caption alignnone\"><img loading=\"lazy\" decoding=\"async\" aria-describedby=\"caption-attachment-1999\" class=\"size-medium wp-image-1999\" src=\"https:\/\/rotary.fi\/jyvaskylalaajavuori\/wp-content\/uploads\/sites\/234\/2023\/11\/image-50448641-201x300.jpg\" alt=\"\" width=\"201\" height=\"300\" \/><p id=\"caption-attachment-1999\" class=\"wp-caption-text\">Kulttuurip\u00e4\u00e4llikk\u00f6 Mari Aholainen<\/p><\/div>\n<p>Teksti ja kuva Marketta M\u00e4kinen<\/p>\n","protected":false},"template":"","class_list":["post-1998","ajankohtaiset","type-ajankohtaiset","status-publish","hentry"],"acf":[],"yoast_head":"<!-- This site is optimized with the Yoast SEO plugin v27.4 - https:\/\/yoast.com\/product\/yoast-seo-wordpress\/ -->\n<title>27.9.2023 Mari Aholainen, Jyv\u00e4skyl\u00e4n kaupungin kulttuurip\u00e4\u00e4llikk\u00f6 - Jyv\u00e4skyl\u00e4-Laajavuori<\/title>\n<meta name=\"robots\" content=\"index, follow, max-snippet:-1, max-image-preview:large, max-video-preview:-1\" \/>\n<link rel=\"canonical\" href=\"https:\/\/rotary.fi\/jyvaskylalaajavuori\/ajankohtaiset\/27-9-2023-mari-aholainen-jyvaskylan-kaupungin-kulttuuripaallikko\/\" \/>\n<meta property=\"og:locale\" content=\"fi_FI\" \/>\n<meta property=\"og:type\" content=\"article\" \/>\n<meta property=\"og:title\" content=\"27.9.2023 Mari Aholainen, Jyv\u00e4skyl\u00e4n kaupungin kulttuurip\u00e4\u00e4llikk\u00f6 - Jyv\u00e4skyl\u00e4-Laajavuori\" \/>\n<meta property=\"og:description\" content=\"Jyv\u00e4skyl\u00e4n kulttuurisuunnitelmassa vuosille 2022-2025 tulevien vuosien kehitt\u00e4misalueita ovat lapset ja nuoret, tilakysymykset sek\u00e4 kulttuurinen elinvoima. Jyv\u00e4skyl\u00e4n kaupungin kulttuuriyksik\u00f6it\u00e4 on yhteens\u00e4 kahdeksan. Mari Aholainen kiteytti kulttuuripalvelut p\u00e4hkin\u00e4nkuoressa seuraavasti: kaupunginteatteri ja Jyv\u00e4skyl\u00e4 Sinfonia siirtyv\u00e4t v\u00e4ist\u00f6\u00f6n Paviljonkiin teatterin peruskorjauksen ajaksi 1.1.2024-26. Lyseon rakennus peruskorjataan kansalaisopiston ja kuvataidekoulun k\u00e4ytt\u00f6\u00f6n. Lis\u00e4ksi tutkitaan kaupunginkirjaston, Jyv\u00e4skyl\u00e4n taidemuseon ja Suomen k\u00e4sity\u00f6n museon sijoittuminen [&hellip;]\" \/>\n<meta property=\"og:url\" content=\"https:\/\/rotary.fi\/jyvaskylalaajavuori\/ajankohtaiset\/27-9-2023-mari-aholainen-jyvaskylan-kaupungin-kulttuuripaallikko\/\" \/>\n<meta property=\"og:site_name\" content=\"Jyv\u00e4skyl\u00e4-Laajavuori\" \/>\n<meta property=\"article:publisher\" content=\"https:\/\/www.facebook.com\/profile.php?id=100088839516485\" \/>\n<meta property=\"og:image\" content=\"https:\/\/rotary.fi\/jyvaskylalaajavuori\/wp-content\/uploads\/sites\/234\/2023\/11\/image-50448641-201x300.jpg\" \/>\n<meta name=\"twitter:card\" content=\"summary_large_image\" \/>\n<meta name=\"twitter:label1\" content=\"Arvioitu lukuaika\" \/>\n\t<meta name=\"twitter:data1\" content=\"1 minuutti\" \/>\n<script type=\"application\/ld+json\" class=\"yoast-schema-graph\">{\"@context\":\"https:\\\/\\\/schema.org\",\"@graph\":[{\"@type\":\"WebPage\",\"@id\":\"https:\\\/\\\/rotary.fi\\\/jyvaskylalaajavuori\\\/ajankohtaiset\\\/27-9-2023-mari-aholainen-jyvaskylan-kaupungin-kulttuuripaallikko\\\/\",\"url\":\"https:\\\/\\\/rotary.fi\\\/jyvaskylalaajavuori\\\/ajankohtaiset\\\/27-9-2023-mari-aholainen-jyvaskylan-kaupungin-kulttuuripaallikko\\\/\",\"name\":\"27.9.2023 Mari Aholainen, Jyv\u00e4skyl\u00e4n kaupungin kulttuurip\u00e4\u00e4llikk\u00f6 - Jyv\u00e4skyl\u00e4-Laajavuori\",\"isPartOf\":{\"@id\":\"https:\\\/\\\/rotary.fi\\\/jyvaskylalaajavuori\\\/#website\"},\"primaryImageOfPage\":{\"@id\":\"https:\\\/\\\/rotary.fi\\\/jyvaskylalaajavuori\\\/ajankohtaiset\\\/27-9-2023-mari-aholainen-jyvaskylan-kaupungin-kulttuuripaallikko\\\/#primaryimage\"},\"image\":{\"@id\":\"https:\\\/\\\/rotary.fi\\\/jyvaskylalaajavuori\\\/ajankohtaiset\\\/27-9-2023-mari-aholainen-jyvaskylan-kaupungin-kulttuuripaallikko\\\/#primaryimage\"},\"thumbnailUrl\":\"https:\\\/\\\/rotary.fi\\\/jyvaskylalaajavuori\\\/wp-content\\\/uploads\\\/sites\\\/234\\\/2023\\\/11\\\/image-50448641-201x300.jpg\",\"datePublished\":\"2023-11-13T07:16:36+00:00\",\"breadcrumb\":{\"@id\":\"https:\\\/\\\/rotary.fi\\\/jyvaskylalaajavuori\\\/ajankohtaiset\\\/27-9-2023-mari-aholainen-jyvaskylan-kaupungin-kulttuuripaallikko\\\/#breadcrumb\"},\"inLanguage\":\"fi\",\"potentialAction\":[{\"@type\":\"ReadAction\",\"target\":[\"https:\\\/\\\/rotary.fi\\\/jyvaskylalaajavuori\\\/ajankohtaiset\\\/27-9-2023-mari-aholainen-jyvaskylan-kaupungin-kulttuuripaallikko\\\/\"]}]},{\"@type\":\"ImageObject\",\"inLanguage\":\"fi\",\"@id\":\"https:\\\/\\\/rotary.fi\\\/jyvaskylalaajavuori\\\/ajankohtaiset\\\/27-9-2023-mari-aholainen-jyvaskylan-kaupungin-kulttuuripaallikko\\\/#primaryimage\",\"url\":\"https:\\\/\\\/rotary.fi\\\/jyvaskylalaajavuori\\\/wp-content\\\/uploads\\\/sites\\\/234\\\/2023\\\/11\\\/image-50448641.jpg\",\"contentUrl\":\"https:\\\/\\\/rotary.fi\\\/jyvaskylalaajavuori\\\/wp-content\\\/uploads\\\/sites\\\/234\\\/2023\\\/11\\\/image-50448641.jpg\",\"width\":919,\"height\":1374,\"caption\":\"Kulttuurip\u00e4\u00e4llikk\u00f6 Mari Aholainen\"},{\"@type\":\"BreadcrumbList\",\"@id\":\"https:\\\/\\\/rotary.fi\\\/jyvaskylalaajavuori\\\/ajankohtaiset\\\/27-9-2023-mari-aholainen-jyvaskylan-kaupungin-kulttuuripaallikko\\\/#breadcrumb\",\"itemListElement\":[{\"@type\":\"ListItem\",\"position\":1,\"name\":\"Home\",\"item\":\"https:\\\/\\\/rotary.fi\\\/jyvaskylalaajavuori\\\/\"},{\"@type\":\"ListItem\",\"position\":2,\"name\":\"27.9.2023 Mari Aholainen, Jyv\u00e4skyl\u00e4n kaupungin kulttuurip\u00e4\u00e4llikk\u00f6\"}]},{\"@type\":\"WebSite\",\"@id\":\"https:\\\/\\\/rotary.fi\\\/jyvaskylalaajavuori\\\/#website\",\"url\":\"https:\\\/\\\/rotary.fi\\\/jyvaskylalaajavuori\\\/\",\"name\":\"Jyv\u00e4skyl\u00e4-Laajavuori\",\"description\":\"Uusi Rotary klubisivusto\",\"publisher\":{\"@id\":\"https:\\\/\\\/rotary.fi\\\/jyvaskylalaajavuori\\\/#organization\"},\"alternateName\":\"Jyv\u00e4skyl\u00e4-Laajavuori Rotaryklubi\",\"potentialAction\":[{\"@type\":\"SearchAction\",\"target\":{\"@type\":\"EntryPoint\",\"urlTemplate\":\"https:\\\/\\\/rotary.fi\\\/jyvaskylalaajavuori\\\/?s={search_term_string}\"},\"query-input\":{\"@type\":\"PropertyValueSpecification\",\"valueRequired\":true,\"valueName\":\"search_term_string\"}}],\"inLanguage\":\"fi\"},{\"@type\":\"Organization\",\"@id\":\"https:\\\/\\\/rotary.fi\\\/jyvaskylalaajavuori\\\/#organization\",\"name\":\"Jyv\u00e4skyl\u00e4-Laajavuori Rotaryklubi\",\"url\":\"https:\\\/\\\/rotary.fi\\\/jyvaskylalaajavuori\\\/\",\"logo\":{\"@type\":\"ImageObject\",\"inLanguage\":\"fi\",\"@id\":\"https:\\\/\\\/rotary.fi\\\/jyvaskylalaajavuori\\\/#\\\/schema\\\/logo\\\/image\\\/\",\"url\":\"https:\\\/\\\/rotary.fi\\\/jyvaskylalaajavuori\\\/wp-content\\\/uploads\\\/sites\\\/234\\\/2018\\\/08\\\/rotary-logo-main-2.png\",\"contentUrl\":\"https:\\\/\\\/rotary.fi\\\/jyvaskylalaajavuori\\\/wp-content\\\/uploads\\\/sites\\\/234\\\/2018\\\/08\\\/rotary-logo-main-2.png\",\"width\":135,\"height\":52,\"caption\":\"Jyv\u00e4skyl\u00e4-Laajavuori Rotaryklubi\"},\"image\":{\"@id\":\"https:\\\/\\\/rotary.fi\\\/jyvaskylalaajavuori\\\/#\\\/schema\\\/logo\\\/image\\\/\"},\"sameAs\":[\"https:\\\/\\\/www.facebook.com\\\/profile.php?id=100088839516485\"]}]}<\/script>\n<!-- \/ Yoast SEO plugin. -->","yoast_head_json":{"title":"27.9.2023 Mari Aholainen, Jyv\u00e4skyl\u00e4n kaupungin kulttuurip\u00e4\u00e4llikk\u00f6 - Jyv\u00e4skyl\u00e4-Laajavuori","robots":{"index":"index","follow":"follow","max-snippet":"max-snippet:-1","max-image-preview":"max-image-preview:large","max-video-preview":"max-video-preview:-1"},"canonical":"https:\/\/rotary.fi\/jyvaskylalaajavuori\/ajankohtaiset\/27-9-2023-mari-aholainen-jyvaskylan-kaupungin-kulttuuripaallikko\/","og_locale":"fi_FI","og_type":"article","og_title":"27.9.2023 Mari Aholainen, Jyv\u00e4skyl\u00e4n kaupungin kulttuurip\u00e4\u00e4llikk\u00f6 - Jyv\u00e4skyl\u00e4-Laajavuori","og_description":"Jyv\u00e4skyl\u00e4n kulttuurisuunnitelmassa vuosille 2022-2025 tulevien vuosien kehitt\u00e4misalueita ovat lapset ja nuoret, tilakysymykset sek\u00e4 kulttuurinen elinvoima. Jyv\u00e4skyl\u00e4n kaupungin kulttuuriyksik\u00f6it\u00e4 on yhteens\u00e4 kahdeksan. Mari Aholainen kiteytti kulttuuripalvelut p\u00e4hkin\u00e4nkuoressa seuraavasti: kaupunginteatteri ja Jyv\u00e4skyl\u00e4 Sinfonia siirtyv\u00e4t v\u00e4ist\u00f6\u00f6n Paviljonkiin teatterin peruskorjauksen ajaksi 1.1.2024-26. Lyseon rakennus peruskorjataan kansalaisopiston ja kuvataidekoulun k\u00e4ytt\u00f6\u00f6n. Lis\u00e4ksi tutkitaan kaupunginkirjaston, Jyv\u00e4skyl\u00e4n taidemuseon ja Suomen k\u00e4sity\u00f6n museon sijoittuminen [&hellip;]","og_url":"https:\/\/rotary.fi\/jyvaskylalaajavuori\/ajankohtaiset\/27-9-2023-mari-aholainen-jyvaskylan-kaupungin-kulttuuripaallikko\/","og_site_name":"Jyv\u00e4skyl\u00e4-Laajavuori","article_publisher":"https:\/\/www.facebook.com\/profile.php?id=100088839516485","og_image":[{"url":"https:\/\/rotary.fi\/jyvaskylalaajavuori\/wp-content\/uploads\/sites\/234\/2023\/11\/image-50448641-201x300.jpg","type":"","width":"","height":""}],"twitter_card":"summary_large_image","twitter_misc":{"Arvioitu lukuaika":"1 minuutti"},"schema":{"@context":"https:\/\/schema.org","@graph":[{"@type":"WebPage","@id":"https:\/\/rotary.fi\/jyvaskylalaajavuori\/ajankohtaiset\/27-9-2023-mari-aholainen-jyvaskylan-kaupungin-kulttuuripaallikko\/","url":"https:\/\/rotary.fi\/jyvaskylalaajavuori\/ajankohtaiset\/27-9-2023-mari-aholainen-jyvaskylan-kaupungin-kulttuuripaallikko\/","name":"27.9.2023 Mari Aholainen, Jyv\u00e4skyl\u00e4n kaupungin kulttuurip\u00e4\u00e4llikk\u00f6 - Jyv\u00e4skyl\u00e4-Laajavuori","isPartOf":{"@id":"https:\/\/rotary.fi\/jyvaskylalaajavuori\/#website"},"primaryImageOfPage":{"@id":"https:\/\/rotary.fi\/jyvaskylalaajavuori\/ajankohtaiset\/27-9-2023-mari-aholainen-jyvaskylan-kaupungin-kulttuuripaallikko\/#primaryimage"},"image":{"@id":"https:\/\/rotary.fi\/jyvaskylalaajavuori\/ajankohtaiset\/27-9-2023-mari-aholainen-jyvaskylan-kaupungin-kulttuuripaallikko\/#primaryimage"},"thumbnailUrl":"https:\/\/rotary.fi\/jyvaskylalaajavuori\/wp-content\/uploads\/sites\/234\/2023\/11\/image-50448641-201x300.jpg","datePublished":"2023-11-13T07:16:36+00:00","breadcrumb":{"@id":"https:\/\/rotary.fi\/jyvaskylalaajavuori\/ajankohtaiset\/27-9-2023-mari-aholainen-jyvaskylan-kaupungin-kulttuuripaallikko\/#breadcrumb"},"inLanguage":"fi","potentialAction":[{"@type":"ReadAction","target":["https:\/\/rotary.fi\/jyvaskylalaajavuori\/ajankohtaiset\/27-9-2023-mari-aholainen-jyvaskylan-kaupungin-kulttuuripaallikko\/"]}]},{"@type":"ImageObject","inLanguage":"fi","@id":"https:\/\/rotary.fi\/jyvaskylalaajavuori\/ajankohtaiset\/27-9-2023-mari-aholainen-jyvaskylan-kaupungin-kulttuuripaallikko\/#primaryimage","url":"https:\/\/rotary.fi\/jyvaskylalaajavuori\/wp-content\/uploads\/sites\/234\/2023\/11\/image-50448641.jpg","contentUrl":"https:\/\/rotary.fi\/jyvaskylalaajavuori\/wp-content\/uploads\/sites\/234\/2023\/11\/image-50448641.jpg","width":919,"height":1374,"caption":"Kulttuurip\u00e4\u00e4llikk\u00f6 Mari Aholainen"},{"@type":"BreadcrumbList","@id":"https:\/\/rotary.fi\/jyvaskylalaajavuori\/ajankohtaiset\/27-9-2023-mari-aholainen-jyvaskylan-kaupungin-kulttuuripaallikko\/#breadcrumb","itemListElement":[{"@type":"ListItem","position":1,"name":"Home","item":"https:\/\/rotary.fi\/jyvaskylalaajavuori\/"},{"@type":"ListItem","position":2,"name":"27.9.2023 Mari Aholainen, Jyv\u00e4skyl\u00e4n kaupungin kulttuurip\u00e4\u00e4llikk\u00f6"}]},{"@type":"WebSite","@id":"https:\/\/rotary.fi\/jyvaskylalaajavuori\/#website","url":"https:\/\/rotary.fi\/jyvaskylalaajavuori\/","name":"Jyv\u00e4skyl\u00e4-Laajavuori","description":"Uusi Rotary klubisivusto","publisher":{"@id":"https:\/\/rotary.fi\/jyvaskylalaajavuori\/#organization"},"alternateName":"Jyv\u00e4skyl\u00e4-Laajavuori Rotaryklubi","potentialAction":[{"@type":"SearchAction","target":{"@type":"EntryPoint","urlTemplate":"https:\/\/rotary.fi\/jyvaskylalaajavuori\/?s={search_term_string}"},"query-input":{"@type":"PropertyValueSpecification","valueRequired":true,"valueName":"search_term_string"}}],"inLanguage":"fi"},{"@type":"Organization","@id":"https:\/\/rotary.fi\/jyvaskylalaajavuori\/#organization","name":"Jyv\u00e4skyl\u00e4-Laajavuori Rotaryklubi","url":"https:\/\/rotary.fi\/jyvaskylalaajavuori\/","logo":{"@type":"ImageObject","inLanguage":"fi","@id":"https:\/\/rotary.fi\/jyvaskylalaajavuori\/#\/schema\/logo\/image\/","url":"https:\/\/rotary.fi\/jyvaskylalaajavuori\/wp-content\/uploads\/sites\/234\/2018\/08\/rotary-logo-main-2.png","contentUrl":"https:\/\/rotary.fi\/jyvaskylalaajavuori\/wp-content\/uploads\/sites\/234\/2018\/08\/rotary-logo-main-2.png","width":135,"height":52,"caption":"Jyv\u00e4skyl\u00e4-Laajavuori Rotaryklubi"},"image":{"@id":"https:\/\/rotary.fi\/jyvaskylalaajavuori\/#\/schema\/logo\/image\/"},"sameAs":["https:\/\/www.facebook.com\/profile.php?id=100088839516485"]}]}},"lang":"fi","translations":{"fi":1998},"pll_sync_post":[],"_links":{"self":[{"href":"https:\/\/rotary.fi\/jyvaskylalaajavuori\/wp-json\/wp\/v2\/ajankohtaiset\/1998","targetHints":{"allow":["GET"]}}],"collection":[{"href":"https:\/\/rotary.fi\/jyvaskylalaajavuori\/wp-json\/wp\/v2\/ajankohtaiset"}],"about":[{"href":"https:\/\/rotary.fi\/jyvaskylalaajavuori\/wp-json\/wp\/v2\/types\/ajankohtaiset"}],"wp:attachment":[{"href":"https:\/\/rotary.fi\/jyvaskylalaajavuori\/wp-json\/wp\/v2\/media?parent=1998"}],"curies":[{"name":"wp","href":"https:\/\/api.w.org\/{rel}","templated":true}]}}