{"id":1982,"date":"2023-09-12T19:43:28","date_gmt":"2023-09-12T16:43:28","guid":{"rendered":"https:\/\/rotary.fi\/jyvaskylalaajavuori\/?post_type=ajankohtaiset&#038;p=1982"},"modified":"2023-09-12T19:43:28","modified_gmt":"2023-09-12T16:43:28","slug":"aaltomuseovierailu-6-9-2023","status":"publish","type":"ajankohtaiset","link":"https:\/\/rotary.fi\/jyvaskylalaajavuori\/ajankohtaiset\/aaltomuseovierailu-6-9-2023\/","title":{"rendered":"Aaltomuseovierailu 6.9.2023"},"content":{"rendered":"<p>Rotarit avec, \u00a021 henkil\u00f6\u00e4, vieraili Alvar Aallon arkkitehtuurin j\u00e4ljill\u00e4 1920 -1970 -luvulle Aaltomuseolla 6.9.2023. Erinomaisena oppaana toimi Heli Ylikoski, kiitos! Aallon h\u00e4\u00e4matka Ainon kanssa suuntautui Italiaan 20-luvulla. J\u00e4lki n\u00e4kyy Jyv\u00e4skyl\u00e4n ty\u00f6v\u00e4en talon arkkitehtuurissa 20-luvulla. Aallon perhe muutti suureen Turkuun ja tyyli muuttui Turun maalaisten talossa, Paimion parantolassa sek\u00e4 Viipurin kirjastossa 30-luvulla. Artek tuli mukaan 1935 huonekalujen markkinointiin. Kotimainen rauduskoivuviilu taipui uudella tavalla huonekaluiksi Otto Korhosen avustuksella. 40-luvulla Aalto keskittyi pientalojen ja asumisen kehitt\u00e4miseen. Sotien j\u00e4lkeen tuli saada toimivia koteja eri kokoisille perheille. Aino kuoli 1949 ja Elisa astui Alvari ty\u00f6pariksi 1952. 50-luvulla syntyi Muuratsalon koetalo ja maailman kuulu S\u00e4yn\u00e4tsalon kunnantalo kuntayhteis\u00f6n k\u00e4ytt\u00f6\u00f6n. Elettiin punatiilikautta. Jyv\u00e4skyl\u00e4n kasvatusopillisen korkeakoulun uudisrakennukset l\u00e4htiv\u00e4t Aallon piirustusp\u00f6yd\u00e4lle ja toteutukseen. Aalto tunsi kampuksen hyvin. Sitten rakennettiin kansalaisten olohuoneita, Imatralle kolmen ristin kirkko ja Sein\u00e4joelle. Wolfsburgiin syntyi kulttuurikeskus massiiviseen kaupunkiymp\u00e4rist\u00f6\u00f6n hyvin sopien. Finlandiatalon Aalto suunnitteli 1962 ja se valmistui 1971. Kaikki ei aina ihan onnistunut. Valittu marmori oli sopimaton ja akustiikka kehnonpuoleinen. Mutta Aaltojen el\u00e4m\u00e4nty\u00f6 on vertaansa vailla. Se kuuluisi Maailmanperint\u00f6\u00f6n modernin arkkitehtuurin n\u00e4ytteen\u00e4. 2025 vuonna tulee valintaan 13 uutta kohdetta. Toivotaan Aallon el\u00e4m\u00e4nty\u00f6n 1898-1976 p\u00e4\u00e4ttyv\u00e4n Maailmanperint\u00f6\u00f6n.<\/p>\n<div id=\"attachment_1983\" style=\"width: 310px\" class=\"wp-caption alignnone\"><img loading=\"lazy\" decoding=\"async\" aria-describedby=\"caption-attachment-1983\" class=\"size-medium wp-image-1983\" src=\"https:\/\/rotary.fi\/jyvaskylalaajavuori\/wp-content\/uploads\/sites\/234\/2023\/09\/dsc-4629-300x200.jpg\" alt=\"\" width=\"300\" height=\"200\" \/><p id=\"caption-attachment-1983\" class=\"wp-caption-text\">Aallon arkkitehtuurin j\u00e4ljill\u00e4 vieraili ryhm\u00e4mme ja oli hyvin tyytyv\u00e4inen n\u00e4kem\u00e4\u00e4ns\u00e4 ja kuulemaansa erinomaiseen tunnin opastukseen museolla 6.9.-23.<\/p><\/div>\n<div id=\"attachment_1984\" style=\"width: 310px\" class=\"wp-caption alignnone\"><img loading=\"lazy\" decoding=\"async\" aria-describedby=\"caption-attachment-1984\" class=\"size-medium wp-image-1984\" src=\"https:\/\/rotary.fi\/jyvaskylalaajavuori\/wp-content\/uploads\/sites\/234\/2023\/09\/dsc-4630-300x200.jpg\" alt=\"\" width=\"300\" height=\"200\" \/><p id=\"caption-attachment-1984\" class=\"wp-caption-text\">Erinomainen opas tekee museok\u00e4ynnist\u00e4 nautinnollisen. Kiitos Heli Ylikoski!<\/p><\/div>\n<p>&nbsp;<\/p>\n<p>Kuvat ja teksti: Petri Kilpinen<\/p>\n","protected":false},"template":"","class_list":["post-1982","ajankohtaiset","type-ajankohtaiset","status-publish","hentry"],"acf":[],"yoast_head":"<!-- This site is optimized with the Yoast SEO plugin v27.4 - https:\/\/yoast.com\/product\/yoast-seo-wordpress\/ -->\n<title>Aaltomuseovierailu 6.9.2023 - Jyv\u00e4skyl\u00e4-Laajavuori<\/title>\n<meta name=\"robots\" content=\"index, follow, max-snippet:-1, max-image-preview:large, max-video-preview:-1\" \/>\n<link rel=\"canonical\" href=\"https:\/\/rotary.fi\/jyvaskylalaajavuori\/ajankohtaiset\/aaltomuseovierailu-6-9-2023\/\" \/>\n<meta property=\"og:locale\" content=\"fi_FI\" \/>\n<meta property=\"og:type\" content=\"article\" \/>\n<meta property=\"og:title\" content=\"Aaltomuseovierailu 6.9.2023 - Jyv\u00e4skyl\u00e4-Laajavuori\" \/>\n<meta property=\"og:description\" content=\"Rotarit avec, \u00a021 henkil\u00f6\u00e4, vieraili Alvar Aallon arkkitehtuurin j\u00e4ljill\u00e4 1920 -1970 -luvulle Aaltomuseolla 6.9.2023. Erinomaisena oppaana toimi Heli Ylikoski, kiitos! Aallon h\u00e4\u00e4matka Ainon kanssa suuntautui Italiaan 20-luvulla. J\u00e4lki n\u00e4kyy Jyv\u00e4skyl\u00e4n ty\u00f6v\u00e4en talon arkkitehtuurissa 20-luvulla. Aallon perhe muutti suureen Turkuun ja tyyli muuttui Turun maalaisten talossa, Paimion parantolassa sek\u00e4 Viipurin kirjastossa 30-luvulla. Artek tuli mukaan 1935 [&hellip;]\" \/>\n<meta property=\"og:url\" content=\"https:\/\/rotary.fi\/jyvaskylalaajavuori\/ajankohtaiset\/aaltomuseovierailu-6-9-2023\/\" \/>\n<meta property=\"og:site_name\" content=\"Jyv\u00e4skyl\u00e4-Laajavuori\" \/>\n<meta property=\"article:publisher\" content=\"https:\/\/www.facebook.com\/profile.php?id=100088839516485\" \/>\n<meta property=\"og:image\" content=\"https:\/\/rotary.fi\/jyvaskylalaajavuori\/wp-content\/uploads\/sites\/234\/2023\/09\/dsc-4629-300x200.jpg\" \/>\n<meta name=\"twitter:card\" content=\"summary_large_image\" \/>\n<meta name=\"twitter:label1\" content=\"Arvioitu lukuaika\" \/>\n\t<meta name=\"twitter:data1\" content=\"2 minuuttia\" \/>\n<script type=\"application\/ld+json\" class=\"yoast-schema-graph\">{\"@context\":\"https:\\\/\\\/schema.org\",\"@graph\":[{\"@type\":\"WebPage\",\"@id\":\"https:\\\/\\\/rotary.fi\\\/jyvaskylalaajavuori\\\/ajankohtaiset\\\/aaltomuseovierailu-6-9-2023\\\/\",\"url\":\"https:\\\/\\\/rotary.fi\\\/jyvaskylalaajavuori\\\/ajankohtaiset\\\/aaltomuseovierailu-6-9-2023\\\/\",\"name\":\"Aaltomuseovierailu 6.9.2023 - Jyv\u00e4skyl\u00e4-Laajavuori\",\"isPartOf\":{\"@id\":\"https:\\\/\\\/rotary.fi\\\/jyvaskylalaajavuori\\\/#website\"},\"primaryImageOfPage\":{\"@id\":\"https:\\\/\\\/rotary.fi\\\/jyvaskylalaajavuori\\\/ajankohtaiset\\\/aaltomuseovierailu-6-9-2023\\\/#primaryimage\"},\"image\":{\"@id\":\"https:\\\/\\\/rotary.fi\\\/jyvaskylalaajavuori\\\/ajankohtaiset\\\/aaltomuseovierailu-6-9-2023\\\/#primaryimage\"},\"thumbnailUrl\":\"https:\\\/\\\/rotary.fi\\\/jyvaskylalaajavuori\\\/wp-content\\\/uploads\\\/sites\\\/234\\\/2023\\\/09\\\/dsc-4629-300x200.jpg\",\"datePublished\":\"2023-09-12T16:43:28+00:00\",\"breadcrumb\":{\"@id\":\"https:\\\/\\\/rotary.fi\\\/jyvaskylalaajavuori\\\/ajankohtaiset\\\/aaltomuseovierailu-6-9-2023\\\/#breadcrumb\"},\"inLanguage\":\"fi\",\"potentialAction\":[{\"@type\":\"ReadAction\",\"target\":[\"https:\\\/\\\/rotary.fi\\\/jyvaskylalaajavuori\\\/ajankohtaiset\\\/aaltomuseovierailu-6-9-2023\\\/\"]}]},{\"@type\":\"ImageObject\",\"inLanguage\":\"fi\",\"@id\":\"https:\\\/\\\/rotary.fi\\\/jyvaskylalaajavuori\\\/ajankohtaiset\\\/aaltomuseovierailu-6-9-2023\\\/#primaryimage\",\"url\":\"https:\\\/\\\/rotary.fi\\\/jyvaskylalaajavuori\\\/wp-content\\\/uploads\\\/sites\\\/234\\\/2023\\\/09\\\/dsc-4629.jpg\",\"contentUrl\":\"https:\\\/\\\/rotary.fi\\\/jyvaskylalaajavuori\\\/wp-content\\\/uploads\\\/sites\\\/234\\\/2023\\\/09\\\/dsc-4629.jpg\",\"width\":2048,\"height\":1367,\"caption\":\"Aallon arkkitehtuurin j\u00e4ljill\u00e4 vieraili ryhm\u00e4mme ja oli hyvin tyytyv\u00e4inen n\u00e4kem\u00e4\u00e4ns\u00e4 ja kuulemaansa erinomaiseen tunnin opastukseen museolla 6.9.-23.\"},{\"@type\":\"BreadcrumbList\",\"@id\":\"https:\\\/\\\/rotary.fi\\\/jyvaskylalaajavuori\\\/ajankohtaiset\\\/aaltomuseovierailu-6-9-2023\\\/#breadcrumb\",\"itemListElement\":[{\"@type\":\"ListItem\",\"position\":1,\"name\":\"Home\",\"item\":\"https:\\\/\\\/rotary.fi\\\/jyvaskylalaajavuori\\\/\"},{\"@type\":\"ListItem\",\"position\":2,\"name\":\"Aaltomuseovierailu 6.9.2023\"}]},{\"@type\":\"WebSite\",\"@id\":\"https:\\\/\\\/rotary.fi\\\/jyvaskylalaajavuori\\\/#website\",\"url\":\"https:\\\/\\\/rotary.fi\\\/jyvaskylalaajavuori\\\/\",\"name\":\"Jyv\u00e4skyl\u00e4-Laajavuori\",\"description\":\"Uusi Rotary klubisivusto\",\"publisher\":{\"@id\":\"https:\\\/\\\/rotary.fi\\\/jyvaskylalaajavuori\\\/#organization\"},\"alternateName\":\"Jyv\u00e4skyl\u00e4-Laajavuori Rotaryklubi\",\"potentialAction\":[{\"@type\":\"SearchAction\",\"target\":{\"@type\":\"EntryPoint\",\"urlTemplate\":\"https:\\\/\\\/rotary.fi\\\/jyvaskylalaajavuori\\\/?s={search_term_string}\"},\"query-input\":{\"@type\":\"PropertyValueSpecification\",\"valueRequired\":true,\"valueName\":\"search_term_string\"}}],\"inLanguage\":\"fi\"},{\"@type\":\"Organization\",\"@id\":\"https:\\\/\\\/rotary.fi\\\/jyvaskylalaajavuori\\\/#organization\",\"name\":\"Jyv\u00e4skyl\u00e4-Laajavuori Rotaryklubi\",\"url\":\"https:\\\/\\\/rotary.fi\\\/jyvaskylalaajavuori\\\/\",\"logo\":{\"@type\":\"ImageObject\",\"inLanguage\":\"fi\",\"@id\":\"https:\\\/\\\/rotary.fi\\\/jyvaskylalaajavuori\\\/#\\\/schema\\\/logo\\\/image\\\/\",\"url\":\"https:\\\/\\\/rotary.fi\\\/jyvaskylalaajavuori\\\/wp-content\\\/uploads\\\/sites\\\/234\\\/2018\\\/08\\\/rotary-logo-main-2.png\",\"contentUrl\":\"https:\\\/\\\/rotary.fi\\\/jyvaskylalaajavuori\\\/wp-content\\\/uploads\\\/sites\\\/234\\\/2018\\\/08\\\/rotary-logo-main-2.png\",\"width\":135,\"height\":52,\"caption\":\"Jyv\u00e4skyl\u00e4-Laajavuori Rotaryklubi\"},\"image\":{\"@id\":\"https:\\\/\\\/rotary.fi\\\/jyvaskylalaajavuori\\\/#\\\/schema\\\/logo\\\/image\\\/\"},\"sameAs\":[\"https:\\\/\\\/www.facebook.com\\\/profile.php?id=100088839516485\"]}]}<\/script>\n<!-- \/ Yoast SEO plugin. -->","yoast_head_json":{"title":"Aaltomuseovierailu 6.9.2023 - Jyv\u00e4skyl\u00e4-Laajavuori","robots":{"index":"index","follow":"follow","max-snippet":"max-snippet:-1","max-image-preview":"max-image-preview:large","max-video-preview":"max-video-preview:-1"},"canonical":"https:\/\/rotary.fi\/jyvaskylalaajavuori\/ajankohtaiset\/aaltomuseovierailu-6-9-2023\/","og_locale":"fi_FI","og_type":"article","og_title":"Aaltomuseovierailu 6.9.2023 - Jyv\u00e4skyl\u00e4-Laajavuori","og_description":"Rotarit avec, \u00a021 henkil\u00f6\u00e4, vieraili Alvar Aallon arkkitehtuurin j\u00e4ljill\u00e4 1920 -1970 -luvulle Aaltomuseolla 6.9.2023. Erinomaisena oppaana toimi Heli Ylikoski, kiitos! Aallon h\u00e4\u00e4matka Ainon kanssa suuntautui Italiaan 20-luvulla. J\u00e4lki n\u00e4kyy Jyv\u00e4skyl\u00e4n ty\u00f6v\u00e4en talon arkkitehtuurissa 20-luvulla. Aallon perhe muutti suureen Turkuun ja tyyli muuttui Turun maalaisten talossa, Paimion parantolassa sek\u00e4 Viipurin kirjastossa 30-luvulla. Artek tuli mukaan 1935 [&hellip;]","og_url":"https:\/\/rotary.fi\/jyvaskylalaajavuori\/ajankohtaiset\/aaltomuseovierailu-6-9-2023\/","og_site_name":"Jyv\u00e4skyl\u00e4-Laajavuori","article_publisher":"https:\/\/www.facebook.com\/profile.php?id=100088839516485","og_image":[{"url":"https:\/\/rotary.fi\/jyvaskylalaajavuori\/wp-content\/uploads\/sites\/234\/2023\/09\/dsc-4629-300x200.jpg","type":"","width":"","height":""}],"twitter_card":"summary_large_image","twitter_misc":{"Arvioitu lukuaika":"2 minuuttia"},"schema":{"@context":"https:\/\/schema.org","@graph":[{"@type":"WebPage","@id":"https:\/\/rotary.fi\/jyvaskylalaajavuori\/ajankohtaiset\/aaltomuseovierailu-6-9-2023\/","url":"https:\/\/rotary.fi\/jyvaskylalaajavuori\/ajankohtaiset\/aaltomuseovierailu-6-9-2023\/","name":"Aaltomuseovierailu 6.9.2023 - Jyv\u00e4skyl\u00e4-Laajavuori","isPartOf":{"@id":"https:\/\/rotary.fi\/jyvaskylalaajavuori\/#website"},"primaryImageOfPage":{"@id":"https:\/\/rotary.fi\/jyvaskylalaajavuori\/ajankohtaiset\/aaltomuseovierailu-6-9-2023\/#primaryimage"},"image":{"@id":"https:\/\/rotary.fi\/jyvaskylalaajavuori\/ajankohtaiset\/aaltomuseovierailu-6-9-2023\/#primaryimage"},"thumbnailUrl":"https:\/\/rotary.fi\/jyvaskylalaajavuori\/wp-content\/uploads\/sites\/234\/2023\/09\/dsc-4629-300x200.jpg","datePublished":"2023-09-12T16:43:28+00:00","breadcrumb":{"@id":"https:\/\/rotary.fi\/jyvaskylalaajavuori\/ajankohtaiset\/aaltomuseovierailu-6-9-2023\/#breadcrumb"},"inLanguage":"fi","potentialAction":[{"@type":"ReadAction","target":["https:\/\/rotary.fi\/jyvaskylalaajavuori\/ajankohtaiset\/aaltomuseovierailu-6-9-2023\/"]}]},{"@type":"ImageObject","inLanguage":"fi","@id":"https:\/\/rotary.fi\/jyvaskylalaajavuori\/ajankohtaiset\/aaltomuseovierailu-6-9-2023\/#primaryimage","url":"https:\/\/rotary.fi\/jyvaskylalaajavuori\/wp-content\/uploads\/sites\/234\/2023\/09\/dsc-4629.jpg","contentUrl":"https:\/\/rotary.fi\/jyvaskylalaajavuori\/wp-content\/uploads\/sites\/234\/2023\/09\/dsc-4629.jpg","width":2048,"height":1367,"caption":"Aallon arkkitehtuurin j\u00e4ljill\u00e4 vieraili ryhm\u00e4mme ja oli hyvin tyytyv\u00e4inen n\u00e4kem\u00e4\u00e4ns\u00e4 ja kuulemaansa erinomaiseen tunnin opastukseen museolla 6.9.-23."},{"@type":"BreadcrumbList","@id":"https:\/\/rotary.fi\/jyvaskylalaajavuori\/ajankohtaiset\/aaltomuseovierailu-6-9-2023\/#breadcrumb","itemListElement":[{"@type":"ListItem","position":1,"name":"Home","item":"https:\/\/rotary.fi\/jyvaskylalaajavuori\/"},{"@type":"ListItem","position":2,"name":"Aaltomuseovierailu 6.9.2023"}]},{"@type":"WebSite","@id":"https:\/\/rotary.fi\/jyvaskylalaajavuori\/#website","url":"https:\/\/rotary.fi\/jyvaskylalaajavuori\/","name":"Jyv\u00e4skyl\u00e4-Laajavuori","description":"Uusi Rotary klubisivusto","publisher":{"@id":"https:\/\/rotary.fi\/jyvaskylalaajavuori\/#organization"},"alternateName":"Jyv\u00e4skyl\u00e4-Laajavuori Rotaryklubi","potentialAction":[{"@type":"SearchAction","target":{"@type":"EntryPoint","urlTemplate":"https:\/\/rotary.fi\/jyvaskylalaajavuori\/?s={search_term_string}"},"query-input":{"@type":"PropertyValueSpecification","valueRequired":true,"valueName":"search_term_string"}}],"inLanguage":"fi"},{"@type":"Organization","@id":"https:\/\/rotary.fi\/jyvaskylalaajavuori\/#organization","name":"Jyv\u00e4skyl\u00e4-Laajavuori Rotaryklubi","url":"https:\/\/rotary.fi\/jyvaskylalaajavuori\/","logo":{"@type":"ImageObject","inLanguage":"fi","@id":"https:\/\/rotary.fi\/jyvaskylalaajavuori\/#\/schema\/logo\/image\/","url":"https:\/\/rotary.fi\/jyvaskylalaajavuori\/wp-content\/uploads\/sites\/234\/2018\/08\/rotary-logo-main-2.png","contentUrl":"https:\/\/rotary.fi\/jyvaskylalaajavuori\/wp-content\/uploads\/sites\/234\/2018\/08\/rotary-logo-main-2.png","width":135,"height":52,"caption":"Jyv\u00e4skyl\u00e4-Laajavuori Rotaryklubi"},"image":{"@id":"https:\/\/rotary.fi\/jyvaskylalaajavuori\/#\/schema\/logo\/image\/"},"sameAs":["https:\/\/www.facebook.com\/profile.php?id=100088839516485"]}]}},"lang":"fi","translations":{"fi":1982},"pll_sync_post":[],"_links":{"self":[{"href":"https:\/\/rotary.fi\/jyvaskylalaajavuori\/wp-json\/wp\/v2\/ajankohtaiset\/1982","targetHints":{"allow":["GET"]}}],"collection":[{"href":"https:\/\/rotary.fi\/jyvaskylalaajavuori\/wp-json\/wp\/v2\/ajankohtaiset"}],"about":[{"href":"https:\/\/rotary.fi\/jyvaskylalaajavuori\/wp-json\/wp\/v2\/types\/ajankohtaiset"}],"wp:attachment":[{"href":"https:\/\/rotary.fi\/jyvaskylalaajavuori\/wp-json\/wp\/v2\/media?parent=1982"}],"curies":[{"name":"wp","href":"https:\/\/api.w.org\/{rel}","templated":true}]}}