{"id":186,"date":"2018-08-13T11:06:59","date_gmt":"2018-08-13T08:06:59","guid":{"rendered":"https:\/\/rotary.fi\/jussinkylanrotaryklubi\/?page_id=186"},"modified":"2019-03-25T14:48:35","modified_gmt":"2019-03-25T12:48:35","slug":"tapahtumakalenteri","status":"publish","type":"page","link":"https:\/\/rotary.fi\/jussinkylanrotaryklubi\/ajankohtaista\/tapahtumakalenteri\/","title":{"rendered":"Tapahtumakalenteri"},"content":{"rendered":"<p>[et_pb_section bb_built=&#8221;1&#8243; _builder_version=&#8221;3.17.2&#8243; background_image=&#8221;https:\/\/rotary.fi\/jussinkylanrotaryklubi\/wp-content\/uploads\/sites\/81\/2018\/10\/rotary_klubit_alasivu_paakuva_12.jpg&#8221; next_background_color=&#8221;#ffffff&#8221; module_class=&#8221;jumbotron-page&#8221;][et_pb_row][et_pb_column type=&#8221;4_4&#8243;][et_pb_text admin_label=&#8221;P\u00e4\u00e4otsikko&#8221; _builder_version=&#8221;3.4.1&#8243; text_orientation=&#8221;center&#8221; background_layout=&#8221;dark&#8221;]<\/p>\n<h1>Tapahtumakalenteri<\/h1>\n<p>[\/et_pb_text][\/et_pb_column][\/et_pb_row][\/et_pb_section][et_pb_section bb_built=&#8221;1&#8243; specialty=&#8221;on&#8221; prev_background_color=&#8221;#000000&#8243; _builder_version=&#8221;3.4.1&#8243; module_class_2=&#8221;sivupalkki&#8221; locked=&#8221;on&#8221;][et_pb_column type=&#8221;2_3&#8243; specialty_columns=&#8221;2&#8243;][et_pb_row_inner admin_label=&#8221;Rivi&#8221; parent_locked=&#8221;on&#8221; locked=&#8221;off&#8221;][et_pb_column_inner type=&#8221;4_4&#8243; saved_specialty_column_type=&#8221;2_3&#8243;][et_pb_text admin_label=&#8221;Otsikko: Tulevia tapahtumia&#8221; _builder_version=&#8221;3.21&#8243; text_orientation=&#8221;center&#8221; parent_locked=&#8221;on&#8221;]<\/p>\n<h1>Tulevia tapahtumia<\/h1>\n<p>[\/et_pb_text][et_pb_code admin_label=&#8221;Tulevien tapahtumien listaus&#8221; _builder_version=&#8221;3.19.5&#8243; module_class=&#8221;kaikki_ajankohtaiset&#8221; locked=&#8221;off&#8221; parent_locked=&#8221;on&#8221;]<div class=\"em em-view-container\" id=\"em-view-217028844\" data-view=\"list\">\r\n\t<div class=\"em pixelbones em-list em-events-list\" id=\"em-events-list-217028844\" data-view-id=\"217028844\">\r\n\t<!-- [et_pb_line_break_holder] --><\/p>\n<div class=\"et_pb_module tapahtumalistaus\"><!-- [et_pb_line_break_holder] --><\/p>\n<div class=\"tapahtumanpvm\">8.5.2026 <\/div>\n<p><!-- [et_pb_line_break_holder] --><\/p>\n<div class=\"tapahtumannimi\">\n<h2 class=\"entry-title\"><a href=\"https:\/\/rotary.fi\/jussinkylanrotaryklubi\/events\/ville-sirkia-fittauksen-vaikutus-klubituupparille\/\">Ville Sirki\u00e4: Fittauksen vaikutus klubituupparille<\/a><!-- [et_pb_line_break_holder] --><\/h2>\n<\/div>\n<p><!-- [et_pb_line_break_holder] --><\/p>\n<div class=\"tapahtumapaikka\">Linkosuon Paasisali<\/div>\n<p><!-- [et_pb_line_break_holder] --><\/div>\n<p><!-- [et_pb_line_break_holder] -->\t<\/div>\r\n<\/div>[\/et_pb_code][\/et_pb_column_inner][\/et_pb_row_inner][et_pb_row_inner admin_label=&#8221;Rivi&#8221; parent_locked=&#8221;on&#8221;][et_pb_column_inner type=&#8221;4_4&#8243; saved_specialty_column_type=&#8221;2_3&#8243;][et_pb_text admin_label=&#8221;Otsikko: Menneit\u00e4 tapahtumia&#8221; _builder_version=&#8221;3.21&#8243; text_orientation=&#8221;center&#8221; parent_locked=&#8221;on&#8221;]<\/p>\n<h1>Menneit\u00e4 tapahtumia<\/h1>\n<p>[\/et_pb_text][et_pb_code admin_label=&#8221;Menneiden tapahtumien listaus&#8221; _builder_version=&#8221;3.21&#8243; module_class=&#8221;kaikki_ajankohtaiset&#8221; locked=&#8221;off&#8221; parent_locked=&#8221;on&#8221;]<div class=\"em em-view-container\" id=\"em-view-1448613169\" data-view=\"list\">\r\n\t<div class=\"em pixelbones em-list em-events-list\" id=\"em-events-list-1448613169\" data-view-id=\"1448613169\">\r\n\t<!-- [et_pb_line_break_holder] --><\/p>\n<div class=\"et_pb_module tapahtumalistaus\"><!-- [et_pb_line_break_holder] --><\/p>\n<div class=\"tapahtumanpvm\">24.4.2026 <\/div>\n<p><!-- [et_pb_line_break_holder] --><\/p>\n<div class=\"tapahtumannimi\">\n<h2 class=\"entry-title\"><a href=\"https:\/\/rotary.fi\/jussinkylanrotaryklubi\/events\/luokite-olli-pekka-silfverhuth\/\">Luokite: Olli-Pekka Silfverhuth<\/a><!-- [et_pb_line_break_holder] --><\/h2>\n<\/div>\n<p><!-- [et_pb_line_break_holder] --><\/p>\n<div class=\"tapahtumapaikka\">Linkosuon Paasisali<\/div>\n<p><!-- [et_pb_line_break_holder] --><\/div>\n<p><!-- [et_pb_line_break_holder] --><!-- [et_pb_line_break_holder] --><\/p>\n<div class=\"et_pb_module tapahtumalistaus\"><!-- [et_pb_line_break_holder] --><\/p>\n<div class=\"tapahtumanpvm\">6.3.2026 <\/div>\n<p><!-- [et_pb_line_break_holder] --><\/p>\n<div class=\"tapahtumannimi\">\n<h2 class=\"entry-title\"><a href=\"https:\/\/rotary.fi\/jussinkylanrotaryklubi\/events\/annukka-suonio-villa-karo-ja-kokemuksia-lansi-afrikasta\/\">Annukka Suonio: Villa Karo ja kokemuksia L\u00e4nsi-Afrikasta<\/a><!-- [et_pb_line_break_holder] --><\/h2>\n<\/div>\n<p><!-- [et_pb_line_break_holder] --><\/p>\n<div class=\"tapahtumapaikka\">Linkosuon Paasisali<\/div>\n<p><!-- [et_pb_line_break_holder] --><\/div>\n<p><!-- [et_pb_line_break_holder] --><!-- [et_pb_line_break_holder] --><\/p>\n<div class=\"et_pb_module tapahtumalistaus\"><!-- [et_pb_line_break_holder] --><\/p>\n<div class=\"tapahtumanpvm\">20.2.2026 <\/div>\n<p><!-- [et_pb_line_break_holder] --><\/p>\n<div class=\"tapahtumannimi\">\n<h2 class=\"entry-title\"><a href=\"https:\/\/rotary.fi\/jussinkylanrotaryklubi\/events\/vesa-klinge-myyntituloksen-varmistaminen-nykymarkkinassa\/\">Vesa Klinge: Myyntituloksen varmistaminen nykymarkkinassa<\/a><!-- [et_pb_line_break_holder] --><\/h2>\n<\/div>\n<p><!-- [et_pb_line_break_holder] --><\/p>\n<div class=\"tapahtumapaikka\">Linkosuon Paasisali<\/div>\n<p><!-- [et_pb_line_break_holder] --><\/div>\n<p><!-- [et_pb_line_break_holder] --><!-- [et_pb_line_break_holder] --><\/p>\n<div class=\"et_pb_module tapahtumalistaus\"><!-- [et_pb_line_break_holder] --><\/p>\n<div class=\"tapahtumanpvm\">13.2.2026 <\/div>\n<p><!-- [et_pb_line_break_holder] --><\/p>\n<div class=\"tapahtumannimi\">\n<h2 class=\"entry-title\"><a href=\"https:\/\/rotary.fi\/jussinkylanrotaryklubi\/events\/arkkitehti-janne-kantee-suomen-lapin-turismin-kehitys-ja-rakentamisen-nykytila-arkkitehdin-silmin\/\">Arkkitehti Janne Kantee: Suomen Lapin turismin kehitys ja rakentamisen nykytila arkkitehdin silmin<\/a><!-- [et_pb_line_break_holder] --><\/h2>\n<\/div>\n<p><!-- [et_pb_line_break_holder] --><\/p>\n<div class=\"tapahtumapaikka\">Linkosuon Paasisali<\/div>\n<p><!-- [et_pb_line_break_holder] --><\/div>\n<p><!-- [et_pb_line_break_holder] --><!-- [et_pb_line_break_holder] --><\/p>\n<div class=\"et_pb_module tapahtumalistaus\"><!-- [et_pb_line_break_holder] --><\/p>\n<div class=\"tapahtumanpvm\">6.2.2026 <\/div>\n<p><!-- [et_pb_line_break_holder] --><\/p>\n<div class=\"tapahtumannimi\">\n<h2 class=\"entry-title\"><a href=\"https:\/\/rotary.fi\/jussinkylanrotaryklubi\/events\/heikki-kakonen-hallituspartnereiden-puheenjohtajakurssi\/\">Heikki K\u00e4k\u00f6nen: Hallituspartnereiden puheenjohtajakurssi<\/a><!-- [et_pb_line_break_holder] --><\/h2>\n<\/div>\n<p><!-- [et_pb_line_break_holder] --><\/p>\n<div class=\"tapahtumapaikka\">Linkosuon Paasisali<\/div>\n<p><!-- [et_pb_line_break_holder] --><\/div>\n<p><!-- [et_pb_line_break_holder] --><!-- [et_pb_line_break_holder] --><\/p>\n<div class=\"et_pb_module tapahtumalistaus\"><!-- [et_pb_line_break_holder] --><\/p>\n<div class=\"tapahtumanpvm\">23.1.2026 <\/div>\n<p><!-- [et_pb_line_break_holder] --><\/p>\n<div class=\"tapahtumannimi\">\n<h2 class=\"entry-title\"><a href=\"https:\/\/rotary.fi\/jussinkylanrotaryklubi\/events\/toimitusjohtaja-paivi-tiura-paavola-takaovi-oy-kiinteistoalan-nykytila\/\">Toimitusjohtaja P\u00e4ivi Tiura-Paavola Takaovi Oy: Kiinteist\u00f6alan nykytila<\/a><!-- [et_pb_line_break_holder] --><\/h2>\n<\/div>\n<p><!-- [et_pb_line_break_holder] --><\/p>\n<div class=\"tapahtumapaikka\">Linkosuon Paasisali<\/div>\n<p><!-- [et_pb_line_break_holder] --><\/div>\n<p><!-- [et_pb_line_break_holder] --><!-- [et_pb_line_break_holder] --><\/p>\n<div class=\"et_pb_module tapahtumalistaus\"><!-- [et_pb_line_break_holder] --><\/p>\n<div class=\"tapahtumanpvm\">16.1.2026 <\/div>\n<p><!-- [et_pb_line_break_holder] --><\/p>\n<div class=\"tapahtumannimi\">\n<h2 class=\"entry-title\"><a href=\"https:\/\/rotary.fi\/jussinkylanrotaryklubi\/events\/jussi-kallioniemi-ura-tietoturvan-ja-nuorten-e-urheiluorganisaation-kehittamisessa\/\">Jussi Kallioniemi; Ura tietoturvan ja nuorten e-urheiluorganisaation kehitt\u00e4misess\u00e4<\/a><!-- [et_pb_line_break_holder] --><\/h2>\n<\/div>\n<p><!-- [et_pb_line_break_holder] --><\/p>\n<div class=\"tapahtumapaikka\">Linkosuon Paasisali<\/div>\n<p><!-- [et_pb_line_break_holder] --><\/div>\n<p><!-- [et_pb_line_break_holder] --><!-- [et_pb_line_break_holder] --><\/p>\n<div class=\"et_pb_module tapahtumalistaus\"><!-- [et_pb_line_break_holder] --><\/p>\n<div class=\"tapahtumanpvm\">9.1.2026 <\/div>\n<p><!-- [et_pb_line_break_holder] --><\/p>\n<div class=\"tapahtumannimi\">\n<h2 class=\"entry-title\"><a href=\"https:\/\/rotary.fi\/jussinkylanrotaryklubi\/events\/kenraalimajuri-evp-jp-keranen-f-35-havittaja-globaalilla-nayttamolla\/\">Kenraalimajuri EVP JP Ker\u00e4nen: F-35 h\u00e4vitt\u00e4j\u00e4 globaalilla n\u00e4ytt\u00e4m\u00f6ll\u00e4<\/a><!-- [et_pb_line_break_holder] --><\/h2>\n<\/div>\n<p><!-- [et_pb_line_break_holder] --><\/p>\n<div class=\"tapahtumapaikka\">Linkosuon Paasisali<\/div>\n<p><!-- [et_pb_line_break_holder] --><\/div>\n<p><!-- [et_pb_line_break_holder] --><!-- [et_pb_line_break_holder] --><\/p>\n<div class=\"et_pb_module tapahtumalistaus\"><!-- [et_pb_line_break_holder] --><\/p>\n<div class=\"tapahtumanpvm\">5.12.2025 <\/div>\n<p><!-- [et_pb_line_break_holder] --><\/p>\n<div class=\"tapahtumannimi\">\n<h2 class=\"entry-title\"><a href=\"https:\/\/rotary.fi\/jussinkylanrotaryklubi\/events\/kirkkoherra-tuomo-tormanen-historian-havinaa-presidenttien-hautajaiset\/\">Kirkkoherra Tuomo T\u00f6rm\u00e4nen; historian havinaa -   Presidenttien hautajaiset<\/a><!-- [et_pb_line_break_holder] --><\/h2>\n<\/div>\n<p><!-- [et_pb_line_break_holder] --><\/p>\n<div class=\"tapahtumapaikka\">Linkosuon Paasisali<\/div>\n<p><!-- [et_pb_line_break_holder] --><\/div>\n<p><!-- [et_pb_line_break_holder] --><!-- [et_pb_line_break_holder] --><\/p>\n<div class=\"et_pb_module tapahtumalistaus\"><!-- [et_pb_line_break_holder] --><\/p>\n<div class=\"tapahtumanpvm\">28.11.2025 <\/div>\n<p><!-- [et_pb_line_break_holder] --><\/p>\n<div class=\"tapahtumannimi\">\n<h2 class=\"entry-title\"><a href=\"https:\/\/rotary.fi\/jussinkylanrotaryklubi\/events\/paivi-tiura-paavola-asuntosijoittaminen-kiinteistovalittajan-nakokulmasta\/\">P\u00e4ivi Tiura-Paavola: asuntosijoittaminen  kiinteist\u00f6v\u00e4litt\u00e4j\u00e4n n\u00e4k\u00f6kulmasta<\/a><!-- [et_pb_line_break_holder] --><\/h2>\n<\/div>\n<p><!-- [et_pb_line_break_holder] --><\/p>\n<div class=\"tapahtumapaikka\">Linkosuon Paasisali<\/div>\n<p><!-- [et_pb_line_break_holder] --><\/div>\n<p><!-- [et_pb_line_break_holder] --><!-- [et_pb_line_break_holder] --><\/p>\n<div class=\"et_pb_module tapahtumalistaus\"><!-- [et_pb_line_break_holder] --><\/p>\n<div class=\"tapahtumanpvm\">21.11.2025 <\/div>\n<p><!-- [et_pb_line_break_holder] --><\/p>\n<div class=\"tapahtumannimi\">\n<h2 class=\"entry-title\"><a href=\"https:\/\/rotary.fi\/jussinkylanrotaryklubi\/events\/reaktor-mikko-nurmi-tekoalyratkaisut-teollisuudessa\/\">Reaktor Mikko Nurmi: Teko\u00e4lyratkaisut teollisuudessa<\/a><!-- [et_pb_line_break_holder] --><\/h2>\n<\/div>\n<p><!-- [et_pb_line_break_holder] --><\/p>\n<div class=\"tapahtumapaikka\">Linkosuon Paasisali<\/div>\n<p><!-- [et_pb_line_break_holder] --><\/div>\n<p><!-- [et_pb_line_break_holder] --><!-- [et_pb_line_break_holder] --><\/p>\n<div class=\"et_pb_module tapahtumalistaus\"><!-- [et_pb_line_break_holder] --><\/p>\n<div class=\"tapahtumanpvm\">14.11.2025 <\/div>\n<p><!-- [et_pb_line_break_holder] --><\/p>\n<div class=\"tapahtumannimi\">\n<h2 class=\"entry-title\"><a href=\"https:\/\/rotary.fi\/jussinkylanrotaryklubi\/events\/luokite-harri-syrjalainen-puttek-oy\/\">Luokite: Harri Syrj\u00e4l\u00e4inen Puttek Oy<\/a><!-- [et_pb_line_break_holder] --><\/h2>\n<\/div>\n<p><!-- [et_pb_line_break_holder] --><\/p>\n<div class=\"tapahtumapaikka\">Linkosuon Paasisali<\/div>\n<p><!-- [et_pb_line_break_holder] --><\/div>\n<p><!-- [et_pb_line_break_holder] --><!-- [et_pb_line_break_holder] --><\/p>\n<div class=\"et_pb_module tapahtumalistaus\"><!-- [et_pb_line_break_holder] --><\/p>\n<div class=\"tapahtumanpvm\">7.11.2025 <\/div>\n<p><!-- [et_pb_line_break_holder] --><\/p>\n<div class=\"tapahtumannimi\">\n<h2 class=\"entry-title\"><a href=\"https:\/\/rotary.fi\/jussinkylanrotaryklubi\/events\/luokite-jarkko-miettinen-energiamurros\/\">Luokite: Jarkko Miettinen- Energiamurros<\/a><!-- [et_pb_line_break_holder] --><\/h2>\n<\/div>\n<p><!-- [et_pb_line_break_holder] --><\/p>\n<div class=\"tapahtumapaikka\">Linkosuon Paasisali<\/div>\n<p><!-- [et_pb_line_break_holder] --><\/div>\n<p><!-- [et_pb_line_break_holder] --><!-- [et_pb_line_break_holder] --><\/p>\n<div class=\"et_pb_module tapahtumalistaus\"><!-- [et_pb_line_break_holder] --><\/p>\n<div class=\"tapahtumanpvm\">31.10.2025 <\/div>\n<p><!-- [et_pb_line_break_holder] --><\/p>\n<div class=\"tapahtumannimi\">\n<h2 class=\"entry-title\"><a href=\"https:\/\/rotary.fi\/jussinkylanrotaryklubi\/events\/turon-pekka-koiso-miesten-pukeutuminen-yhteiskunnan-murroksessa\/\">Turon Pekka Koiso: Miesten pukeutuminen yhteiskunnan murroksessa<\/a><!-- [et_pb_line_break_holder] --><\/h2>\n<\/div>\n<p><!-- [et_pb_line_break_holder] --><\/p>\n<div class=\"tapahtumapaikka\">Linkosuon Paasisali<\/div>\n<p><!-- [et_pb_line_break_holder] --><\/div>\n<p><!-- [et_pb_line_break_holder] --><!-- [et_pb_line_break_holder] --><\/p>\n<div class=\"et_pb_module tapahtumalistaus\"><!-- [et_pb_line_break_holder] --><\/p>\n<div class=\"tapahtumanpvm\">17.10.2025 <\/div>\n<p><!-- [et_pb_line_break_holder] --><\/p>\n<div class=\"tapahtumannimi\">\n<h2 class=\"entry-title\"><a href=\"https:\/\/rotary.fi\/jussinkylanrotaryklubi\/events\/klubin-vuosikokous-ja-kuvernoorin-vierailu\/\">Klubin vuosikokous ja kuvern\u00f6\u00f6rin vierailu<\/a><!-- [et_pb_line_break_holder] --><\/h2>\n<\/div>\n<p><!-- [et_pb_line_break_holder] --><\/p>\n<div class=\"tapahtumapaikka\">Linkosuon Paasisali<\/div>\n<p><!-- [et_pb_line_break_holder] --><\/div>\n<p><!-- [et_pb_line_break_holder] --><!-- [et_pb_line_break_holder] --><\/p>\n<div class=\"et_pb_module tapahtumalistaus\"><!-- [et_pb_line_break_holder] --><\/p>\n<div class=\"tapahtumanpvm\">10.10.2025 <\/div>\n<p><!-- [et_pb_line_break_holder] --><\/p>\n<div class=\"tapahtumannimi\">\n<h2 class=\"entry-title\"><a href=\"https:\/\/rotary.fi\/jussinkylanrotaryklubi\/events\/veljemme-risto-turunen-jussinkylan-rotaryklubi-ja-golf\/\">Veljemme Risto Turunen: Jussinkyl\u00e4n Rotaryklubi ja golf<\/a><!-- [et_pb_line_break_holder] --><\/h2>\n<\/div>\n<p><!-- [et_pb_line_break_holder] --><\/p>\n<div class=\"tapahtumapaikka\">Linkosuon Paasisali<\/div>\n<p><!-- [et_pb_line_break_holder] --><\/div>\n<p><!-- [et_pb_line_break_holder] --><!-- [et_pb_line_break_holder] --><\/p>\n<div class=\"et_pb_module tapahtumalistaus\"><!-- [et_pb_line_break_holder] --><\/p>\n<div class=\"tapahtumanpvm\">3.10.2025 <\/div>\n<p><!-- [et_pb_line_break_holder] --><\/p>\n<div class=\"tapahtumannimi\">\n<h2 class=\"entry-title\"><a href=\"https:\/\/rotary.fi\/jussinkylanrotaryklubi\/events\/matti-arpiainen-tt-gaskets-oy-hall-pj-yrityksen-elinkaari-ja-kehittyminen\/\">Matti Arpiainen: TT-Gaskets Oy hall pj: Yrityksen elinkaari ja kehittyminen<\/a><!-- [et_pb_line_break_holder] --><\/h2>\n<\/div>\n<p><!-- [et_pb_line_break_holder] --><\/p>\n<div class=\"tapahtumapaikka\">Linkosuon Paasisali<\/div>\n<p><!-- [et_pb_line_break_holder] --><\/div>\n<p><!-- [et_pb_line_break_holder] --><!-- [et_pb_line_break_holder] --><\/p>\n<div class=\"et_pb_module tapahtumalistaus\"><!-- [et_pb_line_break_holder] --><\/p>\n<div class=\"tapahtumanpvm\">26.9.2025 <\/div>\n<p><!-- [et_pb_line_break_holder] --><\/p>\n<div class=\"tapahtumannimi\">\n<h2 class=\"entry-title\"><a href=\"https:\/\/rotary.fi\/jussinkylanrotaryklubi\/events\/tuukka-ahoniemi-teollisen-myynnin-tyoelakeprofessori-tampereen-yliopisto\/\">Tuukka Ahoniemi: Teollisen myynnin ty\u00f6el\u00e4keprofessori Tampereen Yliopisto<\/a><!-- [et_pb_line_break_holder] --><\/h2>\n<\/div>\n<p><!-- [et_pb_line_break_holder] --><\/p>\n<div class=\"tapahtumapaikka\">Linkosuon Paasisali<\/div>\n<p><!-- [et_pb_line_break_holder] --><\/div>\n<p><!-- [et_pb_line_break_holder] --><!-- [et_pb_line_break_holder] --><\/p>\n<div class=\"et_pb_module tapahtumalistaus\"><!-- [et_pb_line_break_holder] --><\/p>\n<div class=\"tapahtumanpvm\">18.9.2025 <\/div>\n<p><!-- [et_pb_line_break_holder] --><\/p>\n<div class=\"tapahtumannimi\">\n<h2 class=\"entry-title\"><a href=\"https:\/\/rotary.fi\/jussinkylanrotaryklubi\/events\/komediateatterin-johtaja-panu-raipia-esittava-taide-ja-yhteiskunnan-normit-mita-uskallan-sanoa\/\">Komediateatterin johtaja Panu Raipia; Esitt\u00e4v\u00e4 taide ja yhteiskunnan normit &quot;mit\u00e4 uskallan sanoa&quot;<\/a><!-- [et_pb_line_break_holder] --><\/h2>\n<\/div>\n<p><!-- [et_pb_line_break_holder] --><\/p>\n<div class=\"tapahtumapaikka\">Pub Wanhat Roomeot<\/div>\n<p><!-- [et_pb_line_break_holder] --><\/div>\n<p><!-- [et_pb_line_break_holder] --><!-- [et_pb_line_break_holder] --><\/p>\n<div class=\"et_pb_module tapahtumalistaus\"><!-- [et_pb_line_break_holder] --><\/p>\n<div class=\"tapahtumanpvm\">12.9.2025 <\/div>\n<p><!-- [et_pb_line_break_holder] --><\/p>\n<div class=\"tapahtumannimi\">\n<h2 class=\"entry-title\"><a href=\"https:\/\/rotary.fi\/jussinkylanrotaryklubi\/events\/jari-saarenpaa-hyva-johtaminen\/\">Jari Saarenp\u00e4\u00e4; Hyv\u00e4 johtaminen<\/a><!-- [et_pb_line_break_holder] --><\/h2>\n<\/div>\n<p><!-- [et_pb_line_break_holder] --><\/p>\n<div class=\"tapahtumapaikka\">Linkosuon Paasisali<\/div>\n<p><!-- [et_pb_line_break_holder] --><\/div>\n<p><!-- [et_pb_line_break_holder] --><!-- [et_pb_line_break_holder] --><\/p>\n<div class=\"et_pb_module tapahtumalistaus\"><!-- [et_pb_line_break_holder] --><\/p>\n<div class=\"tapahtumanpvm\">29.8.2025 <\/div>\n<p><!-- [et_pb_line_break_holder] --><\/p>\n<div class=\"tapahtumannimi\">\n<h2 class=\"entry-title\"><a href=\"https:\/\/rotary.fi\/jussinkylanrotaryklubi\/events\/emeritusprofessori-risto-harisalo-yhteisollisyys\/\">Emeritusprofessori Risto Harisalo: Yhteis\u00f6llisyys<\/a><!-- [et_pb_line_break_holder] --><\/h2>\n<\/div>\n<p><!-- [et_pb_line_break_holder] --><\/p>\n<div class=\"tapahtumapaikka\">Linkosuon Paasisali<\/div>\n<p><!-- [et_pb_line_break_holder] --><\/div>\n<p><!-- [et_pb_line_break_holder] --><!-- [et_pb_line_break_holder] --><\/p>\n<div class=\"et_pb_module tapahtumalistaus\"><!-- [et_pb_line_break_holder] --><\/p>\n<div class=\"tapahtumanpvm\">22.8.2025 <\/div>\n<p><!-- [et_pb_line_break_holder] --><\/p>\n<div class=\"tapahtumannimi\">\n<h2 class=\"entry-title\"><a href=\"https:\/\/rotary.fi\/jussinkylanrotaryklubi\/events\/jari-hellsten-psykologinen-turvallisuus\/\">Jari Hellsten: Psykologinen turvallisuus<\/a><!-- [et_pb_line_break_holder] --><\/h2>\n<\/div>\n<p><!-- [et_pb_line_break_holder] --><\/p>\n<div class=\"tapahtumapaikka\">Linkosuon Paasisali<\/div>\n<p><!-- [et_pb_line_break_holder] --><\/div>\n<p><!-- [et_pb_line_break_holder] --><!-- [et_pb_line_break_holder] --><\/p>\n<div class=\"et_pb_module tapahtumalistaus\"><!-- [et_pb_line_break_holder] --><\/p>\n<div class=\"tapahtumanpvm\">23.5.2025 <\/div>\n<p><!-- [et_pb_line_break_holder] --><\/p>\n<div class=\"tapahtumannimi\">\n<h2 class=\"entry-title\"><a href=\"https:\/\/rotary.fi\/jussinkylanrotaryklubi\/events\/juha-tuulaniemi-hyva-paha-palvelu-miksi-suomi-ei-kasva\/\">Juha Tuulaniemi: Hyv\u00e4 paha palvelu, Miksi Suomi ei kasva?<\/a><!-- [et_pb_line_break_holder] --><\/h2>\n<\/div>\n<p><!-- [et_pb_line_break_holder] --><\/p>\n<div class=\"tapahtumapaikka\">Linkosuon Paasisali<\/div>\n<p><!-- [et_pb_line_break_holder] --><\/div>\n<p><!-- [et_pb_line_break_holder] --><!-- [et_pb_line_break_holder] --><\/p>\n<div class=\"et_pb_module tapahtumalistaus\"><!-- [et_pb_line_break_holder] --><\/p>\n<div class=\"tapahtumanpvm\">16.5.2025 <\/div>\n<p><!-- [et_pb_line_break_holder] --><\/p>\n<div class=\"tapahtumannimi\">\n<h2 class=\"entry-title\"><a href=\"https:\/\/rotary.fi\/jussinkylanrotaryklubi\/events\/timo-keskinen-luokite-esitelma\/\">Timo Keskinen: luokite-esitelm\u00e4<\/a><!-- [et_pb_line_break_holder] --><\/h2>\n<\/div>\n<p><!-- [et_pb_line_break_holder] --><\/p>\n<div class=\"tapahtumapaikka\">Linkosuon Paasisali<\/div>\n<p><!-- [et_pb_line_break_holder] --><\/div>\n<p><!-- [et_pb_line_break_holder] --><!-- [et_pb_line_break_holder] --><\/p>\n<div class=\"et_pb_module tapahtumalistaus\"><!-- [et_pb_line_break_holder] --><\/p>\n<div class=\"tapahtumanpvm\">9.5.2025 <\/div>\n<p><!-- [et_pb_line_break_holder] --><\/p>\n<div class=\"tapahtumannimi\">\n<h2 class=\"entry-title\"><a href=\"https:\/\/rotary.fi\/jussinkylanrotaryklubi\/events\/entinen-vaihto-oppilaamme-kertoo-teekkarielamastaan-tampereella\/\">Entinen vaihto-oppilaamme kertoo teekkariel\u00e4m\u00e4st\u00e4\u00e4n Tampereella<\/a><!-- [et_pb_line_break_holder] --><\/h2>\n<\/div>\n<p><!-- [et_pb_line_break_holder] --><\/p>\n<div class=\"tapahtumapaikka\">Linkosuon Paasisali<\/div>\n<p><!-- [et_pb_line_break_holder] --><\/div>\n<p><!-- [et_pb_line_break_holder] --><!-- [et_pb_line_break_holder] --><\/p>\n<div class=\"et_pb_module tapahtumalistaus\"><!-- [et_pb_line_break_holder] --><\/p>\n<div class=\"tapahtumanpvm\">25.4.2025 <\/div>\n<p><!-- [et_pb_line_break_holder] --><\/p>\n<div class=\"tapahtumannimi\">\n<h2 class=\"entry-title\"><a href=\"https:\/\/rotary.fi\/jussinkylanrotaryklubi\/events\/samuli-hietala-nyyti-ry-miehentila-hankkeen-loppukatsaus\/\">Samuli Hietala Nyyti Ry: MiehenTila hankkeen loppukatsaus<\/a><!-- [et_pb_line_break_holder] --><\/h2>\n<\/div>\n<p><!-- [et_pb_line_break_holder] --><\/p>\n<div class=\"tapahtumapaikka\">Linkosuon Paasisali<\/div>\n<p><!-- [et_pb_line_break_holder] --><\/div>\n<p><!-- [et_pb_line_break_holder] --><!-- [et_pb_line_break_holder] --><\/p>\n<div class=\"et_pb_module tapahtumalistaus\"><!-- [et_pb_line_break_holder] --><\/p>\n<div class=\"tapahtumanpvm\">11.4.2025 <\/div>\n<p><!-- [et_pb_line_break_holder] --><\/p>\n<div class=\"tapahtumannimi\">\n<h2 class=\"entry-title\"><a href=\"https:\/\/rotary.fi\/jussinkylanrotaryklubi\/events\/pentti-vaananen-turkki-idan-ja-lannen-valissa\/\">Pentti V\u00e4\u00e4n\u00e4nen; Turkki,  id\u00e4n ja l\u00e4nnen v\u00e4liss\u00e4<\/a><!-- [et_pb_line_break_holder] --><\/h2>\n<\/div>\n<p><!-- [et_pb_line_break_holder] --><\/p>\n<div class=\"tapahtumapaikka\">Linkosuon Paasisali<\/div>\n<p><!-- [et_pb_line_break_holder] --><\/div>\n<p><!-- [et_pb_line_break_holder] --><!-- [et_pb_line_break_holder] --><\/p>\n<div class=\"et_pb_module tapahtumalistaus\"><!-- [et_pb_line_break_holder] --><\/p>\n<div class=\"tapahtumanpvm\">4.4.2025 <\/div>\n<p><!-- [et_pb_line_break_holder] --><\/p>\n<div class=\"tapahtumannimi\">\n<h2 class=\"entry-title\"><a href=\"https:\/\/rotary.fi\/jussinkylanrotaryklubi\/events\/jarno-osku-hellman-usa-vaihto-oppilasaikanani-ja-nyt\/\">Jarno &quot;Osku&quot; Hellman: USA vaihto-oppilasaikanani ja nyt<\/a><!-- [et_pb_line_break_holder] --><\/h2>\n<\/div>\n<p><!-- [et_pb_line_break_holder] --><\/p>\n<div class=\"tapahtumapaikka\">Linkosuon Paasisali<\/div>\n<p><!-- [et_pb_line_break_holder] --><\/div>\n<p><!-- [et_pb_line_break_holder] --><!-- [et_pb_line_break_holder] --><\/p>\n<div class=\"et_pb_module tapahtumalistaus\"><!-- [et_pb_line_break_holder] --><\/p>\n<div class=\"tapahtumanpvm\">21.3.2025 <\/div>\n<p><!-- [et_pb_line_break_holder] --><\/p>\n<div class=\"tapahtumannimi\">\n<h2 class=\"entry-title\"><a href=\"https:\/\/rotary.fi\/jussinkylanrotaryklubi\/events\/harri-airaksinen-tampereen-eu-toimisto-tampereen-ja-pirkanmaan-vaikuttamistyo-seka-eu-kumppanuuksien-ja-rahoituksen-tuki-brysselissa\/\">Harri Airaksinen Tampereen EU Toimisto: Tampereen ja Pirkanmaan vaikuttamistyo\u0308 seka\u0308 EU-kumppanuuksien ja rahoituksen tuki Brysselissa\u0308<\/a><!-- [et_pb_line_break_holder] --><\/h2>\n<\/div>\n<p><!-- [et_pb_line_break_holder] --><\/p>\n<div class=\"tapahtumapaikka\">Linkosuon Paasisali<\/div>\n<p><!-- [et_pb_line_break_holder] --><\/div>\n<p><!-- [et_pb_line_break_holder] --><!-- [et_pb_line_break_holder] --><\/p>\n<div class=\"et_pb_module tapahtumalistaus\"><!-- [et_pb_line_break_holder] --><\/p>\n<div class=\"tapahtumanpvm\">14.3.2025 <\/div>\n<p><!-- [et_pb_line_break_holder] --><\/p>\n<div class=\"tapahtumannimi\">\n<h2 class=\"entry-title\"><a href=\"https:\/\/rotary.fi\/jussinkylanrotaryklubi\/events\/veljemme-jorma-jyrkinen-luokite\/\">Veljemme Jorma Jyrkinen: luokite<\/a><!-- [et_pb_line_break_holder] --><\/h2>\n<\/div>\n<p><!-- [et_pb_line_break_holder] --><\/p>\n<div class=\"tapahtumapaikka\">Linkosuon Paasisali<\/div>\n<p><!-- [et_pb_line_break_holder] --><\/div>\n<p><!-- [et_pb_line_break_holder] --><!-- [et_pb_line_break_holder] --><\/p>\n<div class=\"et_pb_module tapahtumalistaus\"><!-- [et_pb_line_break_holder] --><\/p>\n<div class=\"tapahtumanpvm\">7.3.2025 <\/div>\n<p><!-- [et_pb_line_break_holder] --><\/p>\n<div class=\"tapahtumannimi\">\n<h2 class=\"entry-title\"><a href=\"https:\/\/rotary.fi\/jussinkylanrotaryklubi\/events\/beelyn-tarina-muuttaa-maailmaa-timo-yli-salomaki\/\">Beelyn tarina muuttaa maailmaa: Timo Yli-Salom\u00e4ki<\/a><!-- [et_pb_line_break_holder] --><\/h2>\n<\/div>\n<p><!-- [et_pb_line_break_holder] --><\/p>\n<div class=\"tapahtumapaikka\">Linkosuon Paasisali<\/div>\n<p><!-- [et_pb_line_break_holder] --><\/div>\n<p><!-- [et_pb_line_break_holder] --><!-- [et_pb_line_break_holder] --><\/p>\n<div class=\"et_pb_module tapahtumalistaus\"><!-- [et_pb_line_break_holder] --><\/p>\n<div class=\"tapahtumanpvm\">28.2.2025 <\/div>\n<p><!-- [et_pb_line_break_holder] --><\/p>\n<div class=\"tapahtumannimi\">\n<h2 class=\"entry-title\"><a href=\"https:\/\/rotary.fi\/jussinkylanrotaryklubi\/events\/www-tyyliniekka-fi-jukka-mykkanen-lifestyle-sisallon-tuotantoa-mita-ja-miksi\/\">www.tyyliniekka.fi Jukka Mykk\u00e4nen: lifestyle sis\u00e4ll\u00f6n tuotantoa, mit\u00e4 ja miksi?<\/a><!-- [et_pb_line_break_holder] --><\/h2>\n<\/div>\n<p><!-- [et_pb_line_break_holder] --><\/p>\n<div class=\"tapahtumapaikka\">Linkosuon Paasisali<\/div>\n<p><!-- [et_pb_line_break_holder] --><\/div>\n<p><!-- [et_pb_line_break_holder] --><!-- [et_pb_line_break_holder] --><\/p>\n<div class=\"et_pb_module tapahtumalistaus\"><!-- [et_pb_line_break_holder] --><\/p>\n<div class=\"tapahtumanpvm\">21.2.2025 <\/div>\n<p><!-- [et_pb_line_break_holder] --><\/p>\n<div class=\"tapahtumannimi\">\n<h2 class=\"entry-title\"><a href=\"https:\/\/rotary.fi\/jussinkylanrotaryklubi\/events\/teemu-pampa-aaltonen-minun-yrittajatarinani\/\">Teemu &quot;Pampa&quot; Aaltonen: minun yritt\u00e4j\u00e4tarinani<\/a><!-- [et_pb_line_break_holder] --><\/h2>\n<\/div>\n<p><!-- [et_pb_line_break_holder] --><\/p>\n<div class=\"tapahtumapaikka\">Linkosuon Paasisali<\/div>\n<p><!-- [et_pb_line_break_holder] --><\/div>\n<p><!-- [et_pb_line_break_holder] --><!-- [et_pb_line_break_holder] --><\/p>\n<div class=\"et_pb_module tapahtumalistaus\"><!-- [et_pb_line_break_holder] --><\/p>\n<div class=\"tapahtumanpvm\">14.2.2025 <\/div>\n<p><!-- [et_pb_line_break_holder] --><\/p>\n<div class=\"tapahtumannimi\">\n<h2 class=\"entry-title\"><a href=\"https:\/\/rotary.fi\/jussinkylanrotaryklubi\/events\/luokite-esitelma-juha-korhonen\/\">Luokite-esitelm\u00e4: Juha Korhonen<\/a><!-- [et_pb_line_break_holder] --><\/h2>\n<\/div>\n<p><!-- [et_pb_line_break_holder] --><\/p>\n<div class=\"tapahtumapaikka\">Linkosuon Paasisali<\/div>\n<p><!-- [et_pb_line_break_holder] --><\/div>\n<p><!-- [et_pb_line_break_holder] --><!-- [et_pb_line_break_holder] --><\/p>\n<div class=\"et_pb_module tapahtumalistaus\"><!-- [et_pb_line_break_holder] --><\/p>\n<div class=\"tapahtumanpvm\">7.2.2025 <\/div>\n<p><!-- [et_pb_line_break_holder] --><\/p>\n<div class=\"tapahtumannimi\">\n<h2 class=\"entry-title\"><a href=\"https:\/\/rotary.fi\/jussinkylanrotaryklubi\/events\/thermidas-oy-clinical-director-rami-luttinen-lampokuvantamisen-mahdollisuudet-terveydenhuollossa\/\">Thermidas Oy; Clinical director Rami Luttinen: l\u00e4mp\u00f6kuvantamisen mahdollisuudet terveydenhuollossa<\/a><!-- [et_pb_line_break_holder] --><\/h2>\n<\/div>\n<p><!-- [et_pb_line_break_holder] --><\/p>\n<div class=\"tapahtumapaikka\">Linkosuon Paasisali<\/div>\n<p><!-- [et_pb_line_break_holder] --><\/div>\n<p><!-- [et_pb_line_break_holder] --><!-- [et_pb_line_break_holder] --><\/p>\n<div class=\"et_pb_module tapahtumalistaus\"><!-- [et_pb_line_break_holder] --><\/p>\n<div class=\"tapahtumanpvm\">31.1.2025 <\/div>\n<p><!-- [et_pb_line_break_holder] --><\/p>\n<div class=\"tapahtumannimi\">\n<h2 class=\"entry-title\"><a href=\"https:\/\/rotary.fi\/jussinkylanrotaryklubi\/events\/business-tampere-senior-director-petri-rasanen-siruja-tampereelta\/\">Business Tampere, Senior Director Petri R\u00e4s\u00e4nen; Siruja Tampereelta!<\/a><!-- [et_pb_line_break_holder] --><\/h2>\n<\/div>\n<p><!-- [et_pb_line_break_holder] --><\/p>\n<div class=\"tapahtumapaikka\">Linkosuon Paasisali<\/div>\n<p><!-- [et_pb_line_break_holder] --><\/div>\n<p><!-- [et_pb_line_break_holder] --><!-- [et_pb_line_break_holder] --><\/p>\n<div class=\"et_pb_module tapahtumalistaus\"><!-- [et_pb_line_break_holder] --><\/p>\n<div class=\"tapahtumanpvm\">24.1.2025 <\/div>\n<p><!-- [et_pb_line_break_holder] --><\/p>\n<div class=\"tapahtumannimi\">\n<h2 class=\"entry-title\"><a href=\"https:\/\/rotary.fi\/jussinkylanrotaryklubi\/events\/spogen-ai-pertti-aimonen-regeneratiivisen-tekoalyn-kehitys-uhka-vai-mahdollisuus\/\">Spogen AI Pertti Aimonen; Regeneratiivisen teko\u00e4lyn kehitys; uhka vai mahdollisuus<\/a><!-- [et_pb_line_break_holder] --><\/h2>\n<\/div>\n<p><!-- [et_pb_line_break_holder] --><\/p>\n<div class=\"tapahtumapaikka\">Linkosuon Paasisali<\/div>\n<p><!-- [et_pb_line_break_holder] --><\/div>\n<p><!-- [et_pb_line_break_holder] --><!-- [et_pb_line_break_holder] --><\/p>\n<div class=\"et_pb_module tapahtumalistaus\"><!-- [et_pb_line_break_holder] --><\/p>\n<div class=\"tapahtumanpvm\">17.1.2025 <\/div>\n<p><!-- [et_pb_line_break_holder] --><\/p>\n<div class=\"tapahtumannimi\">\n<h2 class=\"entry-title\"><a href=\"https:\/\/rotary.fi\/jussinkylanrotaryklubi\/events\/auroora-yhtiot-oyj-liiketoimintajohtaja-petri-antila-pk-yritykset-ja-paaomasijoittaminen\/\">Auroora Yhti\u00f6t Oyj liiketoimintajohtaja Petri Antila: PK-yritykset ja p\u00e4\u00e4omasijoittaminen<\/a><!-- [et_pb_line_break_holder] --><\/h2>\n<\/div>\n<p><!-- [et_pb_line_break_holder] --><\/p>\n<div class=\"tapahtumapaikka\">Linkosuon Paasisali<\/div>\n<p><!-- [et_pb_line_break_holder] --><\/div>\n<p><!-- [et_pb_line_break_holder] --><!-- [et_pb_line_break_holder] --><\/p>\n<div class=\"et_pb_module tapahtumalistaus\"><!-- [et_pb_line_break_holder] --><\/p>\n<div class=\"tapahtumanpvm\">10.1.2025 <\/div>\n<p><!-- [et_pb_line_break_holder] --><\/p>\n<div class=\"tapahtumannimi\">\n<h2 class=\"entry-title\"><a href=\"https:\/\/rotary.fi\/jussinkylanrotaryklubi\/events\/karu-films-ceo-lauri-kuusela-markkinoinnin-maailma-liikkuvan-kuvan-kautta-tamperelaisia-menestystarinoita\/\">Karu Films CEO Lauri Kuusela; Markkinoinnin maailma liikkuvan kuvan kautta. Tamperelaisia menestystarinoita<\/a><!-- [et_pb_line_break_holder] --><\/h2>\n<\/div>\n<p><!-- [et_pb_line_break_holder] --><\/p>\n<div class=\"tapahtumapaikka\">Linkosuon Paasisali<\/div>\n<p><!-- [et_pb_line_break_holder] --><\/div>\n<p><!-- [et_pb_line_break_holder] --><!-- [et_pb_line_break_holder] --><\/p>\n<div class=\"et_pb_module tapahtumalistaus\"><!-- [et_pb_line_break_holder] --><\/p>\n<div class=\"tapahtumanpvm\">29.11.2024 <\/div>\n<p><!-- [et_pb_line_break_holder] --><\/p>\n<div class=\"tapahtumannimi\">\n<h2 class=\"entry-title\"><a href=\"https:\/\/rotary.fi\/jussinkylanrotaryklubi\/events\/aimo-jussila-leivan-tarina-ja-tarinaa-leivasta\/\">Aimo Jussila; Leiv\u00e4n tarina ja tarinaa leiv\u00e4llisen p\u00f6yd\u00e4n \u00e4\u00e4rest\u00e4.<\/a><!-- [et_pb_line_break_holder] --><\/h2>\n<\/div>\n<p><!-- [et_pb_line_break_holder] --><\/p>\n<div class=\"tapahtumapaikka\">Linkosuon Paasisali<\/div>\n<p><!-- [et_pb_line_break_holder] --><\/div>\n<p><!-- [et_pb_line_break_holder] --><!-- [et_pb_line_break_holder] --><\/p>\n<div class=\"et_pb_module tapahtumalistaus\"><!-- [et_pb_line_break_holder] --><\/p>\n<div class=\"tapahtumanpvm\">22.11.2024 <\/div>\n<p><!-- [et_pb_line_break_holder] --><\/p>\n<div class=\"tapahtumannimi\">\n<h2 class=\"entry-title\"><a href=\"https:\/\/rotary.fi\/jussinkylanrotaryklubi\/events\/eparking-toimitusjohtaja-alexander-ivaine-mihin-menet-sahkoinen-liikenne\/\">eParking toimitusjohtaja Alexander Ivaine; mihin menet s\u00e4hk\u00f6inen liikenne<\/a><!-- [et_pb_line_break_holder] --><\/h2>\n<\/div>\n<p><!-- [et_pb_line_break_holder] --><\/p>\n<div class=\"tapahtumapaikka\">Linkosuon Paasisali<\/div>\n<p><!-- [et_pb_line_break_holder] --><\/div>\n<p><!-- [et_pb_line_break_holder] --><!-- [et_pb_line_break_holder] --><\/p>\n<div class=\"et_pb_module tapahtumalistaus\"><!-- [et_pb_line_break_holder] --><\/p>\n<div class=\"tapahtumanpvm\">15.11.2024 <\/div>\n<p><!-- [et_pb_line_break_holder] --><\/p>\n<div class=\"tapahtumannimi\">\n<h2 class=\"entry-title\"><a href=\"https:\/\/rotary.fi\/jussinkylanrotaryklubi\/events\/miten-kokenut-mies-pitaa-itsensa-kunnossa-ville-pirttijoki-varalan-urheiluopisto\/\">Miten kokenut mies pit\u00e4\u00e4 itsens\u00e4 kunnossa? Ville Pirttijoki:  Varalan Urheiluopisto<\/a><!-- [et_pb_line_break_holder] --><\/h2>\n<\/div>\n<p><!-- [et_pb_line_break_holder] --><\/p>\n<div class=\"tapahtumapaikka\">Linkosuon Paasisali<\/div>\n<p><!-- [et_pb_line_break_holder] --><\/div>\n<p><!-- [et_pb_line_break_holder] --><!-- [et_pb_line_break_holder] --><\/p>\n<div class=\"et_pb_module tapahtumalistaus\"><!-- [et_pb_line_break_holder] --><\/p>\n<div class=\"tapahtumanpvm\">8.11.2024 <\/div>\n<p><!-- [et_pb_line_break_holder] --><\/p>\n<div class=\"tapahtumannimi\">\n<h2 class=\"entry-title\"><a href=\"https:\/\/rotary.fi\/jussinkylanrotaryklubi\/events\/forecon-pekka-pajakkala-pirkanmaan-rakentamisen-tulevaisuus-ja-asuntosijoittaminen\/\">Forecon Pekka Pajakkala: Pirkanmaan rakentamisen tulevaisuus ja asuntosijoittaminen<\/a><!-- [et_pb_line_break_holder] --><\/h2>\n<\/div>\n<p><!-- [et_pb_line_break_holder] --><\/p>\n<div class=\"tapahtumapaikka\">Linkosuon Paasisali<\/div>\n<p><!-- [et_pb_line_break_holder] --><\/div>\n<p><!-- [et_pb_line_break_holder] --><!-- [et_pb_line_break_holder] --><\/p>\n<div class=\"et_pb_module tapahtumalistaus\"><!-- [et_pb_line_break_holder] --><\/p>\n<div class=\"tapahtumanpvm\">1.11.2024 <\/div>\n<p><!-- [et_pb_line_break_holder] --><\/p>\n<div class=\"tapahtumannimi\">\n<h2 class=\"entry-title\"><a href=\"https:\/\/rotary.fi\/jussinkylanrotaryklubi\/events\/timo-voutilainen-kiinteistomaailma-katsaus-tampereen-seudun-asuntomarkkinat-barometri-ennustaa\/\">Timo Voutilainen Kiinteist\u00f6maailma: Katsaus Tampereen seudun asuntomarkkinat; barometri ennustaa<\/a><!-- [et_pb_line_break_holder] --><\/h2>\n<\/div>\n<p><!-- [et_pb_line_break_holder] --><\/p>\n<div class=\"tapahtumapaikka\">Linkosuon Paasisali<\/div>\n<p><!-- [et_pb_line_break_holder] --><\/div>\n<p><!-- [et_pb_line_break_holder] --><!-- [et_pb_line_break_holder] --><\/p>\n<div class=\"et_pb_module tapahtumalistaus\"><!-- [et_pb_line_break_holder] --><\/p>\n<div class=\"tapahtumanpvm\">25.10.2024 <\/div>\n<p><!-- [et_pb_line_break_holder] --><\/p>\n<div class=\"tapahtumannimi\">\n<h2 class=\"entry-title\"><a href=\"https:\/\/rotary.fi\/jussinkylanrotaryklubi\/events\/kommodori-jukka-savolainen-euroopan-hybridiosaamiskeskuksen-rooli-globaali-konflikti-ja-suomi\/\">Kommodori Jukka Savolainen: Euroopan hybridiosaamiskeskuksen rooli; Globaali konflikti ja Suomi<\/a><!-- [et_pb_line_break_holder] --><\/h2>\n<\/div>\n<p><!-- [et_pb_line_break_holder] --><\/p>\n<div class=\"tapahtumapaikka\">Linkosuon Paasisali<\/div>\n<p><!-- [et_pb_line_break_holder] --><\/div>\n<p><!-- [et_pb_line_break_holder] --><!-- [et_pb_line_break_holder] --><\/p>\n<div class=\"et_pb_module tapahtumalistaus\"><!-- [et_pb_line_break_holder] --><\/p>\n<div class=\"tapahtumanpvm\">18.10.2024 <\/div>\n<p><!-- [et_pb_line_break_holder] --><\/p>\n<div class=\"tapahtumannimi\">\n<h2 class=\"entry-title\"><a href=\"https:\/\/rotary.fi\/jussinkylanrotaryklubi\/events\/leivan-tarina-minne-menet-leivonta-yrityskummi-aimo-jussila-amihelp-oy\/\">Kuvern\u00f6\u00f6ri Anssi Kuoppalan vierailu+ vuosikokous<\/a><!-- [et_pb_line_break_holder] --><\/h2>\n<\/div>\n<p><!-- [et_pb_line_break_holder] --><\/p>\n<div class=\"tapahtumapaikka\">Linkosuon Paasisali<\/div>\n<p><!-- [et_pb_line_break_holder] --><\/div>\n<p><!-- [et_pb_line_break_holder] --><!-- [et_pb_line_break_holder] --><\/p>\n<div class=\"et_pb_module tapahtumalistaus\"><!-- [et_pb_line_break_holder] --><\/p>\n<div class=\"tapahtumanpvm\">4.10.2024 <\/div>\n<p><!-- [et_pb_line_break_holder] --><\/p>\n<div class=\"tapahtumannimi\">\n<h2 class=\"entry-title\"><a href=\"https:\/\/rotary.fi\/jussinkylanrotaryklubi\/events\/jos-en-ole-yrittaja-mita-jaa-miessakit-ryn-lauri-puisto-keskusteluttaa-yrittajaidentiteetista-ja-selvitytymiskeinoista\/\">Jos en ole yritt\u00e4j\u00e4, mit\u00e4 j\u00e4\u00e4? Miessakit Ry:n Lauri Puisto keskusteluttaa yritt\u00e4j\u00e4identiteetist\u00e4 ja selvitytymiskeinoista<\/a><!-- [et_pb_line_break_holder] --><\/h2>\n<\/div>\n<p><!-- [et_pb_line_break_holder] --><\/p>\n<div class=\"tapahtumapaikka\">Linkosuon Paasisali<\/div>\n<p><!-- [et_pb_line_break_holder] --><\/div>\n<p><!-- [et_pb_line_break_holder] --><!-- [et_pb_line_break_holder] --><\/p>\n<div class=\"et_pb_module tapahtumalistaus\"><!-- [et_pb_line_break_holder] --><\/p>\n<div class=\"tapahtumanpvm\">27.9.2024 <\/div>\n<p><!-- [et_pb_line_break_holder] --><\/p>\n<div class=\"tapahtumannimi\">\n<h2 class=\"entry-title\"><a href=\"https:\/\/rotary.fi\/jussinkylanrotaryklubi\/events\/janne-viljamaa-granite-partners-oy-nykyaikainen-riskienhallinta-vaatimukset-ja-tehokkaat-tavat-ehkaista\/\">Janne Viljamaa; Granite Partners Oy; Nykyaikainen riskienhallinta, vaatimukset ja tehokkaat tavat ehk\u00e4ist\u00e4<\/a><!-- [et_pb_line_break_holder] --><\/h2>\n<\/div>\n<p><!-- [et_pb_line_break_holder] --><\/p>\n<div class=\"tapahtumapaikka\">Linkosuon Paasisali<\/div>\n<p><!-- [et_pb_line_break_holder] --><\/div>\n<p><!-- [et_pb_line_break_holder] --><!-- [et_pb_line_break_holder] --><\/p>\n<div class=\"et_pb_module tapahtumalistaus\"><!-- [et_pb_line_break_holder] --><\/p>\n<div class=\"tapahtumanpvm\">20.9.2024 <\/div>\n<p><!-- [et_pb_line_break_holder] --><\/p>\n<div class=\"tapahtumannimi\">\n<h2 class=\"entry-title\"><a href=\"https:\/\/rotary.fi\/jussinkylanrotaryklubi\/events\/vuosikokous\/\">Vuosikokous ja piirikuvern\u00f6\u00f6ri Anssi Kuoppalan vierailu<\/a><!-- [et_pb_line_break_holder] --><\/h2>\n<\/div>\n<p><!-- [et_pb_line_break_holder] --><\/p>\n<div class=\"tapahtumapaikka\">Linkosuon Paasisali<\/div>\n<p><!-- [et_pb_line_break_holder] --><\/div>\n<p><!-- [et_pb_line_break_holder] --><!-- [et_pb_line_break_holder] --><\/p>\n<div class=\"et_pb_module tapahtumalistaus\"><!-- [et_pb_line_break_holder] --><\/p>\n<div class=\"tapahtumanpvm\">13.9.2024 <\/div>\n<p><!-- [et_pb_line_break_holder] --><\/p>\n<div class=\"tapahtumannimi\">\n<h2 class=\"entry-title\"><a href=\"https:\/\/rotary.fi\/jussinkylanrotaryklubi\/events\/ylijohtaja-maija-strandberg-nakokulmia-valtion-omistusjohtajuuteen\/\">Ylijohtaja Maija Strandberg; N\u00e4k\u00f6kulmia valtion omistusjohtajuuteen<\/a><!-- [et_pb_line_break_holder] --><\/h2>\n<\/div>\n<p><!-- [et_pb_line_break_holder] --><\/p>\n<div class=\"tapahtumapaikka\">Linkosuon Paasisali<\/div>\n<p><!-- [et_pb_line_break_holder] --><\/div>\n<p><!-- [et_pb_line_break_holder] --><!-- [et_pb_line_break_holder] --><\/p>\n<div class=\"et_pb_module tapahtumalistaus\"><!-- [et_pb_line_break_holder] --><\/p>\n<div class=\"tapahtumanpvm\">10.3.2023 <\/div>\n<p><!-- [et_pb_line_break_holder] --><\/p>\n<div class=\"tapahtumannimi\">\n<h2 class=\"entry-title\"><a href=\"https:\/\/rotary.fi\/jussinkylanrotaryklubi\/events\/olli-niemi-70-v-esitelmapaaosin-tyoelamasta-mutta-jotain-myos-perheesta-ja-harrastuksista\/\">Olli Niemi 70 v esitelm\u00e4 p\u00e4\u00e4osin ty\u00f6el\u00e4m\u00e4st\u00e4 mutta jotain my\u00f6s perheest\u00e4 ja harrastuksista<\/a><!-- [et_pb_line_break_holder] --><\/h2>\n<\/div>\n<p><!-- [et_pb_line_break_holder] --><\/p>\n<div class=\"tapahtumapaikka\">Linkosuon Paasisali<\/div>\n<p><!-- [et_pb_line_break_holder] --><\/div>\n<p><!-- [et_pb_line_break_holder] --><!-- [et_pb_line_break_holder] --><\/p>\n<div class=\"et_pb_module tapahtumalistaus\"><!-- [et_pb_line_break_holder] --><\/p>\n<div class=\"tapahtumanpvm\">10.2.2023 <\/div>\n<p><!-- [et_pb_line_break_holder] --><\/p>\n<div class=\"tapahtumannimi\">\n<h2 class=\"entry-title\"><a href=\"https:\/\/rotary.fi\/jussinkylanrotaryklubi\/events\/matti-tarkkasydankirurgian-kehitys\/\">Matti Tarkka\tSyd\u00e4nkirurgian kehitys<\/a><!-- [et_pb_line_break_holder] --><\/h2>\n<\/div>\n<p><!-- [et_pb_line_break_holder] --><\/p>\n<div class=\"tapahtumapaikka\">Linkosuon Paasisali<\/div>\n<p><!-- [et_pb_line_break_holder] --><\/div>\n<p><!-- [et_pb_line_break_holder] --><!-- [et_pb_line_break_holder] --><\/p>\n<div class=\"et_pb_module tapahtumalistaus\"><!-- [et_pb_line_break_holder] --><\/p>\n<div class=\"tapahtumanpvm\">3.2.2023 <\/div>\n<p><!-- [et_pb_line_break_holder] --><\/p>\n<div class=\"tapahtumannimi\">\n<h2 class=\"entry-title\"><a href=\"https:\/\/rotary.fi\/jussinkylanrotaryklubi\/events\/petri-salminen-yrittajyyden-edistaminen-suomessa-verrattuna-eurooppaan-yleensa\/\">Petri Salminen - Yritt\u00e4jyyden edist\u00e4minen Suomessa verrattuna Eurooppaan yleens\u00e4<\/a><!-- [et_pb_line_break_holder] --><\/h2>\n<\/div>\n<p><!-- [et_pb_line_break_holder] --><\/p>\n<div class=\"tapahtumapaikka\">Linkosuon Paasisali<\/div>\n<p><!-- [et_pb_line_break_holder] --><\/div>\n<p><!-- [et_pb_line_break_holder] --><!-- [et_pb_line_break_holder] --><\/p>\n<div class=\"et_pb_module tapahtumalistaus\"><!-- [et_pb_line_break_holder] --><\/p>\n<div class=\"tapahtumanpvm\">27.1.2023 <\/div>\n<p><!-- [et_pb_line_break_holder] --><\/p>\n<div class=\"tapahtumannimi\">\n<h2 class=\"entry-title\"><a href=\"https:\/\/rotary.fi\/jussinkylanrotaryklubi\/events\/hannu-rosenqvistelakejarjestelman-tila-keskustelua\/\">Hannu Rosenqvist\tEl\u00e4kej\u00e4rjestelm\u00e4n tila- keskustelua<\/a><!-- [et_pb_line_break_holder] --><\/h2>\n<\/div>\n<p><!-- [et_pb_line_break_holder] --><\/p>\n<div class=\"tapahtumapaikka\">Linkosuon Paasisali<\/div>\n<p><!-- [et_pb_line_break_holder] --><\/div>\n<p><!-- [et_pb_line_break_holder] --><!-- [et_pb_line_break_holder] --><\/p>\n<div class=\"et_pb_module tapahtumalistaus\"><!-- [et_pb_line_break_holder] --><\/p>\n<div class=\"tapahtumanpvm\">20.1.2023 <\/div>\n<p><!-- [et_pb_line_break_holder] --><\/p>\n<div class=\"tapahtumannimi\">\n<h2 class=\"entry-title\"><a href=\"https:\/\/rotary.fi\/jussinkylanrotaryklubi\/events\/miika-tomivaihto-oppilas-muistelo\/\">Miika Tomi\tVaihto-oppilas muistelo<\/a><!-- [et_pb_line_break_holder] --><\/h2>\n<\/div>\n<p><!-- [et_pb_line_break_holder] --><\/p>\n<div class=\"tapahtumapaikka\">Linkosuon Paasisali<\/div>\n<p><!-- [et_pb_line_break_holder] --><\/div>\n<p><!-- [et_pb_line_break_holder] --><!-- [et_pb_line_break_holder] --><\/p>\n<div class=\"et_pb_module tapahtumalistaus\"><!-- [et_pb_line_break_holder] --><\/p>\n<div class=\"tapahtumanpvm\">13.1.2023 <\/div>\n<p><!-- [et_pb_line_break_holder] --><\/p>\n<div class=\"tapahtumannimi\">\n<h2 class=\"entry-title\"><a href=\"https:\/\/rotary.fi\/jussinkylanrotaryklubi\/events\/miessakit-ryn-toiminnan-esittely\/\">Miessakit ry:n toiminnan esittely<\/a><!-- [et_pb_line_break_holder] --><\/h2>\n<\/div>\n<p><!-- [et_pb_line_break_holder] --><\/p>\n<div class=\"tapahtumapaikka\">Linkosuon Paasisali<\/div>\n<p><!-- [et_pb_line_break_holder] --><\/div>\n<p><!-- [et_pb_line_break_holder] --><!-- [et_pb_line_break_holder] --><\/p>\n<div class=\"et_pb_module tapahtumalistaus\"><!-- [et_pb_line_break_holder] --><\/p>\n<div class=\"tapahtumanpvm\">16.12.2022 <\/div>\n<p><!-- [et_pb_line_break_holder] --><\/p>\n<div class=\"tapahtumannimi\">\n<h2 class=\"entry-title\"><a href=\"https:\/\/rotary.fi\/jussinkylanrotaryklubi\/events\/timo-takalajouluhartaus\/\">Timo Takala\tJouluhartaus<\/a><!-- [et_pb_line_break_holder] --><\/h2>\n<\/div>\n<p><!-- [et_pb_line_break_holder] --><\/p>\n<div class=\"tapahtumapaikka\">Linkosuon Paasisali<\/div>\n<p><!-- [et_pb_line_break_holder] --><\/div>\n<p><!-- [et_pb_line_break_holder] --><!-- [et_pb_line_break_holder] --><\/p>\n<div class=\"et_pb_module tapahtumalistaus\"><!-- [et_pb_line_break_holder] --><\/p>\n<div class=\"tapahtumanpvm\">9.12.2022 <\/div>\n<p><!-- [et_pb_line_break_holder] --><\/p>\n<div class=\"tapahtumannimi\">\n<h2 class=\"entry-title\"><a href=\"https:\/\/rotary.fi\/jussinkylanrotaryklubi\/events\/olli-niemi-teknologiakeskustoiminta-tampereella-nousu-tulokset-ja-alasajo\/\">Olli Niemi, Teknologiakeskustoiminta Tampereella; Nousu, tulokset ja alasajo<\/a><!-- [et_pb_line_break_holder] --><\/h2>\n<\/div>\n<p><!-- [et_pb_line_break_holder] --><\/p>\n<div class=\"tapahtumapaikka\">Linkosuon Paasisali<\/div>\n<p><!-- [et_pb_line_break_holder] --><\/div>\n<p><!-- [et_pb_line_break_holder] --><!-- [et_pb_line_break_holder] --><\/p>\n<div class=\"et_pb_module tapahtumalistaus\"><!-- [et_pb_line_break_holder] --><\/p>\n<div class=\"tapahtumanpvm\">2.12.2022 <\/div>\n<p><!-- [et_pb_line_break_holder] --><\/p>\n<div class=\"tapahtumannimi\">\n<h2 class=\"entry-title\"><a href=\"https:\/\/rotary.fi\/jussinkylanrotaryklubi\/events\/tampere-talo-vierailu-hanna-leena-laszka\/\">Tampere-Talo vierailu, Hanna-Leena Laszka<\/a><!-- [et_pb_line_break_holder] --><\/h2>\n<\/div>\n<p><!-- [et_pb_line_break_holder] --><\/p>\n<div class=\"tapahtumapaikka\"><\/div>\n<p><!-- [et_pb_line_break_holder] --><\/div>\n<p><!-- [et_pb_line_break_holder] --><!-- [et_pb_line_break_holder] --><\/p>\n<div class=\"et_pb_module tapahtumalistaus\"><!-- [et_pb_line_break_holder] --><\/p>\n<div class=\"tapahtumanpvm\">25.11.2022 <\/div>\n<p><!-- [et_pb_line_break_holder] --><\/p>\n<div class=\"tapahtumannimi\">\n<h2 class=\"entry-title\"><a href=\"https:\/\/rotary.fi\/jussinkylanrotaryklubi\/events\/heikki-penttila-areenasta-areenaan\/\">Heikki Penttil\u00e4 \tAreenasta areenaan<\/a><!-- [et_pb_line_break_holder] --><\/h2>\n<\/div>\n<p><!-- [et_pb_line_break_holder] --><\/p>\n<div class=\"tapahtumapaikka\">Linkosuon Paasisali<\/div>\n<p><!-- [et_pb_line_break_holder] --><\/div>\n<p><!-- [et_pb_line_break_holder] --><!-- [et_pb_line_break_holder] --><\/p>\n<div class=\"et_pb_module tapahtumalistaus\"><!-- [et_pb_line_break_holder] --><\/p>\n<div class=\"tapahtumanpvm\">18.11.2022 <\/div>\n<p><!-- [et_pb_line_break_holder] --><\/p>\n<div class=\"tapahtumannimi\">\n<h2 class=\"entry-title\"><a href=\"https:\/\/rotary.fi\/jussinkylanrotaryklubi\/events\/harri-ojala-visit-tamperepirkkalan-lentoaseman-lentoliikenteen-kehitys\/\">Harri Ojala, Visit Tampere\tPirkkalan lentoaseman lentoliikenteen kehitys<\/a><!-- [et_pb_line_break_holder] --><\/h2>\n<\/div>\n<p><!-- [et_pb_line_break_holder] --><\/p>\n<div class=\"tapahtumapaikka\">Linkosuon Paasisali<\/div>\n<p><!-- [et_pb_line_break_holder] --><\/div>\n<p><!-- [et_pb_line_break_holder] --><!-- [et_pb_line_break_holder] --><\/p>\n<div class=\"et_pb_module tapahtumalistaus\"><!-- [et_pb_line_break_holder] --><\/p>\n<div class=\"tapahtumanpvm\">11.11.2022 <\/div>\n<p><!-- [et_pb_line_break_holder] --><\/p>\n<div class=\"tapahtumannimi\">\n<h2 class=\"entry-title\"><a href=\"https:\/\/rotary.fi\/jussinkylanrotaryklubi\/events\/mauri-jussila-hoitokodin-tilanne\/\">Mauri Jussila, Hoitokodin tilanne<\/a><!-- [et_pb_line_break_holder] --><\/h2>\n<\/div>\n<p><!-- [et_pb_line_break_holder] --><\/p>\n<div class=\"tapahtumapaikka\">Linkosuon Paasisali<\/div>\n<p><!-- [et_pb_line_break_holder] --><\/div>\n<p><!-- [et_pb_line_break_holder] --><!-- [et_pb_line_break_holder] --><\/p>\n<div class=\"et_pb_module tapahtumalistaus\"><!-- [et_pb_line_break_holder] --><\/p>\n<div class=\"tapahtumanpvm\">4.11.2022 <\/div>\n<p><!-- [et_pb_line_break_holder] --><\/p>\n<div class=\"tapahtumannimi\">\n<h2 class=\"entry-title\"><a href=\"https:\/\/rotary.fi\/jussinkylanrotaryklubi\/events\/virpi-ekholm-tampereen-asunto-ja-maapolitiikan-linjaukset-ja-asumisen-tilannekuva\/\">Virpi Ekholm, Tampereen asunto- ja maapolitiikan linjaukset ja asumisen tilannekuva.<\/a><!-- [et_pb_line_break_holder] --><\/h2>\n<\/div>\n<p><!-- [et_pb_line_break_holder] --><\/p>\n<div class=\"tapahtumapaikka\">Linkosuon Paasisali<\/div>\n<p><!-- [et_pb_line_break_holder] --><\/div>\n<p><!-- [et_pb_line_break_holder] --><!-- [et_pb_line_break_holder] --><\/p>\n<div class=\"et_pb_module tapahtumalistaus\"><!-- [et_pb_line_break_holder] --><\/p>\n<div class=\"tapahtumanpvm\">28.10.2022 <\/div>\n<p><!-- [et_pb_line_break_holder] --><\/p>\n<div class=\"tapahtumannimi\">\n<h2 class=\"entry-title\"><a href=\"https:\/\/rotary.fi\/jussinkylanrotaryklubi\/events\/komentaja-evp-matti-eskolavapaaehtoinen-maanpuolustus-nyt\/\">Komentaja Evp Matti Eskola\tVapaaehtoinen maanpuolustus Nyt!<\/a><!-- [et_pb_line_break_holder] --><\/h2>\n<\/div>\n<p><!-- [et_pb_line_break_holder] --><\/p>\n<div class=\"tapahtumapaikka\">Linkosuon Paasisali<\/div>\n<p><!-- [et_pb_line_break_holder] --><\/div>\n<p><!-- [et_pb_line_break_holder] --><!-- [et_pb_line_break_holder] --><\/p>\n<div class=\"et_pb_module tapahtumalistaus\"><!-- [et_pb_line_break_holder] --><\/p>\n<div class=\"tapahtumanpvm\">21.10.2022 <\/div>\n<p><!-- [et_pb_line_break_holder] --><\/p>\n<div class=\"tapahtumannimi\">\n<h2 class=\"entry-title\"><a href=\"https:\/\/rotary.fi\/jussinkylanrotaryklubi\/events\/samuli-hietala-korkeakouluopiskeijoiden-nyyti-hankenuoren-miehen-tila-nykysuomessa\/\">Samuli Hietala, Korkeakouluopiskeijoiden Nyyti hanke\tNuoren miehen tila nykysuomessa<\/a><!-- [et_pb_line_break_holder] --><\/h2>\n<\/div>\n<p><!-- [et_pb_line_break_holder] --><\/p>\n<div class=\"tapahtumapaikka\">Linkosuon Paasisali<\/div>\n<p><!-- [et_pb_line_break_holder] --><\/div>\n<p><!-- [et_pb_line_break_holder] --><!-- [et_pb_line_break_holder] --><\/p>\n<div class=\"et_pb_module tapahtumalistaus\"><!-- [et_pb_line_break_holder] --><\/p>\n<div class=\"tapahtumanpvm\">14.10.2022 <\/div>\n<p><!-- [et_pb_line_break_holder] --><\/p>\n<div class=\"tapahtumannimi\">\n<h2 class=\"entry-title\"><a href=\"https:\/\/rotary.fi\/jussinkylanrotaryklubi\/events\/pekka-ahola-solitacase-solita-mansesta-maailmalle\/\">Pekka Ahola, Solita\tCase Solita: Mansesta maailmalle<\/a><!-- [et_pb_line_break_holder] --><\/h2>\n<\/div>\n<p><!-- [et_pb_line_break_holder] --><\/p>\n<div class=\"tapahtumapaikka\">Linkosuon Paasisali<\/div>\n<p><!-- [et_pb_line_break_holder] --><\/div>\n<p><!-- [et_pb_line_break_holder] --><!-- [et_pb_line_break_holder] --><\/p>\n<div class=\"et_pb_module tapahtumalistaus\"><!-- [et_pb_line_break_holder] --><\/p>\n<div class=\"tapahtumanpvm\">7.10.2022 <\/div>\n<p><!-- [et_pb_line_break_holder] --><\/p>\n<div class=\"tapahtumannimi\">\n<h2 class=\"entry-title\"><a href=\"https:\/\/rotary.fi\/jussinkylanrotaryklubi\/events\/niko-airaksinen-finnish-silverlinepirkanmaan-jarvien-matkustajaliikenne-ennen-ja-nyt-mahdollisuudet\/\">Niko Airaksinen, Finnish Silverline\tPirkanmaan j\u00e4rvien matkustajaliikenne ennen ja nyt, mahdollisuudet<\/a><!-- [et_pb_line_break_holder] --><\/h2>\n<\/div>\n<p><!-- [et_pb_line_break_holder] --><\/p>\n<div class=\"tapahtumapaikka\">Linkosuon Paasisali<\/div>\n<p><!-- [et_pb_line_break_holder] --><\/div>\n<p><!-- [et_pb_line_break_holder] --><!-- [et_pb_line_break_holder] --><\/p>\n<div class=\"et_pb_module tapahtumalistaus\"><!-- [et_pb_line_break_holder] --><\/p>\n<div class=\"tapahtumanpvm\">30.9.2022 <\/div>\n<p><!-- [et_pb_line_break_holder] --><\/p>\n<div class=\"tapahtumannimi\">\n<h2 class=\"entry-title\"><a href=\"https:\/\/rotary.fi\/jussinkylanrotaryklubi\/events\/jorma-suonionatiolismi-heimosodat-ja-itsenaisyyden-ajan-ainoa-poliittinen-murha\/\">Jorma Suonio\tNatiolismi, heimosodat ja itsen\u00e4isyyden ajan ainoa poliittinen murha<\/a><!-- [et_pb_line_break_holder] --><\/h2>\n<\/div>\n<p><!-- [et_pb_line_break_holder] --><\/p>\n<div class=\"tapahtumapaikka\">Linkosuon Paasisali<\/div>\n<p><!-- [et_pb_line_break_holder] --><\/div>\n<p><!-- [et_pb_line_break_holder] --><!-- [et_pb_line_break_holder] --><\/p>\n<div class=\"et_pb_module tapahtumalistaus\"><!-- [et_pb_line_break_holder] --><\/p>\n<div class=\"tapahtumanpvm\">23.9.2022 <\/div>\n<p><!-- [et_pb_line_break_holder] --><\/p>\n<div class=\"tapahtumannimi\">\n<h2 class=\"entry-title\"><a href=\"https:\/\/rotary.fi\/jussinkylanrotaryklubi\/events\/janne-monkkonentyovoiman-saanti-ravintola-ja-hotellialalla\/\">Janne M\u00f6nkk\u00f6nen\tTy\u00f6voiman saanti ravintola- ja hotellialalla<\/a><!-- [et_pb_line_break_holder] --><\/h2>\n<\/div>\n<p><!-- [et_pb_line_break_holder] --><\/p>\n<div class=\"tapahtumapaikka\">Linkosuon Paasisali<\/div>\n<p><!-- [et_pb_line_break_holder] --><\/div>\n<p><!-- [et_pb_line_break_holder] --><!-- [et_pb_line_break_holder] --><\/p>\n<div class=\"et_pb_module tapahtumalistaus\"><!-- [et_pb_line_break_holder] --><\/p>\n<div class=\"tapahtumanpvm\">16.9.2022 <\/div>\n<p><!-- [et_pb_line_break_holder] --><\/p>\n<div class=\"tapahtumannimi\">\n<h2 class=\"entry-title\"><a href=\"https:\/\/rotary.fi\/jussinkylanrotaryklubi\/events\/ami-jussilaleivan-ja-elaman-aaressa\/\">Ami Jussila\tLeiv\u00e4n ja el\u00e4m\u00e4n \u00e4\u00e4ress\u00e4<\/a><!-- [et_pb_line_break_holder] --><\/h2>\n<\/div>\n<p><!-- [et_pb_line_break_holder] --><\/p>\n<div class=\"tapahtumapaikka\">Linkosuon Paasisali<\/div>\n<p><!-- [et_pb_line_break_holder] --><\/div>\n<p><!-- [et_pb_line_break_holder] --><!-- [et_pb_line_break_holder] --><\/p>\n<div class=\"et_pb_module tapahtumalistaus\"><!-- [et_pb_line_break_holder] --><\/p>\n<div class=\"tapahtumanpvm\">9.9.2022 <\/div>\n<p><!-- [et_pb_line_break_holder] --><\/p>\n<div class=\"tapahtumannimi\">\n<h2 class=\"entry-title\"><a href=\"https:\/\/rotary.fi\/jussinkylanrotaryklubi\/events\/erkki-karvalatampereen-muutos-50-vuodessa\/\">Erkki Karvala\tTampereen muutos 50 vuodessa<\/a><!-- [et_pb_line_break_holder] --><\/h2>\n<\/div>\n<p><!-- [et_pb_line_break_holder] --><\/p>\n<div class=\"tapahtumapaikka\">Linkosuon Paasisali<\/div>\n<p><!-- [et_pb_line_break_holder] --><\/div>\n<p><!-- [et_pb_line_break_holder] --><!-- [et_pb_line_break_holder] --><\/p>\n<div class=\"et_pb_module tapahtumalistaus\"><!-- [et_pb_line_break_holder] --><\/p>\n<div class=\"tapahtumanpvm\">2.9.2022 <\/div>\n<p><!-- [et_pb_line_break_holder] --><\/p>\n<div class=\"tapahtumannimi\">\n<h2 class=\"entry-title\"><a href=\"https:\/\/rotary.fi\/jussinkylanrotaryklubi\/events\/jorma-suoniomonet-polut-valinnat-ja-vaihtoehdot\/\">Jorma Suonio\tMonet polut, valinnat ja vaihtoehdot<\/a><!-- [et_pb_line_break_holder] --><\/h2>\n<\/div>\n<p><!-- [et_pb_line_break_holder] --><\/p>\n<div class=\"tapahtumapaikka\">Linkosuon Paasisali<\/div>\n<p><!-- [et_pb_line_break_holder] --><\/div>\n<p><!-- [et_pb_line_break_holder] --><!-- [et_pb_line_break_holder] --><\/p>\n<div class=\"et_pb_module tapahtumalistaus\"><!-- [et_pb_line_break_holder] --><\/p>\n<div class=\"tapahtumanpvm\">26.8.2022 <\/div>\n<p><!-- [et_pb_line_break_holder] --><\/p>\n<div class=\"tapahtumannimi\">\n<h2 class=\"entry-title\"><a href=\"https:\/\/rotary.fi\/jussinkylanrotaryklubi\/events\/dg-esa-makinenrotaryjarjeston-ja-piirin-kuulumisia\/\">DG Esa M\u00e4kinen\tRotaryj\u00e4rjest\u00f6n ja -piirin kuulumisia<\/a><!-- [et_pb_line_break_holder] --><\/h2>\n<\/div>\n<p><!-- [et_pb_line_break_holder] --><\/p>\n<div class=\"tapahtumapaikka\">Linkosuon Paasisali<\/div>\n<p><!-- [et_pb_line_break_holder] --><\/div>\n<p><!-- [et_pb_line_break_holder] --><!-- [et_pb_line_break_holder] --><\/p>\n<div class=\"et_pb_module tapahtumalistaus\"><!-- [et_pb_line_break_holder] --><\/p>\n<div class=\"tapahtumanpvm\">19.8.2022 <\/div>\n<p><!-- [et_pb_line_break_holder] --><\/p>\n<div class=\"tapahtumannimi\">\n<h2 class=\"entry-title\"><a href=\"https:\/\/rotary.fi\/jussinkylanrotaryklubi\/events\/topi-aaltonen-plugit-finland-oysahkoautojen-latausratkaisut\/\">Topi Aaltonen, Plugit Finland Oy\tS\u00e4hk\u00f6autojen latausratkaisut<\/a><!-- [et_pb_line_break_holder] --><\/h2>\n<\/div>\n<p><!-- [et_pb_line_break_holder] --><\/p>\n<div class=\"tapahtumapaikka\">Linkosuon Paasisali<\/div>\n<p><!-- [et_pb_line_break_holder] --><\/div>\n<p><!-- [et_pb_line_break_holder] --><!-- [et_pb_line_break_holder] --><\/p>\n<div class=\"et_pb_module tapahtumalistaus\"><!-- [et_pb_line_break_holder] --><\/p>\n<div class=\"tapahtumanpvm\">12.8.2022 <\/div>\n<p><!-- [et_pb_line_break_holder] --><\/p>\n<div class=\"tapahtumannimi\">\n<h2 class=\"entry-title\"><a href=\"https:\/\/rotary.fi\/jussinkylanrotaryklubi\/events\/prof-emer-risto-harisalososiaalisen-siteen-murtuminen\/\">Prof. emer. Risto Harisalo\tSosiaalisen siteen murtuminen<\/a><!-- [et_pb_line_break_holder] --><\/h2>\n<\/div>\n<p><!-- [et_pb_line_break_holder] --><\/p>\n<div class=\"tapahtumapaikka\">Linkosuon Paasisali<\/div>\n<p><!-- [et_pb_line_break_holder] --><\/div>\n<p><!-- [et_pb_line_break_holder] --><!-- [et_pb_line_break_holder] --><\/p>\n<div class=\"et_pb_module tapahtumalistaus\"><!-- [et_pb_line_break_holder] --><\/p>\n<div class=\"tapahtumanpvm\">17.6.2022 <\/div>\n<p><!-- [et_pb_line_break_holder] --><\/p>\n<div class=\"tapahtumannimi\">\n<h2 class=\"entry-title\"><a href=\"https:\/\/rotary.fi\/jussinkylanrotaryklubi\/events\/vitjanvaihto\/\">Vitjanvaihto<\/a><!-- [et_pb_line_break_holder] --><\/h2>\n<\/div>\n<p><!-- [et_pb_line_break_holder] --><\/p>\n<div class=\"tapahtumapaikka\">Linkosuon Paasisali<\/div>\n<p><!-- [et_pb_line_break_holder] --><\/div>\n<p><!-- [et_pb_line_break_holder] --><!-- [et_pb_line_break_holder] --><\/p>\n<div class=\"et_pb_module tapahtumalistaus\"><!-- [et_pb_line_break_holder] --><\/p>\n<div class=\"tapahtumanpvm\">10.6.2022 <\/div>\n<p><!-- [et_pb_line_break_holder] --><\/p>\n<div class=\"tapahtumannimi\">\n<h2 class=\"entry-title\"><a href=\"https:\/\/rotary.fi\/jussinkylanrotaryklubi\/events\/luokite-esitelma\/\">Luokite-esitelm\u00e4<\/a><!-- [et_pb_line_break_holder] --><\/h2>\n<\/div>\n<p><!-- [et_pb_line_break_holder] --><\/p>\n<div class=\"tapahtumapaikka\">Linkosuon Paasisali<\/div>\n<p><!-- [et_pb_line_break_holder] --><\/div>\n<p><!-- [et_pb_line_break_holder] --><!-- [et_pb_line_break_holder] --><\/p>\n<div class=\"et_pb_module tapahtumalistaus\"><!-- [et_pb_line_break_holder] --><\/p>\n<div class=\"tapahtumanpvm\">3.6.2022 <\/div>\n<p><!-- [et_pb_line_break_holder] --><\/p>\n<div class=\"tapahtumannimi\">\n<h2 class=\"entry-title\"><a href=\"https:\/\/rotary.fi\/jussinkylanrotaryklubi\/events\/keskuspuhdistamo-vierailu-timo-heinonen\/\">Keskuspuhdistamo vierailu. Timo Heinonen<\/a><!-- [et_pb_line_break_holder] --><\/h2>\n<\/div>\n<p><!-- [et_pb_line_break_holder] --><\/p>\n<div class=\"tapahtumapaikka\"><\/div>\n<p><!-- [et_pb_line_break_holder] --><\/div>\n<p><!-- [et_pb_line_break_holder] --><!-- [et_pb_line_break_holder] --><\/p>\n<div class=\"et_pb_module tapahtumalistaus\"><!-- [et_pb_line_break_holder] --><\/p>\n<div class=\"tapahtumanpvm\">20.5.2022 <\/div>\n<p><!-- [et_pb_line_break_holder] --><\/p>\n<div class=\"tapahtumannimi\">\n<h2 class=\"entry-title\"><a href=\"https:\/\/rotary.fi\/jussinkylanrotaryklubi\/events\/hiedanrannan-uudistaminen-mikko-leinonen\/\">Hiedanrannan uudistaminen. Mikko Leinonen<\/a><!-- [et_pb_line_break_holder] --><\/h2>\n<\/div>\n<p><!-- [et_pb_line_break_holder] --><\/p>\n<div class=\"tapahtumapaikka\">Linkosuon Paasisali<\/div>\n<p><!-- [et_pb_line_break_holder] --><\/div>\n<p><!-- [et_pb_line_break_holder] --><!-- [et_pb_line_break_holder] --><\/p>\n<div class=\"et_pb_module tapahtumalistaus\"><!-- [et_pb_line_break_holder] --><\/p>\n<div class=\"tapahtumanpvm\">6.5.2022 <\/div>\n<p><!-- [et_pb_line_break_holder] --><\/p>\n<div class=\"tapahtumannimi\">\n<h2 class=\"entry-title\"><a href=\"https:\/\/rotary.fi\/jussinkylanrotaryklubi\/events\/loyda-vaikuttavat-vastuullisuusteot-yrityksellesi-planet-company-matti-miettinen\/\">L\u00f6yd\u00e4 vaikuttavat vastuullisuusteot yrityksellesi. Planet Company Matti Miettinen<\/a><!-- [et_pb_line_break_holder] --><\/h2>\n<\/div>\n<p><!-- [et_pb_line_break_holder] --><\/p>\n<div class=\"tapahtumapaikka\">Linkosuon Paasisali<\/div>\n<p><!-- [et_pb_line_break_holder] --><\/div>\n<p><!-- [et_pb_line_break_holder] --><!-- [et_pb_line_break_holder] --><\/p>\n<div class=\"et_pb_module tapahtumalistaus\"><!-- [et_pb_line_break_holder] --><\/p>\n<div class=\"tapahtumanpvm\">22.4.2022 <\/div>\n<p><!-- [et_pb_line_break_holder] --><\/p>\n<div class=\"tapahtumannimi\">\n<h2 class=\"entry-title\"><a href=\"https:\/\/rotary.fi\/jussinkylanrotaryklubi\/events\/pirkanmaan-hyvinvointialueen-lahtokohdat-aluevaalien-2022-pohjalta-sami-borg\/\">Pirkanmaan hyvinvointialueen l\u00e4ht\u00f6kohdat Aluevaalien 2022 pohjalta - Sami Borg<\/a><!-- [et_pb_line_break_holder] --><\/h2>\n<\/div>\n<p><!-- [et_pb_line_break_holder] --><\/p>\n<div class=\"tapahtumapaikka\">Linkosuon Paasisali<\/div>\n<p><!-- [et_pb_line_break_holder] --><\/div>\n<p><!-- [et_pb_line_break_holder] --><!-- [et_pb_line_break_holder] --><\/p>\n<div class=\"et_pb_module tapahtumalistaus\"><!-- [et_pb_line_break_holder] --><\/p>\n<div class=\"tapahtumanpvm\">8.4.2022 <\/div>\n<p><!-- [et_pb_line_break_holder] --><\/p>\n<div class=\"tapahtumannimi\">\n<h2 class=\"entry-title\"><a href=\"https:\/\/rotary.fi\/jussinkylanrotaryklubi\/events\/arboretum-frick-erkki-frick\/\">Erkki Frick: Miten Leilan ja Erkin rakkaasta harrastuksesta tuli matkailun\u00e4ht\u00e4vyys - Arboretum Frick<\/a><!-- [et_pb_line_break_holder] --><\/h2>\n<\/div>\n<p><!-- [et_pb_line_break_holder] --><\/p>\n<div class=\"tapahtumapaikka\">Linkosuon Paasisali<\/div>\n<p><!-- [et_pb_line_break_holder] --><\/div>\n<p><!-- [et_pb_line_break_holder] --><!-- [et_pb_line_break_holder] --><\/p>\n<div class=\"et_pb_module tapahtumalistaus\"><!-- [et_pb_line_break_holder] --><\/p>\n<div class=\"tapahtumanpvm\">18.3.2022 <\/div>\n<p><!-- [et_pb_line_break_holder] --><\/p>\n<div class=\"tapahtumannimi\">\n<h2 class=\"entry-title\"><a href=\"https:\/\/rotary.fi\/jussinkylanrotaryklubi\/events\/pirkanmaan-talouden-kehitys-pandemian-aikana-ja-ajankohtaiset-asiat-kauppakamarissa-apulaisjohtaja-markus-sjolund-tampereen-kauppakamari\/\">Pirkanmaan talouden kehitys pandemian aikana ja ajankohtaiset asiat kauppakamarissa. Apulaisjohtaja Markus Sj\u00f6lund Tampereen kauppakamari<\/a><!-- [et_pb_line_break_holder] --><\/h2>\n<\/div>\n<p><!-- [et_pb_line_break_holder] --><\/p>\n<div class=\"tapahtumapaikka\">Linkosuon Paasisali<\/div>\n<p><!-- [et_pb_line_break_holder] --><\/div>\n<p><!-- [et_pb_line_break_holder] --><!-- [et_pb_line_break_holder] --><\/p>\n<div class=\"et_pb_module tapahtumalistaus\"><!-- [et_pb_line_break_holder] --><\/p>\n<div class=\"tapahtumanpvm\">15.3.2022 <\/div>\n<p><!-- [et_pb_line_break_holder] --><\/p>\n<div class=\"tapahtumannimi\">\n<h2 class=\"entry-title\"><a href=\"https:\/\/rotary.fi\/jussinkylanrotaryklubi\/events\/ryla-uratarinoita-talouselamasta-heikki-tiihonen-kai-kalajainen-ja-tuomas-isoaho\/\">RYLA. Uratarinoita talousel\u00e4m\u00e4st\u00e4 - Heikki Tiihonen, Kai Kalajainen ja Tuomas Isoaho<\/a><!-- [et_pb_line_break_holder] --><\/h2>\n<\/div>\n<p><!-- [et_pb_line_break_holder] --><\/p>\n<div class=\"tapahtumapaikka\"><\/div>\n<p><!-- [et_pb_line_break_holder] --><\/div>\n<p><!-- [et_pb_line_break_holder] --><!-- [et_pb_line_break_holder] --><\/p>\n<div class=\"et_pb_module tapahtumalistaus\"><!-- [et_pb_line_break_holder] --><\/p>\n<div class=\"tapahtumanpvm\">11.3.2022 <\/div>\n<p><!-- [et_pb_line_break_holder] --><\/p>\n<div class=\"tapahtumannimi\">\n<h2 class=\"entry-title\"><a href=\"https:\/\/rotary.fi\/jussinkylanrotaryklubi\/events\/yritysvierailu-lapland-hotels-areena-isantana-hotellinjohtaja-janne-monkkonen\/\">Yritysvierailu: Lapland Hotels Areena, is\u00e4nt\u00e4n\u00e4 hotellinjohtaja Janne M\u00f6nkk\u00f6nen- edellytet\u00e4\u00e4n sitovaa ilmoittautumista<\/a><!-- [et_pb_line_break_holder] --><\/h2>\n<\/div>\n<p><!-- [et_pb_line_break_holder] --><\/p>\n<div class=\"tapahtumapaikka\"><\/div>\n<p><!-- [et_pb_line_break_holder] --><\/div>\n<p><!-- [et_pb_line_break_holder] --><!-- [et_pb_line_break_holder] --><\/p>\n<div class=\"et_pb_module tapahtumalistaus\"><!-- [et_pb_line_break_holder] --><\/p>\n<div class=\"tapahtumanpvm\">8.3.2022 <\/div>\n<p><!-- [et_pb_line_break_holder] --><\/p>\n<div class=\"tapahtumannimi\">\n<h2 class=\"entry-title\"><a href=\"https:\/\/rotary.fi\/jussinkylanrotaryklubi\/events\/ryla-ura-digitalisoituvassa-teollisuudessa\/\">RYLA. Ura digitalisoituvassa teollisuudessa - Pirjo Virtanen ja Heikki Kantola<\/a><!-- [et_pb_line_break_holder] --><\/h2>\n<\/div>\n<p><!-- [et_pb_line_break_holder] --><\/p>\n<div class=\"tapahtumapaikka\"><\/div>\n<p><!-- [et_pb_line_break_holder] --><\/div>\n<p><!-- [et_pb_line_break_holder] --><!-- [et_pb_line_break_holder] --><\/p>\n<div class=\"et_pb_module tapahtumalistaus\"><!-- [et_pb_line_break_holder] --><\/p>\n<div class=\"tapahtumanpvm\">4.3.2022 <\/div>\n<p><!-- [et_pb_line_break_holder] --><\/p>\n<div class=\"tapahtumannimi\">\n<h2 class=\"entry-title\"><a href=\"https:\/\/rotary.fi\/jussinkylanrotaryklubi\/events\/henkilot-riski-vai-ei-hannu-rosenqvist-soderbergpartners\/\">Henkil\u00f6t, riski vai ei? Hannu Rosenqvist, Soderberg&amp;Partners<\/a><!-- [et_pb_line_break_holder] --><\/h2>\n<\/div>\n<p><!-- [et_pb_line_break_holder] --><\/p>\n<div class=\"tapahtumapaikka\">Linkosuon Paasisali<\/div>\n<p><!-- [et_pb_line_break_holder] --><\/div>\n<p><!-- [et_pb_line_break_holder] --><!-- [et_pb_line_break_holder] --><\/p>\n<div class=\"et_pb_module tapahtumalistaus\"><!-- [et_pb_line_break_holder] --><\/p>\n<div class=\"tapahtumanpvm\">25.2.2022 <\/div>\n<p><!-- [et_pb_line_break_holder] --><\/p>\n<div class=\"tapahtumannimi\">\n<h2 class=\"entry-title\"><a href=\"https:\/\/rotary.fi\/jussinkylanrotaryklubi\/events\/rotarysaation-kuulumisia-markku-antikainen\/\">Rotarys\u00e4\u00e4ti\u00f6n kuulumisia. Markku Antikainen<\/a><!-- [et_pb_line_break_holder] --><\/h2>\n<\/div>\n<p><!-- [et_pb_line_break_holder] --><\/p>\n<div class=\"tapahtumapaikka\">Linkosuon Paasisali<\/div>\n<p><!-- [et_pb_line_break_holder] --><\/div>\n<p><!-- [et_pb_line_break_holder] --><!-- [et_pb_line_break_holder] --><\/p>\n<div class=\"et_pb_module tapahtumalistaus\"><!-- [et_pb_line_break_holder] --><\/p>\n<div class=\"tapahtumanpvm\">18.2.2022 <\/div>\n<p><!-- [et_pb_line_break_holder] --><\/p>\n<div class=\"tapahtumannimi\">\n<h2 class=\"entry-title\"><a href=\"https:\/\/rotary.fi\/jussinkylanrotaryklubi\/events\/scouter-polkuautot-pete\/\">Scouter -kaksipaikkaisen s\u00e4hk\u00f6py\u00f6r\u00e4n esittely, aamiainen Paasisalissa, esittely klo 8:30 Sammonkatu 82, sis\u00e4\u00e4nk\u00e4ynti Gigantin aikaisemman liiketilan p\u00e4\u00e4ovi<\/a><!-- [et_pb_line_break_holder] --><\/h2>\n<\/div>\n<p><!-- [et_pb_line_break_holder] --><\/p>\n<div class=\"tapahtumapaikka\">Linkosuon Paasisali<\/div>\n<p><!-- [et_pb_line_break_holder] --><\/div>\n<p><!-- [et_pb_line_break_holder] --><!-- [et_pb_line_break_holder] --><\/p>\n<div class=\"et_pb_module tapahtumalistaus\"><!-- [et_pb_line_break_holder] --><\/p>\n<div class=\"tapahtumanpvm\">11.2.2022 <\/div>\n<p><!-- [et_pb_line_break_holder] --><\/p>\n<div class=\"tapahtumannimi\">\n<h2 class=\"entry-title\"><a href=\"https:\/\/rotary.fi\/jussinkylanrotaryklubi\/events\/composites-mika-raty\/\">Composites Mika R\u00e4ty<\/a><!-- [et_pb_line_break_holder] --><\/h2>\n<\/div>\n<p><!-- [et_pb_line_break_holder] --><\/p>\n<div class=\"tapahtumapaikka\">Linkosuon Paasisali<\/div>\n<p><!-- [et_pb_line_break_holder] --><\/div>\n<p><!-- [et_pb_line_break_holder] --><!-- [et_pb_line_break_holder] --><\/p>\n<div class=\"et_pb_module tapahtumalistaus\"><!-- [et_pb_line_break_holder] --><\/p>\n<div class=\"tapahtumanpvm\">4.2.2022 <\/div>\n<p><!-- [et_pb_line_break_holder] --><\/p>\n<div class=\"tapahtumannimi\">\n<h2 class=\"entry-title\"><a href=\"https:\/\/rotary.fi\/jussinkylanrotaryklubi\/events\/asuntokaupan-ennatysvuosi-timo-voutilainen\/\">Asuntokaupan enn\u00e4tysvuosi. Timo Voutilainen.<\/a><!-- [et_pb_line_break_holder] --><\/h2>\n<\/div>\n<p><!-- [et_pb_line_break_holder] --><\/p>\n<div class=\"tapahtumapaikka\">Linkosuon Paasisali<\/div>\n<p><!-- [et_pb_line_break_holder] --><\/div>\n<p><!-- [et_pb_line_break_holder] --><!-- [et_pb_line_break_holder] --><\/p>\n<div class=\"et_pb_module tapahtumalistaus\"><!-- [et_pb_line_break_holder] --><\/p>\n<div class=\"tapahtumanpvm\">28.1.2022 <\/div>\n<p><!-- [et_pb_line_break_holder] --><\/p>\n<div class=\"tapahtumannimi\">\n<h2 class=\"entry-title\"><a href=\"https:\/\/rotary.fi\/jussinkylanrotaryklubi\/events\/tampereen-tuleva-asemakeskus-hankekehityspaallikko-henri-vaananen\/\">Tampereen tuleva asemakeskus. Hankekehitysp\u00e4\u00e4llikk\u00f6 Henri V\u00e4\u00e4n\u00e4nen<\/a><!-- [et_pb_line_break_holder] --><\/h2>\n<\/div>\n<p><!-- [et_pb_line_break_holder] --><\/p>\n<div class=\"tapahtumapaikka\"><\/div>\n<p><!-- [et_pb_line_break_holder] --><\/div>\n<p><!-- [et_pb_line_break_holder] --><!-- [et_pb_line_break_holder] --><\/p>\n<div class=\"et_pb_module tapahtumalistaus\"><!-- [et_pb_line_break_holder] --><\/p>\n<div class=\"tapahtumanpvm\">21.1.2022 <\/div>\n<p><!-- [et_pb_line_break_holder] --><\/p>\n<div class=\"tapahtumannimi\">\n<h2 class=\"entry-title\"><a href=\"https:\/\/rotary.fi\/jussinkylanrotaryklubi\/events\/tyollisyydenhoidon-kuntakokeilu-pirkanmaalla-erityisasiantuntija-petri-pekkola\/\">Ty\u00f6llisyydenhoidon kuntakokeilu Pirkanmaalla. Erityisasiantuntija Petri Pekkola<\/a><!-- [et_pb_line_break_holder] --><\/h2>\n<\/div>\n<p><!-- [et_pb_line_break_holder] --><\/p>\n<div class=\"tapahtumapaikka\"><\/div>\n<p><!-- [et_pb_line_break_holder] --><\/div>\n<p><!-- [et_pb_line_break_holder] --><!-- [et_pb_line_break_holder] --><\/p>\n<div class=\"et_pb_module tapahtumalistaus\"><!-- [et_pb_line_break_holder] --><\/p>\n<div class=\"tapahtumanpvm\">14.1.2022 <\/div>\n<p><!-- [et_pb_line_break_holder] --><\/p>\n<div class=\"tapahtumannimi\">\n<h2 class=\"entry-title\"><a href=\"https:\/\/rotary.fi\/jussinkylanrotaryklubi\/events\/palvelumuotoilu-kreapal-veikko-torronen\/\">Palvelumuotoilu Kreapal Veikko T\u00f6rr\u00f6nen<\/a><!-- [et_pb_line_break_holder] --><\/h2>\n<\/div>\n<p><!-- [et_pb_line_break_holder] --><\/p>\n<div class=\"tapahtumapaikka\"><\/div>\n<p><!-- [et_pb_line_break_holder] --><\/div>\n<p><!-- [et_pb_line_break_holder] --><!-- [et_pb_line_break_holder] --><\/p>\n<div class=\"et_pb_module tapahtumalistaus\"><!-- [et_pb_line_break_holder] --><\/p>\n<div class=\"tapahtumanpvm\">10.12.2021 <\/div>\n<p><!-- [et_pb_line_break_holder] --><\/p>\n<div class=\"tapahtumannimi\">\n<h2 class=\"entry-title\"><a href=\"https:\/\/rotary.fi\/jussinkylanrotaryklubi\/events\/tampereen-seutu-kiinteistosijoittajan-silmin\/\">Tampereen seutu kiinteist\u00f6sijoittajan silmin. Aluejohtaja Markku Turunen Newsec<\/a><!-- [et_pb_line_break_holder] --><\/h2>\n<\/div>\n<p><!-- [et_pb_line_break_holder] --><\/p>\n<div class=\"tapahtumapaikka\">Linkosuon Paasisali<\/div>\n<p><!-- [et_pb_line_break_holder] --><\/div>\n<p><!-- [et_pb_line_break_holder] --><!-- [et_pb_line_break_holder] --><\/p>\n<div class=\"et_pb_module tapahtumalistaus\"><!-- [et_pb_line_break_holder] --><\/p>\n<div class=\"tapahtumanpvm\">3.12.2021 <\/div>\n<p><!-- [et_pb_line_break_holder] --><\/p>\n<div class=\"tapahtumannimi\">\n<h2 class=\"entry-title\"><a href=\"https:\/\/rotary.fi\/jussinkylanrotaryklubi\/events\/hallitusjohtaminen-antero-antti-virtanen\/\">Hallitusjohtaminen Antero (Antti) Virtanen<\/a><!-- [et_pb_line_break_holder] --><\/h2>\n<\/div>\n<p><!-- [et_pb_line_break_holder] --><\/p>\n<div class=\"tapahtumapaikka\">Linkosuon Paasisali<\/div>\n<p><!-- [et_pb_line_break_holder] --><\/div>\n<p><!-- [et_pb_line_break_holder] --><!-- [et_pb_line_break_holder] --><\/p>\n<div class=\"et_pb_module tapahtumalistaus\"><!-- [et_pb_line_break_holder] --><\/p>\n<div class=\"tapahtumanpvm\">26.11.2021 <\/div>\n<p><!-- [et_pb_line_break_holder] --><\/p>\n<div class=\"tapahtumannimi\">\n<h2 class=\"entry-title\"><a href=\"https:\/\/rotary.fi\/jussinkylanrotaryklubi\/events\/ajankohtaista-maanpuolustuksesta\/\">Ajankohtaista maanpuolustuksesta. Jari Riihim\u00e4ki<\/a><!-- [et_pb_line_break_holder] --><\/h2>\n<\/div>\n<p><!-- [et_pb_line_break_holder] --><\/p>\n<div class=\"tapahtumapaikka\">Linkosuon Paasisali<\/div>\n<p><!-- [et_pb_line_break_holder] --><\/div>\n<p><!-- [et_pb_line_break_holder] --><!-- [et_pb_line_break_holder] --><\/p>\n<div class=\"et_pb_module tapahtumalistaus\"><!-- [et_pb_line_break_holder] --><\/p>\n<div class=\"tapahtumanpvm\">12.11.2021 <\/div>\n<p><!-- [et_pb_line_break_holder] --><\/p>\n<div class=\"tapahtumannimi\">\n<h2 class=\"entry-title\"><a href=\"https:\/\/rotary.fi\/jussinkylanrotaryklubi\/events\/sahkoautoista-ja-hybrideista\/\">S\u00e4hk\u00f6autoista ja hybrideist\u00e4. S\u00e4hk\u00f6autoista BMW maahantuonnista Jussi Suitinen ja Eino Rissanen<\/a><!-- [et_pb_line_break_holder] --><\/h2>\n<\/div>\n<p><!-- [et_pb_line_break_holder] --><\/p>\n<div class=\"tapahtumapaikka\">Linkosuon Paasisali<\/div>\n<p><!-- [et_pb_line_break_holder] --><\/div>\n<p><!-- [et_pb_line_break_holder] --><!-- [et_pb_line_break_holder] --><\/p>\n<div class=\"et_pb_module tapahtumalistaus\"><!-- [et_pb_line_break_holder] --><\/p>\n<div class=\"tapahtumanpvm\">5.11.2021 <\/div>\n<p><!-- [et_pb_line_break_holder] --><\/p>\n<div class=\"tapahtumannimi\">\n<h2 class=\"entry-title\"><a href=\"https:\/\/rotary.fi\/jussinkylanrotaryklubi\/events\/case-mustavuori\/\">Case Mustavuori. Antti Rauhala.<\/a><!-- [et_pb_line_break_holder] --><\/h2>\n<\/div>\n<p><!-- [et_pb_line_break_holder] --><\/p>\n<div class=\"tapahtumapaikka\">Linkosuon Paasisali<\/div>\n<p><!-- [et_pb_line_break_holder] --><\/div>\n<p><!-- [et_pb_line_break_holder] --><!-- [et_pb_line_break_holder] --><\/p>\n<div class=\"et_pb_module tapahtumalistaus\"><!-- [et_pb_line_break_holder] --><\/p>\n<div class=\"tapahtumanpvm\">29.10.2021 <\/div>\n<p><!-- [et_pb_line_break_holder] --><\/p>\n<div class=\"tapahtumannimi\">\n<h2 class=\"entry-title\"><a href=\"https:\/\/rotary.fi\/jussinkylanrotaryklubi\/events\/1886-perustettu-kauppaseura-nyt-ja-tulevaisuudessa-esittelyssa-uudet-tilat\/\">1886 perustettu Kauppaseura nyt ja tulevaisuudessa, Esittelyss\u00e4 uudet tilat. Pasi Bprgenstr\u00f6m ja Hannu Rosenqvist.<\/a><!-- [et_pb_line_break_holder] --><\/h2>\n<\/div>\n<p><!-- [et_pb_line_break_holder] --><\/p>\n<div class=\"tapahtumapaikka\">Ravintola Clava<\/div>\n<p><!-- [et_pb_line_break_holder] --><\/div>\n<p><!-- [et_pb_line_break_holder] -->\t<\/div>\r\n<\/div>[\/et_pb_code][\/et_pb_column_inner][\/et_pb_row_inner][\/et_pb_column][et_pb_column type=&#8221;1_3&#8243;][et_pb_sidebar _builder_version=&#8221;3.4.1&#8243; area=&#8221;sidebar-1&#8243; module_class=&#8221;sivupalkki_sisalto&#8221; locked=&#8221;on&#8221; parent_locked=&#8221;on&#8221; \/][\/et_pb_column][\/et_pb_section]<\/p>\n","protected":false},"excerpt":{"rendered":"<p><div class=\"et_pb_row et_pb_row_0 et_pb_row_empty\">\n\t\t\t\t\n\t\t\t\t\n\t\t\t\t\n\t\t\t\t\n\t\t\t\t\n\t\t\t<\/div> Tapahtumakalenteri Tulevia tapahtumia <div class=\"em em-view-container\" id=\"em-view-174051577\" data-view=\"list\">\r\n\t<div class=\"em pixelbones em-list em-events-list\" id=\"em-events-list-174051577\" data-view-id=\"174051577\">\r\n\t8.5.2026 <a href=\"https:\/\/rotary.fi\/jussinkylanrotaryklubi\/events\/ville-sirkia-fittauksen-vaikutus-klubituupparille\/\">Ville Sirki\u00e4: Fittauksen vaikutus klubituupparille<\/a>Linkosuon Paasisali\t<\/div>\r\n<\/div> Menneit\u00e4 tapahtumia <div class=\"em em-view-container\" id=\"em-view-1436347506\" data-view=\"list\">\r\n\t<div class=\"em pixelbones em-list em-events-list\" id=\"em-events-list-1436347506\" data-view-id=\"1436347506\">\r\n\t24.4.2026 <a href=\"https:\/\/rotary.fi\/jussinkylanrotaryklubi\/events\/luokite-olli-pekka-silfverhuth\/\">Luokite: Olli-Pekka Silfverhuth<\/a>Linkosuon Paasisali6.3.2026 <a href=\"https:\/\/rotary.fi\/jussinkylanrotaryklubi\/events\/annukka-suonio-villa-karo-ja-kokemuksia-lansi-afrikasta\/\">Annukka Suonio: Villa Karo ja kokemuksia L\u00e4nsi-Afrikasta<\/a>Linkosuon Paasisali20.2.2026 <a href=\"https:\/\/rotary.fi\/jussinkylanrotaryklubi\/events\/vesa-klinge-myyntituloksen-varmistaminen-nykymarkkinassa\/\">Vesa Klinge: Myyntituloksen varmistaminen nykymarkkinassa<\/a>Linkosuon Paasisali13.2.2026 <a href=\"https:\/\/rotary.fi\/jussinkylanrotaryklubi\/events\/arkkitehti-janne-kantee-suomen-lapin-turismin-kehitys-ja-rakentamisen-nykytila-arkkitehdin-silmin\/\">Arkkitehti Janne Kantee: Suomen Lapin turismin kehitys ja rakentamisen nykytila arkkitehdin silmin<\/a>Linkosuon Paasisali6.2.2026 <a href=\"https:\/\/rotary.fi\/jussinkylanrotaryklubi\/events\/heikki-kakonen-hallituspartnereiden-puheenjohtajakurssi\/\">Heikki K\u00e4k\u00f6nen: Hallituspartnereiden puheenjohtajakurssi<\/a>Linkosuon Paasisali23.1.2026 <a href=\"https:\/\/rotary.fi\/jussinkylanrotaryklubi\/events\/toimitusjohtaja-paivi-tiura-paavola-takaovi-oy-kiinteistoalan-nykytila\/\">Toimitusjohtaja P\u00e4ivi Tiura-Paavola Takaovi Oy: Kiinteist\u00f6alan nykytila<\/a>Linkosuon Paasisali16.1.2026 <a href=\"https:\/\/rotary.fi\/jussinkylanrotaryklubi\/events\/jussi-kallioniemi-ura-tietoturvan-ja-nuorten-e-urheiluorganisaation-kehittamisessa\/\">Jussi Kallioniemi; Ura tietoturvan ja nuorten e-urheiluorganisaation kehitt\u00e4misess\u00e4<\/a>Linkosuon Paasisali9.1.2026 <a href=\"https:\/\/rotary.fi\/jussinkylanrotaryklubi\/events\/kenraalimajuri-evp-jp-keranen-f-35-havittaja-globaalilla-nayttamolla\/\">Kenraalimajuri EVP JP Ker\u00e4nen: F-35 h\u00e4vitt\u00e4j\u00e4 globaalilla n\u00e4ytt\u00e4m\u00f6ll\u00e4<\/a>Linkosuon Paasisali5.12.2025 <a href=\"https:\/\/rotary.fi\/jussinkylanrotaryklubi\/events\/kirkkoherra-tuomo-tormanen-historian-havinaa-presidenttien-hautajaiset\/\">Kirkkoherra Tuomo T\u00f6rm\u00e4nen; historian havinaa -   Presidenttien hautajaiset<\/a>Linkosuon Paasisali28.11.2025 <a href=\"https:\/\/rotary.fi\/jussinkylanrotaryklubi\/events\/paivi-tiura-paavola-asuntosijoittaminen-kiinteistovalittajan-nakokulmasta\/\">P\u00e4ivi Tiura-Paavola: asuntosijoittaminen  kiinteist\u00f6v\u00e4litt\u00e4j\u00e4n n\u00e4k\u00f6kulmasta<\/a>Linkosuon Paasisali21.11.2025 <a href=\"https:\/\/rotary.fi\/jussinkylanrotaryklubi\/events\/reaktor-mikko-nurmi-tekoalyratkaisut-teollisuudessa\/\">Reaktor Mikko Nurmi: Teko\u00e4lyratkaisut teollisuudessa<\/a>Linkosuon Paasisali14.11.2025 <a href=\"https:\/\/rotary.fi\/jussinkylanrotaryklubi\/events\/luokite-harri-syrjalainen-puttek-oy\/\">Luokite: Harri Syrj\u00e4l\u00e4inen Puttek Oy<\/a>Linkosuon Paasisali7.11.2025 <a href=\"https:\/\/rotary.fi\/jussinkylanrotaryklubi\/events\/luokite-jarkko-miettinen-energiamurros\/\">Luokite: Jarkko Miettinen- Energiamurros<\/a>Linkosuon Paasisali31.10.2025 <a href=\"https:\/\/rotary.fi\/jussinkylanrotaryklubi\/events\/turon-pekka-koiso-miesten-pukeutuminen-yhteiskunnan-murroksessa\/\">Turon Pekka Koiso: Miesten pukeutuminen yhteiskunnan murroksessa<\/a>Linkosuon Paasisali17.10.2025 <a href=\"https:\/\/rotary.fi\/jussinkylanrotaryklubi\/events\/klubin-vuosikokous-ja-kuvernoorin-vierailu\/\">Klubin vuosikokous ja kuvern\u00f6\u00f6rin vierailu<\/a>Linkosuon Paasisali10.10.2025 <a href=\"https:\/\/rotary.fi\/jussinkylanrotaryklubi\/events\/veljemme-risto-turunen-jussinkylan-rotaryklubi-ja-golf\/\">Veljemme Risto Turunen: Jussinkyl\u00e4n Rotaryklubi ja golf<\/a>Linkosuon Paasisali3.10.2025 <a href=\"https:\/\/rotary.fi\/jussinkylanrotaryklubi\/events\/matti-arpiainen-tt-gaskets-oy-hall-pj-yrityksen-elinkaari-ja-kehittyminen\/\">Matti Arpiainen: TT-Gaskets Oy hall pj: Yrityksen elinkaari ja kehittyminen<\/a>Linkosuon Paasisali26.9.2025 <a href=\"https:\/\/rotary.fi\/jussinkylanrotaryklubi\/events\/tuukka-ahoniemi-teollisen-myynnin-tyoelakeprofessori-tampereen-yliopisto\/\">Tuukka Ahoniemi: Teollisen myynnin ty\u00f6el\u00e4keprofessori Tampereen Yliopisto<\/a>Linkosuon Paasisali18.9.2025 <a href=\"https:\/\/rotary.fi\/jussinkylanrotaryklubi\/events\/komediateatterin-johtaja-panu-raipia-esittava-taide-ja-yhteiskunnan-normit-mita-uskallan-sanoa\/\">Komediateatterin johtaja Panu Raipia; Esitt\u00e4v\u00e4 taide ja yhteiskunnan normit &quot;mit\u00e4 uskallan sanoa&quot;<\/a>Pub Wanhat Roomeot12.9.2025 <a href=\"https:\/\/rotary.fi\/jussinkylanrotaryklubi\/events\/jari-saarenpaa-hyva-johtaminen\/\">Jari Saarenp\u00e4\u00e4; Hyv\u00e4 johtaminen<\/a>Linkosuon Paasisali29.8.2025 <a href=\"https:\/\/rotary.fi\/jussinkylanrotaryklubi\/events\/emeritusprofessori-risto-harisalo-yhteisollisyys\/\">Emeritusprofessori Risto Harisalo: Yhteis\u00f6llisyys<\/a>Linkosuon Paasisali22.8.2025 <a href=\"https:\/\/rotary.fi\/jussinkylanrotaryklubi\/events\/jari-hellsten-psykologinen-turvallisuus\/\">Jari Hellsten: Psykologinen turvallisuus<\/a>Linkosuon Paasisali23.5.2025 <a href=\"https:\/\/rotary.fi\/jussinkylanrotaryklubi\/events\/juha-tuulaniemi-hyva-paha-palvelu-miksi-suomi-ei-kasva\/\">Juha Tuulaniemi: Hyv\u00e4 paha palvelu, Miksi Suomi ei kasva?<\/a>Linkosuon Paasisali16.5.2025 <a href=\"https:\/\/rotary.fi\/jussinkylanrotaryklubi\/events\/timo-keskinen-luokite-esitelma\/\">Timo Keskinen: luokite-esitelm\u00e4<\/a>Linkosuon Paasisali9.5.2025 <a href=\"https:\/\/rotary.fi\/jussinkylanrotaryklubi\/events\/entinen-vaihto-oppilaamme-kertoo-teekkarielamastaan-tampereella\/\">Entinen vaihto-oppilaamme kertoo teekkariel\u00e4m\u00e4st\u00e4\u00e4n Tampereella<\/a>Linkosuon Paasisali25.4.2025 <a href=\"https:\/\/rotary.fi\/jussinkylanrotaryklubi\/events\/samuli-hietala-nyyti-ry-miehentila-hankkeen-loppukatsaus\/\">Samuli Hietala Nyyti Ry: MiehenTila hankkeen loppukatsaus<\/a>Linkosuon Paasisali11.4.2025 <a href=\"https:\/\/rotary.fi\/jussinkylanrotaryklubi\/events\/pentti-vaananen-turkki-idan-ja-lannen-valissa\/\">Pentti V\u00e4\u00e4n\u00e4nen; Turkki,  id\u00e4n ja l\u00e4nnen v\u00e4liss\u00e4<\/a>Linkosuon Paasisali4.4.2025 <a href=\"https:\/\/rotary.fi\/jussinkylanrotaryklubi\/events\/jarno-osku-hellman-usa-vaihto-oppilasaikanani-ja-nyt\/\">Jarno &quot;Osku&quot; Hellman: USA vaihto-oppilasaikanani ja nyt<\/a>Linkosuon Paasisali21.3.2025 <a href=\"https:\/\/rotary.fi\/jussinkylanrotaryklubi\/events\/harri-airaksinen-tampereen-eu-toimisto-tampereen-ja-pirkanmaan-vaikuttamistyo-seka-eu-kumppanuuksien-ja-rahoituksen-tuki-brysselissa\/\">Harri Airaksinen Tampereen EU Toimisto: Tampereen ja Pirkanmaan vaikuttamistyo\u0308 seka\u0308 EU-kumppanuuksien ja rahoituksen tuki Brysselissa\u0308<\/a>Linkosuon Paasisali14.3.2025 <a href=\"https:\/\/rotary.fi\/jussinkylanrotaryklubi\/events\/veljemme-jorma-jyrkinen-luokite\/\">Veljemme Jorma Jyrkinen: luokite<\/a>Linkosuon Paasisali7.3.2025 <a href=\"https:\/\/rotary.fi\/jussinkylanrotaryklubi\/events\/beelyn-tarina-muuttaa-maailmaa-timo-yli-salomaki\/\">Beelyn tarina muuttaa maailmaa: Timo Yli-Salom\u00e4ki<\/a>Linkosuon Paasisali28.2.2025 <a href=\"https:\/\/rotary.fi\/jussinkylanrotaryklubi\/events\/www-tyyliniekka-fi-jukka-mykkanen-lifestyle-sisallon-tuotantoa-mita-ja-miksi\/\">www.tyyliniekka.fi Jukka Mykk\u00e4nen: lifestyle sis\u00e4ll\u00f6n tuotantoa, mit\u00e4 ja miksi?<\/a>Linkosuon Paasisali21.2.2025 <a href=\"https:\/\/rotary.fi\/jussinkylanrotaryklubi\/events\/teemu-pampa-aaltonen-minun-yrittajatarinani\/\">Teemu &quot;Pampa&quot; Aaltonen: minun yritt\u00e4j\u00e4tarinani<\/a>Linkosuon Paasisali14.2.2025 <a href=\"https:\/\/rotary.fi\/jussinkylanrotaryklubi\/events\/luokite-esitelma-juha-korhonen\/\">Luokite-esitelm\u00e4: Juha Korhonen<\/a>Linkosuon Paasisali7.2.2025 <a href=\"https:\/\/rotary.fi\/jussinkylanrotaryklubi\/events\/thermidas-oy-clinical-director-rami-luttinen-lampokuvantamisen-mahdollisuudet-terveydenhuollossa\/\">Thermidas Oy; Clinical director Rami Luttinen: l\u00e4mp\u00f6kuvantamisen mahdollisuudet terveydenhuollossa<\/a>Linkosuon Paasisali31.1.2025 <a href=\"https:\/\/rotary.fi\/jussinkylanrotaryklubi\/events\/business-tampere-senior-director-petri-rasanen-siruja-tampereelta\/\">Business Tampere, Senior Director Petri R\u00e4s\u00e4nen; Siruja Tampereelta!<\/a>Linkosuon Paasisali24.1.2025 <a href=\"https:\/\/rotary.fi\/jussinkylanrotaryklubi\/events\/spogen-ai-pertti-aimonen-regeneratiivisen-tekoalyn-kehitys-uhka-vai-mahdollisuus\/\">Spogen AI Pertti Aimonen; Regeneratiivisen teko\u00e4lyn kehitys; uhka vai mahdollisuus<\/a>Linkosuon Paasisali17.1.2025 <a href=\"https:\/\/rotary.fi\/jussinkylanrotaryklubi\/events\/auroora-yhtiot-oyj-liiketoimintajohtaja-petri-antila-pk-yritykset-ja-paaomasijoittaminen\/\">Auroora Yhti\u00f6t Oyj liiketoimintajohtaja Petri Antila: PK-yritykset ja p\u00e4\u00e4omasijoittaminen<\/a>Linkosuon Paasisali10.1.2025 <a href=\"https:\/\/rotary.fi\/jussinkylanrotaryklubi\/events\/karu-films-ceo-lauri-kuusela-markkinoinnin-maailma-liikkuvan-kuvan-kautta-tamperelaisia-menestystarinoita\/\">Karu Films CEO Lauri Kuusela; Markkinoinnin maailma liikkuvan kuvan kautta. Tamperelaisia menestystarinoita<\/a>Linkosuon Paasisali29.11.2024 <a href=\"https:\/\/rotary.fi\/jussinkylanrotaryklubi\/events\/aimo-jussila-leivan-tarina-ja-tarinaa-leivasta\/\">Aimo Jussila; Leiv\u00e4n tarina ja tarinaa leiv\u00e4llisen p\u00f6yd\u00e4n \u00e4\u00e4rest\u00e4.<\/a>Linkosuon Paasisali22.11.2024 <a href=\"https:\/\/rotary.fi\/jussinkylanrotaryklubi\/events\/eparking-toimitusjohtaja-alexander-ivaine-mihin-menet-sahkoinen-liikenne\/\">eParking toimitusjohtaja Alexander Ivaine; mihin menet s\u00e4hk\u00f6inen liikenne<\/a>Linkosuon Paasisali15.11.2024 <a href=\"https:\/\/rotary.fi\/jussinkylanrotaryklubi\/events\/miten-kokenut-mies-pitaa-itsensa-kunnossa-ville-pirttijoki-varalan-urheiluopisto\/\">Miten kokenut mies pit\u00e4\u00e4 itsens\u00e4 kunnossa? Ville Pirttijoki:  Varalan Urheiluopisto<\/a>Linkosuon Paasisali8.11.2024 <a href=\"https:\/\/rotary.fi\/jussinkylanrotaryklubi\/events\/forecon-pekka-pajakkala-pirkanmaan-rakentamisen-tulevaisuus-ja-asuntosijoittaminen\/\">Forecon Pekka Pajakkala: Pirkanmaan rakentamisen tulevaisuus ja asuntosijoittaminen<\/a>Linkosuon Paasisali1.11.2024 <a href=\"https:\/\/rotary.fi\/jussinkylanrotaryklubi\/events\/timo-voutilainen-kiinteistomaailma-katsaus-tampereen-seudun-asuntomarkkinat-barometri-ennustaa\/\">Timo Voutilainen Kiinteist\u00f6maailma: Katsaus Tampereen seudun asuntomarkkinat; barometri ennustaa<\/a>Linkosuon Paasisali25.10.2024 <a href=\"https:\/\/rotary.fi\/jussinkylanrotaryklubi\/events\/kommodori-jukka-savolainen-euroopan-hybridiosaamiskeskuksen-rooli-globaali-konflikti-ja-suomi\/\">Kommodori Jukka Savolainen: Euroopan hybridiosaamiskeskuksen rooli; Globaali konflikti ja Suomi<\/a>Linkosuon Paasisali18.10.2024 <a href=\"https:\/\/rotary.fi\/jussinkylanrotaryklubi\/events\/leivan-tarina-minne-menet-leivonta-yrityskummi-aimo-jussila-amihelp-oy\/\">Kuvern\u00f6\u00f6ri Anssi Kuoppalan vierailu+ vuosikokous<\/a>Linkosuon Paasisali4.10.2024 <a href=\"https:\/\/rotary.fi\/jussinkylanrotaryklubi\/events\/jos-en-ole-yrittaja-mita-jaa-miessakit-ryn-lauri-puisto-keskusteluttaa-yrittajaidentiteetista-ja-selvitytymiskeinoista\/\">Jos en ole yritt\u00e4j\u00e4, mit\u00e4 j\u00e4\u00e4? Miessakit Ry:n Lauri Puisto keskusteluttaa yritt\u00e4j\u00e4identiteetist\u00e4 ja selvitytymiskeinoista<\/a>Linkosuon Paasisali27.9.2024 <a href=\"https:\/\/rotary.fi\/jussinkylanrotaryklubi\/events\/janne-viljamaa-granite-partners-oy-nykyaikainen-riskienhallinta-vaatimukset-ja-tehokkaat-tavat-ehkaista\/\">Janne Viljamaa; Granite Partners Oy; Nykyaikainen riskienhallinta, vaatimukset ja tehokkaat tavat ehk\u00e4ist\u00e4<\/a>Linkosuon Paasisali20.9.2024 <a href=\"https:\/\/rotary.fi\/jussinkylanrotaryklubi\/events\/vuosikokous\/\">Vuosikokous ja piirikuvern\u00f6\u00f6ri Anssi Kuoppalan vierailu<\/a>Linkosuon Paasisali13.9.2024 <a href=\"https:\/\/rotary.fi\/jussinkylanrotaryklubi\/events\/ylijohtaja-maija-strandberg-nakokulmia-valtion-omistusjohtajuuteen\/\">Ylijohtaja Maija Strandberg; N\u00e4k\u00f6kulmia valtion omistusjohtajuuteen<\/a>Linkosuon Paasisali10.3.2023 <a href=\"https:\/\/rotary.fi\/jussinkylanrotaryklubi\/events\/olli-niemi-70-v-esitelmapaaosin-tyoelamasta-mutta-jotain-myos-perheesta-ja-harrastuksista\/\">Olli Niemi 70 v esitelm\u00e4 p\u00e4\u00e4osin ty\u00f6el\u00e4m\u00e4st\u00e4 mutta jotain my\u00f6s perheest\u00e4 ja harrastuksista<\/a>Linkosuon Paasisali10.2.2023 <a href=\"https:\/\/rotary.fi\/jussinkylanrotaryklubi\/events\/matti-tarkkasydankirurgian-kehitys\/\">Matti Tarkka\tSyd\u00e4nkirurgian kehitys<\/a>Linkosuon Paasisali3.2.2023 <a href=\"https:\/\/rotary.fi\/jussinkylanrotaryklubi\/events\/petri-salminen-yrittajyyden-edistaminen-suomessa-verrattuna-eurooppaan-yleensa\/\">Petri Salminen - Yritt\u00e4jyyden edist\u00e4minen Suomessa verrattuna Eurooppaan yleens\u00e4<\/a>Linkosuon Paasisali27.1.2023 <a href=\"https:\/\/rotary.fi\/jussinkylanrotaryklubi\/events\/hannu-rosenqvistelakejarjestelman-tila-keskustelua\/\">Hannu Rosenqvist\tEl\u00e4kej\u00e4rjestelm\u00e4n tila- keskustelua<\/a>Linkosuon Paasisali20.1.2023 <a href=\"https:\/\/rotary.fi\/jussinkylanrotaryklubi\/events\/miika-tomivaihto-oppilas-muistelo\/\">Miika Tomi\tVaihto-oppilas muistelo<\/a>Linkosuon Paasisali13.1.2023 <a href=\"https:\/\/rotary.fi\/jussinkylanrotaryklubi\/events\/miessakit-ryn-toiminnan-esittely\/\">Miessakit ry:n toiminnan esittely<\/a>Linkosuon Paasisali16.12.2022 <a href=\"https:\/\/rotary.fi\/jussinkylanrotaryklubi\/events\/timo-takalajouluhartaus\/\">Timo Takala\tJouluhartaus<\/a>Linkosuon Paasisali9.12.2022 <a href=\"https:\/\/rotary.fi\/jussinkylanrotaryklubi\/events\/olli-niemi-teknologiakeskustoiminta-tampereella-nousu-tulokset-ja-alasajo\/\">Olli Niemi, Teknologiakeskustoiminta Tampereella; Nousu, tulokset ja alasajo<\/a>Linkosuon Paasisali2.12.2022 <a href=\"https:\/\/rotary.fi\/jussinkylanrotaryklubi\/events\/tampere-talo-vierailu-hanna-leena-laszka\/\">Tampere-Talo vierailu, Hanna-Leena Laszka<\/a>25.11.2022 <a href=\"https:\/\/rotary.fi\/jussinkylanrotaryklubi\/events\/heikki-penttila-areenasta-areenaan\/\">Heikki Penttil\u00e4 \tAreenasta areenaan<\/a>Linkosuon Paasisali18.11.2022 <a href=\"https:\/\/rotary.fi\/jussinkylanrotaryklubi\/events\/harri-ojala-visit-tamperepirkkalan-lentoaseman-lentoliikenteen-kehitys\/\">Harri Ojala, Visit Tampere\tPirkkalan lentoaseman lentoliikenteen kehitys<\/a>Linkosuon Paasisali11.11.2022 <a href=\"https:\/\/rotary.fi\/jussinkylanrotaryklubi\/events\/mauri-jussila-hoitokodin-tilanne\/\">Mauri Jussila, Hoitokodin tilanne<\/a>Linkosuon Paasisali4.11.2022 <a href=\"https:\/\/rotary.fi\/jussinkylanrotaryklubi\/events\/virpi-ekholm-tampereen-asunto-ja-maapolitiikan-linjaukset-ja-asumisen-tilannekuva\/\">Virpi Ekholm, Tampereen asunto- ja maapolitiikan linjaukset ja asumisen tilannekuva.<\/a>Linkosuon Paasisali28.10.2022 <a href=\"https:\/\/rotary.fi\/jussinkylanrotaryklubi\/events\/komentaja-evp-matti-eskolavapaaehtoinen-maanpuolustus-nyt\/\">Komentaja Evp Matti Eskola\tVapaaehtoinen maanpuolustus Nyt!<\/a>Linkosuon Paasisali21.10.2022 <a href=\"https:\/\/rotary.fi\/jussinkylanrotaryklubi\/events\/samuli-hietala-korkeakouluopiskeijoiden-nyyti-hankenuoren-miehen-tila-nykysuomessa\/\">Samuli Hietala, Korkeakouluopiskeijoiden Nyyti hanke\tNuoren miehen tila nykysuomessa<\/a>Linkosuon Paasisali14.10.2022 <a href=\"https:\/\/rotary.fi\/jussinkylanrotaryklubi\/events\/pekka-ahola-solitacase-solita-mansesta-maailmalle\/\">Pekka Ahola, Solita\tCase Solita: Mansesta maailmalle<\/a>Linkosuon Paasisali7.10.2022 <a href=\"https:\/\/rotary.fi\/jussinkylanrotaryklubi\/events\/niko-airaksinen-finnish-silverlinepirkanmaan-jarvien-matkustajaliikenne-ennen-ja-nyt-mahdollisuudet\/\">Niko Airaksinen, Finnish Silverline\tPirkanmaan j\u00e4rvien matkustajaliikenne ennen ja nyt, mahdollisuudet<\/a>Linkosuon Paasisali30.9.2022 <a href=\"https:\/\/rotary.fi\/jussinkylanrotaryklubi\/events\/jorma-suonionatiolismi-heimosodat-ja-itsenaisyyden-ajan-ainoa-poliittinen-murha\/\">Jorma Suonio\tNatiolismi, heimosodat ja itsen\u00e4isyyden ajan ainoa poliittinen murha<\/a>Linkosuon Paasisali23.9.2022 <a href=\"https:\/\/rotary.fi\/jussinkylanrotaryklubi\/events\/janne-monkkonentyovoiman-saanti-ravintola-ja-hotellialalla\/\">Janne M\u00f6nkk\u00f6nen\tTy\u00f6voiman saanti ravintola- ja hotellialalla<\/a>Linkosuon Paasisali16.9.2022 <a href=\"https:\/\/rotary.fi\/jussinkylanrotaryklubi\/events\/ami-jussilaleivan-ja-elaman-aaressa\/\">Ami Jussila\tLeiv\u00e4n ja el\u00e4m\u00e4n \u00e4\u00e4ress\u00e4<\/a>Linkosuon Paasisali9.9.2022 <a href=\"https:\/\/rotary.fi\/jussinkylanrotaryklubi\/events\/erkki-karvalatampereen-muutos-50-vuodessa\/\">Erkki Karvala\tTampereen muutos 50 vuodessa<\/a>Linkosuon Paasisali2.9.2022 <a href=\"https:\/\/rotary.fi\/jussinkylanrotaryklubi\/events\/jorma-suoniomonet-polut-valinnat-ja-vaihtoehdot\/\">Jorma Suonio\tMonet polut, valinnat ja vaihtoehdot<\/a>Linkosuon Paasisali26.8.2022 <a href=\"https:\/\/rotary.fi\/jussinkylanrotaryklubi\/events\/dg-esa-makinenrotaryjarjeston-ja-piirin-kuulumisia\/\">DG Esa M\u00e4kinen\tRotaryj\u00e4rjest\u00f6n ja -piirin kuulumisia<\/a>Linkosuon Paasisali19.8.2022 <a href=\"https:\/\/rotary.fi\/jussinkylanrotaryklubi\/events\/topi-aaltonen-plugit-finland-oysahkoautojen-latausratkaisut\/\">Topi Aaltonen, Plugit Finland Oy\tS\u00e4hk\u00f6autojen latausratkaisut<\/a>Linkosuon Paasisali12.8.2022 <a href=\"https:\/\/rotary.fi\/jussinkylanrotaryklubi\/events\/prof-emer-risto-harisalososiaalisen-siteen-murtuminen\/\">Prof. emer. Risto Harisalo\tSosiaalisen siteen murtuminen<\/a>Linkosuon Paasisali17.6.2022 <a href=\"https:\/\/rotary.fi\/jussinkylanrotaryklubi\/events\/vitjanvaihto\/\">Vitjanvaihto<\/a>Linkosuon Paasisali10.6.2022 <a href=\"https:\/\/rotary.fi\/jussinkylanrotaryklubi\/events\/luokite-esitelma\/\">Luokite-esitelm\u00e4<\/a>Linkosuon Paasisali3.6.2022 <a href=\"https:\/\/rotary.fi\/jussinkylanrotaryklubi\/events\/keskuspuhdistamo-vierailu-timo-heinonen\/\">Keskuspuhdistamo vierailu. Timo Heinonen<\/a>20.5.2022 <a href=\"https:\/\/rotary.fi\/jussinkylanrotaryklubi\/events\/hiedanrannan-uudistaminen-mikko-leinonen\/\">Hiedanrannan uudistaminen. Mikko Leinonen<\/a>Linkosuon Paasisali6.5.2022 <a href=\"https:\/\/rotary.fi\/jussinkylanrotaryklubi\/events\/loyda-vaikuttavat-vastuullisuusteot-yrityksellesi-planet-company-matti-miettinen\/\">L\u00f6yd\u00e4 vaikuttavat vastuullisuusteot yrityksellesi. Planet Company Matti Miettinen<\/a>Linkosuon Paasisali22.4.2022 <a href=\"https:\/\/rotary.fi\/jussinkylanrotaryklubi\/events\/pirkanmaan-hyvinvointialueen-lahtokohdat-aluevaalien-2022-pohjalta-sami-borg\/\">Pirkanmaan hyvinvointialueen l\u00e4ht\u00f6kohdat Aluevaalien 2022 pohjalta - Sami Borg<\/a>Linkosuon Paasisali8.4.2022 <a href=\"https:\/\/rotary.fi\/jussinkylanrotaryklubi\/events\/arboretum-frick-erkki-frick\/\">Erkki Frick: Miten Leilan ja Erkin rakkaasta harrastuksesta tuli matkailun\u00e4ht\u00e4vyys - Arboretum Frick<\/a>Linkosuon Paasisali18.3.2022 <a href=\"https:\/\/rotary.fi\/jussinkylanrotaryklubi\/events\/pirkanmaan-talouden-kehitys-pandemian-aikana-ja-ajankohtaiset-asiat-kauppakamarissa-apulaisjohtaja-markus-sjolund-tampereen-kauppakamari\/\">Pirkanmaan talouden kehitys pandemian aikana ja ajankohtaiset asiat kauppakamarissa. Apulaisjohtaja Markus Sj\u00f6lund Tampereen kauppakamari<\/a>Linkosuon Paasisali15.3.2022 <a href=\"https:\/\/rotary.fi\/jussinkylanrotaryklubi\/events\/ryla-uratarinoita-talouselamasta-heikki-tiihonen-kai-kalajainen-ja-tuomas-isoaho\/\">RYLA. Uratarinoita talousel\u00e4m\u00e4st\u00e4 - Heikki Tiihonen, Kai Kalajainen ja Tuomas Isoaho<\/a>11.3.2022 <a href=\"https:\/\/rotary.fi\/jussinkylanrotaryklubi\/events\/yritysvierailu-lapland-hotels-areena-isantana-hotellinjohtaja-janne-monkkonen\/\">Yritysvierailu: Lapland Hotels Areena, is\u00e4nt\u00e4n\u00e4 hotellinjohtaja Janne M\u00f6nkk\u00f6nen- edellytet\u00e4\u00e4n sitovaa ilmoittautumista<\/a>8.3.2022 <a href=\"https:\/\/rotary.fi\/jussinkylanrotaryklubi\/events\/ryla-ura-digitalisoituvassa-teollisuudessa\/\">RYLA. Ura digitalisoituvassa teollisuudessa - Pirjo Virtanen ja Heikki Kantola<\/a>4.3.2022 <a href=\"https:\/\/rotary.fi\/jussinkylanrotaryklubi\/events\/henkilot-riski-vai-ei-hannu-rosenqvist-soderbergpartners\/\">Henkil\u00f6t, riski vai ei? Hannu Rosenqvist, Soderberg&amp;Partners<\/a>Linkosuon Paasisali25.2.2022 <a href=\"https:\/\/rotary.fi\/jussinkylanrotaryklubi\/events\/rotarysaation-kuulumisia-markku-antikainen\/\">Rotarys\u00e4\u00e4ti\u00f6n kuulumisia. Markku Antikainen<\/a>Linkosuon Paasisali18.2.2022 <a href=\"https:\/\/rotary.fi\/jussinkylanrotaryklubi\/events\/scouter-polkuautot-pete\/\">Scouter -kaksipaikkaisen s\u00e4hk\u00f6py\u00f6r\u00e4n esittely, aamiainen Paasisalissa, esittely klo 8:30 Sammonkatu 82, sis\u00e4\u00e4nk\u00e4ynti Gigantin aikaisemman liiketilan p\u00e4\u00e4ovi<\/a>Linkosuon Paasisali11.2.2022 <a href=\"https:\/\/rotary.fi\/jussinkylanrotaryklubi\/events\/composites-mika-raty\/\">Composites Mika R\u00e4ty<\/a>Linkosuon Paasisali4.2.2022 <a href=\"https:\/\/rotary.fi\/jussinkylanrotaryklubi\/events\/asuntokaupan-ennatysvuosi-timo-voutilainen\/\">Asuntokaupan enn\u00e4tysvuosi. Timo Voutilainen.<\/a>Linkosuon Paasisali28.1.2022 <a href=\"https:\/\/rotary.fi\/jussinkylanrotaryklubi\/events\/tampereen-tuleva-asemakeskus-hankekehityspaallikko-henri-vaananen\/\">Tampereen tuleva asemakeskus. Hankekehitysp\u00e4\u00e4llikk\u00f6 Henri V\u00e4\u00e4n\u00e4nen<\/a>21.1.2022 <a href=\"https:\/\/rotary.fi\/jussinkylanrotaryklubi\/events\/tyollisyydenhoidon-kuntakokeilu-pirkanmaalla-erityisasiantuntija-petri-pekkola\/\">Ty\u00f6llisyydenhoidon kuntakokeilu Pirkanmaalla. Erityisasiantuntija Petri Pekkola<\/a>14.1.2022 <a href=\"https:\/\/rotary.fi\/jussinkylanrotaryklubi\/events\/palvelumuotoilu-kreapal-veikko-torronen\/\">Palvelumuotoilu Kreapal Veikko T\u00f6rr\u00f6nen<\/a>10.12.2021 <a href=\"https:\/\/rotary.fi\/jussinkylanrotaryklubi\/events\/tampereen-seutu-kiinteistosijoittajan-silmin\/\">Tampereen seutu kiinteist\u00f6sijoittajan silmin. Aluejohtaja Markku Turunen Newsec<\/a>Linkosuon Paasisali3.12.2021 <a href=\"https:\/\/rotary.fi\/jussinkylanrotaryklubi\/events\/hallitusjohtaminen-antero-antti-virtanen\/\">Hallitusjohtaminen Antero (Antti) Virtanen<\/a>Linkosuon Paasisali26.11.2021 <a href=\"https:\/\/rotary.fi\/jussinkylanrotaryklubi\/events\/ajankohtaista-maanpuolustuksesta\/\">Ajankohtaista maanpuolustuksesta. Jari Riihim\u00e4ki<\/a>Linkosuon Paasisali12.11.2021 <a href=\"https:\/\/rotary.fi\/jussinkylanrotaryklubi\/events\/sahkoautoista-ja-hybrideista\/\">S\u00e4hk\u00f6autoista ja hybrideist\u00e4. S\u00e4hk\u00f6autoista BMW maahantuonnista Jussi Suitinen ja Eino Rissanen<\/a>Linkosuon Paasisali5.11.2021 <a href=\"https:\/\/rotary.fi\/jussinkylanrotaryklubi\/events\/case-mustavuori\/\">Case Mustavuori. Antti Rauhala.<\/a>Linkosuon Paasisali29.10.2021 <a href=\"https:\/\/rotary.fi\/jussinkylanrotaryklubi\/events\/1886-perustettu-kauppaseura-nyt-ja-tulevaisuudessa-esittelyssa-uudet-tilat\/\">1886 perustettu Kauppaseura nyt ja tulevaisuudessa, Esittelyss\u00e4 uudet tilat. Pasi Bprgenstr\u00f6m ja Hannu Rosenqvist.<\/a>Ravintola Clava\t<\/div>\r\n<\/div><\/p>\n","protected":false},"author":1,"featured_media":0,"parent":94,"menu_order":0,"comment_status":"closed","ping_status":"closed","template":"","meta":{"_acf_changed":false,"_et_pb_use_builder":"on","_et_pb_old_content":"","_et_gb_content_width":"","footnotes":""},"class_list":["post-186","page","type-page","status-publish","hentry"],"acf":[],"yoast_head":"<!-- This site is optimized with the Yoast SEO plugin v27.4 - https:\/\/yoast.com\/product\/yoast-seo-wordpress\/ -->\n<title>Tapahtumakalenteri - Tampere-Jussinkyl\u00e4n Rotaryklubi<\/title>\n<meta name=\"robots\" content=\"index, follow, max-snippet:-1, max-image-preview:large, max-video-preview:-1\" \/>\n<link rel=\"canonical\" href=\"https:\/\/rotary.fi\/jussinkylanrotaryklubi\/ajankohtaista\/tapahtumakalenteri\/\" \/>\n<meta property=\"og:locale\" content=\"fi_FI\" \/>\n<meta property=\"og:type\" content=\"article\" \/>\n<meta property=\"og:title\" content=\"Tapahtumakalenteri - Tampere-Jussinkyl\u00e4n Rotaryklubi\" \/>\n<meta property=\"og:description\" content=\"Tapahtumakalenteri Tulevia tapahtumia Menneit\u00e4 tapahtumia\" \/>\n<meta property=\"og:url\" content=\"https:\/\/rotary.fi\/jussinkylanrotaryklubi\/ajankohtaista\/tapahtumakalenteri\/\" \/>\n<meta property=\"og:site_name\" content=\"Tampere-Jussinkyl\u00e4n Rotaryklubi\" \/>\n<meta property=\"article:modified_time\" content=\"2019-03-25T12:48:35+00:00\" \/>\n<meta name=\"twitter:card\" content=\"summary_large_image\" \/>\n<meta name=\"twitter:label1\" content=\"Arvioitu lukuaika\" \/>\n\t<meta name=\"twitter:data1\" content=\"1 minuutti\" \/>\n<script type=\"application\/ld+json\" class=\"yoast-schema-graph\">{\"@context\":\"https:\\\/\\\/schema.org\",\"@graph\":[{\"@type\":\"WebPage\",\"@id\":\"https:\\\/\\\/rotary.fi\\\/jussinkylanrotaryklubi\\\/ajankohtaista\\\/tapahtumakalenteri\\\/\",\"url\":\"https:\\\/\\\/rotary.fi\\\/jussinkylanrotaryklubi\\\/ajankohtaista\\\/tapahtumakalenteri\\\/\",\"name\":\"Tapahtumakalenteri - Tampere-Jussinkyl\u00e4n Rotaryklubi\",\"isPartOf\":{\"@id\":\"https:\\\/\\\/rotary.fi\\\/jussinkylanrotaryklubi\\\/#website\"},\"datePublished\":\"2018-08-13T08:06:59+00:00\",\"dateModified\":\"2019-03-25T12:48:35+00:00\",\"breadcrumb\":{\"@id\":\"https:\\\/\\\/rotary.fi\\\/jussinkylanrotaryklubi\\\/ajankohtaista\\\/tapahtumakalenteri\\\/#breadcrumb\"},\"inLanguage\":\"fi\",\"potentialAction\":[{\"@type\":\"ReadAction\",\"target\":[\"https:\\\/\\\/rotary.fi\\\/jussinkylanrotaryklubi\\\/ajankohtaista\\\/tapahtumakalenteri\\\/\"]}]},{\"@type\":\"BreadcrumbList\",\"@id\":\"https:\\\/\\\/rotary.fi\\\/jussinkylanrotaryklubi\\\/ajankohtaista\\\/tapahtumakalenteri\\\/#breadcrumb\",\"itemListElement\":[{\"@type\":\"ListItem\",\"position\":1,\"name\":\"Home\",\"item\":\"https:\\\/\\\/rotary.fi\\\/jussinkylanrotaryklubi\\\/\"},{\"@type\":\"ListItem\",\"position\":2,\"name\":\"Ajankohtaista\",\"item\":\"https:\\\/\\\/rotary.fi\\\/jussinkylanrotaryklubi\\\/ajankohtaista\\\/\"},{\"@type\":\"ListItem\",\"position\":3,\"name\":\"Tapahtumakalenteri\"}]},{\"@type\":\"WebSite\",\"@id\":\"https:\\\/\\\/rotary.fi\\\/jussinkylanrotaryklubi\\\/#website\",\"url\":\"https:\\\/\\\/rotary.fi\\\/jussinkylanrotaryklubi\\\/\",\"name\":\"Tampere-Jussinkyl\u00e4n Rotaryklubi\",\"description\":\"Uusi Rotary klubisivusto\",\"potentialAction\":[{\"@type\":\"SearchAction\",\"target\":{\"@type\":\"EntryPoint\",\"urlTemplate\":\"https:\\\/\\\/rotary.fi\\\/jussinkylanrotaryklubi\\\/?s={search_term_string}\"},\"query-input\":{\"@type\":\"PropertyValueSpecification\",\"valueRequired\":true,\"valueName\":\"search_term_string\"}}],\"inLanguage\":\"fi\"}]}<\/script>\n<!-- \/ Yoast SEO plugin. -->","yoast_head_json":{"title":"Tapahtumakalenteri - Tampere-Jussinkyl\u00e4n Rotaryklubi","robots":{"index":"index","follow":"follow","max-snippet":"max-snippet:-1","max-image-preview":"max-image-preview:large","max-video-preview":"max-video-preview:-1"},"canonical":"https:\/\/rotary.fi\/jussinkylanrotaryklubi\/ajankohtaista\/tapahtumakalenteri\/","og_locale":"fi_FI","og_type":"article","og_title":"Tapahtumakalenteri - Tampere-Jussinkyl\u00e4n Rotaryklubi","og_description":"Tapahtumakalenteri Tulevia tapahtumia Menneit\u00e4 tapahtumia","og_url":"https:\/\/rotary.fi\/jussinkylanrotaryklubi\/ajankohtaista\/tapahtumakalenteri\/","og_site_name":"Tampere-Jussinkyl\u00e4n Rotaryklubi","article_modified_time":"2019-03-25T12:48:35+00:00","twitter_card":"summary_large_image","twitter_misc":{"Arvioitu lukuaika":"1 minuutti"},"schema":{"@context":"https:\/\/schema.org","@graph":[{"@type":"WebPage","@id":"https:\/\/rotary.fi\/jussinkylanrotaryklubi\/ajankohtaista\/tapahtumakalenteri\/","url":"https:\/\/rotary.fi\/jussinkylanrotaryklubi\/ajankohtaista\/tapahtumakalenteri\/","name":"Tapahtumakalenteri - Tampere-Jussinkyl\u00e4n Rotaryklubi","isPartOf":{"@id":"https:\/\/rotary.fi\/jussinkylanrotaryklubi\/#website"},"datePublished":"2018-08-13T08:06:59+00:00","dateModified":"2019-03-25T12:48:35+00:00","breadcrumb":{"@id":"https:\/\/rotary.fi\/jussinkylanrotaryklubi\/ajankohtaista\/tapahtumakalenteri\/#breadcrumb"},"inLanguage":"fi","potentialAction":[{"@type":"ReadAction","target":["https:\/\/rotary.fi\/jussinkylanrotaryklubi\/ajankohtaista\/tapahtumakalenteri\/"]}]},{"@type":"BreadcrumbList","@id":"https:\/\/rotary.fi\/jussinkylanrotaryklubi\/ajankohtaista\/tapahtumakalenteri\/#breadcrumb","itemListElement":[{"@type":"ListItem","position":1,"name":"Home","item":"https:\/\/rotary.fi\/jussinkylanrotaryklubi\/"},{"@type":"ListItem","position":2,"name":"Ajankohtaista","item":"https:\/\/rotary.fi\/jussinkylanrotaryklubi\/ajankohtaista\/"},{"@type":"ListItem","position":3,"name":"Tapahtumakalenteri"}]},{"@type":"WebSite","@id":"https:\/\/rotary.fi\/jussinkylanrotaryklubi\/#website","url":"https:\/\/rotary.fi\/jussinkylanrotaryklubi\/","name":"Tampere-Jussinkyl\u00e4n Rotaryklubi","description":"Uusi Rotary klubisivusto","potentialAction":[{"@type":"SearchAction","target":{"@type":"EntryPoint","urlTemplate":"https:\/\/rotary.fi\/jussinkylanrotaryklubi\/?s={search_term_string}"},"query-input":{"@type":"PropertyValueSpecification","valueRequired":true,"valueName":"search_term_string"}}],"inLanguage":"fi"}]}},"lang":"fi","translations":{"fi":186},"pll_sync_post":[],"_links":{"self":[{"href":"https:\/\/rotary.fi\/jussinkylanrotaryklubi\/wp-json\/wp\/v2\/pages\/186","targetHints":{"allow":["GET"]}}],"collection":[{"href":"https:\/\/rotary.fi\/jussinkylanrotaryklubi\/wp-json\/wp\/v2\/pages"}],"about":[{"href":"https:\/\/rotary.fi\/jussinkylanrotaryklubi\/wp-json\/wp\/v2\/types\/page"}],"author":[{"embeddable":true,"href":"https:\/\/rotary.fi\/jussinkylanrotaryklubi\/wp-json\/wp\/v2\/users\/1"}],"replies":[{"embeddable":true,"href":"https:\/\/rotary.fi\/jussinkylanrotaryklubi\/wp-json\/wp\/v2\/comments?post=186"}],"version-history":[{"count":10,"href":"https:\/\/rotary.fi\/jussinkylanrotaryklubi\/wp-json\/wp\/v2\/pages\/186\/revisions"}],"predecessor-version":[{"id":1417,"href":"https:\/\/rotary.fi\/jussinkylanrotaryklubi\/wp-json\/wp\/v2\/pages\/186\/revisions\/1417"}],"up":[{"embeddable":true,"href":"https:\/\/rotary.fi\/jussinkylanrotaryklubi\/wp-json\/wp\/v2\/pages\/94"}],"wp:attachment":[{"href":"https:\/\/rotary.fi\/jussinkylanrotaryklubi\/wp-json\/wp\/v2\/media?parent=186"}],"curies":[{"name":"wp","href":"https:\/\/api.w.org\/{rel}","templated":true}]}}