{"version":"1.0","provider_name":"J\u00e4rvenp\u00e4\u00e4n Rotaryklubi Ry","provider_url":"https:\/\/rotary.fi\/jarvenpaa","author_name":"Timo Saarnio","author_url":"https:\/\/rotary.fi\/jarvenpaa\/author\/timosaarnio\/","title":"Kev\u00e4\u00e4n 2023 ohjelma, p\u00e4ivitetty 24.2. - J\u00e4rvenp\u00e4\u00e4n Rotaryklubi Ry","type":"rich","width":600,"height":338,"html":"<blockquote class=\"wp-embedded-content\" data-secret=\"xNc7b9Jnuf\"><a href=\"https:\/\/rotary.fi\/jarvenpaa\/ajankohtaiset\/kevaan-2023-ohjelma\/\">Kev\u00e4\u00e4n 2023 ohjelma, p\u00e4ivitetty 24.2.<\/a><\/blockquote><iframe sandbox=\"allow-scripts\" security=\"restricted\" src=\"https:\/\/rotary.fi\/jarvenpaa\/ajankohtaiset\/kevaan-2023-ohjelma\/embed\/#?secret=xNc7b9Jnuf\" width=\"600\" height=\"338\" title=\"&#8221;Kev\u00e4\u00e4n 2023 ohjelma, p\u00e4ivitetty 24.2.&#8221; &#8212; J\u00e4rvenp\u00e4\u00e4n Rotaryklubi Ry\" data-secret=\"xNc7b9Jnuf\" frameborder=\"0\" marginwidth=\"0\" marginheight=\"0\" scrolling=\"no\" class=\"wp-embedded-content\"><\/iframe><script type=\"text\/javascript\">\n\/* <![CDATA[ *\/\n\/*! This file is auto-generated *\/\n!function(d,l){\"use strict\";l.querySelector&&d.addEventListener&&\"undefined\"!=typeof URL&&(d.wp=d.wp||{},d.wp.receiveEmbedMessage||(d.wp.receiveEmbedMessage=function(e){var t=e.data;if((t||t.secret||t.message||t.value)&&!\/[^a-zA-Z0-9]\/.test(t.secret)){for(var s,r,n,a=l.querySelectorAll('iframe[data-secret=\"'+t.secret+'\"]'),o=l.querySelectorAll('blockquote[data-secret=\"'+t.secret+'\"]'),c=new RegExp(\"^https?:$\",\"i\"),i=0;i<o.length;i++)o[i].style.display=\"none\";for(i=0;i<a.length;i++)s=a[i],e.source===s.contentWindow&&(s.removeAttribute(\"style\"),\"height\"===t.message?(1e3<(r=parseInt(t.value,10))?r=1e3:~~r<200&&(r=200),s.height=r):\"link\"===t.message&&(r=new URL(s.getAttribute(\"src\")),n=new URL(t.value),c.test(n.protocol))&&n.host===r.host&&l.activeElement===s&&(d.top.location.href=t.value))}},d.addEventListener(\"message\",d.wp.receiveEmbedMessage,!1),l.addEventListener(\"DOMContentLoaded\",function(){for(var e,t,s=l.querySelectorAll(\"iframe.wp-embedded-content\"),r=0;r<s.length;r++)(t=(e=s[r]).getAttribute(\"data-secret\"))||(t=Math.random().toString(36).substring(2,12),e.src+=\"#?secret=\"+t,e.setAttribute(\"data-secret\",t)),e.contentWindow.postMessage({message:\"ready\",secret:t},\"*\")},!1)))}(window,document);\n\/\/# sourceURL=https:\/\/rotary.fi\/jarvenpaa\/wp-includes\/js\/wp-embed.min.js\n\/* ]]> *\/\n<\/script>\n","description":"TAMMIKUU 2023 5.1.\u00a0 \u00a0 \u00a0 \u00a0 \u00a0 \u00a0Ei kokousta 12.1.\u00a0 \u00a0 \u00a0 \u00a0 \u00a0J\u00e4rvenp\u00e4\u00e4n Bulevardikorttelin, ns Perhel\u00e4n korttelin rakentaminen. Mielenkiintoisesta projektista meille kertoo Osmo Ojanen. 19.1.\u00a0 \u00a0 \u00a0 \u00a0 \u00a0Rotarysta kokiksi, Keijo Nieminen 26.1.\u00a0 \u00a0 \u00a0 \u00a0 \u00a0Ritva Sallisen luokite-esitelm\u00e4 HELMIKUU 2023 2.2.\u00a0 \u00a0 \u00a0 \u00a0 \u00a0 DG Urmas Kaarlepin vierailu klubikokouksessamme, joka pidet\u00e4\u00e4n poikkeuksellisesti [&hellip;]"}