{"id":2030,"date":"2019-09-18T09:17:45","date_gmt":"2019-09-18T06:17:45","guid":{"rendered":"https:\/\/rotary.fi\/eurajoenrotaryklubi\/?post_type=ajankohtaiset&#038;p=2030"},"modified":"2019-09-18T09:17:45","modified_gmt":"2019-09-18T06:17:45","slug":"2019-2020-teemana-rotary-yhdistaa-maailman-rotary-forenar-varlden-rotary-connects-the-world","status":"publish","type":"ajankohtaiset","link":"https:\/\/rotary.fi\/eurajoenrotaryklubi\/ajankohtaiset\/2019-2020-teemana-rotary-yhdistaa-maailman-rotary-forenar-varlden-rotary-connects-the-world\/","title":{"rendered":"2019-2020 TEEMANA ROTARY YHDIST\u00c4\u00c4 MAAILMAN \u2013 ROTARY F\u00d6RENAR V\u00c4RLDEN \u2013 ROTARY CONNECTS THE WORLD"},"content":{"rendered":"<div class=\"et_pb_module et_pb_text et_pb_text_1 et_pb_bg_layout_light  et_pb_text_align_center\">\n<div class=\"et_pb_text_inner\">\n<h1>Rotary Internationalin vuositeema<\/h1>\n<\/div>\n<\/div>\n<div class=\"et_pb_module et_pb_text et_pb_text_2 et_pb_bg_layout_light  et_pb_text_align_left\">\n<div class=\"et_pb_text_inner\">\n<h5><strong>2019-2020 TEEMANA ROTARY YHDIST\u00c4\u00c4 MAAILMAN \u2013 ROTARY F\u00d6RENAR V\u00c4RLDEN \u2013 ROTARY CONNECTS THE WORLD<\/strong><\/h5>\n<p>Rotary yhdist\u00e4\u00e4 ihmisi\u00e4, perheit\u00e4 ja paikkakuntia ja tarjoaa eri ammattien edustajille tavan verkostoitua kesken\u00e4\u00e4n ja solmia vahvoja ja kest\u00e4vi\u00e4 yst\u00e4vyyssuhteita.<\/p>\n<p>Rotaryn palvelutoiminta yhdist\u00e4\u00e4 meid\u00e4t ihmisiin, joilla on samat arvot kuin meill\u00e4 ja jotka haluavat toimia paremman maailman puolesta. Rotary yhdist\u00e4\u00e4 meid\u00e4t ihmisiin, jotka tarvitsevat apuamme ja antavat n\u00e4in meille mahdollisuuden muuttaa el\u00e4m\u00e4\u00e4 paikkakunnilla ymp\u00e4ri maailmaa.<\/p>\n<p>Rotary voi ja sen t\u00e4ytyy olla kokemus, joka t\u00e4ydent\u00e4\u00e4 meid\u00e4n perheit\u00e4mme sen sijaan ett\u00e4 se kilpailisi perheittemme kanssa. Kun rotaryklubimme ovat tulijat tervetulleiksi toivottavia paikkoja, joissa palvelutoiminta ja perheet kulkevat k\u00e4si k\u00e4dess\u00e4, me annamme perhekeskeisille nuorille ammatti-ihmisille mahdollisuuden innostua Rotaryn palvelutoiminnasta ja suunnitella positiivista kansalaistoimintaa.<\/p>\n<p>Vuonna 2019-2020 tavoitteenamme on vahvistaa tapoja, joilla Rotary yhdist\u00e4\u00e4 maailman solmimalla yhteyksi\u00e4, joiden avulla lahjakkaat, ymm\u00e4rt\u00e4v\u00e4iset ja ep\u00e4itsekk\u00e4\u00e4t ihmiset ly\u00f6tt\u00e4ytyv\u00e4t yhteen ja tekev\u00e4t merkityksellisi\u00e4 asioita Rotaryn palvelutoiminnan avulla.<\/p>\n<p><em>Mark Daniel Maloney<br \/>\n<\/em>President, Rotary International, 2019 \u2013 2020 <a href=\"https:\/\/rotary.fi\/wp-content\/uploads\/2019\/01\/RI_President_Mark-Daniel-Maloney_2019-20_Teema.pdf\" target=\"_blank\" rel=\"noopener noreferrer\">linkki<\/a><\/p>\n<div id=\"attachment_2031\" style=\"width: 1034px\" class=\"wp-caption alignnone\"><img loading=\"lazy\" decoding=\"async\" aria-describedby=\"caption-attachment-2031\" class=\"wp-image-2031 size-large\" src=\"https:\/\/rotary.fi\/eurajoenrotaryklubi\/wp-content\/uploads\/sites\/35\/2019\/09\/20190605_de_626-1024x682.jpg\" alt=\"\" width=\"1024\" height=\"682\" srcset=\"https:\/\/rotary.fi\/eurajoenrotaryklubi\/wp-content\/uploads\/sites\/35\/2019\/09\/20190605_de_626-980x652.jpg 980w, https:\/\/rotary.fi\/eurajoenrotaryklubi\/wp-content\/uploads\/sites\/35\/2019\/09\/20190605_de_626-480x319.jpg 480w\" sizes=\"(min-width: 0px) and (max-width: 480px) 480px, (min-width: 481px) and (max-width: 980px) 980px, (min-width: 981px) 1024px, 100vw\" \/><p id=\"caption-attachment-2031\" class=\"wp-caption-text\">2019-20 RI President Mark Daniel Maloney speaks at the Closing general session of the Rotary International Convention. 5 June 2019, Hamburg, Germany.<\/p><\/div>\n<\/div>\n<\/div>\n","protected":false},"template":"","class_list":["post-2030","ajankohtaiset","type-ajankohtaiset","status-publish","hentry"],"acf":[],"yoast_head":"<!-- This site is optimized with the Yoast SEO plugin v27.4 - https:\/\/yoast.com\/product\/yoast-seo-wordpress\/ -->\n<title>2019-2020 TEEMANA ROTARY YHDIST\u00c4\u00c4 MAAILMAN \u2013 ROTARY F\u00d6RENAR V\u00c4RLDEN \u2013 ROTARY CONNECTS THE WORLD - Eurajoen Rotaryklubi<\/title>\n<meta name=\"robots\" content=\"index, follow, max-snippet:-1, max-image-preview:large, max-video-preview:-1\" \/>\n<link rel=\"canonical\" href=\"https:\/\/rotary.fi\/eurajoenrotaryklubi\/ajankohtaiset\/2019-2020-teemana-rotary-yhdistaa-maailman-rotary-forenar-varlden-rotary-connects-the-world\/\" \/>\n<meta property=\"og:locale\" content=\"fi_FI\" \/>\n<meta property=\"og:type\" content=\"article\" \/>\n<meta property=\"og:title\" content=\"2019-2020 TEEMANA ROTARY YHDIST\u00c4\u00c4 MAAILMAN \u2013 ROTARY F\u00d6RENAR V\u00c4RLDEN \u2013 ROTARY CONNECTS THE WORLD - Eurajoen Rotaryklubi\" \/>\n<meta property=\"og:description\" content=\"Rotary Internationalin vuositeema 2019-2020 TEEMANA ROTARY YHDIST\u00c4\u00c4 MAAILMAN \u2013 ROTARY F\u00d6RENAR V\u00c4RLDEN \u2013 ROTARY CONNECTS THE WORLD Rotary yhdist\u00e4\u00e4 ihmisi\u00e4, perheit\u00e4 ja paikkakuntia ja tarjoaa eri ammattien edustajille tavan verkostoitua kesken\u00e4\u00e4n ja solmia vahvoja ja kest\u00e4vi\u00e4 yst\u00e4vyyssuhteita. Rotaryn palvelutoiminta yhdist\u00e4\u00e4 meid\u00e4t ihmisiin, joilla on samat arvot kuin meill\u00e4 ja jotka haluavat toimia paremman maailman puolesta. [&hellip;]\" \/>\n<meta property=\"og:url\" content=\"https:\/\/rotary.fi\/eurajoenrotaryklubi\/ajankohtaiset\/2019-2020-teemana-rotary-yhdistaa-maailman-rotary-forenar-varlden-rotary-connects-the-world\/\" \/>\n<meta property=\"og:site_name\" content=\"Eurajoen Rotaryklubi\" \/>\n<meta property=\"og:image\" content=\"https:\/\/rotary.fi\/eurajoenrotaryklubi\/wp-content\/uploads\/sites\/35\/2019\/09\/20190605_de_626-1024x682.jpg\" \/>\n<meta name=\"twitter:card\" content=\"summary_large_image\" \/>\n<meta name=\"twitter:label1\" content=\"Arvioitu lukuaika\" \/>\n\t<meta name=\"twitter:data1\" content=\"1 minuutti\" \/>\n<script type=\"application\/ld+json\" class=\"yoast-schema-graph\">{\"@context\":\"https:\\\/\\\/schema.org\",\"@graph\":[{\"@type\":\"WebPage\",\"@id\":\"https:\\\/\\\/rotary.fi\\\/eurajoenrotaryklubi\\\/ajankohtaiset\\\/2019-2020-teemana-rotary-yhdistaa-maailman-rotary-forenar-varlden-rotary-connects-the-world\\\/\",\"url\":\"https:\\\/\\\/rotary.fi\\\/eurajoenrotaryklubi\\\/ajankohtaiset\\\/2019-2020-teemana-rotary-yhdistaa-maailman-rotary-forenar-varlden-rotary-connects-the-world\\\/\",\"name\":\"2019-2020 TEEMANA ROTARY YHDIST\u00c4\u00c4 MAAILMAN \u2013 ROTARY F\u00d6RENAR V\u00c4RLDEN \u2013 ROTARY CONNECTS THE WORLD - Eurajoen Rotaryklubi\",\"isPartOf\":{\"@id\":\"https:\\\/\\\/rotary.fi\\\/eurajoenrotaryklubi\\\/#website\"},\"primaryImageOfPage\":{\"@id\":\"https:\\\/\\\/rotary.fi\\\/eurajoenrotaryklubi\\\/ajankohtaiset\\\/2019-2020-teemana-rotary-yhdistaa-maailman-rotary-forenar-varlden-rotary-connects-the-world\\\/#primaryimage\"},\"image\":{\"@id\":\"https:\\\/\\\/rotary.fi\\\/eurajoenrotaryklubi\\\/ajankohtaiset\\\/2019-2020-teemana-rotary-yhdistaa-maailman-rotary-forenar-varlden-rotary-connects-the-world\\\/#primaryimage\"},\"thumbnailUrl\":\"https:\\\/\\\/rotary.fi\\\/eurajoenrotaryklubi\\\/wp-content\\\/uploads\\\/sites\\\/35\\\/2019\\\/09\\\/20190605_de_626-1024x682.jpg\",\"datePublished\":\"2019-09-18T06:17:45+00:00\",\"breadcrumb\":{\"@id\":\"https:\\\/\\\/rotary.fi\\\/eurajoenrotaryklubi\\\/ajankohtaiset\\\/2019-2020-teemana-rotary-yhdistaa-maailman-rotary-forenar-varlden-rotary-connects-the-world\\\/#breadcrumb\"},\"inLanguage\":\"fi\",\"potentialAction\":[{\"@type\":\"ReadAction\",\"target\":[\"https:\\\/\\\/rotary.fi\\\/eurajoenrotaryklubi\\\/ajankohtaiset\\\/2019-2020-teemana-rotary-yhdistaa-maailman-rotary-forenar-varlden-rotary-connects-the-world\\\/\"]}]},{\"@type\":\"ImageObject\",\"inLanguage\":\"fi\",\"@id\":\"https:\\\/\\\/rotary.fi\\\/eurajoenrotaryklubi\\\/ajankohtaiset\\\/2019-2020-teemana-rotary-yhdistaa-maailman-rotary-forenar-varlden-rotary-connects-the-world\\\/#primaryimage\",\"url\":\"https:\\\/\\\/rotary.fi\\\/eurajoenrotaryklubi\\\/wp-content\\\/uploads\\\/sites\\\/35\\\/2019\\\/09\\\/20190605_de_626.jpg\",\"contentUrl\":\"https:\\\/\\\/rotary.fi\\\/eurajoenrotaryklubi\\\/wp-content\\\/uploads\\\/sites\\\/35\\\/2019\\\/09\\\/20190605_de_626.jpg\",\"width\":2048,\"height\":1363,\"caption\":\"2019-20 RI President Mark Daniel Maloney speaks at the Closing general session of the Rotary International Convention. 5 June 2019, Hamburg, Germany.\"},{\"@type\":\"BreadcrumbList\",\"@id\":\"https:\\\/\\\/rotary.fi\\\/eurajoenrotaryklubi\\\/ajankohtaiset\\\/2019-2020-teemana-rotary-yhdistaa-maailman-rotary-forenar-varlden-rotary-connects-the-world\\\/#breadcrumb\",\"itemListElement\":[{\"@type\":\"ListItem\",\"position\":1,\"name\":\"Home\",\"item\":\"https:\\\/\\\/rotary.fi\\\/eurajoenrotaryklubi\\\/\"},{\"@type\":\"ListItem\",\"position\":2,\"name\":\"2019-2020 TEEMANA ROTARY YHDIST\u00c4\u00c4 MAAILMAN \u2013 ROTARY F\u00d6RENAR V\u00c4RLDEN \u2013 ROTARY CONNECTS THE WORLD\"}]},{\"@type\":\"WebSite\",\"@id\":\"https:\\\/\\\/rotary.fi\\\/eurajoenrotaryklubi\\\/#website\",\"url\":\"https:\\\/\\\/rotary.fi\\\/eurajoenrotaryklubi\\\/\",\"name\":\"Eurajoen Rotaryklubi\",\"description\":\"Uusi Rotary klubisivusto\",\"potentialAction\":[{\"@type\":\"SearchAction\",\"target\":{\"@type\":\"EntryPoint\",\"urlTemplate\":\"https:\\\/\\\/rotary.fi\\\/eurajoenrotaryklubi\\\/?s={search_term_string}\"},\"query-input\":{\"@type\":\"PropertyValueSpecification\",\"valueRequired\":true,\"valueName\":\"search_term_string\"}}],\"inLanguage\":\"fi\"}]}<\/script>\n<!-- \/ Yoast SEO plugin. -->","yoast_head_json":{"title":"2019-2020 TEEMANA ROTARY YHDIST\u00c4\u00c4 MAAILMAN \u2013 ROTARY F\u00d6RENAR V\u00c4RLDEN \u2013 ROTARY CONNECTS THE WORLD - Eurajoen Rotaryklubi","robots":{"index":"index","follow":"follow","max-snippet":"max-snippet:-1","max-image-preview":"max-image-preview:large","max-video-preview":"max-video-preview:-1"},"canonical":"https:\/\/rotary.fi\/eurajoenrotaryklubi\/ajankohtaiset\/2019-2020-teemana-rotary-yhdistaa-maailman-rotary-forenar-varlden-rotary-connects-the-world\/","og_locale":"fi_FI","og_type":"article","og_title":"2019-2020 TEEMANA ROTARY YHDIST\u00c4\u00c4 MAAILMAN \u2013 ROTARY F\u00d6RENAR V\u00c4RLDEN \u2013 ROTARY CONNECTS THE WORLD - Eurajoen Rotaryklubi","og_description":"Rotary Internationalin vuositeema 2019-2020 TEEMANA ROTARY YHDIST\u00c4\u00c4 MAAILMAN \u2013 ROTARY F\u00d6RENAR V\u00c4RLDEN \u2013 ROTARY CONNECTS THE WORLD Rotary yhdist\u00e4\u00e4 ihmisi\u00e4, perheit\u00e4 ja paikkakuntia ja tarjoaa eri ammattien edustajille tavan verkostoitua kesken\u00e4\u00e4n ja solmia vahvoja ja kest\u00e4vi\u00e4 yst\u00e4vyyssuhteita. Rotaryn palvelutoiminta yhdist\u00e4\u00e4 meid\u00e4t ihmisiin, joilla on samat arvot kuin meill\u00e4 ja jotka haluavat toimia paremman maailman puolesta. [&hellip;]","og_url":"https:\/\/rotary.fi\/eurajoenrotaryklubi\/ajankohtaiset\/2019-2020-teemana-rotary-yhdistaa-maailman-rotary-forenar-varlden-rotary-connects-the-world\/","og_site_name":"Eurajoen Rotaryklubi","og_image":[{"url":"https:\/\/rotary.fi\/eurajoenrotaryklubi\/wp-content\/uploads\/sites\/35\/2019\/09\/20190605_de_626-1024x682.jpg","type":"","width":"","height":""}],"twitter_card":"summary_large_image","twitter_misc":{"Arvioitu lukuaika":"1 minuutti"},"schema":{"@context":"https:\/\/schema.org","@graph":[{"@type":"WebPage","@id":"https:\/\/rotary.fi\/eurajoenrotaryklubi\/ajankohtaiset\/2019-2020-teemana-rotary-yhdistaa-maailman-rotary-forenar-varlden-rotary-connects-the-world\/","url":"https:\/\/rotary.fi\/eurajoenrotaryklubi\/ajankohtaiset\/2019-2020-teemana-rotary-yhdistaa-maailman-rotary-forenar-varlden-rotary-connects-the-world\/","name":"2019-2020 TEEMANA ROTARY YHDIST\u00c4\u00c4 MAAILMAN \u2013 ROTARY F\u00d6RENAR V\u00c4RLDEN \u2013 ROTARY CONNECTS THE WORLD - Eurajoen Rotaryklubi","isPartOf":{"@id":"https:\/\/rotary.fi\/eurajoenrotaryklubi\/#website"},"primaryImageOfPage":{"@id":"https:\/\/rotary.fi\/eurajoenrotaryklubi\/ajankohtaiset\/2019-2020-teemana-rotary-yhdistaa-maailman-rotary-forenar-varlden-rotary-connects-the-world\/#primaryimage"},"image":{"@id":"https:\/\/rotary.fi\/eurajoenrotaryklubi\/ajankohtaiset\/2019-2020-teemana-rotary-yhdistaa-maailman-rotary-forenar-varlden-rotary-connects-the-world\/#primaryimage"},"thumbnailUrl":"https:\/\/rotary.fi\/eurajoenrotaryklubi\/wp-content\/uploads\/sites\/35\/2019\/09\/20190605_de_626-1024x682.jpg","datePublished":"2019-09-18T06:17:45+00:00","breadcrumb":{"@id":"https:\/\/rotary.fi\/eurajoenrotaryklubi\/ajankohtaiset\/2019-2020-teemana-rotary-yhdistaa-maailman-rotary-forenar-varlden-rotary-connects-the-world\/#breadcrumb"},"inLanguage":"fi","potentialAction":[{"@type":"ReadAction","target":["https:\/\/rotary.fi\/eurajoenrotaryklubi\/ajankohtaiset\/2019-2020-teemana-rotary-yhdistaa-maailman-rotary-forenar-varlden-rotary-connects-the-world\/"]}]},{"@type":"ImageObject","inLanguage":"fi","@id":"https:\/\/rotary.fi\/eurajoenrotaryklubi\/ajankohtaiset\/2019-2020-teemana-rotary-yhdistaa-maailman-rotary-forenar-varlden-rotary-connects-the-world\/#primaryimage","url":"https:\/\/rotary.fi\/eurajoenrotaryklubi\/wp-content\/uploads\/sites\/35\/2019\/09\/20190605_de_626.jpg","contentUrl":"https:\/\/rotary.fi\/eurajoenrotaryklubi\/wp-content\/uploads\/sites\/35\/2019\/09\/20190605_de_626.jpg","width":2048,"height":1363,"caption":"2019-20 RI President Mark Daniel Maloney speaks at the Closing general session of the Rotary International Convention. 5 June 2019, Hamburg, Germany."},{"@type":"BreadcrumbList","@id":"https:\/\/rotary.fi\/eurajoenrotaryklubi\/ajankohtaiset\/2019-2020-teemana-rotary-yhdistaa-maailman-rotary-forenar-varlden-rotary-connects-the-world\/#breadcrumb","itemListElement":[{"@type":"ListItem","position":1,"name":"Home","item":"https:\/\/rotary.fi\/eurajoenrotaryklubi\/"},{"@type":"ListItem","position":2,"name":"2019-2020 TEEMANA ROTARY YHDIST\u00c4\u00c4 MAAILMAN \u2013 ROTARY F\u00d6RENAR V\u00c4RLDEN \u2013 ROTARY CONNECTS THE WORLD"}]},{"@type":"WebSite","@id":"https:\/\/rotary.fi\/eurajoenrotaryklubi\/#website","url":"https:\/\/rotary.fi\/eurajoenrotaryklubi\/","name":"Eurajoen Rotaryklubi","description":"Uusi Rotary klubisivusto","potentialAction":[{"@type":"SearchAction","target":{"@type":"EntryPoint","urlTemplate":"https:\/\/rotary.fi\/eurajoenrotaryklubi\/?s={search_term_string}"},"query-input":{"@type":"PropertyValueSpecification","valueRequired":true,"valueName":"search_term_string"}}],"inLanguage":"fi"}]}},"_links":{"self":[{"href":"https:\/\/rotary.fi\/eurajoenrotaryklubi\/wp-json\/wp\/v2\/ajankohtaiset\/2030","targetHints":{"allow":["GET"]}}],"collection":[{"href":"https:\/\/rotary.fi\/eurajoenrotaryklubi\/wp-json\/wp\/v2\/ajankohtaiset"}],"about":[{"href":"https:\/\/rotary.fi\/eurajoenrotaryklubi\/wp-json\/wp\/v2\/types\/ajankohtaiset"}],"wp:attachment":[{"href":"https:\/\/rotary.fi\/eurajoenrotaryklubi\/wp-json\/wp\/v2\/media?parent=2030"}],"curies":[{"name":"wp","href":"https:\/\/api.w.org\/{rel}","templated":true}]}}