{"version":"1.0","provider_name":"Piiri 1420","provider_url":"https:\/\/rotary.fi\/d1420","author_name":"Kari Tilli","author_url":"https:\/\/rotary.fi\/d1420\/blog\/author\/karitilli\/","title":"Flera s\u00e4tt att genomf\u00f6ra RYLA (Rotary Youth Leadership Award) - Piiri 1420","type":"rich","width":600,"height":338,"html":"<blockquote class=\"wp-embedded-content\" data-secret=\"A2gX4BiuDM\"><a href=\"https:\/\/rotary.fi\/d1420\/sv\/blog\/aktuellt\/flera-satt-att-genomfora-ryla\/\">Flera s\u00e4tt att genomf\u00f6ra RYLA (Rotary Youth Leadership Award)<\/a><\/blockquote><iframe sandbox=\"allow-scripts\" security=\"restricted\" src=\"https:\/\/rotary.fi\/d1420\/sv\/blog\/aktuellt\/flera-satt-att-genomfora-ryla\/embed\/#?secret=A2gX4BiuDM\" width=\"600\" height=\"338\" title=\"&#8221;Flera s\u00e4tt att genomf\u00f6ra RYLA (Rotary Youth Leadership Award)&#8221; &#8212; Piiri 1420\" data-secret=\"A2gX4BiuDM\" frameborder=\"0\" marginwidth=\"0\" marginheight=\"0\" scrolling=\"no\" class=\"wp-embedded-content\"><\/iframe><script type=\"text\/javascript\">\n\/* <![CDATA[ *\/\n\/*! This file is auto-generated *\/\n!function(d,l){\"use strict\";l.querySelector&&d.addEventListener&&\"undefined\"!=typeof URL&&(d.wp=d.wp||{},d.wp.receiveEmbedMessage||(d.wp.receiveEmbedMessage=function(e){var t=e.data;if((t||t.secret||t.message||t.value)&&!\/[^a-zA-Z0-9]\/.test(t.secret)){for(var s,r,n,a=l.querySelectorAll('iframe[data-secret=\"'+t.secret+'\"]'),o=l.querySelectorAll('blockquote[data-secret=\"'+t.secret+'\"]'),c=new RegExp(\"^https?:$\",\"i\"),i=0;i<o.length;i++)o[i].style.display=\"none\";for(i=0;i<a.length;i++)s=a[i],e.source===s.contentWindow&&(s.removeAttribute(\"style\"),\"height\"===t.message?(1e3<(r=parseInt(t.value,10))?r=1e3:~~r<200&&(r=200),s.height=r):\"link\"===t.message&&(r=new URL(s.getAttribute(\"src\")),n=new URL(t.value),c.test(n.protocol))&&n.host===r.host&&l.activeElement===s&&(d.top.location.href=t.value))}},d.addEventListener(\"message\",d.wp.receiveEmbedMessage,!1),l.addEventListener(\"DOMContentLoaded\",function(){for(var e,t,s=l.querySelectorAll(\"iframe.wp-embedded-content\"),r=0;r<s.length;r++)(t=(e=s[r]).getAttribute(\"data-secret\"))||(t=Math.random().toString(36).substring(2,12),e.src+=\"#?secret=\"+t,e.setAttribute(\"data-secret\",t)),e.contentWindow.postMessage({message:\"ready\",secret:t},\"*\")},!1)))}(window,document);\n\/\/# sourceURL=https:\/\/rotary.fi\/d1420\/wp-includes\/js\/wp-embed.min.js\n\/* ]]> *\/\n<\/script>\n","thumbnail_url":"https:\/\/rotary.fi\/d1420\/wp-content\/uploads\/sites\/183\/2026\/03\/ryla-kurssi.jpg","thumbnail_width":640,"thumbnail_height":360,"description":"Rotaryklubben Finlandia Hall har i flera \u00e5r genomf\u00f6rt RYLA-kursen i samarbete med Etu-T\u00f6\u00f6l\u00f6 gymnasium som en del av skolans officiella kursutbud. I \u00e5r deltar 20 gymnasiestuderande, och kursen omfattar tv\u00e5 studiepo\u00e4ng. En central f\u00f6ruts\u00e4ttning f\u00f6r kursens genomf\u00f6rande \u00e4r den engagerade f\u00f6retagsl\u00e4raren Jenni Korte, som ansvarar f\u00f6r undervisningen. Den h\u00e4r g\u00e5ngen \u00f6nskades ett s\u00e4rskilt fokus p\u00e5 [&hellip;]"}