{"version":"1.0","provider_name":"Piiri 1420","provider_url":"https:\/\/rotary.fi\/d1420","author_name":"Kari Tilli","author_url":"https:\/\/rotary.fi\/d1420\/blog\/author\/karitilli\/","title":"Yhteisty\u00f6st\u00e4 voimaa rotareiden It\u00e4meriprojekteihin - Piiri 1420","type":"rich","width":600,"height":338,"html":"<blockquote class=\"wp-embedded-content\" data-secret=\"xzezPzAY9l\"><a href=\"https:\/\/rotary.fi\/d1420\/blog\/ajankohtaiset\/yhteistyosta-voimaa-rotareiden-itameriprojekteihin\/\">Yhteisty\u00f6st\u00e4 voimaa rotareiden It\u00e4meriprojekteihin<\/a><\/blockquote><iframe sandbox=\"allow-scripts\" security=\"restricted\" src=\"https:\/\/rotary.fi\/d1420\/blog\/ajankohtaiset\/yhteistyosta-voimaa-rotareiden-itameriprojekteihin\/embed\/#?secret=xzezPzAY9l\" width=\"600\" height=\"338\" title=\"&#8221;Yhteisty\u00f6st\u00e4 voimaa rotareiden It\u00e4meriprojekteihin&#8221; &#8212; Piiri 1420\" data-secret=\"xzezPzAY9l\" frameborder=\"0\" marginwidth=\"0\" marginheight=\"0\" scrolling=\"no\" class=\"wp-embedded-content\"><\/iframe><script type=\"text\/javascript\">\n\/* <![CDATA[ *\/\n\/*! This file is auto-generated *\/\n!function(d,l){\"use strict\";l.querySelector&&d.addEventListener&&\"undefined\"!=typeof URL&&(d.wp=d.wp||{},d.wp.receiveEmbedMessage||(d.wp.receiveEmbedMessage=function(e){var t=e.data;if((t||t.secret||t.message||t.value)&&!\/[^a-zA-Z0-9]\/.test(t.secret)){for(var s,r,n,a=l.querySelectorAll('iframe[data-secret=\"'+t.secret+'\"]'),o=l.querySelectorAll('blockquote[data-secret=\"'+t.secret+'\"]'),c=new RegExp(\"^https?:$\",\"i\"),i=0;i<o.length;i++)o[i].style.display=\"none\";for(i=0;i<a.length;i++)s=a[i],e.source===s.contentWindow&&(s.removeAttribute(\"style\"),\"height\"===t.message?(1e3<(r=parseInt(t.value,10))?r=1e3:~~r<200&&(r=200),s.height=r):\"link\"===t.message&&(r=new URL(s.getAttribute(\"src\")),n=new URL(t.value),c.test(n.protocol))&&n.host===r.host&&l.activeElement===s&&(d.top.location.href=t.value))}},d.addEventListener(\"message\",d.wp.receiveEmbedMessage,!1),l.addEventListener(\"DOMContentLoaded\",function(){for(var e,t,s=l.querySelectorAll(\"iframe.wp-embedded-content\"),r=0;r<s.length;r++)(t=(e=s[r]).getAttribute(\"data-secret\"))||(t=Math.random().toString(36).substring(2,12),e.src+=\"#?secret=\"+t,e.setAttribute(\"data-secret\",t)),e.contentWindow.postMessage({message:\"ready\",secret:t},\"*\")},!1)))}(window,document);\n\/\/# sourceURL=https:\/\/rotary.fi\/d1420\/wp-includes\/js\/wp-embed.min.js\n\/* ]]> *\/\n<\/script>\n","thumbnail_url":"https:\/\/rotary.fi\/d1420\/wp-content\/uploads\/sites\/183\/2024\/09\/2024-08-29-itameripaiva-23-1024x683.jpg","thumbnail_width":1024,"thumbnail_height":683,"description":"It\u00e4merip\u00e4iv\u00e4n tapahtumassa rotareiden projektit saivat runsaasti n\u00e4kyvyytt\u00e4 ja kiinnostivat vierailijoita. T\u00e4n\u00e4 vuonna elokuun viimeinen torstai 29.8. oli ainutlaatuisen hieno p\u00e4iv\u00e4 viett\u00e4\u00e4 It\u00e4merip\u00e4iv\u00e4\u00e4 Pakkahuoneenlaiturilla Etel\u00e4rannassa. John Nurmisen s\u00e4\u00e4ti\u00f6n organisoimassa tilaisuudessa It\u00e4meren suojelusta, tilan seurannasta ja tutkimuksesta kiinnostuneet organisaatiot esitteliv\u00e4t toimintaansa. John Nurmisen s\u00e4\u00e4ti\u00f6 kiteytt\u00e4\u00e4 tilaisuuden tavoitteen kirkkaasti: \u201dJohn Nurmisen S\u00e4\u00e4ti\u00f6n k\u00e4ynnist\u00e4m\u00e4\u00e4 ja koordinoimaa It\u00e4merip\u00e4iv\u00e4\u00e4 vietet\u00e4\u00e4n vuosittain [&hellip;]"}