{"version":"1.0","provider_name":"Piiri 1420","provider_url":"https:\/\/rotary.fi\/d1420","author_name":"Kari Tilli","author_url":"https:\/\/rotary.fi\/d1420\/blog\/author\/karitilli\/","title":"Kev\u00e4\u00e4n piirikonferenssin aiheena nuoret ja tulevaisuus - Piiri 1420","type":"rich","width":600,"height":338,"html":"<blockquote class=\"wp-embedded-content\" data-secret=\"CCeIfrUIJU\"><a href=\"https:\/\/rotary.fi\/d1420\/blog\/ajankohtaiset\/kevaan-piirikonferenssin-aiheena-nuoret-ja-tulevaisuus\/\">Kev\u00e4\u00e4n piirikonferenssin aiheena nuoret ja tulevaisuus<\/a><\/blockquote><iframe sandbox=\"allow-scripts\" security=\"restricted\" src=\"https:\/\/rotary.fi\/d1420\/blog\/ajankohtaiset\/kevaan-piirikonferenssin-aiheena-nuoret-ja-tulevaisuus\/embed\/#?secret=CCeIfrUIJU\" width=\"600\" height=\"338\" title=\"&#8221;Kev\u00e4\u00e4n piirikonferenssin aiheena nuoret ja tulevaisuus&#8221; &#8212; Piiri 1420\" data-secret=\"CCeIfrUIJU\" frameborder=\"0\" marginwidth=\"0\" marginheight=\"0\" scrolling=\"no\" class=\"wp-embedded-content\"><\/iframe><script type=\"text\/javascript\">\n\/* <![CDATA[ *\/\n\/*! This file is auto-generated *\/\n!function(d,l){\"use strict\";l.querySelector&&d.addEventListener&&\"undefined\"!=typeof URL&&(d.wp=d.wp||{},d.wp.receiveEmbedMessage||(d.wp.receiveEmbedMessage=function(e){var t=e.data;if((t||t.secret||t.message||t.value)&&!\/[^a-zA-Z0-9]\/.test(t.secret)){for(var s,r,n,a=l.querySelectorAll('iframe[data-secret=\"'+t.secret+'\"]'),o=l.querySelectorAll('blockquote[data-secret=\"'+t.secret+'\"]'),c=new RegExp(\"^https?:$\",\"i\"),i=0;i<o.length;i++)o[i].style.display=\"none\";for(i=0;i<a.length;i++)s=a[i],e.source===s.contentWindow&&(s.removeAttribute(\"style\"),\"height\"===t.message?(1e3<(r=parseInt(t.value,10))?r=1e3:~~r<200&&(r=200),s.height=r):\"link\"===t.message&&(r=new URL(s.getAttribute(\"src\")),n=new URL(t.value),c.test(n.protocol))&&n.host===r.host&&l.activeElement===s&&(d.top.location.href=t.value))}},d.addEventListener(\"message\",d.wp.receiveEmbedMessage,!1),l.addEventListener(\"DOMContentLoaded\",function(){for(var e,t,s=l.querySelectorAll(\"iframe.wp-embedded-content\"),r=0;r<s.length;r++)(t=(e=s[r]).getAttribute(\"data-secret\"))||(t=Math.random().toString(36).substring(2,12),e.src+=\"#?secret=\"+t,e.setAttribute(\"data-secret\",t)),e.contentWindow.postMessage({message:\"ready\",secret:t},\"*\")},!1)))}(window,document);\n\/\/# sourceURL=https:\/\/rotary.fi\/d1420\/wp-includes\/js\/wp-embed.min.js\n\/* ]]> *\/\n<\/script>\n","thumbnail_url":"https:\/\/rotary.fi\/d1420\/wp-content\/uploads\/sites\/183\/2025\/10\/piirikonferenssi-2026.png","thumbnail_width":480,"thumbnail_height":600,"description":"El\u00e4mme murroksen aikaa. Sen tulevat kokemaan niin opinnoissa kuin ty\u00f6el\u00e4m\u00e4ss\u00e4 erityisesti nuoret. Seuraavan piirikonferenssimme aihe onkin \u201dNuoret ja tulevaisuus\u201d. Laita siis jo nyt kalenteriin lauantai 18.4.2026. jolloin tapaamme Kalastajatorpalla Helsingiss\u00e4 alkaen klo 10.00.\u00a0P\u00e4iv\u00e4n konferenssi koostuu erilaisista kiinnostavista puhujista ja lounaasta ja p\u00e4\u00e4ttyy klo 16.00. Iltajuhla on Kalastajatorpan py\u00f6re\u00e4ss\u00e4 salissa alkaen klo 18.00. Kerromme lis\u00e4\u00e4 l\u00e4hikuukausina."}